{"id":10822,"date":"2022-02-09T21:52:41","date_gmt":"2022-02-09T20:52:41","guid":{"rendered":"https:\/\/www.pfarrplatz.at\/the-heuriger%ef%bc%88%e8%b5%ab%e9%87%8c%e6%a0%bc%e9%85%92%e5%ba%97%ef%bc%89\/"},"modified":"2026-01-28T15:11:47","modified_gmt":"2026-01-28T14:11:47","slug":"the-heuriger%ef%bc%88%e8%b5%ab%e9%87%8c%e6%a0%bc%e9%85%92%e5%ba%97%ef%bc%89","status":"publish","type":"page","link":"https:\/\/www.pfarrplatz.at\/zh-hans\/the-heuriger%ef%bc%88%e8%b5%ab%e9%87%8c%e6%a0%bc%e9%85%92%e5%ba%97%ef%bc%89\/","title":{"rendered":"The Heuriger\uff08\u8d6b\u91cc\u683c\u9152\u5e97\uff09"},"content":{"rendered":"<p><div class=\"fusion-fullwidth fullwidth-box fusion-builder-row-1 fusion-flex-container nonhundred-percent-fullwidth non-hundred-percent-height-scrolling\" style=\"--awb-border-radius-top-left:0px;--awb-border-radius-top-right:0px;--awb-border-radius-bottom-right:0px;--awb-border-radius-bottom-left:0px;--awb-padding-top:20px;--awb-flex-wrap:wrap;\" ><div class=\"fusion-builder-row fusion-row fusion-flex-align-items-flex-start fusion-flex-justify-content-center fusion-flex-content-wrap\" style=\"max-width:104%;margin-left: calc(-4% \/ 2 );margin-right: calc(-4% \/ 2 );\"><div class=\"fusion-layout-column fusion_builder_column fusion-builder-column-0 fusion_builder_column_1_4 1_4 fusion-flex-column ranke_links_oben\" style=\"--awb-bg-size:cover;--awb-width-large:25%;--awb-margin-top-large:0px;--awb-spacing-right-large:7.68%;--awb-margin-bottom-large:20px;--awb-spacing-left-large:7.68%;--awb-width-medium:25%;--awb-order-medium:0;--awb-spacing-right-medium:7.68%;--awb-spacing-left-medium:7.68%;--awb-width-small:100%;--awb-order-small:0;--awb-spacing-right-small:1.92%;--awb-spacing-left-small:1.92%;\"><div class=\"fusion-column-wrapper fusion-column-has-shadow fusion-flex-justify-content-flex-start fusion-content-layout-column\"><script type=\"text\/javascript\">jQuery(function() { _initLayerSlider( '#layerslider_4_vt0ctwuon4l6', {createdWith: '7.0.7', sliderVersion: '7.0.7', startInViewport: false, skin: 'v6', sliderFadeInDuration: 350, navPrevNext: false, hoverPrevNext: false, navStartStop: false, navButtons: false, showCircleTimer: false, useSrcset: true, skinsPath: 'https:\/\/www.pfarrplatz.at\/wp-content\/plugins\/LayerSlider\/assets\/static\/layerslider\/skins\/', performanceMode: true}); });<\/script><div id=\"layerslider_4_vt0ctwuon4l6\"  class=\"ls-wp-container fitvidsignore ls-selectable\" style=\"width:400px;height:400px;margin:0 auto;margin-bottom: 0px;\"><div class=\"ls-slide\" ><img decoding=\"async\" width=\"641\" height=\"743\" src=\"https:\/\/www.pfarrplatz.at\/wp-content\/uploads\/sites\/25\/2022\/02\/efeu_karte_ru.png\" class=\"disable-lazyload ls-l ls-img-layer\" alt=\"\" style=\"font-size:36px;color:#000;text-align:left;font-style:normal;text-decoration:none;text-transform:none;font-weight:400;letter-spacing:0px;background-position:0% 0%;background-repeat:no-repeat;left:0px;top:-53px;width:402px;\" data-ls=\"durationin:3000;easingin:easeInOutExpo;fadein:false;rotatein:-20;skewxin:4;skewyin:4;scalexin:-30;scaleyin:-30;transformoriginin:right bottom;widthin:402 px;heightin:456px;\"><\/div><\/div><\/div><\/div><div class=\"fusion-layout-column fusion_builder_column fusion-builder-column-1 fusion_builder_column_2_3 2_3 fusion-flex-column\" style=\"--awb-padding-top:20px;--awb-padding-right:50px;--awb-padding-bottom:20px;--awb-padding-left:50px;--awb-padding-right-small:25px;--awb-padding-left-small:25px;--awb-bg-color:rgba(255,255,255,0.87);--awb-bg-color-hover:rgba(255,255,255,0.87);--awb-bg-size:cover;--awb-width-large:66.666666666667%;--awb-margin-top-large:0px;--awb-spacing-right-large:2.88%;--awb-margin-bottom-large:20px;--awb-spacing-left-large:2.88%;--awb-width-medium:66.666666666667%;--awb-order-medium:0;--awb-spacing-right-medium:2.88%;--awb-spacing-left-medium:2.88%;--awb-width-small:100%;--awb-order-small:0;--awb-spacing-right-small:1.92%;--awb-spacing-left-small:1.92%;\"><div class=\"fusion-column-wrapper fusion-column-has-shadow fusion-flex-justify-content-center fusion-content-layout-column\"><div class=\"fusion-text fusion-text-1 sm-text-align-center\" style=\"--awb-content-alignment:justify;\"><p>\u81ea 1683 \u5e74\u4ee5\u4f86\uff0c<strong>\u50b3\u7d71\u7684\u9152\u838a\u201cMayer am Pfarrplatz\u201d\u662f<\/strong>\u7dad\u4e5f\u7d0d\u8461\u8404\u9152\u5c0f\u9152\u9928\u6587\u5316\u7684\u7e2e\u5f71\uff0c\u4e00\u76f4\u5728\u6d77\u5229\u6839\u65bd\u5854\u7279\u58d3\u5236\u6700\u597d\u7684\u7dad\u4e5f\u7d0d\u8461\u8404\u9152\u3002 <em>\u8def\u5fb7\u7dad\u5e0c\u00b7\u8303\u00b7\u8c9d\u591a\u82ac\uff08Ludwig van Beethoven<\/em>\uff09\u65bc1817\u5e74\u4f4f\u5728\u6cd5\u723e\u5ee3\u5834\uff08Pfarrplatz\uff09\u4e0a\u6d6a\u6f2b\u7684\u53d7\u4fdd\u8b77\u7684\u90ca\u5340\u623f\u5c4b\u4e2d\u3002 \u5728\u6d77\u5229\u6839\u65bd\u5854\u7279\u671f\u9593\uff0c\u4ed6\u5275\u4f5c\u4e86\u4ed6\u6700\u5049\u5927\u7684\u4f5c\u54c1\u300a\u7b2c\u4e5d\u4ea4\u97ff\u66f2\u300b\u3002<\/p>\n<p>\u5373\u4f7f\u5728\u4eca\u5929\uff0c\u4ed6\u7684\u516c\u5bd3\u4e5f\u662f\u5c0d\u4ed6\u7684\u63d0\u9192\uff0c\u53ef\u4ee5\u5f9e\u82b1\u5712\u901a\u904e\u4e00\u500b\u5c0f\u6a13\u68af\u5230\u9054\u4e8c\u6a13\u3002 \u7dad\u4e5f\u7d0d\u8461\u8404\u9152\u5c0f\u9152\u9928\u6587\u5316\u70ba\u9910\u684c\u5e36\u4f86\u751f\u6d3b\u6a02\u8da3\u548c\u4eab\u53d7\u3002 \u8c50\u76db\u7684\u51b7\u71b1\u81ea\u52a9\u9910\u5305\u62ec\u6642\u4ee4\u81ea\u88fd\u7279\u8272\u83dc\uff0c\u63d0\u4f9b\u5178\u578b\u7684\u7dad\u4e5f\u7d0d\u7f8e\u98df\uff0c\u4e26\u9080\u8acb\u60a8\u4eab\u7528\u4e00\u676f\u7f8e\u9152\u653e\u9b06\u8eab\u5fc3\u3002<\/p>\n<\/div><div class=\"fusion-builder-row fusion-builder-row-inner fusion-row fusion-flex-align-items-flex-start fusion-flex-justify-content-center fusion-flex-content-wrap\" style=\"width:104% !important;max-width:104% !important;margin-left: calc(-4% \/ 2 );margin-right: calc(-4% \/ 2 );\"><div class=\"fusion-layout-column fusion_builder_column_inner fusion-builder-nested-column-0 fusion_builder_column_inner_1_2 1_2 fusion-flex-column\" style=\"--awb-bg-size:cover;--awb-width-large:50%;--awb-margin-top-large:0px;--awb-spacing-right-large:3.84%;--awb-margin-bottom-large:20px;--awb-spacing-left-large:3.84%;--awb-width-medium:50%;--awb-order-medium:0;--awb-spacing-right-medium:3.84%;--awb-spacing-left-medium:3.84%;--awb-width-small:100%;--awb-order-small:0;--awb-spacing-right-small:1.92%;--awb-spacing-left-small:1.92%;\"><div class=\"fusion-column-wrapper fusion-column-has-shadow fusion-flex-justify-content-flex-start fusion-content-layout-column\"><div class=\"sm-text-align-center\" style=\"text-align:right;\"><a class=\"fusion-button button-flat fusion-button-default-size button-custom fusion-button-default button-1 fusion-button-default-span fusion-button-default-type\" style=\"--button_accent_color:var(--awb-color8);--button_border_color:var(--awb-color8);--button_accent_hover_color:#878787;--button_border_hover_color:#878787;--button_border_width-top:1px;--button_border_width-right:1px;--button_border_width-bottom:1px;--button_border_width-left:1px;--button-border-radius-top-left:30px;--button-border-radius-top-right:30px;--button-border-radius-bottom-right:30px;--button-border-radius-bottom-left:30px;--button_gradient_top_color:rgba(0,0,0,0);--button_gradient_bottom_color:rgba(0,0,0,0);--button_gradient_top_color_hover:rgba(0,0,0,0);--button_gradient_bottom_color_hover:rgba(0,0,0,0);--button_font_size:18px;--button_padding-top:12px;--button_padding-right:24px;--button_padding-bottom:12px;--button_padding-left:24px;\" target=\"_self\" href=\"#\" data-toggle=\"modal\" data-target=\".fusion-modal.speisekarte\" id=\"speisekarte\"><span class=\"fusion-button-text awb-button__text awb-button__text--default\">\u6253\u958b\u529f\u80fd\u8868<\/span><\/a><\/div><\/div><\/div><div class=\"fusion-layout-column fusion_builder_column_inner fusion-builder-nested-column-1 fusion_builder_column_inner_1_2 1_2 fusion-flex-column\" style=\"--awb-bg-size:cover;--awb-width-large:50%;--awb-margin-top-large:0px;--awb-spacing-right-large:3.84%;--awb-margin-bottom-large:20px;--awb-spacing-left-large:3.84%;--awb-width-medium:50%;--awb-order-medium:0;--awb-spacing-right-medium:3.84%;--awb-spacing-left-medium:3.84%;--awb-width-small:100%;--awb-order-small:0;--awb-spacing-right-small:1.92%;--awb-spacing-left-small:1.92%;\"><div class=\"fusion-column-wrapper fusion-column-has-shadow fusion-flex-justify-content-flex-start fusion-content-layout-column\"><div class=\"sm-text-align-center\" style=\"text-align:left;\"><a class=\"fusion-button button-flat fusion-button-default-size button-custom fusion-button-default button-2 fusion-button-default-span fusion-button-default-type\" style=\"--button_accent_color:var(--awb-color8);--button_border_color:var(--awb-color8);--button_accent_hover_color:#878787;--button_border_hover_color:#878787;--button_border_width-top:1px;--button_border_width-right:1px;--button_border_width-bottom:1px;--button_border_width-left:1px;--button-border-radius-top-left:30px;--button-border-radius-top-right:30px;--button-border-radius-bottom-right:30px;--button-border-radius-bottom-left:30px;--button_gradient_top_color:rgba(0,0,0,0);--button_gradient_bottom_color:rgba(0,0,0,0);--button_gradient_top_color_hover:rgba(0,0,0,0);--button_gradient_bottom_color_hover:rgba(0,0,0,0);--button_font_size:18px;--button_padding-top:12px;--button_padding-right:24px;--button_padding-bottom:12px;--button_padding-left:24px;\" target=\"_self\" href=\"#\" data-toggle=\"modal\" data-target=\".fusion-modal.reservierung\" id=\"reservierung\"><span class=\"fusion-button-text awb-button__text awb-button__text--default\">\u73fe\u5728\u5c31\u9810\u8a02<\/span><\/a><\/div><\/div><\/div><\/div><\/div><\/div><div class=\"fusion-layout-column fusion_builder_column fusion-builder-column-2 fusion_builder_column_1_4 1_4 fusion-flex-column ranke_rechts_unten fusion-no-small-visibility fusion-no-medium-visibility\" style=\"--awb-bg-size:cover;--awb-width-large:25%;--awb-margin-top-large:0px;--awb-spacing-right-large:7.68%;--awb-margin-bottom-large:20px;--awb-spacing-left-large:7.68%;--awb-width-medium:25%;--awb-order-medium:0;--awb-spacing-right-medium:7.68%;--awb-spacing-left-medium:7.68%;--awb-width-small:100%;--awb-order-small:0;--awb-spacing-right-small:1.92%;--awb-spacing-left-small:1.92%;\"><div class=\"fusion-column-wrapper fusion-column-has-shadow fusion-flex-justify-content-flex-start fusion-content-layout-column\"><script type=\"text\/javascript\">jQuery(function() { _initLayerSlider( '#layerslider_4_z75dwfcxfx5m', {createdWith: '7.0.7', sliderVersion: '7.0.7', startInViewport: false, skin: 'v6', sliderFadeInDuration: 350, navPrevNext: false, hoverPrevNext: false, navStartStop: false, navButtons: false, showCircleTimer: false, useSrcset: true, skinsPath: 'https:\/\/www.pfarrplatz.at\/wp-content\/plugins\/LayerSlider\/assets\/static\/layerslider\/skins\/', performanceMode: true}); });<\/script><div id=\"layerslider_4_z75dwfcxfx5m\"  class=\"ls-wp-container fitvidsignore ls-selectable\" style=\"width:400px;height:400px;margin:0 auto;margin-bottom: 0px;\"><div class=\"ls-slide\" ><img decoding=\"async\" width=\"641\" height=\"743\" src=\"https:\/\/www.pfarrplatz.at\/wp-content\/uploads\/sites\/25\/2022\/02\/efeu_karte_ru.png\" class=\"disable-lazyload ls-l ls-img-layer\" alt=\"\" style=\"font-size:36px;color:#000;text-align:left;font-style:normal;text-decoration:none;text-transform:none;font-weight:400;letter-spacing:0px;background-position:0% 0%;background-repeat:no-repeat;left:0px;top:-53px;width:402px;\" data-ls=\"durationin:3000;easingin:easeInOutExpo;fadein:false;rotatein:-20;skewxin:4;skewyin:4;scalexin:-30;scaleyin:-30;transformoriginin:right bottom;widthin:402 px;heightin:456px;\"><\/div><\/div><\/div><\/div><\/div><\/div><div class=\"fusion-fullwidth fullwidth-box fusion-builder-row-2 fusion-flex-container nonhundred-percent-fullwidth non-hundred-percent-height-scrolling\" style=\"--awb-border-radius-top-left:0px;--awb-border-radius-top-right:0px;--awb-border-radius-bottom-right:0px;--awb-border-radius-bottom-left:0px;--awb-padding-top:30px;--awb-padding-bottom:0px;--awb-background-color:var(--awb-color2);--awb-flex-wrap:wrap;\" id=\"musiker\" ><div class=\"fusion-builder-row fusion-row fusion-flex-align-items-stretch fusion-flex-content-wrap\" style=\"max-width:104%;margin-left: calc(-4% \/ 2 );margin-right: calc(-4% \/ 2 );\"><div class=\"fusion-layout-column fusion_builder_column fusion-builder-column-3 fusion_builder_column_1_1 1_1 fusion-flex-column\" style=\"--awb-bg-size:cover;--awb-width-large:100%;--awb-margin-top-large:0px;--awb-spacing-right-large:1.92%;--awb-margin-bottom-large:20px;--awb-spacing-left-large:1.92%;--awb-width-medium:100%;--awb-order-medium:0;--awb-spacing-right-medium:1.92%;--awb-spacing-left-medium:1.92%;--awb-width-small:100%;--awb-order-small:0;--awb-spacing-right-small:1.92%;--awb-spacing-left-small:1.92%;\"><div class=\"fusion-column-wrapper fusion-column-has-shadow fusion-flex-justify-content-flex-start fusion-content-layout-column\"><div class=\"fusion-title title fusion-title-1 fusion-sep-none fusion-title-center fusion-title-text fusion-title-size-two\" style=\"--awb-margin-bottom:0px;\"><h2 class=\"fusion-title-heading title-heading-center\" style=\"font-family:&quot;Oriflame Script&quot;;font-style:normal;font-weight:400;margin:0;line-height:50px;\">\u6bcf\u5929\u665a\u4e0a 7 \u9ede\u958b\u59cb\u7684\u73fe\u5834\u97f3\u6a02\u8868\u6f14<\/h2><\/div><div style=\"text-align:center;\"><a class=\"fusion-button button-flat fusion-button-default-size button-custom fusion-button-default button-3 fusion-button-default-span fusion-button-default-type\" style=\"--button_accent_color:var(--awb-color4);--button_border_color:var(--awb-color4);--button_accent_hover_color:var(--awb-color6);--button_border_hover_color:var(--awb-color6);--button_gradient_top_color:rgba(0,0,0,0);--button_gradient_bottom_color:rgba(0,0,0,0);--button_gradient_top_color_hover:rgba(0,0,0,0);--button_gradient_bottom_color_hover:rgba(0,0,0,0);--button_font_size:20px;--button_typography-font-family:&quot;Cormorant Garamond&quot;;--button_typography-font-style:italic;--button_typography-font-weight:700;--button_margin-top:-5px;\" target=\"_self\" href=\"#\" data-toggle=\"modal\" data-target=\".fusion-modal.heurigencd\" id=\"heurigencd\"><span class=\"fusion-button-text awb-button__text awb-button__text--default\">\u4eca\u5e74\u7684CD\u73fe\u5df2\u4e0a\u5e02\uff01<\/span><\/a><\/div><div class=\"fusion-post-cards fusion-post-cards-1 awb-carousel awb-swiper awb-swiper-carousel awb-swiper-dots-position-bottom\" style=\"--awb-columns:6;\" data-autoplay=\"no\" data-autoplayspeed=\"2500\" data-autoplaypause=\"no\" data-loop=\"yes\" data-columns=\"6\" data-columnsmedium=\"0\" data-columnssmall=\"0\" data-itemmargin=\"40\" data-itemwidth=\"180\" data-touchscroll=\"no\" data-freemode=\"no\" data-imagesize=\"auto\" data-scrollitems=\"1\" data-mousepointer=\"default\" data-layout=\"carousel\" data-centeredslides=\"no\" data-shadow=\"no\" data-speed=\"500\" data-rotationangle=\"50\" data-depth=\"100\"><div class=\"swiper-wrapper fusion-flex-align-items-flex-start\"><div class=\"fusion_builder_column fusion-builder-column-4 fusion-flex-column post-card swiper-slide\" style=\"--awb-bg-blend:overlay;--awb-bg-size:cover;\"><div class=\"fusion-column-wrapper fusion-flex-justify-content-flex-start fusion-content-layout-column fusion-carousel-item-wrapper\"><div class=\"fusion-image-element \" style=\"text-align:center;--awb-max-width:140px;--awb-caption-title-font-family:var(--h2_typography-font-family);--awb-caption-title-font-weight:var(--h2_typography-font-weight);--awb-caption-title-font-style:var(--h2_typography-font-style);--awb-caption-title-size:var(--h2_typography-font-size);--awb-caption-title-transform:var(--h2_typography-text-transform);--awb-caption-title-line-height:var(--h2_typography-line-height);--awb-caption-title-letter-spacing:var(--h2_typography-letter-spacing);\"><span class=\" fusion-imageframe imageframe-none imageframe-1 hover-type-none news_img\"><img decoding=\"async\" width=\"520\" height=\"500\" title=\"Duo-OslanskySchneeweiss-web\" src=\"data:image\/svg+xml,%3Csvg%20xmlns%3D%27http%3A%2F%2Fwww.w3.org%2F2000%2Fsvg%27%20width%3D%27520%27%20height%3D%27500%27%20viewBox%3D%270%200%20520%20500%27%3E%3Crect%20width%3D%27520%27%20height%3D%27500%27%20fill-opacity%3D%220%22%2F%3E%3C%2Fsvg%3E\" data-orig-src=\"https:\/\/www.pfarrplatz.at\/wp-content\/uploads\/sites\/25\/2022\/05\/Duo-OslanskySchneeweiss-web.jpg\" alt class=\"lazyload img-responsive wp-image-6499\"\/><\/span><\/div><div class=\"fusion-text fusion-text-2 musiker_instrumente\" style=\"--awb-content-alignment:center;\"><\/div><div class=\"fusion-title title fusion-title-2 fusion-sep-none fusion-title-center fusion-title-text fusion-title-size-three musiker_name\" style=\"--awb-font-size:18px;\"><h3 class=\"fusion-title-heading title-heading-center\" style=\"font-family:&quot;Cormorant Garamond&quot;;font-style:normal;font-weight:600;margin:0;font-size:1em;\">Duo OSLANSKY\/SCHNEEWEISS<\/h3><\/div><div class=\"fusion-text fusion-text-3 musiker_ensemble\" style=\"--awb-content-alignment:center;\"><\/div><div><span class=\"fusion-popover popover-1\" data-animation=\"1\" data-class=\"popover-1\" data-container=\"popover-1\" data-content=\"Bereits seit 1958 spielt Fritz Oslansky als Gitarrist mit wechselnden Partnern bei verschiedenen Wiener Heurigen. Gemeinsam mit Helmut Schneewei\u00df verschafft das Duo unseren G\u00e4sten unvergessliche Momen [...]\" data-delay=\"50\" data-placement=\"top\" data-title=\"Duo OSLANSKY\/SCHNEEWEISS\" data-toggle=\"popover\" data-trigger=\"click\"><span><\/span><\/span><\/div><div class=\"fusion-text fusion-text-4\"><\/div><\/div><\/div>\n<div class=\"fusion_builder_column fusion-builder-column-5 fusion-flex-column post-card swiper-slide\" style=\"--awb-bg-blend:overlay;--awb-bg-size:cover;\"><div class=\"fusion-column-wrapper fusion-flex-justify-content-flex-start fusion-content-layout-column fusion-carousel-item-wrapper\"><div class=\"fusion-image-element \" style=\"text-align:center;--awb-max-width:140px;--awb-caption-title-font-family:var(--h2_typography-font-family);--awb-caption-title-font-weight:var(--h2_typography-font-weight);--awb-caption-title-font-style:var(--h2_typography-font-style);--awb-caption-title-size:var(--h2_typography-font-size);--awb-caption-title-transform:var(--h2_typography-text-transform);--awb-caption-title-line-height:var(--h2_typography-line-height);--awb-caption-title-letter-spacing:var(--h2_typography-letter-spacing);\"><span class=\" fusion-imageframe imageframe-none imageframe-2 hover-type-none news_img\"><img decoding=\"async\" width=\"441\" height=\"500\" title=\"Manfred-Lenc-web\" src=\"data:image\/svg+xml,%3Csvg%20xmlns%3D%27http%3A%2F%2Fwww.w3.org%2F2000%2Fsvg%27%20width%3D%27441%27%20height%3D%27500%27%20viewBox%3D%270%200%20441%20500%27%3E%3Crect%20width%3D%27441%27%20height%3D%27500%27%20fill-opacity%3D%220%22%2F%3E%3C%2Fsvg%3E\" data-orig-src=\"https:\/\/www.pfarrplatz.at\/wp-content\/uploads\/sites\/25\/2022\/05\/Manfred-Lenc-web.jpg\" alt class=\"lazyload img-responsive wp-image-6497\"\/><\/span><\/div><div class=\"fusion-text fusion-text-5 musiker_instrumente\" style=\"--awb-content-alignment:center;\"><p>Akkordeon<\/p>\n<\/div><div class=\"fusion-title title fusion-title-3 fusion-sep-none fusion-title-center fusion-title-text fusion-title-size-three musiker_name\" style=\"--awb-font-size:18px;\"><h3 class=\"fusion-title-heading title-heading-center\" style=\"font-family:&quot;Cormorant Garamond&quot;;font-style:normal;font-weight:600;margin:0;font-size:1em;\">Manfred LENC<\/h3><\/div><div class=\"fusion-text fusion-text-6 musiker_ensemble\" style=\"--awb-content-alignment:center;\"><\/div><div><span class=\"fusion-popover popover-2\" data-animation=\"1\" data-class=\"popover-2\" data-container=\"popover-2\" data-content=\"Im Jahre des Staatsvertrages geboren, musste Manfred Lenc im Alter von sechs Jahren ein Instrument lernen. Nach langen K\u00e4mpfen wurde aus der von seinem Vater gew\u00fcnschten Violine dann &#8220;nur&#8221; [...]\" data-delay=\"50\" data-placement=\"top\" data-title=\"Manfred LENC\" data-toggle=\"popover\" data-trigger=\"click\"><span><\/span><\/span><\/div><div class=\"fusion-text fusion-text-7\"><\/div><\/div><\/div>\n<div class=\"fusion_builder_column fusion-builder-column-6 fusion-flex-column post-card swiper-slide\" style=\"--awb-bg-blend:overlay;--awb-bg-size:cover;\"><div class=\"fusion-column-wrapper fusion-flex-justify-content-flex-start fusion-content-layout-column fusion-carousel-item-wrapper\"><div class=\"fusion-image-element \" style=\"text-align:center;--awb-max-width:140px;--awb-caption-title-font-family:var(--h2_typography-font-family);--awb-caption-title-font-weight:var(--h2_typography-font-weight);--awb-caption-title-font-style:var(--h2_typography-font-style);--awb-caption-title-size:var(--h2_typography-font-size);--awb-caption-title-transform:var(--h2_typography-text-transform);--awb-caption-title-line-height:var(--h2_typography-line-height);--awb-caption-title-letter-spacing:var(--h2_typography-letter-spacing);\"><span class=\" fusion-imageframe imageframe-none imageframe-3 hover-type-none news_img\"><img decoding=\"async\" width=\"442\" height=\"500\" title=\"Martin-Fostel-web\" src=\"data:image\/svg+xml,%3Csvg%20xmlns%3D%27http%3A%2F%2Fwww.w3.org%2F2000%2Fsvg%27%20width%3D%27442%27%20height%3D%27500%27%20viewBox%3D%270%200%20442%20500%27%3E%3Crect%20width%3D%27442%27%20height%3D%27500%27%20fill-opacity%3D%220%22%2F%3E%3C%2Fsvg%3E\" data-orig-src=\"https:\/\/www.pfarrplatz.at\/wp-content\/uploads\/sites\/25\/2022\/03\/Martin-Fostel-web.jpg\" alt class=\"lazyload img-responsive wp-image-6495\"\/><\/span><\/div><div class=\"fusion-text fusion-text-8 musiker_instrumente\" style=\"--awb-content-alignment:center;\"><p>Akkordeon, Gesang<\/p>\n<\/div><div class=\"fusion-title title fusion-title-4 fusion-sep-none fusion-title-center fusion-title-text fusion-title-size-three musiker_name\" style=\"--awb-font-size:18px;\"><h3 class=\"fusion-title-heading title-heading-center\" style=\"font-family:&quot;Cormorant Garamond&quot;;font-style:normal;font-weight:600;margin:0;font-size:1em;\">Martin FOSTEL<\/h3><\/div><div class=\"fusion-text fusion-text-9 musiker_ensemble\" style=\"--awb-content-alignment:center;\"><p>D`Scherzbuam | Duo Oslansky-Fostel | Michael PERFLER und seine Tri[o]logie | Wiener Tri[o]logie<\/p>\n<\/div><div><span class=\"fusion-popover popover-3\" data-animation=\"1\" data-class=\"popover-3\" data-container=\"popover-3\" data-content=\"Gepr\u00e4gt durch sein Elternhaus, bekam der in Wien geborene Musiker, S\u00e4nger und gelernter Tontechniker Martin Fostel schon sehr fr\u00fch Einblick in die Wienerliedkultur. Nachdem er sich im Rahmen seines Mu [...]\" data-delay=\"50\" data-placement=\"top\" data-title=\"Martin FOSTEL\" data-toggle=\"popover\" data-trigger=\"click\"><span><\/span><\/span><\/div><div class=\"fusion-text fusion-text-10\"><\/div><\/div><\/div>\n<div class=\"fusion_builder_column fusion-builder-column-7 fusion-flex-column post-card swiper-slide\" style=\"--awb-bg-blend:overlay;--awb-bg-size:cover;\"><div class=\"fusion-column-wrapper fusion-flex-justify-content-flex-start fusion-content-layout-column fusion-carousel-item-wrapper\"><div class=\"fusion-image-element \" style=\"text-align:center;--awb-max-width:140px;--awb-caption-title-font-family:var(--h2_typography-font-family);--awb-caption-title-font-weight:var(--h2_typography-font-weight);--awb-caption-title-font-style:var(--h2_typography-font-style);--awb-caption-title-size:var(--h2_typography-font-size);--awb-caption-title-transform:var(--h2_typography-text-transform);--awb-caption-title-line-height:var(--h2_typography-line-height);--awb-caption-title-letter-spacing:var(--h2_typography-letter-spacing);\"><span class=\" fusion-imageframe imageframe-none imageframe-4 hover-type-none news_img\"><img decoding=\"async\" width=\"452\" height=\"475\" title=\"Musiker_MAAR\" src=\"data:image\/svg+xml,%3Csvg%20xmlns%3D%27http%3A%2F%2Fwww.w3.org%2F2000%2Fsvg%27%20width%3D%27452%27%20height%3D%27475%27%20viewBox%3D%270%200%20452%20475%27%3E%3Crect%20width%3D%27452%27%20height%3D%27475%27%20fill-opacity%3D%220%22%2F%3E%3C%2Fsvg%3E\" data-orig-src=\"https:\/\/www.pfarrplatz.at\/wp-content\/uploads\/sites\/25\/2022\/03\/Musiker_MAAR.jpg\" alt class=\"lazyload img-responsive wp-image-5516\"\/><\/span><\/div><div class=\"fusion-text fusion-text-11 musiker_instrumente\" style=\"--awb-content-alignment:center;\"><p>Drehorgel<\/p>\n<\/div><div class=\"fusion-title title fusion-title-5 fusion-sep-none fusion-title-center fusion-title-text fusion-title-size-three musiker_name\" style=\"--awb-font-size:18px;\"><h3 class=\"fusion-title-heading title-heading-center\" style=\"font-family:&quot;Cormorant Garamond&quot;;font-style:normal;font-weight:600;margin:0;font-size:1em;\">Oliver MAAR<\/h3><\/div><div class=\"fusion-text fusion-text-12 musiker_ensemble\" style=\"--awb-content-alignment:center;\"><\/div><div><span class=\"fusion-popover popover-4\" data-animation=\"1\" data-class=\"popover-4\" data-container=\"popover-4\" data-content=\"Oliver MAAR ist in Wien und Nieder\u00f6sterreich aufgewachsen. Bereits mit nur 16 Jahren gab er seine ersten kleinen Konzerte auf seiner ersten eigenen Drehorgel auf dem Leiterwagen. Oliver Maar ist der e [...]\" data-delay=\"50\" data-placement=\"top\" data-title=\"Oliver MAAR\" data-toggle=\"popover\" data-trigger=\"click\"><span><\/span><\/span><\/div><div class=\"fusion-text fusion-text-13\"><\/div><\/div><\/div>\n<div class=\"fusion_builder_column fusion-builder-column-8 fusion-flex-column post-card swiper-slide\" style=\"--awb-bg-blend:overlay;--awb-bg-size:cover;\"><div class=\"fusion-column-wrapper fusion-flex-justify-content-flex-start fusion-content-layout-column fusion-carousel-item-wrapper\"><div class=\"fusion-image-element \" style=\"text-align:center;--awb-max-width:140px;--awb-caption-title-font-family:var(--h2_typography-font-family);--awb-caption-title-font-weight:var(--h2_typography-font-weight);--awb-caption-title-font-style:var(--h2_typography-font-style);--awb-caption-title-size:var(--h2_typography-font-size);--awb-caption-title-transform:var(--h2_typography-text-transform);--awb-caption-title-line-height:var(--h2_typography-line-height);--awb-caption-title-letter-spacing:var(--h2_typography-letter-spacing);\"><span class=\" fusion-imageframe imageframe-none imageframe-5 hover-type-none news_img\"><img decoding=\"async\" width=\"400\" height=\"501\" title=\"Musiker_KARNER\" src=\"data:image\/svg+xml,%3Csvg%20xmlns%3D%27http%3A%2F%2Fwww.w3.org%2F2000%2Fsvg%27%20width%3D%27400%27%20height%3D%27501%27%20viewBox%3D%270%200%20400%20501%27%3E%3Crect%20width%3D%27400%27%20height%3D%27501%27%20fill-opacity%3D%220%22%2F%3E%3C%2Fsvg%3E\" data-orig-src=\"https:\/\/www.pfarrplatz.at\/wp-content\/uploads\/sites\/25\/2022\/03\/Musiker_KARNER.jpg\" alt class=\"lazyload img-responsive wp-image-5514\"\/><\/span><\/div><div class=\"fusion-text fusion-text-14 musiker_instrumente\" style=\"--awb-content-alignment:center;\"><p>Kontragitarre, Gesang<\/p>\n<\/div><div class=\"fusion-title title fusion-title-6 fusion-sep-none fusion-title-center fusion-title-text fusion-title-size-three musiker_name\" style=\"--awb-font-size:18px;\"><h3 class=\"fusion-title-heading title-heading-center\" style=\"font-family:&quot;Cormorant Garamond&quot;;font-style:normal;font-weight:600;margin:0;font-size:1em;\">Wolfgang KARNER<\/h3><\/div><div class=\"fusion-text fusion-text-15 musiker_ensemble\" style=\"--awb-content-alignment:center;\"><p>Duo Weinblatt<\/p>\n<\/div><div><span class=\"fusion-popover popover-5\" data-animation=\"1\" data-class=\"popover-5\" data-container=\"popover-5\" data-content=\"Wolfgang KARNER zupft die Kontra- und schl\u00e4gt die Rhythmusgitarre. Die Kl\u00e4nge der Instrumente erg\u00e4nzen beide mit ihren Stimmen und w\u00fcrzen die dargebotenen Lieder stets mit einer ordentlichen Portion W [...]\" data-delay=\"50\" data-placement=\"top\" data-title=\"Wolfgang KARNER\" data-toggle=\"popover\" data-trigger=\"click\"><span><\/span><\/span><\/div><div class=\"fusion-text fusion-text-16\"><\/div><\/div><\/div>\n<div class=\"fusion_builder_column fusion-builder-column-9 fusion-flex-column post-card swiper-slide\" style=\"--awb-bg-blend:overlay;--awb-bg-size:cover;\"><div class=\"fusion-column-wrapper fusion-flex-justify-content-flex-start fusion-content-layout-column fusion-carousel-item-wrapper\"><div class=\"fusion-image-element \" style=\"text-align:center;--awb-max-width:140px;--awb-caption-title-font-family:var(--h2_typography-font-family);--awb-caption-title-font-weight:var(--h2_typography-font-weight);--awb-caption-title-font-style:var(--h2_typography-font-style);--awb-caption-title-size:var(--h2_typography-font-size);--awb-caption-title-transform:var(--h2_typography-text-transform);--awb-caption-title-line-height:var(--h2_typography-line-height);--awb-caption-title-letter-spacing:var(--h2_typography-letter-spacing);\"><span class=\" fusion-imageframe imageframe-none imageframe-6 hover-type-none news_img\"><img decoding=\"async\" width=\"346\" height=\"437\" title=\"Musiker_DEUTSCH\" src=\"data:image\/svg+xml,%3Csvg%20xmlns%3D%27http%3A%2F%2Fwww.w3.org%2F2000%2Fsvg%27%20width%3D%27346%27%20height%3D%27437%27%20viewBox%3D%270%200%20346%20437%27%3E%3Crect%20width%3D%27346%27%20height%3D%27437%27%20fill-opacity%3D%220%22%2F%3E%3C%2Fsvg%3E\" data-orig-src=\"https:\/\/www.pfarrplatz.at\/wp-content\/uploads\/sites\/25\/2022\/03\/Musiker_DEUTSCH.jpg\" alt class=\"lazyload img-responsive wp-image-5512\"\/><\/span><\/div><div class=\"fusion-text fusion-text-17 musiker_instrumente\" style=\"--awb-content-alignment:center;\"><p>Akkordeon<\/p>\n<\/div><div class=\"fusion-title title fusion-title-7 fusion-sep-none fusion-title-center fusion-title-text fusion-title-size-three musiker_name\" style=\"--awb-font-size:18px;\"><h3 class=\"fusion-title-heading title-heading-center\" style=\"font-family:&quot;Cormorant Garamond&quot;;font-style:normal;font-weight:600;margin:0;font-size:1em;\">Alfred \u201eFredi\u201c DEUTSCH<\/h3><\/div><div class=\"fusion-text fusion-text-18 musiker_ensemble\" style=\"--awb-content-alignment:center;\"><p>Duo Weinblatt<\/p>\n<\/div><div><span class=\"fusion-popover popover-6\" data-animation=\"1\" data-class=\"popover-6\" data-container=\"popover-6\" data-content=\"Alfred \u201eFredi\u201c DEUTSCH ist stolzer Besitzer von 17 Akkordeons. Er ist Teil des Ensembles \u201eDuo Weinblatt\u201c. Zeit seines Lebens ist er Musiker und spielt grunds\u00e4tzlich alle m\u00f6glichen Musikrichtungen \u2013 an [...]\" data-delay=\"50\" data-placement=\"top\" data-title=\"Alfred \u201eFredi\u201c DEUTSCH\" data-toggle=\"popover\" data-trigger=\"click\"><span><\/span><\/span><\/div><div class=\"fusion-text fusion-text-19\"><\/div><\/div><\/div>\n<div class=\"fusion_builder_column fusion-builder-column-10 fusion-flex-column post-card swiper-slide\" style=\"--awb-bg-blend:overlay;--awb-bg-size:cover;\"><div class=\"fusion-column-wrapper fusion-flex-justify-content-flex-start fusion-content-layout-column fusion-carousel-item-wrapper\"><div class=\"fusion-image-element \" style=\"text-align:center;--awb-max-width:140px;--awb-caption-title-font-family:var(--h2_typography-font-family);--awb-caption-title-font-weight:var(--h2_typography-font-weight);--awb-caption-title-font-style:var(--h2_typography-font-style);--awb-caption-title-size:var(--h2_typography-font-size);--awb-caption-title-transform:var(--h2_typography-text-transform);--awb-caption-title-line-height:var(--h2_typography-line-height);--awb-caption-title-letter-spacing:var(--h2_typography-letter-spacing);\"><span class=\" fusion-imageframe imageframe-none imageframe-7 hover-type-none news_img\"><img decoding=\"async\" width=\"357\" height=\"521\" title=\"Musiker_HANIFL\" src=\"data:image\/svg+xml,%3Csvg%20xmlns%3D%27http%3A%2F%2Fwww.w3.org%2F2000%2Fsvg%27%20width%3D%27357%27%20height%3D%27521%27%20viewBox%3D%270%200%20357%20521%27%3E%3Crect%20width%3D%27357%27%20height%3D%27521%27%20fill-opacity%3D%220%22%2F%3E%3C%2Fsvg%3E\" data-orig-src=\"https:\/\/www.pfarrplatz.at\/wp-content\/uploads\/sites\/25\/2022\/03\/Musiker_HANIFL.jpg\" alt class=\"lazyload img-responsive wp-image-5510\"\/><\/span><\/div><div class=\"fusion-text fusion-text-20 musiker_instrumente\" style=\"--awb-content-alignment:center;\"><p>Text und Moderation<\/p>\n<\/div><div class=\"fusion-title title fusion-title-8 fusion-sep-none fusion-title-center fusion-title-text fusion-title-size-three musiker_name\" style=\"--awb-font-size:18px;\"><h3 class=\"fusion-title-heading title-heading-center\" style=\"font-family:&quot;Cormorant Garamond&quot;;font-style:normal;font-weight:600;margin:0;font-size:1em;\">Manfred HANIFL<\/h3><\/div><div class=\"fusion-text fusion-text-21 musiker_ensemble\" style=\"--awb-content-alignment:center;\"><\/div><div><span class=\"fusion-popover popover-7\" data-animation=\"1\" data-class=\"popover-7\" data-container=\"popover-7\" data-content=\"Manfred HANIFL, geboren 1964 in Wien, beginnt schon als Jugendlicher mit dem Verfassen von Gedichten und kurzen Prosatexten, dabei veranstaltet er immer wieder Lesungen. 2012 gr\u00fcndet er gemeinsam mit  [...]\" data-delay=\"50\" data-placement=\"top\" data-title=\"Manfred HANIFL\" data-toggle=\"popover\" data-trigger=\"click\"><span><\/span><\/span><\/div><div class=\"fusion-text fusion-text-22\"><\/div><\/div><\/div>\n<div class=\"fusion_builder_column fusion-builder-column-11 fusion-flex-column post-card swiper-slide\" style=\"--awb-bg-blend:overlay;--awb-bg-size:cover;\"><div class=\"fusion-column-wrapper fusion-flex-justify-content-flex-start fusion-content-layout-column fusion-carousel-item-wrapper\"><div class=\"fusion-image-element \" style=\"text-align:center;--awb-max-width:140px;--awb-caption-title-font-family:var(--h2_typography-font-family);--awb-caption-title-font-weight:var(--h2_typography-font-weight);--awb-caption-title-font-style:var(--h2_typography-font-style);--awb-caption-title-size:var(--h2_typography-font-size);--awb-caption-title-transform:var(--h2_typography-text-transform);--awb-caption-title-line-height:var(--h2_typography-line-height);--awb-caption-title-letter-spacing:var(--h2_typography-letter-spacing);\"><span class=\" fusion-imageframe imageframe-none imageframe-8 hover-type-none news_img\"><img decoding=\"async\" width=\"382\" height=\"521\" title=\"Musiker_G\u00dcRKAN\" src=\"data:image\/svg+xml,%3Csvg%20xmlns%3D%27http%3A%2F%2Fwww.w3.org%2F2000%2Fsvg%27%20width%3D%27382%27%20height%3D%27521%27%20viewBox%3D%270%200%20382%20521%27%3E%3Crect%20width%3D%27382%27%20height%3D%27521%27%20fill-opacity%3D%220%22%2F%3E%3C%2Fsvg%3E\" data-orig-src=\"https:\/\/www.pfarrplatz.at\/wp-content\/uploads\/sites\/25\/2022\/03\/Musiker_GUeRKAN.jpg\" alt class=\"lazyload img-responsive wp-image-5508\"\/><\/span><\/div><div class=\"fusion-text fusion-text-23 musiker_instrumente\" style=\"--awb-content-alignment:center;\"><p>Geige<\/p>\n<\/div><div class=\"fusion-title title fusion-title-9 fusion-sep-none fusion-title-center fusion-title-text fusion-title-size-three musiker_name\" style=\"--awb-font-size:18px;\"><h3 class=\"fusion-title-heading title-heading-center\" style=\"font-family:&quot;Cormorant Garamond&quot;;font-style:normal;font-weight:600;margin:0;font-size:1em;\">Serkan G\u00dcRKAN<\/h3><\/div><div class=\"fusion-text fusion-text-24 musiker_ensemble\" style=\"--awb-content-alignment:center;\"><p>Wiener Tri[o]logie<\/p>\n<\/div><div><span class=\"fusion-popover popover-8\" data-animation=\"1\" data-class=\"popover-8\" data-container=\"popover-8\" data-content=\"Geboren 1975 in Ankara, studierte Serkan G\u00dcRKAN am Konservatorium der Stadt Izmir Violine. Seit Oktober 2012 studiert er ebenfalls an der Universit\u00e4t f\u00fcr Musik und darstellende Kunst in\u00a0 Wien Komposit [...]\" data-delay=\"50\" data-placement=\"top\" data-title=\"Serkan G\u00dcRKAN\" data-toggle=\"popover\" data-trigger=\"click\"><span><\/span><\/span><\/div><div class=\"fusion-text fusion-text-25\"><\/div><\/div><\/div>\n<div class=\"fusion_builder_column fusion-builder-column-12 fusion-flex-column post-card swiper-slide\" style=\"--awb-bg-blend:overlay;--awb-bg-size:cover;\"><div class=\"fusion-column-wrapper fusion-flex-justify-content-flex-start fusion-content-layout-column fusion-carousel-item-wrapper\"><div class=\"fusion-image-element \" style=\"text-align:center;--awb-max-width:140px;--awb-caption-title-font-family:var(--h2_typography-font-family);--awb-caption-title-font-weight:var(--h2_typography-font-weight);--awb-caption-title-font-style:var(--h2_typography-font-style);--awb-caption-title-size:var(--h2_typography-font-size);--awb-caption-title-transform:var(--h2_typography-text-transform);--awb-caption-title-line-height:var(--h2_typography-line-height);--awb-caption-title-letter-spacing:var(--h2_typography-letter-spacing);\"><span class=\" fusion-imageframe imageframe-none imageframe-9 hover-type-none news_img\"><img decoding=\"async\" width=\"497\" height=\"492\" title=\"Musiker_SCH\u00d6NDORFER\" src=\"data:image\/svg+xml,%3Csvg%20xmlns%3D%27http%3A%2F%2Fwww.w3.org%2F2000%2Fsvg%27%20width%3D%27497%27%20height%3D%27492%27%20viewBox%3D%270%200%20497%20492%27%3E%3Crect%20width%3D%27497%27%20height%3D%27492%27%20fill-opacity%3D%220%22%2F%3E%3C%2Fsvg%3E\" data-orig-src=\"https:\/\/www.pfarrplatz.at\/wp-content\/uploads\/sites\/25\/2022\/03\/Musiker_SCHOeNDORFER.jpg\" alt class=\"lazyload img-responsive wp-image-5506\"\/><\/span><\/div><div class=\"fusion-text fusion-text-26 musiker_instrumente\" style=\"--awb-content-alignment:center;\"><p>Akkordeon<\/p>\n<\/div><div class=\"fusion-title title fusion-title-10 fusion-sep-none fusion-title-center fusion-title-text fusion-title-size-three musiker_name\" style=\"--awb-font-size:18px;\"><h3 class=\"fusion-title-heading title-heading-center\" style=\"font-family:&quot;Cormorant Garamond&quot;;font-style:normal;font-weight:600;margin:0;font-size:1em;\">Herbert SCH\u00d6NDORFER<\/h3><\/div><div class=\"fusion-text fusion-text-27 musiker_ensemble\" style=\"--awb-content-alignment:center;\"><p>Die zwa Spezi<\/p>\n<\/div><div><span class=\"fusion-popover popover-9\" data-animation=\"1\" data-class=\"popover-9\" data-container=\"popover-9\" data-content=\"Herbert SCH\u00d6NDORFER ist ein Musiker aus Leidenschaft! Im zarten Alter von sieben Jahren begann er bei seinem Vater Akkordeonspielen zu lernen. Mit zehn Jahren bekam er seine erste Trompete. Ab seinem  [...]\" data-delay=\"50\" data-placement=\"top\" data-title=\"Herbert SCH\u00d6NDORFER\" data-toggle=\"popover\" data-trigger=\"click\"><span><\/span><\/span><\/div><div class=\"fusion-text fusion-text-28\"><\/div><\/div><\/div>\n<div class=\"fusion_builder_column fusion-builder-column-13 fusion-flex-column post-card swiper-slide\" style=\"--awb-bg-blend:overlay;--awb-bg-size:cover;\"><div class=\"fusion-column-wrapper fusion-flex-justify-content-flex-start fusion-content-layout-column fusion-carousel-item-wrapper\"><div class=\"fusion-image-element \" style=\"text-align:center;--awb-max-width:140px;--awb-caption-title-font-family:var(--h2_typography-font-family);--awb-caption-title-font-weight:var(--h2_typography-font-weight);--awb-caption-title-font-style:var(--h2_typography-font-style);--awb-caption-title-size:var(--h2_typography-font-size);--awb-caption-title-transform:var(--h2_typography-text-transform);--awb-caption-title-line-height:var(--h2_typography-line-height);--awb-caption-title-letter-spacing:var(--h2_typography-letter-spacing);\"><span class=\" fusion-imageframe imageframe-none imageframe-10 hover-type-none news_img\"><img decoding=\"async\" width=\"503\" height=\"514\" title=\"Musiker_RESETARITS\" src=\"data:image\/svg+xml,%3Csvg%20xmlns%3D%27http%3A%2F%2Fwww.w3.org%2F2000%2Fsvg%27%20width%3D%27503%27%20height%3D%27514%27%20viewBox%3D%270%200%20503%20514%27%3E%3Crect%20width%3D%27503%27%20height%3D%27514%27%20fill-opacity%3D%220%22%2F%3E%3C%2Fsvg%3E\" data-orig-src=\"https:\/\/www.pfarrplatz.at\/wp-content\/uploads\/sites\/25\/2022\/03\/Musiker_RESETARITS.jpg\" alt class=\"lazyload img-responsive wp-image-5504\"\/><\/span><\/div><div class=\"fusion-text fusion-text-29 musiker_instrumente\" style=\"--awb-content-alignment:center;\"><p>Gesang<\/p>\n<\/div><div class=\"fusion-title title fusion-title-11 fusion-sep-none fusion-title-center fusion-title-text fusion-title-size-three musiker_name\" style=\"--awb-font-size:18px;\"><h3 class=\"fusion-title-heading title-heading-center\" style=\"font-family:&quot;Cormorant Garamond&quot;;font-style:normal;font-weight:600;margin:0;font-size:1em;\">Florian RESETARITS<\/h3><\/div><div class=\"fusion-text fusion-text-30 musiker_ensemble\" style=\"--awb-content-alignment:center;\"><p>Resetarits-Brucker<\/p>\n<\/div><div><span class=\"fusion-popover popover-10\" data-animation=\"1\" data-class=\"popover-10\" data-container=\"popover-10\" data-content=\"Florian RESETARITS studierte an der MUK Privatuniversit\u00e4t der Stadt Wien. Zus\u00e4tzlich nimmt er seit 2011 Gesangsunterricht bei KS Renate Holm. Der S\u00e4nger hat bereits in mehreren Ensembles bei der B\u00fchne [...]\" data-delay=\"50\" data-placement=\"top\" data-title=\"Florian RESETARITS\" data-toggle=\"popover\" data-trigger=\"click\"><span><\/span><\/span><\/div><div class=\"fusion-text fusion-text-31\"><\/div><\/div><\/div>\n<div class=\"fusion_builder_column fusion-builder-column-14 fusion-flex-column post-card swiper-slide\" style=\"--awb-bg-blend:overlay;--awb-bg-size:cover;\"><div class=\"fusion-column-wrapper fusion-flex-justify-content-flex-start fusion-content-layout-column fusion-carousel-item-wrapper\"><div class=\"fusion-image-element \" style=\"text-align:center;--awb-max-width:140px;--awb-caption-title-font-family:var(--h2_typography-font-family);--awb-caption-title-font-weight:var(--h2_typography-font-weight);--awb-caption-title-font-style:var(--h2_typography-font-style);--awb-caption-title-size:var(--h2_typography-font-size);--awb-caption-title-transform:var(--h2_typography-text-transform);--awb-caption-title-line-height:var(--h2_typography-line-height);--awb-caption-title-letter-spacing:var(--h2_typography-letter-spacing);\"><span class=\" fusion-imageframe imageframe-none imageframe-11 hover-type-none news_img\"><img decoding=\"async\" width=\"403\" height=\"428\" title=\"Musiker_BRUCKER\" src=\"data:image\/svg+xml,%3Csvg%20xmlns%3D%27http%3A%2F%2Fwww.w3.org%2F2000%2Fsvg%27%20width%3D%27403%27%20height%3D%27428%27%20viewBox%3D%270%200%20403%20428%27%3E%3Crect%20width%3D%27403%27%20height%3D%27428%27%20fill-opacity%3D%220%22%2F%3E%3C%2Fsvg%3E\" data-orig-src=\"https:\/\/www.pfarrplatz.at\/wp-content\/uploads\/sites\/25\/2022\/03\/Musiker_BRUCKER.jpg\" alt class=\"lazyload img-responsive wp-image-5502\"\/><\/span><\/div><div class=\"fusion-text fusion-text-32 musiker_instrumente\" style=\"--awb-content-alignment:center;\"><p>Klavier<\/p>\n<\/div><div class=\"fusion-title title fusion-title-12 fusion-sep-none fusion-title-center fusion-title-text fusion-title-size-three musiker_name\" style=\"--awb-font-size:18px;\"><h3 class=\"fusion-title-heading title-heading-center\" style=\"font-family:&quot;Cormorant Garamond&quot;;font-style:normal;font-weight:600;margin:0;font-size:1em;\">Prof. Fritz BRUCKER<\/h3><\/div><div class=\"fusion-text fusion-text-33 musiker_ensemble\" style=\"--awb-content-alignment:center;\"><p>Resetarits-Brucker<\/p>\n<\/div><div><span class=\"fusion-popover popover-11\" data-animation=\"1\" data-class=\"popover-11\" data-container=\"popover-11\" data-content=\"Fritz BRUCKER wurde in Wien geboren und erhielt seinen ersten privaten Klavierunterricht bereits mit zehn Jahren. Sp\u00e4ter studierte er am Konservatorium der Stadt Wien. Seit 1973 ist er stellvertretend [...]\" data-delay=\"50\" data-placement=\"top\" data-title=\"Prof. Fritz BRUCKER\" data-toggle=\"popover\" data-trigger=\"click\"><span><\/span><\/span><\/div><div class=\"fusion-text fusion-text-34\"><\/div><\/div><\/div>\n<div class=\"fusion_builder_column fusion-builder-column-15 fusion-flex-column post-card swiper-slide\" style=\"--awb-bg-blend:overlay;--awb-bg-size:cover;\"><div class=\"fusion-column-wrapper fusion-flex-justify-content-flex-start fusion-content-layout-column fusion-carousel-item-wrapper\"><div class=\"fusion-image-element \" style=\"text-align:center;--awb-max-width:140px;--awb-caption-title-font-family:var(--h2_typography-font-family);--awb-caption-title-font-weight:var(--h2_typography-font-weight);--awb-caption-title-font-style:var(--h2_typography-font-style);--awb-caption-title-size:var(--h2_typography-font-size);--awb-caption-title-transform:var(--h2_typography-text-transform);--awb-caption-title-line-height:var(--h2_typography-line-height);--awb-caption-title-letter-spacing:var(--h2_typography-letter-spacing);\"><span class=\" fusion-imageframe imageframe-none imageframe-12 hover-type-none news_img\"><img decoding=\"async\" width=\"509\" height=\"496\" title=\"Musiker_OSLANSKY\" src=\"data:image\/svg+xml,%3Csvg%20xmlns%3D%27http%3A%2F%2Fwww.w3.org%2F2000%2Fsvg%27%20width%3D%27509%27%20height%3D%27496%27%20viewBox%3D%270%200%20509%20496%27%3E%3Crect%20width%3D%27509%27%20height%3D%27496%27%20fill-opacity%3D%220%22%2F%3E%3C%2Fsvg%3E\" data-orig-src=\"https:\/\/www.pfarrplatz.at\/wp-content\/uploads\/sites\/25\/2022\/03\/Musiker_OSLANSKY.jpg\" alt class=\"lazyload img-responsive wp-image-5500\"\/><\/span><\/div><div class=\"fusion-text fusion-text-35 musiker_instrumente\" style=\"--awb-content-alignment:center;\"><p>Kontragitarre, Gesang<\/p>\n<\/div><div class=\"fusion-title title fusion-title-13 fusion-sep-none fusion-title-center fusion-title-text fusion-title-size-three musiker_name\" style=\"--awb-font-size:18px;\"><h3 class=\"fusion-title-heading title-heading-center\" style=\"font-family:&quot;Cormorant Garamond&quot;;font-style:normal;font-weight:600;margin:0;font-size:1em;\">Fritz OSLANSKY<\/h3><\/div><div class=\"fusion-text fusion-text-36 musiker_ensemble\" style=\"--awb-content-alignment:center;\"><p>Duo Oslansky-Fostel<\/p>\n<\/div><div><span class=\"fusion-popover popover-12\" data-animation=\"1\" data-class=\"popover-12\" data-container=\"popover-12\" data-content=\"Der 1938 in Wien geborene Fritz OSLANSKY ist mit dem Wienerlied eng verbunden. Seit Jahrzehnten ist der Kontragitarrist fixer Bestandteil der Wienerlied Szene. Nicht umsonst wurde ihm in diesem Zusamm [...]\" data-delay=\"50\" data-placement=\"top\" data-title=\"Fritz OSLANSKY\" data-toggle=\"popover\" data-trigger=\"click\"><span><\/span><\/span><\/div><div class=\"fusion-text fusion-text-37\"><\/div><\/div><\/div>\n<div class=\"fusion_builder_column fusion-builder-column-16 fusion-flex-column post-card swiper-slide\" style=\"--awb-bg-blend:overlay;--awb-bg-size:cover;\"><div class=\"fusion-column-wrapper fusion-flex-justify-content-flex-start fusion-content-layout-column fusion-carousel-item-wrapper\"><div class=\"fusion-image-element \" style=\"text-align:center;--awb-max-width:140px;--awb-caption-title-font-family:var(--h2_typography-font-family);--awb-caption-title-font-weight:var(--h2_typography-font-weight);--awb-caption-title-font-style:var(--h2_typography-font-style);--awb-caption-title-size:var(--h2_typography-font-size);--awb-caption-title-transform:var(--h2_typography-text-transform);--awb-caption-title-line-height:var(--h2_typography-line-height);--awb-caption-title-letter-spacing:var(--h2_typography-letter-spacing);\"><span class=\" fusion-imageframe imageframe-none imageframe-13 hover-type-none news_img\"><img decoding=\"async\" width=\"377\" height=\"409\" title=\"Musiker_Reinberger\" src=\"data:image\/svg+xml,%3Csvg%20xmlns%3D%27http%3A%2F%2Fwww.w3.org%2F2000%2Fsvg%27%20width%3D%27377%27%20height%3D%27409%27%20viewBox%3D%270%200%20377%20409%27%3E%3Crect%20width%3D%27377%27%20height%3D%27409%27%20fill-opacity%3D%220%22%2F%3E%3C%2Fsvg%3E\" data-orig-src=\"https:\/\/www.pfarrplatz.at\/wp-content\/uploads\/sites\/25\/2022\/03\/Musiker_Reinberger.jpg\" alt class=\"lazyload img-responsive wp-image-5493\"\/><\/span><\/div><div class=\"fusion-text fusion-text-38 musiker_instrumente\" style=\"--awb-content-alignment:center;\"><p>Kontragitarre, Gesang<\/p>\n<\/div><div class=\"fusion-title title fusion-title-14 fusion-sep-none fusion-title-center fusion-title-text fusion-title-size-three musiker_name\" style=\"--awb-font-size:18px;\"><h3 class=\"fusion-title-heading title-heading-center\" style=\"font-family:&quot;Cormorant Garamond&quot;;font-style:normal;font-weight:600;margin:0;font-size:1em;\">Richard REINBERGER<\/h3><\/div><div class=\"fusion-text fusion-text-39 musiker_ensemble\" style=\"--awb-content-alignment:center;\"><p>D`Scherzbuam<\/p>\n<\/div><div><span class=\"fusion-popover popover-13\" data-animation=\"1\" data-class=\"popover-13\" data-container=\"popover-13\" data-content=\"Seit 1994 besticht der Wiener Kontragitarrist und S\u00e4nger Richard REINBERGER das Publikum mit seiner authentischen und kernigen Interpretation des Wienerliedes. Nicht nur sein Schm\u00e4h und eine Vielzahl  [...]\" data-delay=\"50\" data-placement=\"top\" data-title=\"Richard REINBERGER\" data-toggle=\"popover\" data-trigger=\"click\"><span><\/span><\/span><\/div><div class=\"fusion-text fusion-text-40\"><\/div><\/div><\/div>\n<div class=\"fusion_builder_column fusion-builder-column-17 fusion-flex-column post-card swiper-slide\" style=\"--awb-bg-blend:overlay;--awb-bg-size:cover;\"><div class=\"fusion-column-wrapper fusion-flex-justify-content-flex-start fusion-content-layout-column fusion-carousel-item-wrapper\"><div class=\"fusion-image-element \" style=\"text-align:center;--awb-max-width:140px;--awb-caption-title-font-family:var(--h2_typography-font-family);--awb-caption-title-font-weight:var(--h2_typography-font-weight);--awb-caption-title-font-style:var(--h2_typography-font-style);--awb-caption-title-size:var(--h2_typography-font-size);--awb-caption-title-transform:var(--h2_typography-text-transform);--awb-caption-title-line-height:var(--h2_typography-line-height);--awb-caption-title-letter-spacing:var(--h2_typography-letter-spacing);\"><span class=\" fusion-imageframe imageframe-none imageframe-14 hover-type-none news_img\"><img decoding=\"async\" width=\"361\" height=\"421\" title=\"Musiker_Perfler\" src=\"data:image\/svg+xml,%3Csvg%20xmlns%3D%27http%3A%2F%2Fwww.w3.org%2F2000%2Fsvg%27%20width%3D%27361%27%20height%3D%27421%27%20viewBox%3D%270%200%20361%20421%27%3E%3Crect%20width%3D%27361%27%20height%3D%27421%27%20fill-opacity%3D%220%22%2F%3E%3C%2Fsvg%3E\" data-orig-src=\"https:\/\/www.pfarrplatz.at\/wp-content\/uploads\/sites\/25\/2022\/03\/Musiker_Perfler.jpg\" alt class=\"lazyload img-responsive wp-image-5491\"\/><\/span><\/div><div class=\"fusion-text fusion-text-41 musiker_instrumente\" style=\"--awb-content-alignment:center;\"><p>Gesang<\/p>\n<\/div><div class=\"fusion-title title fusion-title-15 fusion-sep-none fusion-title-center fusion-title-text fusion-title-size-three musiker_name\" style=\"--awb-font-size:18px;\"><h3 class=\"fusion-title-heading title-heading-center\" style=\"font-family:&quot;Cormorant Garamond&quot;;font-style:normal;font-weight:600;margin:0;font-size:1em;\">Michael PERFLER<\/h3><\/div><div class=\"fusion-text fusion-text-42 musiker_ensemble\" style=\"--awb-content-alignment:center;\"><p>Die zwa Spezi | Michael PERFLER und seine Tri[o]logie<\/p>\n<\/div><div><span class=\"fusion-popover popover-14\" data-animation=\"1\" data-class=\"popover-14\" data-container=\"popover-14\" data-content=\"Michael PERFLER wurde in Wien geboren und ist als S\u00e4nger, Schauspieler, Entertainer, Moderator, Sprecher, Programm und Textschreiber seit \u00fcber 35 Jahren erfolgreich. Von Nestroy bis Shakespeare, auf B [...]\" data-delay=\"50\" data-placement=\"top\" data-title=\"Michael PERFLER\" data-toggle=\"popover\" data-trigger=\"click\"><span><\/span><\/span><\/div><div class=\"fusion-text fusion-text-43\"><\/div><\/div><\/div>\n<div class=\"fusion_builder_column fusion-builder-column-18 fusion-flex-column post-card swiper-slide\" style=\"--awb-bg-blend:overlay;--awb-bg-size:cover;\"><div class=\"fusion-column-wrapper fusion-flex-justify-content-flex-start fusion-content-layout-column fusion-carousel-item-wrapper\"><div class=\"fusion-image-element \" style=\"text-align:center;--awb-max-width:140px;--awb-caption-title-font-family:var(--h2_typography-font-family);--awb-caption-title-font-weight:var(--h2_typography-font-weight);--awb-caption-title-font-style:var(--h2_typography-font-style);--awb-caption-title-size:var(--h2_typography-font-size);--awb-caption-title-transform:var(--h2_typography-text-transform);--awb-caption-title-line-height:var(--h2_typography-line-height);--awb-caption-title-letter-spacing:var(--h2_typography-letter-spacing);\"><span class=\" fusion-imageframe imageframe-none imageframe-15 hover-type-none news_img\"><img decoding=\"async\" width=\"407\" height=\"449\" title=\"Musiker_Mach\" src=\"data:image\/svg+xml,%3Csvg%20xmlns%3D%27http%3A%2F%2Fwww.w3.org%2F2000%2Fsvg%27%20width%3D%27407%27%20height%3D%27449%27%20viewBox%3D%270%200%20407%20449%27%3E%3Crect%20width%3D%27407%27%20height%3D%27449%27%20fill-opacity%3D%220%22%2F%3E%3C%2Fsvg%3E\" data-orig-src=\"https:\/\/www.pfarrplatz.at\/wp-content\/uploads\/sites\/25\/2022\/03\/Musiker_Mach.jpg\" alt class=\"lazyload img-responsive wp-image-5488\"\/><\/span><\/div><div class=\"fusion-text fusion-text-44 musiker_instrumente\" style=\"--awb-content-alignment:center;\"><p>Kontragitarre<\/p>\n<\/div><div class=\"fusion-title title fusion-title-16 fusion-sep-none fusion-title-center fusion-title-text fusion-title-size-three musiker_name\" style=\"--awb-font-size:18px;\"><h3 class=\"fusion-title-heading title-heading-center\" style=\"font-family:&quot;Cormorant Garamond&quot;;font-style:normal;font-weight:600;margin:0;font-size:1em;\">Engelbert MACH<\/h3><\/div><div class=\"fusion-text fusion-text-45 musiker_ensemble\" style=\"--awb-content-alignment:center;\"><p>Die zwa Spezi | Michael PERFLER und seine Tri[o]logie | Wiener Tri[o]logie<\/p>\n<\/div><div><span class=\"fusion-popover popover-15\" data-animation=\"1\" data-class=\"popover-15\" data-container=\"popover-15\" data-content=\"Engelbert MACH lebt und arbeitet als Hochschullehrer in Wien. Bereits in seiner Jugend besch\u00e4ftigte er sich mit der klassischen Gitarre, seit 2010 spielt er nun die Wiener Kontragitarre. Eine fundiert [...]\" data-delay=\"50\" data-placement=\"top\" data-title=\"Engelbert MACH\" data-toggle=\"popover\" data-trigger=\"click\"><span><\/span><\/span><\/div><div class=\"fusion-text fusion-text-46\"><\/div><\/div><\/div>\n<\/div><div class=\"awb-swiper-button awb-swiper-button-prev\"><i class=\"awb-icon-angle-left\" aria-hidden=\"true\"><\/i><\/div><div class=\"awb-swiper-button awb-swiper-button-next\"><i class=\"awb-icon-angle-right\" aria-hidden=\"true\"><\/i><\/div><\/div>\n<div class=\"avia-logo-element-container av-border-deactivate avia-logo-grid avia-content-slider avia-smallarrow-slider avia-content-grid-active noHover avia-content-slider1 avia-content-slider-even  avia-builder-el-8  el_after_av_textblock  avia-builder-el-last mini_audio_links\" data-autoplay=\"false\" data-interval=\"5\" data-animation=\"slide\"\">\n<div class=\"avia-content-slider-inner\">\n<div class=\"slide-entry-wrap\">\n<div class=\"slide-entry flex_column no_margin post-entry slide-entry-overview slide-loop-1 slide-parity-odd  av_one_sixth first real-thumbnail\" data-avia-tooltip=\"Spotify\"><a class=\"slide-image\" title=\"\" href=\"https:\/\/open.spotify.com\/album\/0yoQM4v7qtRU1z4R3q6IrO\" target=\"_blank\" rel=\"noopener noreferrer\" data-rel=\"slide-1\"><img decoding=\"async\" class=\"lazyload wp-image-5036 avia-img-lazy-loading-5036 attachment-no scaling size-no scaling\" src=\"data:image\/svg+xml,%3Csvg%20xmlns%3D%27http%3A%2F%2Fwww.w3.org%2F2000%2Fsvg%27%20width%3D%2776%27%20height%3D%2767%27%20viewBox%3D%270%200%2076%2067%27%3E%3Crect%20width%3D%2776%27%20height%3D%2767%27%20fill-opacity%3D%220%22%2F%3E%3C%2Fsvg%3E\" data-orig-src=\"https:\/\/www.pfarrplatz.at\/wp-content\/uploads\/sites\/2\/2021\/12\/musik_logo_spotify.png\" alt=\"\" width=\"76\" height=\"67\"><\/a><\/div>\n<div class=\"slide-entry flex_column no_margin post-entry slide-entry-overview slide-loop-2 slide-parity-even  av_one_sixth  real-thumbnail\" data-avia-tooltip=\"Apple Music\"><a class=\"slide-image\" title=\"\" href=\"https:\/\/geo.music.apple.com\/album\/wiener-heurigenmusik-vom-mayer-am-pfarrplatz\/1599358507?app=music\" target=\"_blank\" rel=\"noopener noreferrer\" data-rel=\"slide-1\"><img decoding=\"async\" class=\"lazyload wp-image-5044 avia-img-lazy-loading-5044 attachment-no scaling size-no scaling\" src=\"data:image\/svg+xml,%3Csvg%20xmlns%3D%27http%3A%2F%2Fwww.w3.org%2F2000%2Fsvg%27%20width%3D%2776%27%20height%3D%2767%27%20viewBox%3D%270%200%2076%2067%27%3E%3Crect%20width%3D%2776%27%20height%3D%2767%27%20fill-opacity%3D%220%22%2F%3E%3C%2Fsvg%3E\" data-orig-src=\"https:\/\/www.pfarrplatz.at\/wp-content\/uploads\/sites\/2\/2021\/12\/musik_logo_apple.png\" alt=\"\" width=\"76\" height=\"67\"><\/a><\/div>\n<div class=\"slide-entry flex_column no_margin post-entry slide-entry-overview slide-loop-3 slide-parity-odd  av_one_sixth  real-thumbnail\" data-avia-tooltip=\"deezer\"><a class=\"slide-image\" title=\"\" href=\"https:\/\/www.deezer.com\/album\/278741822\" target=\"_blank\" rel=\"noopener noreferrer\" data-rel=\"slide-1\"><img decoding=\"async\" class=\"lazyload wp-image-5046 avia-img-lazy-loading-5046 attachment-no scaling size-no scaling\" src=\"data:image\/svg+xml,%3Csvg%20xmlns%3D%27http%3A%2F%2Fwww.w3.org%2F2000%2Fsvg%27%20width%3D%2776%27%20height%3D%2767%27%20viewBox%3D%270%200%2076%2067%27%3E%3Crect%20width%3D%2776%27%20height%3D%2767%27%20fill-opacity%3D%220%22%2F%3E%3C%2Fsvg%3E\" data-orig-src=\"https:\/\/www.pfarrplatz.at\/wp-content\/uploads\/sites\/2\/2021\/12\/musik_logo_deezer.png\" alt=\"\" width=\"76\" height=\"67\"><\/a><\/div>\n<div class=\"slide-entry flex_column no_margin post-entry slide-entry-overview slide-loop-4 slide-parity-even  av_one_sixth  real-thumbnail\" data-avia-tooltip=\"Amazon Music\"><a class=\"slide-image\" title=\"\" href=\"https:\/\/music.amazon.com\/albums\/B09NB41MBR?ref=dm_ff_linkfire\" target=\"_blank\" rel=\"noopener noreferrer\" data-rel=\"slide-1\"><img decoding=\"async\" class=\"lazyload wp-image-5042 avia-img-lazy-loading-5042 attachment-no scaling size-no scaling\" src=\"data:image\/svg+xml,%3Csvg%20xmlns%3D%27http%3A%2F%2Fwww.w3.org%2F2000%2Fsvg%27%20width%3D%2776%27%20height%3D%2767%27%20viewBox%3D%270%200%2076%2067%27%3E%3Crect%20width%3D%2776%27%20height%3D%2767%27%20fill-opacity%3D%220%22%2F%3E%3C%2Fsvg%3E\" data-orig-src=\"https:\/\/www.pfarrplatz.at\/wp-content\/uploads\/sites\/2\/2021\/12\/musik_logo_amazon.png\" alt=\"\" width=\"76\" height=\"67\"><\/a><\/div>\n<div class=\"slide-entry flex_column no_margin post-entry slide-entry-overview slide-loop-5 slide-parity-odd  av_one_sixth  real-thumbnail\" data-avia-tooltip=\"Youtube\"><a class=\"slide-image\" title=\"\" href=\"https:\/\/music.youtube.com\/playlist?list=OLAK5uy_l6czzeG7QA6RqFL8VVpj-KAnDNPemvWOQ\" target=\"_blank\" rel=\"noopener noreferrer\" data-rel=\"slide-1\"><img decoding=\"async\" class=\"lazyload wp-image-5040 avia-img-lazy-loading-5040 attachment-no scaling size-no scaling\" src=\"data:image\/svg+xml,%3Csvg%20xmlns%3D%27http%3A%2F%2Fwww.w3.org%2F2000%2Fsvg%27%20width%3D%2776%27%20height%3D%2767%27%20viewBox%3D%270%200%2076%2067%27%3E%3Crect%20width%3D%2776%27%20height%3D%2767%27%20fill-opacity%3D%220%22%2F%3E%3C%2Fsvg%3E\" data-orig-src=\"https:\/\/www.pfarrplatz.at\/wp-content\/uploads\/sites\/2\/2021\/12\/musik_logo_youtube.png\" alt=\"\" width=\"76\" height=\"67\"><\/a><\/div>\n<div class=\"slide-entry flex_column no_margin post-entry slide-entry-overview slide-loop-6 slide-parity-even  post-entry-last  av_one_sixth  real-thumbnail\" data-avia-tooltip=\"Tidal\"><a class=\"slide-image\" title=\"\" href=\"http:\/\/listen.tidalhifi.com\/album\/208378174\" target=\"_blank\" rel=\"noopener noreferrer\" data-rel=\"slide-1\"><img decoding=\"async\" class=\"lazyload wp-image-5038 avia-img-lazy-loading-5038 attachment-no scaling size-no scaling\" src=\"data:image\/svg+xml,%3Csvg%20xmlns%3D%27http%3A%2F%2Fwww.w3.org%2F2000%2Fsvg%27%20width%3D%2776%27%20height%3D%2767%27%20viewBox%3D%270%200%2076%2067%27%3E%3Crect%20width%3D%2776%27%20height%3D%2767%27%20fill-opacity%3D%220%22%2F%3E%3C%2Fsvg%3E\" data-orig-src=\"https:\/\/www.pfarrplatz.at\/wp-content\/uploads\/sites\/2\/2021\/12\/musik_logo_tidal.png\" alt=\"\" width=\"76\" height=\"67\"><\/a><\/div>\n<\/div>\n<\/div>\n<\/div>\n<\/div><\/div><\/div><\/div><div class=\"fusion-fullwidth fullwidth-box fusion-builder-row-3 fusion-flex-container center_container bild_rechts nonhundred-percent-fullwidth non-hundred-percent-height-scrolling\" style=\"--awb-border-radius-top-left:0px;--awb-border-radius-top-right:0px;--awb-border-radius-bottom-right:0px;--awb-border-radius-bottom-left:0px;--awb-padding-top:0px;--awb-padding-right:0px;--awb-padding-bottom:0px;--awb-padding-left:0px;--awb-min-height:600px;--awb-background-image:linear-gradient(180deg, #fcfcfc 0%,rgba(255,255,255,0) 100%);--awb-flex-wrap:wrap;\" ><div class=\"fusion-builder-row fusion-row fusion-flex-align-items-center fusion-flex-content-wrap\" style=\"max-width:104%;margin-left: calc(-4% \/ 2 );margin-right: calc(-4% \/ 2 );\"><div class=\"fusion-layout-column fusion_builder_column fusion-builder-column-19 fusion_builder_column_1_2 1_2 fusion-flex-column\" style=\"--awb-padding-top:50px;--awb-padding-right:50px;--awb-padding-bottom:50px;--awb-padding-left:50px;--awb-padding-right-small:25px;--awb-padding-left-small:25px;--awb-bg-size:cover;--awb-width-large:50%;--awb-margin-top-large:0px;--awb-spacing-right-large:3.84%;--awb-margin-bottom-large:20px;--awb-spacing-left-large:3.84%;--awb-width-medium:50%;--awb-order-medium:0;--awb-spacing-right-medium:3.84%;--awb-spacing-left-medium:3.84%;--awb-width-small:100%;--awb-order-small:0;--awb-spacing-right-small:1.92%;--awb-spacing-left-small:1.92%;\"><div class=\"fusion-column-wrapper fusion-column-has-shadow fusion-flex-justify-content-flex-start fusion-content-layout-column\"><div class=\"fusion-title title fusion-title-17 fusion-sep-none fusion-title-center fusion-title-text fusion-title-size-two\" style=\"--awb-margin-top:55px;\"><h2 class=\"fusion-title-heading title-heading-center\" style=\"font-family:&quot;Oriflame Script&quot;;font-style:normal;font-weight:400;margin:0;\">\u623f\u5c4b<\/h2><\/div><div class=\"fusion-text fusion-text-47\" style=\"--awb-content-alignment:center;--awb-margin-top:40px;\"><p>\u8212\u9069\u7684\u5ba2\u623f\u3001\u8461\u8404\u6a39\u548c\u6838\u6843\u6a39\u4e0b\u967d\u5149\u660e\u5a9a\u7684\u5ba2\u7528\u82b1\u5712\uff0c\u4ee5\u53ca\u6bcf\u5929\u665a\u4e0a 7 \u9ede\u958b\u59cb\u64ad\u653e\u7684\u539f\u5275\u7dad\u4e5f\u7d0d Heurigen \u97f3\u6a02\uff0c\u4f7f\u201cMayer am Pfarrplatz\u201d\u6210\u70ba\u4e00\u7a2e\u7368\u7279\u7684\u9ad4\u9a57\u3002 \u6211\u5011\u7684\u5ba2\u5ef3\u662f\u8209\u8fa6 10 \u81f3 450 \u4eba\u6176\u795d\u6d3b\u52d5\u7684\u7406\u60f3\u5834\u6240\u3002 \u7121\u8ad6\u662f\u7562\u696d\u5178\u79ae\u3001\u5a5a\u79ae\u9084\u662f\u751f\u65e5\uff0c\u6211\u5011\u90fd\u5f88\u6a02\u610f\u70ba\u60a8\u63d0\u4f9b\u500b\u6027\u5316\u7684\u5831\u50f9\u3002<\/p>\n<\/div><\/div><\/div><div class=\"fusion-layout-column fusion_builder_column fusion-builder-column-20 fusion_builder_column_1_2 1_2 fusion-flex-column fusion-flex-align-self-stretch fusion-animated\" style=\"--awb-padding-right:30px;--awb-padding-right-medium:15px;--awb-padding-right-small:0px;--awb-padding-left-small:0px;--awb-bg-image:linear-gradient(180deg, #c4c4c4 0%,#f7f7f7 100%);--awb-bg-position:center center;--awb-bg-size:cover;--awb-width-large:50%;--awb-margin-top-large:0px;--awb-spacing-right-large:0px;--awb-margin-bottom-large:0px;--awb-spacing-left-large:0px;--awb-width-medium:50%;--awb-order-medium:0;--awb-spacing-right-medium:0px;--awb-spacing-left-medium:0px;--awb-width-small:100%;--awb-order-small:0;--awb-spacing-right-small:1.92%;--awb-spacing-left-small:1.92%;\" data-animationType=\"zoomIn\" data-animationDuration=\"0.3\" data-animationOffset=\"top-into-view\"><div class=\"fusion-column-wrapper fusion-column-has-shadow fusion-flex-justify-content-space-evenly fusion-content-layout-column\"><script type=\"text\/javascript\">jQuery(function() { _initLayerSlider( '#layerslider_7_11t57j4peeurk', {createdWith: '7.0.7', sliderVersion: '7.0.7', type: 'fullsize', fullSizeMode: 'fitheight', keybNav: false, touchNav: false, skin: 'v6', sliderFadeInDuration: 350, hoverPrevNext: false, navStartStop: false, showCircleTimer: false, useSrcset: true, skinsPath: 'https:\/\/www.pfarrplatz.at\/wp-content\/plugins\/LayerSlider\/assets\/static\/layerslider\/skins\/', performanceMode: true}); });<\/script><div id=\"layerslider_7_11t57j4peeurk\"  class=\"ls-wp-container fitvidsignore ls-selectable\" style=\"width:700px;height:700px;margin:0 auto;margin-bottom: 0px;\"><div class=\"ls-slide\" data-ls=\"duration:8000;transition2d:5;transitionduration:3000;timeshift:5000;kenburnszoom:out;\"><img decoding=\"async\" width=\"1200\" height=\"1200\" src=\"https:\/\/www.pfarrplatz.at\/wp-content\/uploads\/sites\/25\/2022\/03\/0268_Mayer_Pfarrplatz_20210727.jpg\" class=\"disable-lazyload ls-bg\" alt=\"\" \/><\/div><div class=\"ls-slide\" data-ls=\"duration:8000;transition2d:5;transitionduration:3000;timeshift:5000;kenburnszoom:in;\"><img decoding=\"async\" width=\"1200\" height=\"1200\" src=\"https:\/\/www.pfarrplatz.at\/wp-content\/uploads\/sites\/25\/2022\/03\/0020_Mayer_Pfarrplatz_20210727.jpg\" class=\"disable-lazyload ls-bg\" alt=\"\" \/><\/div><div class=\"ls-slide\" data-ls=\"duration:8000;transition2d:5;transitionduration:3000;timeshift:5000;kenburnszoom:out;\"><img decoding=\"async\" width=\"1200\" height=\"1200\" src=\"https:\/\/www.pfarrplatz.at\/wp-content\/uploads\/sites\/25\/2022\/03\/0079_Mayer_Pfarrplatz_20210727.jpg\" class=\"disable-lazyload ls-bg\" alt=\"\" \/><\/div><div class=\"ls-slide\" data-ls=\"duration:8000;transition2d:5;transitionduration:3000;timeshift:5000;kenburnszoom:in;\"><img decoding=\"async\" width=\"1200\" height=\"1200\" src=\"https:\/\/www.pfarrplatz.at\/wp-content\/uploads\/sites\/25\/2022\/03\/0099_Mayer_Pfarrplatz_20210727.jpg\" class=\"disable-lazyload ls-bg\" alt=\"\" \/><\/div><div class=\"ls-slide\" data-ls=\"duration:8000;transition2d:5;transitionduration:3000;timeshift:5000;kenburnszoom:out;\"><img decoding=\"async\" width=\"1200\" height=\"1200\" src=\"https:\/\/www.pfarrplatz.at\/wp-content\/uploads\/sites\/25\/2022\/03\/0203_Mayer_Pfarrplatz_20210727.jpg\" class=\"disable-lazyload ls-bg\" alt=\"\" \/><\/div><div class=\"ls-slide\" data-ls=\"duration:8000;transition2d:5;transitionduration:3000;timeshift:5000;kenburnszoom:in;\"><img decoding=\"async\" width=\"1200\" height=\"1200\" src=\"https:\/\/www.pfarrplatz.at\/wp-content\/uploads\/sites\/25\/2022\/03\/0001_Mayer_Pfarrplatz_20210727-Kopie.jpg\" class=\"disable-lazyload ls-bg\" alt=\"\" \/><\/div><\/div><\/div><\/div><\/div><\/div><div class=\"fusion-fullwidth fullwidth-box fusion-builder-row-4 fusion-flex-container center_container bild_links nonhundred-percent-fullwidth non-hundred-percent-height-scrolling\" style=\"--awb-border-radius-top-left:0px;--awb-border-radius-top-right:0px;--awb-border-radius-bottom-right:0px;--awb-border-radius-bottom-left:0px;--awb-padding-top:0px;--awb-padding-right:0px;--awb-padding-bottom:0px;--awb-padding-left:0px;--awb-min-height:600px;--awb-background-image:linear-gradient(180deg, #fcfcfc 0%,rgba(255,255,255,0) 100%);--awb-flex-wrap:wrap;\" ><div class=\"fusion-builder-row fusion-row fusion-flex-align-items-center fusion-flex-content-wrap\" style=\"max-width:104%;margin-left: calc(-4% \/ 2 );margin-right: calc(-4% \/ 2 );\"><div class=\"fusion-layout-column fusion_builder_column fusion-builder-column-21 fusion_builder_column_1_2 1_2 fusion-flex-column fusion-flex-align-self-stretch fusion-column-inner-bg-wrapper fusion-animated\" style=\"--awb-inner-bg-position:center center;--awb-inner-bg-size:cover;--awb-width-large:50%;--awb-margin-top-large:0px;--awb-spacing-right-large:0px;--awb-margin-bottom-large:0px;--awb-spacing-left-large:0px;--awb-width-medium:50%;--awb-order-medium:0;--awb-spacing-right-medium:0px;--awb-spacing-left-medium:0px;--awb-width-small:100%;--awb-order-small:0;--awb-spacing-right-small:1.92%;--awb-spacing-left-small:1.92%;\" data-animationType=\"zoomIn\" data-animationDuration=\"0.3\" data-animationOffset=\"top-into-view\"><span class=\"fusion-column-inner-bg hover-type-zoomin\"><span class=\"fusion-column-anchor\"><span class=\"fusion-column-inner-bg-image lazyload\" data-bg=\"https:\/\/www.pfarrplatz.at\/wp-content\/uploads\/sites\/25\/2022\/01\/0259_Mayer_Pfarrplatz_20210727-1024x681.jpg\"><\/span><\/span><\/span><div class=\"fusion-column-wrapper fusion-column-has-shadow fusion-flex-justify-content-space-evenly fusion-content-layout-column fusion-empty-column-bg-image fusion-column-has-bg-image\" data-bg-url=\"https:\/\/www.pfarrplatz.at\/wp-content\/uploads\/sites\/25\/2022\/01\/0259_Mayer_Pfarrplatz_20210727-1024x681.jpg\"><img decoding=\"async\" class=\"fusion-empty-dims-img-placeholder\" aria-label=\"0259_Mayer_Pfarrplatz_20210727\" src=\"data:image\/svg+xml,%3Csvg%20xmlns%3D%27http%3A%2F%2Fwww.w3.org%2F2000%2Fsvg%27%20width%3D%271024%27%20height%3D%27681%27%20viewBox%3D%270%200%201024%20681%27%3E%3Crect%20width%3D%271024%27%20height%3D%27681%27%20fill-opacity%3D%220%22%2F%3E%3C%2Fsvg%3E\"><\/div><\/div><div class=\"fusion-layout-column fusion_builder_column fusion-builder-column-22 fusion_builder_column_1_2 1_2 fusion-flex-column\" style=\"--awb-padding-top:50px;--awb-padding-right:50px;--awb-padding-bottom:50px;--awb-padding-left:50px;--awb-padding-top-small:25px;--awb-padding-right-small:25px;--awb-padding-bottom-small:25px;--awb-padding-left-small:25px;--awb-bg-size:cover;--awb-width-large:50%;--awb-margin-top-large:0px;--awb-spacing-right-large:3.84%;--awb-margin-bottom-large:20px;--awb-spacing-left-large:3.84%;--awb-width-medium:50%;--awb-order-medium:0;--awb-spacing-right-medium:3.84%;--awb-spacing-left-medium:3.84%;--awb-width-small:100%;--awb-order-small:0;--awb-spacing-right-small:1.92%;--awb-spacing-left-small:1.92%;\"><div class=\"fusion-column-wrapper fusion-column-has-shadow fusion-flex-justify-content-flex-start fusion-content-layout-column\"><div class=\"fusion-title title fusion-title-18 fusion-sep-none fusion-title-center fusion-title-text fusion-title-size-two\" style=\"--awb-margin-top:55px;\"><h2 class=\"fusion-title-heading title-heading-center\" style=\"font-family:&quot;Oriflame Script&quot;;font-style:normal;font-weight:400;margin:0;\">\u98df\u54c1\u548c\u98f2\u6599<\/h2><\/div><div class=\"fusion-text fusion-text-48\" style=\"--awb-content-alignment:center;--awb-margin-top:40px;\"><p><b>\u81ea\u88fd\u7684\u5857\u62b9\u91ac\u548c\u751c\u9ede\uff0c\u4e16\u4ee3\u76f8\u50b3\u7684\u50b3\u7d71\u8461\u8404\u9152\u9152\u9928\u7f8e\u98df\uff0c<\/b>\u642d\u914d\u65b0\u7684\u6642\u4ee4\u7f8e\u98df\uff0c\u5982Mayer&#8217;s Asparagus Cordon Bleu\u6216\u7531\u6709\u6a5f\u725b\u8089\u88fd\u6210\u7684\u6d0b\u8525\u70e4\u9b0d\u9b1a\uff0c\u8b93\u6211\u5011\u7684\u5ba2\u4eba\u611f\u5230\u9ad8\u8208\uff0c\u4e5f\u70ba\u6211\u5011\u7684Heuriger\u201cMayer am Pfarrplatz\u201d\u8d0f\u5f97\u4e86AMA\u7f8e\u98df\u5370\u7ae0\u3002<\/p>\n<p><b>\u4f5c\u70ba\u4e00\u5bb6\u5c62\u7372\u6b8a\u69ae\u7684AMA\u80c3\u5bc6\u5c01\u516c\u53f8<\/b> \uff0c\u6211\u5011\u975e\u5e38\u91cd\u8996\u7522\u54c1\u7684\u539f\u7522\u5730\u3002 \u6211\u5011\u8207\u5c0f\u578b\u4f9b\u61c9\u5546\u548c\u8fb2\u6c11\u5bc6\u5207\u5408\u4f5c\uff0c\u4ed6\u5011\u4ee5\u81ea\u5df1\u7684\u540d\u7fa9\u4fdd\u8b49\u6700\u9ad8\u8cea\u91cf\u7684\u7522\u54c1\uff0c\u4ee5\u4fbf\u80fd\u5920\u70ba\u60a8\u63d0\u4f9b\u7279\u6b8a\u7684\u7279\u8272\u83dc\u3002<\/p>\n<\/div><\/div><\/div><\/div><\/div><div class=\"fusion-fullwidth fullwidth-box fusion-builder-row-5 fusion-flex-container center_container bild_rechts nonhundred-percent-fullwidth non-hundred-percent-height-scrolling\" style=\"--awb-border-radius-top-left:0px;--awb-border-radius-top-right:0px;--awb-border-radius-bottom-right:0px;--awb-border-radius-bottom-left:0px;--awb-padding-top:0px;--awb-padding-right:0px;--awb-padding-bottom:0px;--awb-padding-left:0px;--awb-min-height:600px;--awb-background-image:linear-gradient(180deg, #fcfcfc 0%,rgba(255,255,255,0) 100%);--awb-flex-wrap:wrap;\" ><div class=\"fusion-builder-row fusion-row fusion-flex-align-items-center fusion-flex-content-wrap\" style=\"max-width:104%;margin-left: calc(-4% \/ 2 );margin-right: calc(-4% \/ 2 );\"><div class=\"fusion-layout-column fusion_builder_column fusion-builder-column-23 fusion_builder_column_1_2 1_2 fusion-flex-column\" style=\"--awb-padding-top:50px;--awb-padding-right:50px;--awb-padding-bottom:50px;--awb-padding-left:50px;--awb-padding-right-small:25px;--awb-padding-bottom-small:25px;--awb-padding-left-small:25px;--awb-bg-size:cover;--awb-width-large:50%;--awb-margin-top-large:0px;--awb-spacing-right-large:3.84%;--awb-margin-bottom-large:20px;--awb-spacing-left-large:3.84%;--awb-width-medium:50%;--awb-order-medium:0;--awb-spacing-right-medium:3.84%;--awb-spacing-left-medium:3.84%;--awb-width-small:100%;--awb-order-small:0;--awb-spacing-right-small:1.92%;--awb-spacing-left-small:1.92%;\"><div class=\"fusion-column-wrapper fusion-column-has-shadow fusion-flex-justify-content-flex-start fusion-content-layout-column\"><div class=\"fusion-text fusion-text-49\" style=\"--awb-content-alignment:center;--awb-margin-top:40px;\"><p><b style=\"background-color: rgba(255, 255, 255, 0); color: var(--body_typography-color); font-family: var(--body_typography-font-family); font-size: var(--body_typography-font-size); font-style: var(--body_typography-font-style,normal); letter-spacing: var(--body_typography-letter-spacing);\">Mayer am Pfarrplatz\u9152\u5e97\u63d0\u4f9b\u7d93\u5178\u7684\u51b7\u71b1\u81ea\u52a9\u9910\u4ee5\u53ca\u7cbe\u9078\u7684\u6642\u4ee4\u7279\u8272\u83dc\u3002<\/b><span style=\"background-color: rgba(255, 255, 255, 0); color: var(--body_typography-color); font-family: var(--body_typography-font-family); font-size: var(--body_typography-font-size); font-style: var(--body_typography-font-style,normal); font-weight: var(--body_typography-font-weight); letter-spacing: var(--body_typography-letter-spacing);\">  \u5f9e\u5357\u74dc\u5468\u5230\u8606\u7b4d\u529f\u80fd\u8868\uff0c\u6211\u5011\u7684\u6642\u4ee4\u7279\u8272\u83dc\u5df2\u6210\u70ba\u8461\u8404\u9152\u9152\u9928\u4e0d\u53ef\u6216\u7f3a\u7684\u4e00\u90e8\u5206\u3002 \u7dad\u4e5f\u7d0d Heurigen \u9910\u5ef3\u7684\u4e00\u5927\u7279\u8272\u662f\u50b3\u7d71\u7684 Heurigen \u81ea\u52a9\u9910\uff0c\u76f4\u63a5\u9ede\u9910\uff0c\u6839\u64da\u5ba2\u4eba\u7684\u610f\u9858\uff0c\u6309\u584a\u751a\u81f3\u7a31\u91cd\u3002 \u4eab\u7528\u6211\u5011\u81ea\u88fd\u7684\u9999\u8178\u3001Mangalitza \u8c6c\u8089\u7684 Lardo\u3001\u6211\u5011\u7684\u91ce\u8c6c\u751f\u706b\u817f\u548c\u76f4\u63a5\u4f86\u81ea\u5361\u6797\u897f\u4e9e\u8fb2\u6c11\u7684\u5361\u6797\u897f\u4e9e\u85a9\u62c9\u7c73\u9999\u8178\u3002 \u7576\u7136\uff0c\u9084\u6709\u8457\u540d\u7684\u70e4\u8c6c\u8089\u914d\u9178\u83dc\uff0c\u4e5f\u6709\u591a\u7a2e\u8b8a\u9ad4\uff0c\u4f8b\u5982\u9999\u83dc\u6216\u8607\u723e\u70e4\u3002<\/span><\/p>\n<\/div><\/div><\/div><div class=\"fusion-layout-column fusion_builder_column fusion-builder-column-24 fusion_builder_column_1_2 1_2 fusion-flex-column fusion-flex-align-self-stretch fusion-column-inner-bg-wrapper fusion-animated\" style=\"--awb-inner-bg-position:center center;--awb-inner-bg-size:cover;--awb-width-large:50%;--awb-margin-top-large:0px;--awb-spacing-right-large:0px;--awb-margin-bottom-large:0px;--awb-spacing-left-large:0px;--awb-width-medium:50%;--awb-order-medium:0;--awb-spacing-right-medium:0px;--awb-spacing-left-medium:0px;--awb-width-small:100%;--awb-order-small:0;--awb-spacing-right-small:1.92%;--awb-spacing-left-small:1.92%;\" data-animationType=\"zoomIn\" data-animationDuration=\"0.3\" data-animationOffset=\"top-into-view\"><span class=\"fusion-column-inner-bg hover-type-zoomin\"><span class=\"fusion-column-anchor\"><span class=\"fusion-column-inner-bg-image lazyload\" data-bg=\"https:\/\/www.pfarrplatz.at\/wp-content\/uploads\/sites\/25\/2022\/01\/0217_Mayer_Pfarrplatz_20210727-1024x681.jpg\"><\/span><\/span><\/span><div class=\"fusion-column-wrapper fusion-column-has-shadow fusion-flex-justify-content-space-evenly fusion-content-layout-column fusion-empty-column-bg-image fusion-column-has-bg-image\" data-bg-url=\"https:\/\/www.pfarrplatz.at\/wp-content\/uploads\/sites\/25\/2022\/01\/0217_Mayer_Pfarrplatz_20210727-1024x681.jpg\"><img decoding=\"async\" class=\"fusion-empty-dims-img-placeholder\" aria-label=\"0217_Mayer_Pfarrplatz_20210727\" src=\"data:image\/svg+xml,%3Csvg%20xmlns%3D%27http%3A%2F%2Fwww.w3.org%2F2000%2Fsvg%27%20width%3D%271024%27%20height%3D%27681%27%20viewBox%3D%270%200%201024%20681%27%3E%3Crect%20width%3D%271024%27%20height%3D%27681%27%20fill-opacity%3D%220%22%2F%3E%3C%2Fsvg%3E\"><\/div><\/div><\/div><\/div><div class=\"fusion-fullwidth fullwidth-box fusion-builder-row-6 fusion-flex-container center_container bild_links nonhundred-percent-fullwidth non-hundred-percent-height-scrolling\" style=\"--awb-border-radius-top-left:0px;--awb-border-radius-top-right:0px;--awb-border-radius-bottom-right:0px;--awb-border-radius-bottom-left:0px;--awb-padding-top:0px;--awb-padding-right:0px;--awb-padding-bottom:0px;--awb-padding-left:0px;--awb-min-height:600px;--awb-background-image:linear-gradient(180deg, #fcfcfc 0%,rgba(255,255,255,0) 100%);--awb-flex-wrap:wrap;\" ><div class=\"fusion-builder-row fusion-row fusion-flex-align-items-center fusion-flex-content-wrap\" style=\"max-width:104%;margin-left: calc(-4% \/ 2 );margin-right: calc(-4% \/ 2 );\"><div class=\"fusion-layout-column fusion_builder_column fusion-builder-column-25 fusion_builder_column_1_2 1_2 fusion-flex-column fusion-flex-align-self-stretch fusion-column-inner-bg-wrapper fusion-animated\" style=\"--awb-inner-bg-position:center center;--awb-inner-bg-size:cover;--awb-width-large:50%;--awb-margin-top-large:0px;--awb-spacing-right-large:0px;--awb-margin-bottom-large:0px;--awb-spacing-left-large:0px;--awb-width-medium:50%;--awb-order-medium:0;--awb-spacing-right-medium:0px;--awb-spacing-left-medium:0px;--awb-width-small:100%;--awb-order-small:0;--awb-spacing-right-small:1.92%;--awb-spacing-left-small:1.92%;\" data-animationType=\"zoomIn\" data-animationDuration=\"0.3\" data-animationOffset=\"top-into-view\"><span class=\"fusion-column-inner-bg hover-type-zoomin\"><span class=\"fusion-column-anchor\"><span class=\"fusion-column-inner-bg-image lazyload\" data-bg=\"https:\/\/www.pfarrplatz.at\/wp-content\/uploads\/sites\/25\/2022\/01\/0137_Mayer_Pfarrplatz_20210727-1024x681.jpg\"><\/span><\/span><\/span><div class=\"fusion-column-wrapper fusion-column-has-shadow fusion-flex-justify-content-space-evenly fusion-content-layout-column fusion-empty-column-bg-image fusion-column-has-bg-image\" data-bg-url=\"https:\/\/www.pfarrplatz.at\/wp-content\/uploads\/sites\/25\/2022\/01\/0137_Mayer_Pfarrplatz_20210727-1024x681.jpg\"><img decoding=\"async\" class=\"fusion-empty-dims-img-placeholder\" aria-label=\"0137_Mayer_Pfarrplatz_20210727\" src=\"data:image\/svg+xml,%3Csvg%20xmlns%3D%27http%3A%2F%2Fwww.w3.org%2F2000%2Fsvg%27%20width%3D%271024%27%20height%3D%27681%27%20viewBox%3D%270%200%201024%20681%27%3E%3Crect%20width%3D%271024%27%20height%3D%27681%27%20fill-opacity%3D%220%22%2F%3E%3C%2Fsvg%3E\"><\/div><\/div><div class=\"fusion-layout-column fusion_builder_column fusion-builder-column-26 fusion_builder_column_1_2 1_2 fusion-flex-column\" style=\"--awb-padding-top:50px;--awb-padding-right:50px;--awb-padding-bottom:50px;--awb-padding-left:50px;--awb-padding-right-small:25px;--awb-padding-bottom-small:25px;--awb-padding-left-small:25px;--awb-bg-size:cover;--awb-width-large:50%;--awb-margin-top-large:0px;--awb-spacing-right-large:3.84%;--awb-margin-bottom-large:20px;--awb-spacing-left-large:3.84%;--awb-width-medium:50%;--awb-order-medium:0;--awb-spacing-right-medium:3.84%;--awb-spacing-left-medium:3.84%;--awb-width-small:100%;--awb-order-small:0;--awb-spacing-right-small:1.92%;--awb-spacing-left-small:1.92%;\"><div class=\"fusion-column-wrapper fusion-column-has-shadow fusion-flex-justify-content-flex-start fusion-content-layout-column\"><div class=\"fusion-text fusion-text-50\" style=\"--awb-content-alignment:center;--awb-margin-top:40px;\"><p><b>\u6c99\u62c9\u548c\u5857\u62b9\u91ac\uff1a\u5168\u90e8\u6309\u7167\u50b3\u7d71\u98df\u8b5c\u81ea\u88fd\u3002<\/b>  \u5f9e\u571f\u8c46\u6c99\u62c9\u5230Heurigen\u7684\u5178\u578bsalsify\u6c99\u62c9 &#8211; \u8b93\u6211\u5011\u6839\u64da\u60a8\u7684\u610f\u9858\u5728\u81ea\u52a9\u9910\u4e0a\u70ba\u60a8\u6e96\u5099\u6c99\u62c9\u3002 \u4ee5\u53ca\u50b3\u64ad\u2014\u2014\u5f9e\u50b3\u7d71\u50b3\u64ad\u5230\u5b63\u7bc0\u6027\u50b3\u64ad\uff0c\u5f9e Liptau \u50b3\u64ad\u5230\u756a\u8304\u548c\u7f85\u52d2\u50b3\u64ad\u3002 \u8b93\u81ea\u5df1\u5c0d\u6211\u5011\u7684\u591a\u6a23\u6027\u611f\u5230\u9a5a\u8a1d\u3002 \u4f5c\u70ba\u7d50\u8ad6\uff1f \u4eab\u7528\u6211\u5011\u81ea\u88fd\u7684\u751c\u9ede\uff1a\u860b\u679c\u548c\u51dd\u4e73\u9921\u9905\uff0c\u6216\u8005\u53ea\u662f\u6211\u5011\u5404\u81ea\u7684\u7f8e\u5473\u529f\u80fd\u8868\u3002<\/p>\n<p><b>\u4e73\u916a\u9452\u8cde\u5bb6\u5fc3\u4e2d\u6e34\u671b\u7684\u4e00\u5207\u3002<\/b>  \u7576\u7136\uff0c\u4f86\u81ea\u5967\u5730\u5229\uff0c\u4f86\u81ea\u6211\u5011\u7684\u50b3\u7d71\u4e73\u54c1\u5ee0\u3002 \u4eab\u7528\u6211\u5011\u7684Salva\uff08\u4e00\u7a2e\u5728\u77f3\u7a9f\u4e2d\u719f\u6210\u7684\u5b8c\u5168\u82b3\u9999\u7684\u786c\u4e73\u916a\uff09\u6216\u6211\u5011\u7684\u4e7e\u8349\u725b\u5976Tilsiter\uff0c\u7531\u5967\u5730\u5229\u5976\u725b\u6700\u597d\u7684\u4e7e\u8349\u5976\u88fd\u6210\u3002 \u6211\u5011\u50b3\u7d71\u7684\u5c71\u5730\u4e73\u916a\u2014\u2014\u5728\u5ca9\u7a96\u4e2d\u719f\u6210\u4e00\u5e74\u2014\u2014\u7576\u7136\u548c\u6211\u5011\u7684\u9109\u6751\u4e73\u916a\u4e00\u6a23\u91cd\u8981\u2014\u2014\u4e00\u7a2e\u8f9b\u8fa3\u7684\u534a\u786c\u8cea\u4e73\u916a\uff0c\u7528\u539f\u59cb\u5ca9\u9e7d\u548c\u5c71\u8349\u7cbe\u88fd\u800c\u6210\u3002<\/p>\n<\/div><\/div><\/div><\/div><\/div><div class=\"fusion-fullwidth fullwidth-box fusion-builder-row-7 fusion-flex-container center_container bild_rechts nonhundred-percent-fullwidth non-hundred-percent-height-scrolling\" style=\"--awb-border-radius-top-left:0px;--awb-border-radius-top-right:0px;--awb-border-radius-bottom-right:0px;--awb-border-radius-bottom-left:0px;--awb-padding-top:0px;--awb-padding-right:0px;--awb-padding-bottom:0px;--awb-padding-left:0px;--awb-min-height:600px;--awb-background-image:linear-gradient(180deg, #fcfcfc 0%,rgba(255,255,255,0) 100%);--awb-flex-wrap:wrap;\" ><div class=\"fusion-builder-row fusion-row fusion-flex-align-items-center fusion-flex-content-wrap\" style=\"max-width:104%;margin-left: calc(-4% \/ 2 );margin-right: calc(-4% \/ 2 );\"><div class=\"fusion-layout-column fusion_builder_column fusion-builder-column-27 fusion_builder_column_1_2 1_2 fusion-flex-column\" style=\"--awb-padding-top:50px;--awb-padding-right:50px;--awb-padding-bottom:50px;--awb-padding-left:50px;--awb-padding-top-small:25px;--awb-padding-right-small:25px;--awb-padding-bottom-small:25px;--awb-padding-left-small:25px;--awb-bg-size:cover;--awb-width-large:50%;--awb-margin-top-large:0px;--awb-spacing-right-large:3.84%;--awb-margin-bottom-large:20px;--awb-spacing-left-large:3.84%;--awb-width-medium:50%;--awb-order-medium:0;--awb-spacing-right-medium:3.84%;--awb-spacing-left-medium:3.84%;--awb-width-small:100%;--awb-order-small:0;--awb-spacing-right-small:1.92%;--awb-spacing-left-small:1.92%;\"><div class=\"fusion-column-wrapper fusion-column-has-shadow fusion-flex-justify-content-flex-start fusion-content-layout-column\"><div class=\"fusion-text fusion-text-51\" style=\"--awb-content-alignment:center;--awb-margin-top:40px;\"><p><b>\u6211\u5011\u6240\u6709\u7684\u8461\u8404\u9152<\/b>\u90fd\u4f86\u81ea\u6211\u5011\u9152\u838a\u7684\u9152\u838a\uff0c\u4f86\u81ea\u300c<a href=\"https:\/\/www.rotes-haus.at\/\" target=\"_blank\" rel=\"noopener noreferrer\">\u7d05\u623f\u5b50<\/a>\u300d\u548c<a href=\"https:\/\/weingut-mayer-am.pfarrplatz.at\/de\/\" target=\"_blank\" rel=\"noopener noreferrer\">\u201cMayer am Pfarrplatz\u201d\u3002<\/a> \u81ea 1683 \u5e74\u4ee5\u4f86\uff0c\u7dad\u4e5f\u7d0d\u9802\u7d1a\u5730\u9ede\u3001\u52aa\u65af\u8c9d\u683c\u6216\u963f\u723e\u585e\u683c\u8461\u8404\u5712\u6700\u597d\u7684\u8461\u8404\u54c1\u7a2e\u4e00\u76f4\u5728\u6885\u8036\u58d3\u69a8\u3002 \u4e0d\u50c5\u6211\u5011\u7684\u201cWiener Gemischter Satz DAC\u201d\u5f88\u6709\u540d\uff0c\u800c\u4e14\u6211\u5011\u7684\u96f7\u53f8\u4ee4\uff08\u201c\u767d\u8272\u5927\u7406\u77f3\u201d\uff09\u548c\u6211\u5011\u63d0\u4f9b\u7684\u8a31\u591a\u5176\u4ed6\u54c1\u7a2e\u4e5f\u5f88\u6709\u540d\u3002 \u6b32\u77ad\u89e3\u66f4\u591a\u8cc7\u8a0a\uff0c\u8acb\u8a2a\u554f\u6211\u5011\u7684\u9152\u838a\u9801\u9762\uff0c\u5728Mayer am Pfarrplatz\u548cRotes Haus\u4e0b\u3002<\/p>\n<p>\u54c1\u5617\u6211\u5011\u7d93\u5178\u7684 Heurigen \u81ea\u52a9\u9910\u548c\u6211\u5011\u7576\u524d\u7684\u529f\u80fd\u8868\uff0c\u6216\u8005\u53ea\u662f\u4eab\u7528\u4e00\u676f\u5c62\u7372\u6b8a\u69ae\u7684\u512a\u8cea\u8461\u8404\u9152\uff0c\u4eab\u53d7 Heurigen \u7684\u6c1b\u570d\u3002<\/p>\n<p>\u6211\u5011\u5f88\u6a02\u610f\u5728\u4f60\u8981\u6c42\u6642\u5bc4\u9001\u6211\u5011\u7684 Abhof \u540d\u55ae\u3002\u53ea\u8981\u900f\u904e\u6211\u5011\u7684 <a href=\"https:\/\/www.pfarrplatz.at\/zh-hans\/%e8%81%af%e7%b9%ab\/#anfrage_form\">\u806f\u7d61\u8868\u55ae<\/a>\u5beb\u4fe1\u7d66\u6211\u5011\u5373\u53ef\u3002<\/p>\n<\/div><div class=\"fusion-builder-row fusion-builder-row-inner fusion-row fusion-flex-align-items-center fusion-flex-content-wrap\" style=\"width:104% !important;max-width:104% !important;margin-left: calc(-4% \/ 2 );margin-right: calc(-4% \/ 2 );\"><div class=\"fusion-layout-column fusion_builder_column_inner fusion-builder-nested-column-2 fusion_builder_column_inner_1_2 1_2 fusion-flex-column\" style=\"--awb-bg-size:cover;--awb-width-large:50%;--awb-margin-top-large:0px;--awb-spacing-right-large:3.84%;--awb-margin-bottom-large:20px;--awb-spacing-left-large:3.84%;--awb-width-medium:50%;--awb-order-medium:0;--awb-spacing-right-medium:3.84%;--awb-spacing-left-medium:3.84%;--awb-width-small:100%;--awb-order-small:0;--awb-spacing-right-small:1.92%;--awb-spacing-left-small:1.92%;\"><div class=\"fusion-column-wrapper fusion-column-has-shadow fusion-flex-justify-content-flex-start fusion-content-layout-column\"><div class=\"sm-text-align-center\" style=\"text-align:right;\"><a class=\"fusion-button button-flat fusion-button-default-size button-custom fusion-button-default button-4 fusion-button-span-yes fusion-button-default-type\" style=\"--button_accent_color:var(--awb-color8);--button_border_color:var(--awb-color8);--button_accent_hover_color:#878787;--button_border_hover_color:#878787;--button_border_width-top:1px;--button_border_width-right:1px;--button_border_width-bottom:1px;--button_border_width-left:1px;--button-border-radius-top-left:30px;--button-border-radius-top-right:30px;--button-border-radius-bottom-right:30px;--button-border-radius-bottom-left:30px;--button_gradient_top_color:rgba(0,0,0,0);--button_gradient_bottom_color:rgba(0,0,0,0);--button_gradient_top_color_hover:rgba(0,0,0,0);--button_gradient_bottom_color_hover:rgba(0,0,0,0);--button_font_size:18px;--button_padding-top:12px;--button_padding-right:24px;--button_padding-bottom:12px;--button_padding-left:24px;\" target=\"_blank\" rel=\"noopener noreferrer\" href=\"https:\/\/weingut-mayer-am.pfarrplatz.at\/de\/\"><span class=\"fusion-button-text awb-button__text awb-button__text--default\">Pfarrplatz\u7684Mayer\u9152\u838a<\/span><\/a><\/div><\/div><\/div><div class=\"fusion-layout-column fusion_builder_column_inner fusion-builder-nested-column-3 fusion_builder_column_inner_1_2 1_2 fusion-flex-column\" style=\"--awb-bg-size:cover;--awb-width-large:50%;--awb-margin-top-large:0px;--awb-spacing-right-large:3.84%;--awb-margin-bottom-large:20px;--awb-spacing-left-large:3.84%;--awb-width-medium:50%;--awb-order-medium:0;--awb-spacing-right-medium:3.84%;--awb-spacing-left-medium:3.84%;--awb-width-small:100%;--awb-order-small:0;--awb-spacing-right-small:1.92%;--awb-spacing-left-small:1.92%;\"><div class=\"fusion-column-wrapper fusion-column-has-shadow fusion-flex-justify-content-flex-start fusion-content-layout-column\"><div class=\"sm-text-align-center\" style=\"text-align:left;\"><a class=\"fusion-button button-flat fusion-button-default-size button-custom fusion-button-default button-5 fusion-button-span-yes fusion-button-default-type\" style=\"--button_accent_color:var(--awb-color8);--button_border_color:var(--awb-color8);--button_accent_hover_color:#878787;--button_border_hover_color:#878787;--button_border_width-top:1px;--button_border_width-right:1px;--button_border_width-bottom:1px;--button_border_width-left:1px;--button-border-radius-top-left:30px;--button-border-radius-top-right:30px;--button-border-radius-bottom-right:30px;--button-border-radius-bottom-left:30px;--button_gradient_top_color:rgba(0,0,0,0);--button_gradient_bottom_color:rgba(0,0,0,0);--button_gradient_top_color_hover:rgba(0,0,0,0);--button_gradient_bottom_color_hover:rgba(0,0,0,0);--button_font_size:18px;--button_padding-top:12px;--button_padding-right:24px;--button_padding-bottom:12px;--button_padding-left:24px;\" target=\"_blank\" rel=\"noopener noreferrer\" href=\"https:\/\/www.rotes-haus.at\/\"><span class=\"fusion-button-text awb-button__text awb-button__text--default\">\u7d05\u623f\u5b50\u9152\u838a<\/span><\/a><\/div><\/div><\/div><\/div><\/div><\/div><div class=\"fusion-layout-column fusion_builder_column fusion-builder-column-28 fusion_builder_column_1_2 1_2 fusion-flex-column fusion-flex-align-self-stretch fusion-column-inner-bg-wrapper fusion-animated\" style=\"--awb-inner-bg-position:center center;--awb-inner-bg-size:cover;--awb-width-large:50%;--awb-margin-top-large:0px;--awb-spacing-right-large:0px;--awb-margin-bottom-large:0px;--awb-spacing-left-large:0px;--awb-width-medium:50%;--awb-order-medium:0;--awb-spacing-right-medium:0px;--awb-spacing-left-medium:0px;--awb-width-small:100%;--awb-order-small:0;--awb-spacing-right-small:1.92%;--awb-spacing-left-small:1.92%;\" data-animationType=\"zoomIn\" data-animationDuration=\"0.3\" data-animationOffset=\"top-into-view\"><span class=\"fusion-column-inner-bg hover-type-zoomin\"><span class=\"fusion-column-anchor\"><span class=\"fusion-column-inner-bg-image lazyload\" data-bg=\"https:\/\/www.pfarrplatz.at\/wp-content\/uploads\/sites\/25\/2022\/01\/0039_Mayer_Pfarrplatz_20210727-1024x681.jpg\"><\/span><\/span><\/span><div class=\"fusion-column-wrapper fusion-column-has-shadow fusion-flex-justify-content-space-evenly fusion-content-layout-column fusion-empty-column-bg-image fusion-column-has-bg-image\" data-bg-url=\"https:\/\/www.pfarrplatz.at\/wp-content\/uploads\/sites\/25\/2022\/01\/0039_Mayer_Pfarrplatz_20210727-1024x681.jpg\"><img decoding=\"async\" class=\"fusion-empty-dims-img-placeholder\" aria-label=\"0039_Mayer_Pfarrplatz_20210727\" src=\"data:image\/svg+xml,%3Csvg%20xmlns%3D%27http%3A%2F%2Fwww.w3.org%2F2000%2Fsvg%27%20width%3D%271024%27%20height%3D%27681%27%20viewBox%3D%270%200%201024%20681%27%3E%3Crect%20width%3D%271024%27%20height%3D%27681%27%20fill-opacity%3D%220%22%2F%3E%3C%2Fsvg%3E\"><\/div><\/div><\/div><\/div><div class=\"fusion-fullwidth fullwidth-box fusion-builder-row-8 fusion-flex-container center_container bild_links nonhundred-percent-fullwidth non-hundred-percent-height-scrolling\" style=\"--awb-border-radius-top-left:0px;--awb-border-radius-top-right:0px;--awb-border-radius-bottom-right:0px;--awb-border-radius-bottom-left:0px;--awb-padding-top:0px;--awb-padding-right:0px;--awb-padding-bottom:0px;--awb-padding-left:0px;--awb-min-height:600px;--awb-background-image:linear-gradient(180deg, #fcfcfc 0%,rgba(255,255,255,0) 100%);--awb-flex-wrap:wrap;\" ><div class=\"fusion-builder-row fusion-row fusion-flex-align-items-center fusion-flex-content-wrap\" style=\"max-width:104%;margin-left: calc(-4% \/ 2 );margin-right: calc(-4% \/ 2 );\"><div class=\"fusion-layout-column fusion_builder_column fusion-builder-column-29 fusion_builder_column_1_2 1_2 fusion-flex-column fusion-flex-align-self-stretch fusion-column-inner-bg-wrapper fusion-animated\" style=\"--awb-padding-top:10px;--awb-padding-right:10px;--awb-padding-bottom:10px;--awb-padding-left:10px;--awb-inner-bg-position:center center;--awb-inner-bg-size:cover;--awb-width-large:50%;--awb-margin-top-large:0px;--awb-spacing-right-large:0px;--awb-margin-bottom-large:0px;--awb-spacing-left-large:0px;--awb-width-medium:50%;--awb-order-medium:0;--awb-spacing-right-medium:0px;--awb-spacing-left-medium:0px;--awb-width-small:100%;--awb-order-small:0;--awb-spacing-right-small:1.92%;--awb-spacing-left-small:1.92%;\" data-animationType=\"zoomIn\" data-animationDuration=\"0.3\" data-animationOffset=\"top-into-view\"><span class=\"fusion-column-inner-bg hover-type-zoomin\"><span class=\"fusion-column-anchor\"><span class=\"fusion-column-inner-bg-image lazyload\" data-bg=\"https:\/\/www.pfarrplatz.at\/wp-content\/uploads\/sites\/25\/2022\/01\/0161_Mayer_Pfarrplatz_20210727-1024x681.jpg\"><\/span><\/span><\/span><div class=\"fusion-column-wrapper fusion-column-has-shadow fusion-flex-justify-content-flex-end fusion-content-layout-column fusion-empty-column-bg-image fusion-column-has-bg-image\" data-bg-url=\"https:\/\/www.pfarrplatz.at\/wp-content\/uploads\/sites\/25\/2022\/01\/0161_Mayer_Pfarrplatz_20210727-1024x681.jpg\"><img decoding=\"async\" class=\"fusion-empty-dims-img-placeholder\" aria-label=\"0161_Mayer_Pfarrplatz_20210727\" src=\"data:image\/svg+xml,%3Csvg%20xmlns%3D%27http%3A%2F%2Fwww.w3.org%2F2000%2Fsvg%27%20width%3D%271024%27%20height%3D%27681%27%20viewBox%3D%270%200%201024%20681%27%3E%3Crect%20width%3D%271024%27%20height%3D%27681%27%20fill-opacity%3D%220%22%2F%3E%3C%2Fsvg%3E\"><\/div><\/div><div class=\"fusion-layout-column fusion_builder_column fusion-builder-column-30 fusion_builder_column_1_2 1_2 fusion-flex-column\" style=\"--awb-padding-top:50px;--awb-padding-right:50px;--awb-padding-bottom:50px;--awb-padding-left:50px;--awb-padding-top-small:25px;--awb-padding-right-small:25px;--awb-padding-bottom-small:25px;--awb-padding-left-small:25px;--awb-bg-size:cover;--awb-width-large:50%;--awb-margin-top-large:0px;--awb-spacing-right-large:3.84%;--awb-margin-bottom-large:20px;--awb-spacing-left-large:3.84%;--awb-width-medium:50%;--awb-order-medium:0;--awb-spacing-right-medium:3.84%;--awb-spacing-left-medium:3.84%;--awb-width-small:100%;--awb-order-small:0;--awb-spacing-right-small:1.92%;--awb-spacing-left-small:1.92%;\"><div class=\"fusion-column-wrapper fusion-column-has-shadow fusion-flex-justify-content-flex-start fusion-content-layout-column\"><div class=\"fusion-text fusion-text-52 fusion-text-no-margin\" style=\"--awb-content-alignment:center;--awb-margin-top:40px;--awb-margin-bottom:40px;\"><p><b>Pfarrplatz \u7684 The Mayer \u5448\u73fe\uff1aMayer&#8217;s Play Garden\u3002 <\/b>\u6211\u5011\u65b0\u6539\u9020\u4e14\u64f4\u5927\u7684\u904a\u6a02\u5834\uff0c\u4f4d\u65bcPfarrplatz\u7684Mayer\u5ba2\u7528\u82b1\u5712\uff0c\u70ba\u5c0f\u5ba2\u4eba\u63d0\u4f9b\u4e00\u7a2e\u975e\u5e38\u7279\u5225\u7684\u904a\u6232\u6a02\u8da3\u3002<\/p>\n<p>\u5728\u6211\u5011\u7684\u6838\u6843\u5712\u4eab\u53d7\u8f15\u9b06\u7684 Heurigen \u6c1b\u570d\uff0c\u4eab\u7528\u7f8e\u98df\u8207\u98f2\u54c1\uff0c\u5b69\u5b50\u5011\u5247\u5728\u9694\u58c1\u7684\u904a\u6a02\u5834\u76e1\u60c5\u73a9\u6a02\u3002<\/p>\n<p>\u904a\u6a02\u5834\u5728\u5929\u6c23\u826f\u597d\u6642\u6bcf\u65e5\uff08\u71df\u696d\u6642\u9593\u5167\uff09\u958b\u653e\uff0c\u7576\u7136\u5c0d\u8cd3\u5ba2\u514d\u8cbb\u958b\u653e\u3002<\/p>\n<\/div><\/div><\/div><\/div><\/div><div id=\"\u865b\u64ec\u65c5\u904a\" class=\"fusion-container-anchor\"><div class=\"fusion-fullwidth fullwidth-box fusion-builder-row-9 fusion-flex-container nonhundred-percent-fullwidth non-hundred-percent-height-scrolling\" style=\"--awb-border-radius-top-left:0px;--awb-border-radius-top-right:0px;--awb-border-radius-bottom-right:0px;--awb-border-radius-bottom-left:0px;--awb-padding-top:0px;--awb-padding-right:0px;--awb-padding-bottom:0px;--awb-padding-left:0px;--awb-background-color:var(--awb-color4);--awb-flex-wrap:wrap;\" id=\"virtualtour\" ><div class=\"fusion-builder-row fusion-row fusion-flex-align-items-center fusion-flex-justify-content-center fusion-flex-content-wrap\" style=\"max-width:104%;margin-left: calc(-4% \/ 2 );margin-right: calc(-4% \/ 2 );\"><div class=\"fusion-layout-column fusion_builder_column fusion-builder-column-31 fusion_builder_column_1_1 1_1 fusion-flex-column\" style=\"--awb-padding-top:0px;--awb-padding-right:0px;--awb-padding-bottom:0px;--awb-padding-left:0px;--awb-bg-size:cover;--awb-width-large:100%;--awb-margin-top-large:0px;--awb-spacing-right-large:1.92%;--awb-margin-bottom-large:0px;--awb-spacing-left-large:1.92%;--awb-width-medium:100%;--awb-order-medium:0;--awb-spacing-right-medium:1.92%;--awb-spacing-left-medium:1.92%;--awb-width-small:100%;--awb-order-small:0;--awb-spacing-right-small:1.92%;--awb-spacing-left-small:1.92%;\"><div class=\"fusion-column-wrapper fusion-column-has-shadow fusion-flex-justify-content-flex-start fusion-content-layout-column\"><iframe src=\"https:\/\/tour.giraffe360.com\/0bda738917044efd9cbf236a7af917d0\/\" width=\"100%\" height=\"680\" frameborder=\"0\" border=\"0\" scrolling=\"no\" allowfullscreen allow=\"vr\"><\/iframe><\/div><\/div><\/div><\/div><\/div><div class=\"fusion-fullwidth fullwidth-box fusion-builder-row-10 fusion-flex-container fusion-parallax-none nonhundred-percent-fullwidth non-hundred-percent-height-scrolling lazyload\" style=\"--awb-border-radius-top-left:0px;--awb-border-radius-top-right:0px;--awb-border-radius-bottom-right:0px;--awb-border-radius-bottom-left:0px;--awb-padding-top:60px;--awb-padding-bottom:60px;--awb-margin-bottom:0px;--awb-background-size:cover;--awb-flex-wrap:wrap;\" data-bg=\"https:\/\/www.pfarrplatz.at\/wp-content\/uploads\/sites\/25\/2022\/01\/0099_Mayer_Pfarrplatz_20210727.jpg\" ><div class=\"fusion-builder-row fusion-row fusion-flex-align-items-flex-start fusion-flex-content-wrap\" style=\"max-width:104%;margin-left: calc(-4% \/ 2 );margin-right: calc(-4% \/ 2 );\"><div class=\"fusion-layout-column fusion_builder_column fusion-builder-column-32 fusion_builder_column_1_1 1_1 fusion-flex-column\" style=\"--awb-bg-size:cover;--awb-width-large:100%;--awb-margin-top-large:0px;--awb-spacing-right-large:1.92%;--awb-margin-bottom-large:20px;--awb-spacing-left-large:1.92%;--awb-width-medium:100%;--awb-order-medium:0;--awb-spacing-right-medium:1.92%;--awb-spacing-left-medium:1.92%;--awb-width-small:100%;--awb-order-small:0;--awb-spacing-right-small:1.92%;--awb-spacing-left-small:1.92%;\"><div class=\"fusion-column-wrapper fusion-column-has-shadow fusion-flex-justify-content-flex-start fusion-content-layout-column\"><i class=\"fb-icon-element-1 fb-icon-element fontawesome-icon pfarricon-medal circle-no fusion-animated\" style=\"--awb-font-size:47px;--awb-align-self:center;--awb-margin-top:0px;--awb-margin-right:0px;--awb-margin-bottom:10px;--awb-margin-left:0px;\" data-animationType=\"zoomIn\" data-animationDuration=\"1.0\" data-animationOffset=\"top-into-view\"><\/i><div class=\"fusion-title title fusion-title-19 fusion-sep-none fusion-title-center fusion-title-text fusion-title-size-two\" style=\"--awb-text-color:var(--awb-color1);--awb-margin-bottom:30px;\"><h2 class=\"fusion-title-heading title-heading-center\" style=\"font-family:&quot;Oriflame Script&quot;;font-style:normal;font-weight:400;margin:0;text-shadow:1px 1px 0px var(--awb-color8);\">\u6211\u5011\u7684\u734e\u9805<\/h2><\/div><\/div><\/div><div class=\"fusion-layout-column fusion_builder_column fusion-builder-column-33 fusion_builder_column_1_3 1_3 fusion-flex-column\" style=\"--awb-padding-top:35px;--awb-padding-right:35px;--awb-padding-bottom:35px;--awb-padding-left:35px;--awb-overflow:hidden;--awb-bg-color:var(--awb-color2);--awb-bg-color-hover:var(--awb-color2);--awb-bg-size:cover;--awb-box-shadow:-1px 1px 6px 0px rgba(0,0,0,0.3);;--awb-border-radius:20px 20px 20px 20px;--awb-width-large:33.333333333333%;--awb-margin-top-large:0px;--awb-spacing-right-large:5.76%;--awb-margin-bottom-large:20px;--awb-spacing-left-large:5.76%;--awb-width-medium:33.333333333333%;--awb-order-medium:0;--awb-spacing-right-medium:5.76%;--awb-spacing-left-medium:5.76%;--awb-width-small:100%;--awb-order-small:0;--awb-spacing-right-small:1.92%;--awb-spacing-left-small:1.92%;\"><div class=\"fusion-column-wrapper fusion-column-has-shadow fusion-flex-justify-content-flex-start fusion-content-layout-column\"><div class=\"fusion-image-element \" style=\"text-align:center;--awb-margin-top:20px;--awb-margin-bottom:16px;--awb-caption-title-font-family:var(--h2_typography-font-family);--awb-caption-title-font-weight:var(--h2_typography-font-weight);--awb-caption-title-font-style:var(--h2_typography-font-style);--awb-caption-title-size:var(--h2_typography-font-size);--awb-caption-title-transform:var(--h2_typography-text-transform);--awb-caption-title-line-height:var(--h2_typography-line-height);--awb-caption-title-letter-spacing:var(--h2_typography-letter-spacing);\"><span class=\" fusion-imageframe imageframe-none imageframe-16 hover-type-none\"><img decoding=\"async\" width=\"189\" height=\"103\" title=\"top_heuriger\" src=\"data:image\/svg+xml,%3Csvg%20xmlns%3D%27http%3A%2F%2Fwww.w3.org%2F2000%2Fsvg%27%20width%3D%27189%27%20height%3D%27103%27%20viewBox%3D%270%200%20189%20103%27%3E%3Crect%20width%3D%27189%27%20height%3D%27103%27%20fill-opacity%3D%220%22%2F%3E%3C%2Fsvg%3E\" data-orig-src=\"https:\/\/www.pfarrplatz.at\/wp-content\/uploads\/sites\/25\/2022\/02\/top_heuriger.png\" alt class=\"lazyload img-responsive wp-image-22563\"\/><\/span><\/div><div class=\"fusion-title title fusion-title-20 fusion-sep-none fusion-title-text fusion-title-size-three\" style=\"--awb-text-color:var(--awb-color4);--awb-margin-top:30px;--awb-font-size:26px;\"><h3 class=\"fusion-title-heading title-heading-left\" style=\"margin:0;font-size:1em;\">\u7dad\u4e5f\u7d0d TOP-Heuriger Mayer \u5728 Pfarrplatz\u3002<\/h3><\/div><div class=\"fusion-text fusion-text-53\"><p><strong>\u6211\u5011\u7684\u50b3\u7d71\u623f\u5c4b\u6b63\u5f0f\u6210\u70ba\u7dad\u4e5f\u7d0d 14 \u5bb6\u9802\u7d1a HEURIGEN \u4e4b\u4e00\u3002<\/strong><\/p>\n<p>\u7dad\u4e5f\u7d0d\u8fb2\u696d\u5546\u6703\u59d4\u8a17\u4e86\u4e00\u5bb6\u5916\u90e8\u7368\u7acb\u8a8d\u8b49\u516c\u53f8\uff0c\u4e26\u6839\u64da\u69cb\u6210\u5178\u578b Heurigen \u7684\u5404\u7a2e\u6a19\u6e96\u5c0d\u8fb2\u5834\u9032\u884c\u4e86\u6e2c\u8a66\u3002<\/p>\n<p>\u6211\u5011\u7684 Mayer am Pfarrplatz \u4e5f\u7372\u5f97\u4e86 AMA Gastro Seal\uff0c\u56e0\u5176\u9ad8\u54c1\u8cea\u7684\u6027\u80fd\u800c\u88ab\u6388\u4e88\u7dad\u4e5f\u7d0d\u9802\u7d1a Heuriger\uff0c\u5c6c\u65bc Heurigen \u754c\u7684\u4f7c\u4f7c\u8005\u3002<\/p>\n<p>\u66f4\u591a\u4fe1\u606f\u8acb\u8a2a\u554f\uff1ahttps:\/\/wien.lko.at\/<\/p>\n<\/div><\/div><\/div><div class=\"fusion-layout-column fusion_builder_column fusion-builder-column-34 fusion_builder_column_1_3 1_3 fusion-flex-column\" style=\"--awb-padding-top:35px;--awb-padding-right:35px;--awb-padding-bottom:35px;--awb-padding-left:35px;--awb-overflow:hidden;--awb-bg-color:var(--awb-color2);--awb-bg-color-hover:var(--awb-color2);--awb-bg-size:cover;--awb-box-shadow:0px 1px 6px 0px rgba(0,0,0,0.3);;--awb-border-radius:20px 20px 20px 20px;--awb-width-large:33.333333333333%;--awb-margin-top-large:0px;--awb-spacing-right-large:5.76%;--awb-margin-bottom-large:20px;--awb-spacing-left-large:5.76%;--awb-width-medium:33.333333333333%;--awb-order-medium:0;--awb-spacing-right-medium:5.76%;--awb-spacing-left-medium:5.76%;--awb-width-small:100%;--awb-order-small:0;--awb-spacing-right-small:1.92%;--awb-spacing-left-small:1.92%;\"><div class=\"fusion-column-wrapper fusion-column-has-shadow fusion-flex-justify-content-flex-start fusion-content-layout-column\"><div class=\"fusion-image-element \" style=\"text-align:center;--awb-max-width:140px;--awb-caption-title-font-family:var(--h2_typography-font-family);--awb-caption-title-font-weight:var(--h2_typography-font-weight);--awb-caption-title-font-style:var(--h2_typography-font-style);--awb-caption-title-size:var(--h2_typography-font-size);--awb-caption-title-transform:var(--h2_typography-text-transform);--awb-caption-title-line-height:var(--h2_typography-line-height);--awb-caption-title-letter-spacing:var(--h2_typography-letter-spacing);\"><span class=\" fusion-imageframe imageframe-none imageframe-17 hover-type-none\"><img decoding=\"async\" width=\"188\" height=\"189\" title=\"ama_gastro\" src=\"data:image\/svg+xml,%3Csvg%20xmlns%3D%27http%3A%2F%2Fwww.w3.org%2F2000%2Fsvg%27%20width%3D%27188%27%20height%3D%27189%27%20viewBox%3D%270%200%20188%20189%27%3E%3Crect%20width%3D%27188%27%20height%3D%27189%27%20fill-opacity%3D%220%22%2F%3E%3C%2Fsvg%3E\" data-orig-src=\"https:\/\/www.pfarrplatz.at\/wp-content\/uploads\/sites\/25\/2022\/02\/ama_gastro.png\" alt class=\"lazyload img-responsive wp-image-22564\"\/><\/span><\/div><div class=\"fusion-title title fusion-title-21 fusion-sep-none fusion-title-text fusion-title-size-three\" style=\"--awb-text-color:var(--awb-color4);--awb-margin-top:30px;--awb-font-size:26px;\"><h3 class=\"fusion-title-heading title-heading-left\" style=\"margin:0;font-size:1em;\">AMA \u80c3\u5370\u7ae0<\/h3><\/div><div class=\"fusion-text fusion-text-54\"><p><b>\u60a8\u53ef\u4ee5\u54c1\u5617\u5230\u54c1\u8cea\u3002<\/b><\/p>\n<p>\u5c0d\u65bc\u6211\u5011\u7684\u7f8e\u5473\u4f73\u991a\uff0c\u6211\u5011\u4f7f\u7528\u4f86\u81ea\u5468\u908a\u5730\u5340\u6216\u5967\u5730\u5229\u7684\u7522\u54c1\u3002 \u9019\u4e0d\u50c5\u8b93\u6211\u5011\u7684\u5ba2\u4eba\u611f\u5230\u9ad8\u8208\uff0c\u800c\u4e14\u9084\u70ba\u6211\u5011\u7684\u8461\u8404\u9152\u5c0f\u9152\u9928\u201cMayer am Pfarrplatz\u201d\u8d0f\u5f97\u4e86 <b>AMA\u7f8e\u98df\u5370\u7ae0<\/b> \u3002<\/p>\n<p><b>\u725b\u8089<\/b>\uff1a Kamptaler Fleischwaren H\u00f6llerschmid\uff0c Etsdorf<br \/>\n<b>\u96de\u8089<\/b>\uff1a\u65bd\u8482\u91cc\u4e9e\u65b0\u9bae\u5bb6\u79bd Tschiltsch\uff0c Weistrach<br \/>\n<b>\u8c6c\u8089<\/b>\uff1aTullnerfelder \u8c6c\u8089\uff0c\u901a\u904e Kamptaler Fleischwaren H\u00f6llerschmid\uff0c Etsdorf<br \/>\n<b>\u725b\u5976\u548c\u4e73\u88fd\u54c1<\/b>\uff1a<br \/>\n\u4f86\u81ea\u5967\u5730\u5229\uff0c\u5e36\u6709 AMA \u6279\u51c6\u5370\u7ae0<br \/>\n<b>\u7a40\u5009\u6bcd\u96de\u7684\u96de\u86cb<\/b>\uff1a<br \/>\nEierhof Martha Edhofer\uff0c\u7c73\u6b47\u723e\u591a\u592b<br \/>\n<b>\u99ac\u9234\u85af<\/b>\uff1aBeisser\u3001Eibesbrunn<br \/>\n<b>\u6839\u8396\u985e<\/b>\u852c\u83dc\uff1aMarchfeld \u852c\u83dc\uff0c\u4f86\u81ea K.M\u00fcllner<br \/>\n<b>\u904a\u6232<\/b>\uff1a Kamptaler Fleischwaren H\u00f6llerschmid\uff0c Etsdorf<\/p>\n<\/div><\/div><\/div><div class=\"fusion-layout-column fusion_builder_column fusion-builder-column-35 fusion_builder_column_1_3 1_3 fusion-flex-column\" style=\"--awb-padding-top:35px;--awb-padding-right:35px;--awb-padding-bottom:35px;--awb-padding-left:35px;--awb-overflow:hidden;--awb-bg-color:var(--awb-color2);--awb-bg-color-hover:var(--awb-color2);--awb-bg-size:cover;--awb-box-shadow:1px 1px 6px 0px rgba(0,0,0,0.3);;--awb-border-radius:20px 20px 20px 20px;--awb-width-large:33.333333333333%;--awb-margin-top-large:0px;--awb-spacing-right-large:5.76%;--awb-margin-bottom-large:20px;--awb-spacing-left-large:5.76%;--awb-width-medium:33.333333333333%;--awb-order-medium:0;--awb-spacing-right-medium:5.76%;--awb-spacing-left-medium:5.76%;--awb-width-small:100%;--awb-order-small:0;--awb-spacing-right-small:1.92%;--awb-spacing-left-small:1.92%;\"><div class=\"fusion-column-wrapper fusion-column-has-shadow fusion-flex-justify-content-flex-start fusion-content-layout-column\"><div class=\"fusion-image-element \" style=\"text-align:center;--awb-max-width:93px;--awb-caption-title-font-family:var(--h2_typography-font-family);--awb-caption-title-font-weight:var(--h2_typography-font-weight);--awb-caption-title-font-style:var(--h2_typography-font-style);--awb-caption-title-size:var(--h2_typography-font-size);--awb-caption-title-transform:var(--h2_typography-text-transform);--awb-caption-title-line-height:var(--h2_typography-line-height);--awb-caption-title-letter-spacing:var(--h2_typography-letter-spacing);\"><span class=\" fusion-imageframe imageframe-none imageframe-18 hover-type-none\"><img decoding=\"async\" width=\"188\" height=\"284\" title=\"ausgezeichnete_weine\" src=\"data:image\/svg+xml,%3Csvg%20xmlns%3D%27http%3A%2F%2Fwww.w3.org%2F2000%2Fsvg%27%20width%3D%27188%27%20height%3D%27284%27%20viewBox%3D%270%200%20188%20284%27%3E%3Crect%20width%3D%27188%27%20height%3D%27284%27%20fill-opacity%3D%220%22%2F%3E%3C%2Fsvg%3E\" data-orig-src=\"https:\/\/www.pfarrplatz.at\/wp-content\/uploads\/sites\/25\/2022\/02\/ausgezeichnete_weine.png\" alt class=\"lazyload img-responsive wp-image-22565\"\/><\/span><\/div><div class=\"fusion-title title fusion-title-22 fusion-sep-none fusion-title-text fusion-title-size-three\" style=\"--awb-text-color:var(--awb-color4);--awb-margin-top:30px;--awb-font-size:26px;\"><h3 class=\"fusion-title-heading title-heading-left\" style=\"margin:0;font-size:1em;\">\u6211\u5011\u5c62\u7372\u6b8a\u69ae\u7684\u8461\u8404\u9152<\/h3><\/div><div class=\"fusion-text fusion-text-55\"><p>\u5728\u570b\u5167\u548c\u570b\u969b\u8461\u8404\u9152\u6bd4\u8cfd\u4e2d\u7372\u5f97\u7684\u7121\u6578\u734e\u9805\u548c\u69ae\u8b7d\u51f8\u986f\u4e86\u6211\u5011\u9152\u838a Mayer am Pfarrplatz \u548c Rotes Haus \u8461\u8404\u9152\u7684\u9ad8\u54c1\u8cea\u3002<\/p>\n<p>\u60a8\u53ef\u4ee5\u5728\u6b64\u8655\u627e\u5230\u6709\u95dc\u6211\u5011<br \/>\n\u734e\u9805\u7684\u66f4\u591a\u4fe1\u606f\uff1a<\/p>\n<p><a href=\"https:\/\/weingut-mayer-am.pfarrplatz.at\/de\/auszeichnungen\/\" target=\"_blank\" rel=\"noopener\">Mayer Winery am Pfarrplatz<\/a><br \/>\n<a href=\"https:\/\/www.rotes-haus.at\/de\/auszeichnungen\/\" target=\"_blank\" rel=\"noopener\">Rotes Haus Winery<\/a><\/p>\n<\/div><\/div><\/div><\/div><\/div><\/p>\n","protected":false},"excerpt":{"rendered":"","protected":false},"author":1,"featured_media":10824,"parent":0,"menu_order":0,"comment_status":"closed","ping_status":"closed","template":"","meta":{"_acf_changed":false,"footnotes":""},"class_list":["post-10822","page","type-page","status-publish","has-post-thumbnail","hentry"],"acf":[],"yoast_head":"<!-- This site is optimized with the Yoast SEO plugin v27.5 - https:\/\/yoast.com\/product\/yoast-seo-wordpress\/ -->\n<title>The Heuriger\uff08\u8d6b\u91cc\u683c\u9152\u5e97\uff09 - Heuriger Mayer am Pfarrplatz<\/title>\n<meta name=\"robots\" content=\"index, follow, max-snippet:-1, max-image-preview:large, max-video-preview:-1\" \/>\n<link rel=\"canonical\" href=\"https:\/\/www.pfarrplatz.at\/zh-hans\/the-heuriger\uff08\u8d6b\u91cc\u683c\u9152\u5e97\uff09\/\" \/>\n<meta property=\"og:locale\" content=\"zh_CN\" \/>\n<meta property=\"og:type\" content=\"article\" \/>\n<meta property=\"og:title\" content=\"The Heuriger\uff08\u8d6b\u91cc\u683c\u9152\u5e97\uff09 - Heuriger Mayer am Pfarrplatz\" \/>\n<meta property=\"og:url\" content=\"https:\/\/www.pfarrplatz.at\/zh-hans\/the-heuriger\uff08\u8d6b\u91cc\u683c\u9152\u5e97\uff09\/\" \/>\n<meta property=\"og:site_name\" content=\"Heuriger Mayer am Pfarrplatz\" \/>\n<meta property=\"article:publisher\" content=\"https:\/\/www.facebook.com\/mayerampfarrplatz\" \/>\n<meta property=\"article:modified_time\" content=\"2026-01-28T14:11:47+00:00\" \/>\n<meta property=\"og:image\" content=\"https:\/\/www.pfarrplatz.at\/wp-content\/uploads\/sites\/25\/2022\/01\/0296_Mayer_Pfarrplatz_20210727.jpg\" \/>\n\t<meta property=\"og:image:width\" content=\"1980\" \/>\n\t<meta property=\"og:image:height\" content=\"1317\" \/>\n\t<meta property=\"og:image:type\" content=\"image\/jpeg\" \/>\n<meta name=\"twitter:card\" content=\"summary_large_image\" \/>\n<meta name=\"twitter:label1\" content=\"\u9884\u8ba1\u9605\u8bfb\u65f6\u95f4\" \/>\n\t<meta name=\"twitter:data1\" content=\"9 \u5206\" \/>\n<script type=\"application\/ld+json\" class=\"yoast-schema-graph\">{\"@context\":\"https:\\\/\\\/schema.org\",\"@graph\":[{\"@type\":\"WebPage\",\"@id\":\"https:\\\/\\\/www.pfarrplatz.at\\\/zh-hans\\\/the-heuriger%ef%bc%88%e8%b5%ab%e9%87%8c%e6%a0%bc%e9%85%92%e5%ba%97%ef%bc%89\\\/\",\"url\":\"https:\\\/\\\/www.pfarrplatz.at\\\/zh-hans\\\/the-heuriger%ef%bc%88%e8%b5%ab%e9%87%8c%e6%a0%bc%e9%85%92%e5%ba%97%ef%bc%89\\\/\",\"name\":\"The Heuriger\uff08\u8d6b\u91cc\u683c\u9152\u5e97\uff09 - Heuriger Mayer am Pfarrplatz\",\"isPartOf\":{\"@id\":\"https:\\\/\\\/www.pfarrplatz.at\\\/de\\\/#website\"},\"primaryImageOfPage\":{\"@id\":\"https:\\\/\\\/www.pfarrplatz.at\\\/zh-hans\\\/the-heuriger%ef%bc%88%e8%b5%ab%e9%87%8c%e6%a0%bc%e9%85%92%e5%ba%97%ef%bc%89\\\/#primaryimage\"},\"image\":{\"@id\":\"https:\\\/\\\/www.pfarrplatz.at\\\/zh-hans\\\/the-heuriger%ef%bc%88%e8%b5%ab%e9%87%8c%e6%a0%bc%e9%85%92%e5%ba%97%ef%bc%89\\\/#primaryimage\"},\"thumbnailUrl\":\"https:\\\/\\\/www.pfarrplatz.at\\\/wp-content\\\/uploads\\\/sites\\\/25\\\/2022\\\/01\\\/0296_Mayer_Pfarrplatz_20210727.jpg\",\"datePublished\":\"2022-02-09T20:52:41+00:00\",\"dateModified\":\"2026-01-28T14:11:47+00:00\",\"breadcrumb\":{\"@id\":\"https:\\\/\\\/www.pfarrplatz.at\\\/zh-hans\\\/the-heuriger%ef%bc%88%e8%b5%ab%e9%87%8c%e6%a0%bc%e9%85%92%e5%ba%97%ef%bc%89\\\/#breadcrumb\"},\"inLanguage\":\"zh-Hans\",\"potentialAction\":[{\"@type\":\"ReadAction\",\"target\":[\"https:\\\/\\\/www.pfarrplatz.at\\\/zh-hans\\\/the-heuriger%ef%bc%88%e8%b5%ab%e9%87%8c%e6%a0%bc%e9%85%92%e5%ba%97%ef%bc%89\\\/\"]}]},{\"@type\":\"ImageObject\",\"inLanguage\":\"zh-Hans\",\"@id\":\"https:\\\/\\\/www.pfarrplatz.at\\\/zh-hans\\\/the-heuriger%ef%bc%88%e8%b5%ab%e9%87%8c%e6%a0%bc%e9%85%92%e5%ba%97%ef%bc%89\\\/#primaryimage\",\"url\":\"https:\\\/\\\/www.pfarrplatz.at\\\/wp-content\\\/uploads\\\/sites\\\/25\\\/2022\\\/01\\\/0296_Mayer_Pfarrplatz_20210727.jpg\",\"contentUrl\":\"https:\\\/\\\/www.pfarrplatz.at\\\/wp-content\\\/uploads\\\/sites\\\/25\\\/2022\\\/01\\\/0296_Mayer_Pfarrplatz_20210727.jpg\",\"width\":1980,\"height\":1317},{\"@type\":\"BreadcrumbList\",\"@id\":\"https:\\\/\\\/www.pfarrplatz.at\\\/zh-hans\\\/the-heuriger%ef%bc%88%e8%b5%ab%e9%87%8c%e6%a0%bc%e9%85%92%e5%ba%97%ef%bc%89\\\/#breadcrumb\",\"itemListElement\":[{\"@type\":\"ListItem\",\"position\":1,\"name\":\"\u65af\u5854\u7279\u77f3\",\"item\":\"https:\\\/\\\/www.pfarrplatz.at\\\/zh-hans\\\/\"},{\"@type\":\"ListItem\",\"position\":2,\"name\":\"The Heuriger\uff08\u8d6b\u91cc\u683c\u9152\u5e97\uff09\"}]},{\"@type\":\"WebSite\",\"@id\":\"https:\\\/\\\/www.pfarrplatz.at\\\/de\\\/#website\",\"url\":\"https:\\\/\\\/www.pfarrplatz.at\\\/de\\\/\",\"name\":\"Heuriger Mayer am Pfarrplatz\",\"description\":\"\",\"publisher\":{\"@id\":\"https:\\\/\\\/www.pfarrplatz.at\\\/de\\\/#organization\"},\"potentialAction\":[{\"@type\":\"SearchAction\",\"target\":{\"@type\":\"EntryPoint\",\"urlTemplate\":\"https:\\\/\\\/www.pfarrplatz.at\\\/de\\\/?s={search_term_string}\"},\"query-input\":{\"@type\":\"PropertyValueSpecification\",\"valueRequired\":true,\"valueName\":\"search_term_string\"}}],\"inLanguage\":\"zh-Hans\"},{\"@type\":\"Organization\",\"@id\":\"https:\\\/\\\/www.pfarrplatz.at\\\/de\\\/#organization\",\"name\":\"Heuriger Mayer am Pfarrplatz\",\"url\":\"https:\\\/\\\/www.pfarrplatz.at\\\/de\\\/\",\"logo\":{\"@type\":\"ImageObject\",\"inLanguage\":\"zh-Hans\",\"@id\":\"https:\\\/\\\/www.pfarrplatz.at\\\/de\\\/#\\\/schema\\\/logo\\\/image\\\/\",\"url\":\"https:\\\/\\\/www.pfarrplatz.at\\\/wp-content\\\/uploads\\\/sites\\\/25\\\/2022\\\/02\\\/mayer_am_pfarrplatz-1-1-300x300-1.png\",\"contentUrl\":\"https:\\\/\\\/www.pfarrplatz.at\\\/wp-content\\\/uploads\\\/sites\\\/25\\\/2022\\\/02\\\/mayer_am_pfarrplatz-1-1-300x300-1.png\",\"width\":300,\"height\":300,\"caption\":\"Heuriger Mayer am Pfarrplatz\"},\"image\":{\"@id\":\"https:\\\/\\\/www.pfarrplatz.at\\\/de\\\/#\\\/schema\\\/logo\\\/image\\\/\"},\"sameAs\":[\"https:\\\/\\\/www.facebook.com\\\/mayerampfarrplatz\",\"https:\\\/\\\/www.instagram.com\\\/mayerampfarrplatz.pfarrwirt\\\/\"]}]}<\/script>\n<!-- \/ Yoast SEO plugin. -->","yoast_head_json":{"title":"The Heuriger\uff08\u8d6b\u91cc\u683c\u9152\u5e97\uff09 - Heuriger Mayer am Pfarrplatz","robots":{"index":"index","follow":"follow","max-snippet":"max-snippet:-1","max-image-preview":"max-image-preview:large","max-video-preview":"max-video-preview:-1"},"canonical":"https:\/\/www.pfarrplatz.at\/zh-hans\/the-heuriger\uff08\u8d6b\u91cc\u683c\u9152\u5e97\uff09\/","og_locale":"zh_CN","og_type":"article","og_title":"The Heuriger\uff08\u8d6b\u91cc\u683c\u9152\u5e97\uff09 - Heuriger Mayer am Pfarrplatz","og_url":"https:\/\/www.pfarrplatz.at\/zh-hans\/the-heuriger\uff08\u8d6b\u91cc\u683c\u9152\u5e97\uff09\/","og_site_name":"Heuriger Mayer am Pfarrplatz","article_publisher":"https:\/\/www.facebook.com\/mayerampfarrplatz","article_modified_time":"2026-01-28T14:11:47+00:00","og_image":[{"width":1980,"height":1317,"url":"https:\/\/www.pfarrplatz.at\/wp-content\/uploads\/sites\/25\/2022\/01\/0296_Mayer_Pfarrplatz_20210727.jpg","type":"image\/jpeg"}],"twitter_card":"summary_large_image","twitter_misc":{"\u9884\u8ba1\u9605\u8bfb\u65f6\u95f4":"9 \u5206"},"schema":{"@context":"https:\/\/schema.org","@graph":[{"@type":"WebPage","@id":"https:\/\/www.pfarrplatz.at\/zh-hans\/the-heuriger%ef%bc%88%e8%b5%ab%e9%87%8c%e6%a0%bc%e9%85%92%e5%ba%97%ef%bc%89\/","url":"https:\/\/www.pfarrplatz.at\/zh-hans\/the-heuriger%ef%bc%88%e8%b5%ab%e9%87%8c%e6%a0%bc%e9%85%92%e5%ba%97%ef%bc%89\/","name":"The Heuriger\uff08\u8d6b\u91cc\u683c\u9152\u5e97\uff09 - Heuriger Mayer am Pfarrplatz","isPartOf":{"@id":"https:\/\/www.pfarrplatz.at\/de\/#website"},"primaryImageOfPage":{"@id":"https:\/\/www.pfarrplatz.at\/zh-hans\/the-heuriger%ef%bc%88%e8%b5%ab%e9%87%8c%e6%a0%bc%e9%85%92%e5%ba%97%ef%bc%89\/#primaryimage"},"image":{"@id":"https:\/\/www.pfarrplatz.at\/zh-hans\/the-heuriger%ef%bc%88%e8%b5%ab%e9%87%8c%e6%a0%bc%e9%85%92%e5%ba%97%ef%bc%89\/#primaryimage"},"thumbnailUrl":"https:\/\/www.pfarrplatz.at\/wp-content\/uploads\/sites\/25\/2022\/01\/0296_Mayer_Pfarrplatz_20210727.jpg","datePublished":"2022-02-09T20:52:41+00:00","dateModified":"2026-01-28T14:11:47+00:00","breadcrumb":{"@id":"https:\/\/www.pfarrplatz.at\/zh-hans\/the-heuriger%ef%bc%88%e8%b5%ab%e9%87%8c%e6%a0%bc%e9%85%92%e5%ba%97%ef%bc%89\/#breadcrumb"},"inLanguage":"zh-Hans","potentialAction":[{"@type":"ReadAction","target":["https:\/\/www.pfarrplatz.at\/zh-hans\/the-heuriger%ef%bc%88%e8%b5%ab%e9%87%8c%e6%a0%bc%e9%85%92%e5%ba%97%ef%bc%89\/"]}]},{"@type":"ImageObject","inLanguage":"zh-Hans","@id":"https:\/\/www.pfarrplatz.at\/zh-hans\/the-heuriger%ef%bc%88%e8%b5%ab%e9%87%8c%e6%a0%bc%e9%85%92%e5%ba%97%ef%bc%89\/#primaryimage","url":"https:\/\/www.pfarrplatz.at\/wp-content\/uploads\/sites\/25\/2022\/01\/0296_Mayer_Pfarrplatz_20210727.jpg","contentUrl":"https:\/\/www.pfarrplatz.at\/wp-content\/uploads\/sites\/25\/2022\/01\/0296_Mayer_Pfarrplatz_20210727.jpg","width":1980,"height":1317},{"@type":"BreadcrumbList","@id":"https:\/\/www.pfarrplatz.at\/zh-hans\/the-heuriger%ef%bc%88%e8%b5%ab%e9%87%8c%e6%a0%bc%e9%85%92%e5%ba%97%ef%bc%89\/#breadcrumb","itemListElement":[{"@type":"ListItem","position":1,"name":"\u65af\u5854\u7279\u77f3","item":"https:\/\/www.pfarrplatz.at\/zh-hans\/"},{"@type":"ListItem","position":2,"name":"The Heuriger\uff08\u8d6b\u91cc\u683c\u9152\u5e97\uff09"}]},{"@type":"WebSite","@id":"https:\/\/www.pfarrplatz.at\/de\/#website","url":"https:\/\/www.pfarrplatz.at\/de\/","name":"Heuriger Mayer am Pfarrplatz","description":"","publisher":{"@id":"https:\/\/www.pfarrplatz.at\/de\/#organization"},"potentialAction":[{"@type":"SearchAction","target":{"@type":"EntryPoint","urlTemplate":"https:\/\/www.pfarrplatz.at\/de\/?s={search_term_string}"},"query-input":{"@type":"PropertyValueSpecification","valueRequired":true,"valueName":"search_term_string"}}],"inLanguage":"zh-Hans"},{"@type":"Organization","@id":"https:\/\/www.pfarrplatz.at\/de\/#organization","name":"Heuriger Mayer am Pfarrplatz","url":"https:\/\/www.pfarrplatz.at\/de\/","logo":{"@type":"ImageObject","inLanguage":"zh-Hans","@id":"https:\/\/www.pfarrplatz.at\/de\/#\/schema\/logo\/image\/","url":"https:\/\/www.pfarrplatz.at\/wp-content\/uploads\/sites\/25\/2022\/02\/mayer_am_pfarrplatz-1-1-300x300-1.png","contentUrl":"https:\/\/www.pfarrplatz.at\/wp-content\/uploads\/sites\/25\/2022\/02\/mayer_am_pfarrplatz-1-1-300x300-1.png","width":300,"height":300,"caption":"Heuriger Mayer am Pfarrplatz"},"image":{"@id":"https:\/\/www.pfarrplatz.at\/de\/#\/schema\/logo\/image\/"},"sameAs":["https:\/\/www.facebook.com\/mayerampfarrplatz","https:\/\/www.instagram.com\/mayerampfarrplatz.pfarrwirt\/"]}]}},"_links":{"self":[{"href":"https:\/\/www.pfarrplatz.at\/zh-hans\/wp-json\/wp\/v2\/pages\/10822","targetHints":{"allow":["GET"]}}],"collection":[{"href":"https:\/\/www.pfarrplatz.at\/zh-hans\/wp-json\/wp\/v2\/pages"}],"about":[{"href":"https:\/\/www.pfarrplatz.at\/zh-hans\/wp-json\/wp\/v2\/types\/page"}],"author":[{"embeddable":true,"href":"https:\/\/www.pfarrplatz.at\/zh-hans\/wp-json\/wp\/v2\/users\/1"}],"replies":[{"embeddable":true,"href":"https:\/\/www.pfarrplatz.at\/zh-hans\/wp-json\/wp\/v2\/comments?post=10822"}],"version-history":[{"count":1,"href":"https:\/\/www.pfarrplatz.at\/zh-hans\/wp-json\/wp\/v2\/pages\/10822\/revisions"}],"predecessor-version":[{"id":10841,"href":"https:\/\/www.pfarrplatz.at\/zh-hans\/wp-json\/wp\/v2\/pages\/10822\/revisions\/10841"}],"wp:featuredmedia":[{"embeddable":true,"href":"https:\/\/www.pfarrplatz.at\/zh-hans\/wp-json\/wp\/v2\/media\/10824"}],"wp:attachment":[{"href":"https:\/\/www.pfarrplatz.at\/zh-hans\/wp-json\/wp\/v2\/media?parent=10822"}],"curies":[{"name":"wp","href":"https:\/\/api.w.org\/{rel}","templated":true}]}}