{"id":10828,"date":"2022-02-16T14:27:40","date_gmt":"2022-02-16T13:27:40","guid":{"rendered":"https:\/\/www.pfarrplatz.at\/la-casa-di-beethoven\/"},"modified":"2024-02-05T11:02:19","modified_gmt":"2024-02-05T10:02:19","slug":"la-casa-di-beethoven","status":"publish","type":"page","link":"https:\/\/www.pfarrplatz.at\/it\/la-casa-di-beethoven\/","title":{"rendered":"La casa di Beethoven"},"content":{"rendered":"<p><div class=\"fusion-fullwidth fullwidth-box fusion-builder-row-1 fusion-flex-container nonhundred-percent-fullwidth non-hundred-percent-height-scrolling\" style=\"--awb-border-radius-top-left:0px;--awb-border-radius-top-right:0px;--awb-border-radius-bottom-right:0px;--awb-border-radius-bottom-left:0px;--awb-padding-top:20px;--awb-min-height:380px;--awb-flex-wrap:wrap;\" ><div class=\"fusion-builder-row fusion-row fusion-flex-align-items-flex-start fusion-flex-align-content-space-evenly fusion-flex-justify-content-center fusion-flex-content-wrap\" style=\"max-width:104%;margin-left: calc(-4% \/ 2 );margin-right: calc(-4% \/ 2 );\"><div class=\"fusion-layout-column fusion_builder_column fusion-builder-column-0 fusion_builder_column_1_4 1_4 fusion-flex-column ranke_links_oben\" style=\"--awb-bg-size:cover;--awb-width-large:25%;--awb-margin-top-large:0px;--awb-spacing-right-large:7.68%;--awb-margin-bottom-large:20px;--awb-spacing-left-large:7.68%;--awb-width-medium:25%;--awb-order-medium:0;--awb-spacing-right-medium:7.68%;--awb-spacing-left-medium:7.68%;--awb-width-small:100%;--awb-order-small:0;--awb-spacing-right-small:1.92%;--awb-spacing-left-small:1.92%;\"><div class=\"fusion-column-wrapper fusion-column-has-shadow fusion-flex-justify-content-flex-start fusion-content-layout-column\"><script type=\"text\/javascript\">jQuery(function() { _initLayerSlider( '#layerslider_4_174d9erjkzyoy', {createdWith: '7.0.7', sliderVersion: '7.0.7', startInViewport: false, skin: 'v6', sliderFadeInDuration: 350, navPrevNext: false, hoverPrevNext: false, navStartStop: false, navButtons: false, showCircleTimer: false, useSrcset: true, skinsPath: 'https:\/\/www.pfarrplatz.at\/wp-content\/plugins\/LayerSlider\/assets\/static\/layerslider\/skins\/', performanceMode: true}); });<\/script><div id=\"layerslider_4_174d9erjkzyoy\"  class=\"ls-wp-container fitvidsignore ls-selectable\" style=\"width:400px;height:400px;margin:0 auto;margin-bottom: 0px;\"><div class=\"ls-slide\" ><img decoding=\"async\" width=\"641\" height=\"743\" src=\"https:\/\/www.pfarrplatz.at\/wp-content\/uploads\/sites\/25\/2022\/02\/efeu_karte_ru.png\" class=\"disable-lazyload ls-l ls-img-layer\" alt=\"\" style=\"font-size:36px;color:#000;text-align:left;font-style:normal;text-decoration:none;text-transform:none;font-weight:400;letter-spacing:0px;background-position:0% 0%;background-repeat:no-repeat;left:0px;top:-53px;width:402px;\" data-ls=\"durationin:3000;easingin:easeInOutExpo;fadein:false;rotatein:-20;skewxin:4;skewyin:4;scalexin:-30;scaleyin:-30;transformoriginin:right bottom;widthin:402 px;heightin:456px;\"><\/div><\/div><\/div><\/div><div class=\"fusion-layout-column fusion_builder_column fusion-builder-column-1 fusion_builder_column_2_3 2_3 fusion-flex-column\" style=\"--awb-padding-top:20px;--awb-padding-right:50px;--awb-padding-bottom:20px;--awb-padding-left:50px;--awb-padding-right-small:25px;--awb-padding-left-small:25px;--awb-bg-color:rgba(255,255,255,0.87);--awb-bg-color-hover:rgba(255,255,255,0.87);--awb-bg-size:cover;--awb-width-large:66.666666666667%;--awb-margin-top-large:0px;--awb-spacing-right-large:2.88%;--awb-margin-bottom-large:20px;--awb-spacing-left-large:2.88%;--awb-width-medium:66.666666666667%;--awb-order-medium:0;--awb-spacing-right-medium:2.88%;--awb-spacing-left-medium:2.88%;--awb-width-small:100%;--awb-order-small:0;--awb-spacing-right-small:1.92%;--awb-spacing-left-small:1.92%;\"><div class=\"fusion-column-wrapper fusion-column-has-shadow fusion-flex-justify-content-center fusion-content-layout-column\"><div class=\"fusion-text fusion-text-1 sm-text-align-center\" style=\"--awb-content-alignment:justify;\"><p>Per <b>Ludwig van Beethoven<\/b> (1770-1827), i suoi soggiorni a Heiligenstadt, allora ancora un sobborgo rurale viennese, furono caratterizzati da profonde emozioni. Soffriva di problemi di udito e sperava che una visita al sanatorio di Heiligenstadt, situato nelle immediate vicinanze del Mayer di Pfarrplatz, avrebbe migliorato le sue condizioni. Gi\u00e0 nel 1802, Beethoven aveva documentato la sua disperazione per la perdita dell&#8217;udito con parole strazianti nel suo &#8220;Testamento di Heiligenstadt&#8221;.<\/p>\n<\/div><\/div><\/div><div class=\"fusion-layout-column fusion_builder_column fusion-builder-column-2 fusion_builder_column_1_4 1_4 fusion-flex-column ranke_rechts_unten\" style=\"--awb-bg-size:cover;--awb-width-large:25%;--awb-margin-top-large:0px;--awb-spacing-right-large:7.68%;--awb-margin-bottom-large:20px;--awb-spacing-left-large:7.68%;--awb-width-medium:25%;--awb-order-medium:0;--awb-spacing-right-medium:7.68%;--awb-spacing-left-medium:7.68%;--awb-width-small:100%;--awb-order-small:0;--awb-spacing-right-small:1.92%;--awb-spacing-left-small:1.92%;\"><div class=\"fusion-column-wrapper fusion-column-has-shadow fusion-flex-justify-content-flex-start fusion-content-layout-column\"><script type=\"text\/javascript\">jQuery(function() { _initLayerSlider( '#layerslider_4_a2wxa7vd3d2r', {createdWith: '7.0.7', sliderVersion: '7.0.7', startInViewport: false, skin: 'v6', sliderFadeInDuration: 350, navPrevNext: false, hoverPrevNext: false, navStartStop: false, navButtons: false, showCircleTimer: false, useSrcset: true, skinsPath: 'https:\/\/www.pfarrplatz.at\/wp-content\/plugins\/LayerSlider\/assets\/static\/layerslider\/skins\/', performanceMode: true}); });<\/script><div id=\"layerslider_4_a2wxa7vd3d2r\"  class=\"ls-wp-container fitvidsignore ls-selectable\" style=\"width:400px;height:400px;margin:0 auto;margin-bottom: 0px;\"><div class=\"ls-slide\" ><img decoding=\"async\" width=\"641\" height=\"743\" src=\"https:\/\/www.pfarrplatz.at\/wp-content\/uploads\/sites\/25\/2022\/02\/efeu_karte_ru.png\" class=\"disable-lazyload ls-l ls-img-layer\" alt=\"\" style=\"font-size:36px;color:#000;text-align:left;font-style:normal;text-decoration:none;text-transform:none;font-weight:400;letter-spacing:0px;background-position:0% 0%;background-repeat:no-repeat;left:0px;top:-53px;width:402px;\" data-ls=\"durationin:3000;easingin:easeInOutExpo;fadein:false;rotatein:-20;skewxin:4;skewyin:4;scalexin:-30;scaleyin:-30;transformoriginin:right bottom;widthin:402 px;heightin:456px;\"><\/div><\/div><\/div><\/div><\/div><\/div><div class=\"fusion-fullwidth fullwidth-box fusion-builder-row-2 fusion-flex-container center_container bild_links nonhundred-percent-fullwidth non-hundred-percent-height-scrolling\" style=\"--awb-border-radius-top-left:0px;--awb-border-radius-top-right:0px;--awb-border-radius-bottom-right:0px;--awb-border-radius-bottom-left:0px;--awb-padding-top:0px;--awb-padding-right:0px;--awb-padding-bottom:0px;--awb-padding-left:0px;--awb-min-height:600px;--awb-background-image:linear-gradient(180deg, #fcfcfc 0%,rgba(255,255,255,0) 100%);--awb-flex-wrap:wrap;\" ><div class=\"fusion-builder-row fusion-row fusion-flex-align-items-center fusion-flex-content-wrap\" style=\"max-width:104%;margin-left: calc(-4% \/ 2 );margin-right: calc(-4% \/ 2 );\"><div class=\"fusion-layout-column fusion_builder_column fusion-builder-column-3 fusion_builder_column_1_2 1_2 fusion-flex-column fusion-flex-align-self-stretch fusion-column-inner-bg-wrapper fusion-animated\" style=\"--awb-inner-bg-position:left center;--awb-inner-bg-size:cover;--awb-width-large:50%;--awb-margin-top-large:0px;--awb-spacing-right-large:0px;--awb-margin-bottom-large:0px;--awb-spacing-left-large:0px;--awb-width-medium:50%;--awb-order-medium:0;--awb-spacing-right-medium:0px;--awb-spacing-left-medium:0px;--awb-width-small:100%;--awb-order-small:0;--awb-spacing-right-small:1.92%;--awb-spacing-left-small:1.92%;\" data-animationType=\"zoomIn\" data-animationDuration=\"0.3\" data-animationOffset=\"top-into-view\"><span class=\"fusion-column-inner-bg hover-type-zoomin\"><span class=\"fusion-column-anchor\"><span class=\"fusion-column-inner-bg-image lazyload\" data-bg=\"https:\/\/www.pfarrplatz.at\/wp-content\/uploads\/sites\/25\/2022\/03\/PK-Beethoven_crop2.jpg\"><\/span><\/span><\/span><div class=\"fusion-column-wrapper fusion-column-has-shadow fusion-flex-justify-content-space-evenly fusion-content-layout-column fusion-empty-column-bg-image fusion-column-has-bg-image\" data-bg-url=\"https:\/\/www.pfarrplatz.at\/wp-content\/uploads\/sites\/25\/2022\/03\/PK-Beethoven_crop2.jpg\"><img decoding=\"async\" class=\"fusion-empty-dims-img-placeholder\" aria-label=\"PK-Beethoven_crop2\" src=\"data:image\/svg+xml,%3Csvg%20xmlns%3D%27http%3A%2F%2Fwww.w3.org%2F2000%2Fsvg%27%20width%3D%271648%27%20height%3D%271061%27%20viewBox%3D%270%200%201648%201061%27%3E%3Crect%20width%3D%271648%27%20height%3D%271061%27%20fill-opacity%3D%220%22%2F%3E%3C%2Fsvg%3E\"><\/div><\/div><div class=\"fusion-layout-column fusion_builder_column fusion-builder-column-4 fusion_builder_column_1_2 1_2 fusion-flex-column\" style=\"--awb-padding-top:50px;--awb-padding-right:50px;--awb-padding-bottom:50px;--awb-padding-left:50px;--awb-padding-top-small:25px;--awb-padding-right-small:25px;--awb-padding-bottom-small:25px;--awb-padding-left-small:25px;--awb-bg-size:cover;--awb-width-large:50%;--awb-margin-top-large:0px;--awb-spacing-right-large:3.84%;--awb-margin-bottom-large:20px;--awb-spacing-left-large:3.84%;--awb-width-medium:50%;--awb-order-medium:0;--awb-spacing-right-medium:3.84%;--awb-spacing-left-medium:3.84%;--awb-width-small:100%;--awb-order-small:0;--awb-spacing-right-small:1.92%;--awb-spacing-left-small:1.92%;\"><div class=\"fusion-column-wrapper fusion-column-has-shadow fusion-flex-justify-content-flex-start fusion-content-layout-column\"><div class=\"fusion-text fusion-text-2\" style=\"--awb-content-alignment:center;--awb-margin-top:40px;\"><p><b>A Heiligenstadt trov\u00f2 nuove forze.<\/b> Nel 1803\/1804, Beethoven complet\u00f2 la sua terza sinfonia &#8220;Eroica&#8221;. Ludwig van Beethoven si trasfer\u00ec nella romantica casa bifamiliare della cantina &#8220;Mayer am Pfarrplatz&#8221; nel 1817. Questo evento \u00e8 stato organizzato da Joseph Aug. Lux, nella sua biografia di Beethoven del 1927, si esprime cos\u00ec:<\/p>\n<\/div><\/div><\/div><\/div><\/div><div class=\"fusion-fullwidth fullwidth-box fusion-builder-row-3 fusion-flex-container center_container bild_rechts nonhundred-percent-fullwidth non-hundred-percent-height-scrolling\" style=\"--awb-border-radius-top-left:0px;--awb-border-radius-top-right:0px;--awb-border-radius-bottom-right:0px;--awb-border-radius-bottom-left:0px;--awb-padding-top:0px;--awb-padding-right:0px;--awb-padding-bottom:0px;--awb-padding-left:0px;--awb-min-height:600px;--awb-background-image:linear-gradient(180deg, #fcfcfc 0%,rgba(255,255,255,0) 100%);--awb-flex-wrap:wrap;\" ><div class=\"fusion-builder-row fusion-row fusion-flex-align-items-center fusion-flex-content-wrap\" style=\"max-width:104%;margin-left: calc(-4% \/ 2 );margin-right: calc(-4% \/ 2 );\"><div class=\"fusion-layout-column fusion_builder_column fusion-builder-column-5 fusion_builder_column_1_2 1_2 fusion-flex-column\" style=\"--awb-padding-top:50px;--awb-padding-right:50px;--awb-padding-bottom:50px;--awb-padding-left:50px;--awb-padding-top-small:25px;--awb-padding-right-small:25px;--awb-padding-bottom-small:25px;--awb-padding-left-small:25px;--awb-bg-size:cover;--awb-width-large:50%;--awb-margin-top-large:0px;--awb-spacing-right-large:3.84%;--awb-margin-bottom-large:20px;--awb-spacing-left-large:3.84%;--awb-width-medium:50%;--awb-order-medium:0;--awb-spacing-right-medium:3.84%;--awb-spacing-left-medium:3.84%;--awb-width-small:100%;--awb-order-small:0;--awb-spacing-right-small:1.92%;--awb-spacing-left-small:1.92%;\"><div class=\"fusion-column-wrapper fusion-column-has-shadow fusion-flex-justify-content-flex-start fusion-content-layout-column\"><div class=\"fusion-text fusion-text-3\" style=\"--awb-content-alignment:justify;--awb-margin-top:40px;\"><p style=\"text-align: center;  \"><i>&#8220;A Heiligenstadt \u00e8 stata certamente trovata una residenza estiva; la casa \u00e8 splendidamente situata nella tranquilla e soleggiata Pfarrplatz, al centro della quale si erge una statua di San Giovanni, circondata da quattro acacie. San Floriano si affaccia dall&#8217;angolo della casa su uno sfondo blu, un ampio cancello conduce al cortile; viti selvatiche sovrastano la scala di legno aperta sul lato lungo sinistro come un fitto processo verde, che conduce alle camere primitive, le cui finestre guardano lontano sul Danubio, attraverso il Marchfeld, dove la contessa Erd\u00f6dy vive nella sua tenuta di campagna&#8230;&#8221;<\/i><\/p>\n<\/div><\/div><\/div><div class=\"fusion-layout-column fusion_builder_column fusion-builder-column-6 fusion_builder_column_1_2 1_2 fusion-flex-column fusion-flex-align-self-stretch fusion-column-inner-bg-wrapper fusion-animated\" style=\"--awb-inner-bg-position:center bottom;--awb-inner-bg-size:cover;--awb-width-large:50%;--awb-margin-top-large:0px;--awb-spacing-right-large:0px;--awb-margin-bottom-large:0px;--awb-spacing-left-large:0px;--awb-width-medium:50%;--awb-order-medium:0;--awb-spacing-right-medium:0px;--awb-spacing-left-medium:0px;--awb-width-small:100%;--awb-order-small:0;--awb-spacing-right-small:1.92%;--awb-spacing-left-small:1.92%;\" data-animationType=\"zoomIn\" data-animationDuration=\"0.3\" data-animationOffset=\"top-into-view\"><span class=\"fusion-column-inner-bg hover-type-zoomin\"><span class=\"fusion-column-anchor\"><span class=\"fusion-column-inner-bg-image lazyload\" data-bg=\"https:\/\/www.pfarrplatz.at\/wp-content\/uploads\/sites\/25\/2022\/03\/0026_Mayer_Pfarrplatz_20210727.jpg\"><\/span><\/span><\/span><div class=\"fusion-column-wrapper fusion-column-has-shadow fusion-flex-justify-content-space-evenly fusion-content-layout-column fusion-empty-column-bg-image fusion-column-has-bg-image\" data-bg-url=\"https:\/\/www.pfarrplatz.at\/wp-content\/uploads\/sites\/25\/2022\/03\/0026_Mayer_Pfarrplatz_20210727.jpg\"><img decoding=\"async\" class=\"fusion-empty-dims-img-placeholder\" aria-label=\"0026_Mayer_Pfarrplatz_20210727\" src=\"data:image\/svg+xml,%3Csvg%20xmlns%3D%27http%3A%2F%2Fwww.w3.org%2F2000%2Fsvg%27%20width%3D%271804%27%20height%3D%271200%27%20viewBox%3D%270%200%201804%201200%27%3E%3Crect%20width%3D%271804%27%20height%3D%271200%27%20fill-opacity%3D%220%22%2F%3E%3C%2Fsvg%3E\"><\/div><\/div><\/div><\/div><div class=\"fusion-fullwidth fullwidth-box fusion-builder-row-4 fusion-flex-container center_container bild_links nonhundred-percent-fullwidth non-hundred-percent-height-scrolling\" style=\"--awb-border-radius-top-left:0px;--awb-border-radius-top-right:0px;--awb-border-radius-bottom-right:0px;--awb-border-radius-bottom-left:0px;--awb-padding-top:0px;--awb-padding-right:0px;--awb-padding-bottom:0px;--awb-padding-left:0px;--awb-min-height:600px;--awb-background-image:linear-gradient(180deg, #fcfcfc 0%,rgba(255,255,255,0) 100%);--awb-flex-wrap:wrap;\" ><div class=\"fusion-builder-row fusion-row fusion-flex-align-items-center fusion-flex-content-wrap\" style=\"max-width:104%;margin-left: calc(-4% \/ 2 );margin-right: calc(-4% \/ 2 );\"><div class=\"fusion-layout-column fusion_builder_column fusion-builder-column-7 fusion_builder_column_1_2 1_2 fusion-flex-column fusion-flex-align-self-stretch fusion-column-inner-bg-wrapper fusion-animated\" style=\"--awb-inner-bg-position:center center;--awb-inner-bg-size:cover;--awb-width-large:50%;--awb-margin-top-large:0px;--awb-spacing-right-large:0px;--awb-margin-bottom-large:0px;--awb-spacing-left-large:0px;--awb-width-medium:50%;--awb-order-medium:0;--awb-spacing-right-medium:0px;--awb-spacing-left-medium:0px;--awb-width-small:100%;--awb-order-small:0;--awb-spacing-right-small:1.92%;--awb-spacing-left-small:1.92%;\" data-animationType=\"zoomIn\" data-animationDuration=\"0.3\" data-animationOffset=\"top-into-view\"><span class=\"fusion-column-inner-bg hover-type-zoomin\"><span class=\"fusion-column-anchor\"><span class=\"fusion-column-inner-bg-image lazyload\" data-bg=\"https:\/\/www.pfarrplatz.at\/wp-content\/uploads\/sites\/25\/2022\/03\/Neue-Postkarten_Illustration_Ines-Tretzmueller_26.1.2021_crop6-1.jpg\"><\/span><\/span><\/span><div class=\"fusion-column-wrapper fusion-column-has-shadow fusion-flex-justify-content-space-evenly fusion-content-layout-column fusion-empty-column-bg-image fusion-column-has-bg-image\" data-bg-url=\"https:\/\/www.pfarrplatz.at\/wp-content\/uploads\/sites\/25\/2022\/03\/Neue-Postkarten_Illustration_Ines-Tretzmueller_26.1.2021_crop6-1.jpg\"><img decoding=\"async\" class=\"fusion-empty-dims-img-placeholder\" aria-label=\"Neue-Postkarten_Illustration_Ines-Tretzm\u00fcller_26.1.2021_crop6\" src=\"data:image\/svg+xml,%3Csvg%20xmlns%3D%27http%3A%2F%2Fwww.w3.org%2F2000%2Fsvg%27%20width%3D%271245%27%20height%3D%271200%27%20viewBox%3D%270%200%201245%201200%27%3E%3Crect%20width%3D%271245%27%20height%3D%271200%27%20fill-opacity%3D%220%22%2F%3E%3C%2Fsvg%3E\"><\/div><\/div><div class=\"fusion-layout-column fusion_builder_column fusion-builder-column-8 fusion_builder_column_1_2 1_2 fusion-flex-column\" style=\"--awb-padding-top:50px;--awb-padding-right:50px;--awb-padding-bottom:50px;--awb-padding-left:50px;--awb-padding-top-small:25px;--awb-padding-right-small:25px;--awb-padding-bottom-small:25px;--awb-padding-left-small:25px;--awb-bg-size:cover;--awb-width-large:50%;--awb-margin-top-large:0px;--awb-spacing-right-large:3.84%;--awb-margin-bottom-large:20px;--awb-spacing-left-large:3.84%;--awb-width-medium:50%;--awb-order-medium:0;--awb-spacing-right-medium:3.84%;--awb-spacing-left-medium:3.84%;--awb-width-small:100%;--awb-order-small:0;--awb-spacing-right-small:1.92%;--awb-spacing-left-small:1.92%;\"><div class=\"fusion-column-wrapper fusion-column-has-shadow fusion-flex-justify-content-flex-start fusion-content-layout-column\"><div class=\"fusion-text fusion-text-4\" style=\"--awb-content-alignment:center;\"><p>Se oggi si cammina lungo Nestelbachgasse fino al Mayer in Pfarrplatz, il tempo sembra essersi fermato, perch\u00e9 ogni dettaglio della descrizione \u00e8 ancora visibile in ogni luogo. Durante il periodo trascorso a Heiligenstadt, Ludwig van Beethoven lavor\u00f2 alla sua opera pi\u00f9 importante, la Nona Sinfonia.<\/p>\n<\/div><\/div><\/div><\/div><\/div><div class=\"fusion-fullwidth fullwidth-box fusion-builder-row-5 fusion-flex-container nonhundred-percent-fullwidth non-hundred-percent-height-scrolling\" style=\"--awb-border-radius-top-left:0px;--awb-border-radius-top-right:0px;--awb-border-radius-bottom-right:0px;--awb-border-radius-bottom-left:0px;--awb-padding-top:50px;--awb-padding-right:50px;--awb-padding-bottom:50px;--awb-padding-left:50px;--awb-margin-top:0px;--awb-margin-bottom:0px;--awb-flex-wrap:wrap;\" ><div class=\"fusion-builder-row fusion-row fusion-flex-align-items-flex-start fusion-flex-justify-content-center fusion-flex-content-wrap\" style=\"max-width:104%;margin-left: calc(-4% \/ 2 );margin-right: calc(-4% \/ 2 );\"><div class=\"fusion-layout-column fusion_builder_column fusion-builder-column-9 fusion_builder_column_1_1 1_1 fusion-flex-column fusion-flex-align-self-center\" style=\"--awb-bg-size:cover;--awb-width-large:100%;--awb-margin-top-large:0px;--awb-spacing-right-large:1.92%;--awb-margin-bottom-large:0px;--awb-spacing-left-large:1.92%;--awb-width-medium:100%;--awb-order-medium:0;--awb-spacing-right-medium:1.92%;--awb-spacing-left-medium:1.92%;--awb-width-small:100%;--awb-order-small:0;--awb-spacing-right-small:1.92%;--awb-spacing-left-small:1.92%;\"><div class=\"fusion-column-wrapper fusion-column-has-shadow fusion-flex-justify-content-center fusion-content-layout-column\"><div class=\"fusion-image-before-after-wrapper fusion-image-before-after-horizontal type-before-after hover-type-together fusion-image-before-after-wrapper-1\" style=\"--awb-font-size:14px;--awb-bordersize:0px;--awb-handle-bg:var(--awb-color4);--awb-accent-color-bg:hsla(var(--awb-color1-h),var(--awb-color1-s),var(--awb-color1-l),calc(var(--awb-color1-a) - 85%));--awb-element-width:100%;--awb-element-max-width:1200px;--awb-transition-time:0.5s;\"><div class=\"fusion-image-before-after-element fusion-image-before-after fusion-image-before-after-container fusion-image-before-after-1\" data-offset=\"0.45\" data-orientation=\"horizontal\" data-move-with-handle-only=\"true\" data-click-to-move=\"true\"><img decoding=\"async\" class=\"fusion-image-before-after-before lazyload\" src=\"data:image\/svg+xml,%3Csvg%20xmlns%3D%27http%3A%2F%2Fwww.w3.org%2F2000%2Fsvg%27%20width%3D%271708%27%20height%3D%271130%27%20viewBox%3D%270%200%201708%201130%27%3E%3Crect%20width%3D%271708%27%20height%3D%271130%27%20fill-opacity%3D%220%22%2F%3E%3C%2Fsvg%3E\" width=\"1708\" height=\"1130\" data-orig-src=\"https:\/\/www.pfarrplatz.at\/wp-content\/uploads\/sites\/25\/2022\/03\/BA_TEST_2.jpg\"><img decoding=\"async\" class=\"fusion-image-before-after-after lazyload\" src=\"data:image\/svg+xml,%3Csvg%20xmlns%3D%27http%3A%2F%2Fwww.w3.org%2F2000%2Fsvg%27%20width%3D%271708%27%20height%3D%271130%27%20viewBox%3D%270%200%201708%201130%27%3E%3Crect%20width%3D%271708%27%20height%3D%271130%27%20fill-opacity%3D%220%22%2F%3E%3C%2Fsvg%3E\" width=\"1708\" height=\"1130\" data-orig-src=\"https:\/\/www.pfarrplatz.at\/wp-content\/uploads\/sites\/25\/2022\/03\/BA_TEST_1.jpg\"><div class=\"fusion-image-before-after-handle fusion-image-before-after-handle-square\"><span class=\"fusion-image-before-after-left-arrow\"><\/span><span class=\"fusion-image-before-after-right-arrow\"><\/span><\/div><\/div><\/div><\/div><\/div><\/div><\/div><\/p>\n","protected":false},"excerpt":{"rendered":"","protected":false},"author":1,"featured_media":0,"parent":0,"menu_order":0,"comment_status":"closed","ping_status":"closed","template":"","meta":{"_acf_changed":false,"footnotes":""},"class_list":["post-10828","page","type-page","status-publish","hentry"],"acf":[],"yoast_head":"<!-- This site is optimized with the Yoast SEO plugin v27.5 - https:\/\/yoast.com\/product\/yoast-seo-wordpress\/ -->\n<title>La casa di Beethoven - Heuriger Mayer am Pfarrplatz<\/title>\n<meta name=\"robots\" content=\"index, follow, max-snippet:-1, max-image-preview:large, max-video-preview:-1\" \/>\n<link rel=\"canonical\" href=\"https:\/\/www.pfarrplatz.at\/it\/la-casa-di-beethoven\/\" \/>\n<meta property=\"og:locale\" content=\"it_IT\" \/>\n<meta property=\"og:type\" content=\"article\" \/>\n<meta property=\"og:title\" content=\"La casa di Beethoven - Heuriger Mayer am Pfarrplatz\" \/>\n<meta property=\"og:url\" content=\"https:\/\/www.pfarrplatz.at\/it\/la-casa-di-beethoven\/\" \/>\n<meta property=\"og:site_name\" content=\"Heuriger Mayer am Pfarrplatz\" \/>\n<meta property=\"article:publisher\" content=\"https:\/\/www.facebook.com\/mayerampfarrplatz\" \/>\n<meta property=\"article:modified_time\" content=\"2024-02-05T10:02:19+00:00\" \/>\n<meta name=\"twitter:card\" content=\"summary_large_image\" \/>\n<meta name=\"twitter:label1\" content=\"Tempo di lettura stimato\" \/>\n\t<meta name=\"twitter:data1\" content=\"15 minuti\" \/>\n<script type=\"application\/ld+json\" class=\"yoast-schema-graph\">{\"@context\":\"https:\\\/\\\/schema.org\",\"@graph\":[{\"@type\":\"WebPage\",\"@id\":\"https:\\\/\\\/www.pfarrplatz.at\\\/it\\\/la-casa-di-beethoven\\\/\",\"url\":\"https:\\\/\\\/www.pfarrplatz.at\\\/it\\\/la-casa-di-beethoven\\\/\",\"name\":\"La casa di Beethoven - Heuriger Mayer am Pfarrplatz\",\"isPartOf\":{\"@id\":\"https:\\\/\\\/www.pfarrplatz.at\\\/de\\\/#website\"},\"datePublished\":\"2022-02-16T13:27:40+00:00\",\"dateModified\":\"2024-02-05T10:02:19+00:00\",\"breadcrumb\":{\"@id\":\"https:\\\/\\\/www.pfarrplatz.at\\\/it\\\/la-casa-di-beethoven\\\/#breadcrumb\"},\"inLanguage\":\"it-IT\",\"potentialAction\":[{\"@type\":\"ReadAction\",\"target\":[\"https:\\\/\\\/www.pfarrplatz.at\\\/it\\\/la-casa-di-beethoven\\\/\"]}]},{\"@type\":\"BreadcrumbList\",\"@id\":\"https:\\\/\\\/www.pfarrplatz.at\\\/it\\\/la-casa-di-beethoven\\\/#breadcrumb\",\"itemListElement\":[{\"@type\":\"ListItem\",\"position\":1,\"name\":\"Sito iniziale\",\"item\":\"https:\\\/\\\/www.pfarrplatz.at\\\/it\\\/\"},{\"@type\":\"ListItem\",\"position\":2,\"name\":\"La casa di Beethoven\"}]},{\"@type\":\"WebSite\",\"@id\":\"https:\\\/\\\/www.pfarrplatz.at\\\/de\\\/#website\",\"url\":\"https:\\\/\\\/www.pfarrplatz.at\\\/de\\\/\",\"name\":\"Heuriger Mayer am Pfarrplatz\",\"description\":\"\",\"publisher\":{\"@id\":\"https:\\\/\\\/www.pfarrplatz.at\\\/de\\\/#organization\"},\"potentialAction\":[{\"@type\":\"SearchAction\",\"target\":{\"@type\":\"EntryPoint\",\"urlTemplate\":\"https:\\\/\\\/www.pfarrplatz.at\\\/de\\\/?s={search_term_string}\"},\"query-input\":{\"@type\":\"PropertyValueSpecification\",\"valueRequired\":true,\"valueName\":\"search_term_string\"}}],\"inLanguage\":\"it-IT\"},{\"@type\":\"Organization\",\"@id\":\"https:\\\/\\\/www.pfarrplatz.at\\\/de\\\/#organization\",\"name\":\"Heuriger Mayer am Pfarrplatz\",\"url\":\"https:\\\/\\\/www.pfarrplatz.at\\\/de\\\/\",\"logo\":{\"@type\":\"ImageObject\",\"inLanguage\":\"it-IT\",\"@id\":\"https:\\\/\\\/www.pfarrplatz.at\\\/de\\\/#\\\/schema\\\/logo\\\/image\\\/\",\"url\":\"https:\\\/\\\/www.pfarrplatz.at\\\/wp-content\\\/uploads\\\/sites\\\/25\\\/2022\\\/02\\\/mayer_am_pfarrplatz-1-1-300x300-1.png\",\"contentUrl\":\"https:\\\/\\\/www.pfarrplatz.at\\\/wp-content\\\/uploads\\\/sites\\\/25\\\/2022\\\/02\\\/mayer_am_pfarrplatz-1-1-300x300-1.png\",\"width\":300,\"height\":300,\"caption\":\"Heuriger Mayer am Pfarrplatz\"},\"image\":{\"@id\":\"https:\\\/\\\/www.pfarrplatz.at\\\/de\\\/#\\\/schema\\\/logo\\\/image\\\/\"},\"sameAs\":[\"https:\\\/\\\/www.facebook.com\\\/mayerampfarrplatz\",\"https:\\\/\\\/www.instagram.com\\\/mayerampfarrplatz.pfarrwirt\\\/\"]}]}<\/script>\n<!-- \/ Yoast SEO plugin. -->","yoast_head_json":{"title":"La casa di Beethoven - Heuriger Mayer am Pfarrplatz","robots":{"index":"index","follow":"follow","max-snippet":"max-snippet:-1","max-image-preview":"max-image-preview:large","max-video-preview":"max-video-preview:-1"},"canonical":"https:\/\/www.pfarrplatz.at\/it\/la-casa-di-beethoven\/","og_locale":"it_IT","og_type":"article","og_title":"La casa di Beethoven - Heuriger Mayer am Pfarrplatz","og_url":"https:\/\/www.pfarrplatz.at\/it\/la-casa-di-beethoven\/","og_site_name":"Heuriger Mayer am Pfarrplatz","article_publisher":"https:\/\/www.facebook.com\/mayerampfarrplatz","article_modified_time":"2024-02-05T10:02:19+00:00","twitter_card":"summary_large_image","twitter_misc":{"Tempo di lettura stimato":"15 minuti"},"schema":{"@context":"https:\/\/schema.org","@graph":[{"@type":"WebPage","@id":"https:\/\/www.pfarrplatz.at\/it\/la-casa-di-beethoven\/","url":"https:\/\/www.pfarrplatz.at\/it\/la-casa-di-beethoven\/","name":"La casa di Beethoven - Heuriger Mayer am Pfarrplatz","isPartOf":{"@id":"https:\/\/www.pfarrplatz.at\/de\/#website"},"datePublished":"2022-02-16T13:27:40+00:00","dateModified":"2024-02-05T10:02:19+00:00","breadcrumb":{"@id":"https:\/\/www.pfarrplatz.at\/it\/la-casa-di-beethoven\/#breadcrumb"},"inLanguage":"it-IT","potentialAction":[{"@type":"ReadAction","target":["https:\/\/www.pfarrplatz.at\/it\/la-casa-di-beethoven\/"]}]},{"@type":"BreadcrumbList","@id":"https:\/\/www.pfarrplatz.at\/it\/la-casa-di-beethoven\/#breadcrumb","itemListElement":[{"@type":"ListItem","position":1,"name":"Sito iniziale","item":"https:\/\/www.pfarrplatz.at\/it\/"},{"@type":"ListItem","position":2,"name":"La casa di Beethoven"}]},{"@type":"WebSite","@id":"https:\/\/www.pfarrplatz.at\/de\/#website","url":"https:\/\/www.pfarrplatz.at\/de\/","name":"Heuriger Mayer am Pfarrplatz","description":"","publisher":{"@id":"https:\/\/www.pfarrplatz.at\/de\/#organization"},"potentialAction":[{"@type":"SearchAction","target":{"@type":"EntryPoint","urlTemplate":"https:\/\/www.pfarrplatz.at\/de\/?s={search_term_string}"},"query-input":{"@type":"PropertyValueSpecification","valueRequired":true,"valueName":"search_term_string"}}],"inLanguage":"it-IT"},{"@type":"Organization","@id":"https:\/\/www.pfarrplatz.at\/de\/#organization","name":"Heuriger Mayer am Pfarrplatz","url":"https:\/\/www.pfarrplatz.at\/de\/","logo":{"@type":"ImageObject","inLanguage":"it-IT","@id":"https:\/\/www.pfarrplatz.at\/de\/#\/schema\/logo\/image\/","url":"https:\/\/www.pfarrplatz.at\/wp-content\/uploads\/sites\/25\/2022\/02\/mayer_am_pfarrplatz-1-1-300x300-1.png","contentUrl":"https:\/\/www.pfarrplatz.at\/wp-content\/uploads\/sites\/25\/2022\/02\/mayer_am_pfarrplatz-1-1-300x300-1.png","width":300,"height":300,"caption":"Heuriger Mayer am Pfarrplatz"},"image":{"@id":"https:\/\/www.pfarrplatz.at\/de\/#\/schema\/logo\/image\/"},"sameAs":["https:\/\/www.facebook.com\/mayerampfarrplatz","https:\/\/www.instagram.com\/mayerampfarrplatz.pfarrwirt\/"]}]}},"_links":{"self":[{"href":"https:\/\/www.pfarrplatz.at\/it\/wp-json\/wp\/v2\/pages\/10828","targetHints":{"allow":["GET"]}}],"collection":[{"href":"https:\/\/www.pfarrplatz.at\/it\/wp-json\/wp\/v2\/pages"}],"about":[{"href":"https:\/\/www.pfarrplatz.at\/it\/wp-json\/wp\/v2\/types\/page"}],"author":[{"embeddable":true,"href":"https:\/\/www.pfarrplatz.at\/it\/wp-json\/wp\/v2\/users\/1"}],"replies":[{"embeddable":true,"href":"https:\/\/www.pfarrplatz.at\/it\/wp-json\/wp\/v2\/comments?post=10828"}],"version-history":[{"count":1,"href":"https:\/\/www.pfarrplatz.at\/it\/wp-json\/wp\/v2\/pages\/10828\/revisions"}],"predecessor-version":[{"id":10839,"href":"https:\/\/www.pfarrplatz.at\/it\/wp-json\/wp\/v2\/pages\/10828\/revisions\/10839"}],"wp:attachment":[{"href":"https:\/\/www.pfarrplatz.at\/it\/wp-json\/wp\/v2\/media?parent=10828"}],"curies":[{"name":"wp","href":"https:\/\/api.w.org\/{rel}","templated":true}]}}