{"id":10747,"date":"2022-02-09T21:52:41","date_gmt":"2022-02-09T20:52:41","guid":{"rendered":"https:\/\/www.pfarrplatz.at\/a-heuriger\/"},"modified":"2026-01-28T15:11:56","modified_gmt":"2026-01-28T14:11:56","slug":"a-heuriger","status":"publish","type":"page","link":"https:\/\/www.pfarrplatz.at\/hu\/a-heuriger\/","title":{"rendered":"A Heuriger"},"content":{"rendered":"<p><div class=\"fusion-fullwidth fullwidth-box fusion-builder-row-1 fusion-flex-container nonhundred-percent-fullwidth non-hundred-percent-height-scrolling\" style=\"--awb-border-radius-top-left:0px;--awb-border-radius-top-right:0px;--awb-border-radius-bottom-right:0px;--awb-border-radius-bottom-left:0px;--awb-padding-top:20px;--awb-flex-wrap:wrap;\" ><div class=\"fusion-builder-row fusion-row fusion-flex-align-items-flex-start fusion-flex-justify-content-center fusion-flex-content-wrap\" style=\"max-width:104%;margin-left: calc(-4% \/ 2 );margin-right: calc(-4% \/ 2 );\"><div class=\"fusion-layout-column fusion_builder_column fusion-builder-column-0 fusion_builder_column_1_4 1_4 fusion-flex-column ranke_links_oben\" style=\"--awb-bg-size:cover;--awb-width-large:25%;--awb-margin-top-large:0px;--awb-spacing-right-large:7.68%;--awb-margin-bottom-large:20px;--awb-spacing-left-large:7.68%;--awb-width-medium:25%;--awb-order-medium:0;--awb-spacing-right-medium:7.68%;--awb-spacing-left-medium:7.68%;--awb-width-small:100%;--awb-order-small:0;--awb-spacing-right-small:1.92%;--awb-spacing-left-small:1.92%;\"><div class=\"fusion-column-wrapper fusion-column-has-shadow fusion-flex-justify-content-flex-start fusion-content-layout-column\"><script type=\"text\/javascript\">jQuery(function() { _initLayerSlider( '#layerslider_4_1uymxg6iepd51', {createdWith: '7.0.7', sliderVersion: '7.0.7', startInViewport: false, skin: 'v6', sliderFadeInDuration: 350, navPrevNext: false, hoverPrevNext: false, navStartStop: false, navButtons: false, showCircleTimer: false, useSrcset: true, skinsPath: 'https:\/\/www.pfarrplatz.at\/wp-content\/plugins\/LayerSlider\/assets\/static\/layerslider\/skins\/', performanceMode: true}); });<\/script><div id=\"layerslider_4_1uymxg6iepd51\"  class=\"ls-wp-container fitvidsignore ls-selectable\" style=\"width:400px;height:400px;margin:0 auto;margin-bottom: 0px;\"><div class=\"ls-slide\" ><img decoding=\"async\" width=\"641\" height=\"743\" src=\"https:\/\/www.pfarrplatz.at\/wp-content\/uploads\/sites\/25\/2022\/02\/efeu_karte_ru.png\" class=\"disable-lazyload ls-l ls-img-layer\" alt=\"\" style=\"font-size:36px;color:#000;text-align:left;font-style:normal;text-decoration:none;text-transform:none;font-weight:400;letter-spacing:0px;background-position:0% 0%;background-repeat:no-repeat;left:0px;top:-53px;width:402px;\" data-ls=\"durationin:3000;easingin:easeInOutExpo;fadein:false;rotatein:-20;skewxin:4;skewyin:4;scalexin:-30;scaleyin:-30;transformoriginin:right bottom;widthin:402 px;heightin:456px;\"><\/div><\/div><\/div><\/div><div class=\"fusion-layout-column fusion_builder_column fusion-builder-column-1 fusion_builder_column_2_3 2_3 fusion-flex-column\" style=\"--awb-padding-top:20px;--awb-padding-right:50px;--awb-padding-bottom:20px;--awb-padding-left:50px;--awb-padding-right-small:25px;--awb-padding-left-small:25px;--awb-bg-color:rgba(255,255,255,0.87);--awb-bg-color-hover:rgba(255,255,255,0.87);--awb-bg-size:cover;--awb-width-large:66.666666666667%;--awb-margin-top-large:0px;--awb-spacing-right-large:2.88%;--awb-margin-bottom-large:20px;--awb-spacing-left-large:2.88%;--awb-width-medium:66.666666666667%;--awb-order-medium:0;--awb-spacing-right-medium:2.88%;--awb-spacing-left-medium:2.88%;--awb-width-small:100%;--awb-order-small:0;--awb-spacing-right-small:1.92%;--awb-spacing-left-small:1.92%;\"><div class=\"fusion-column-wrapper fusion-column-has-shadow fusion-flex-justify-content-center fusion-content-layout-column\"><div class=\"fusion-text fusion-text-1 sm-text-align-center\" style=\"--awb-content-alignment:justify;\"><p>A <strong>hagyom\u00e1nyos &#8222;Mayer am Pfarrplatz&#8221; bor\u00e1szat,<\/strong> a b\u00e9csi boroz\u00f3i kult\u00fara megtestes\u00edt\u0151je, 1683 \u00f3ta a legjobb b\u00e9csi borokat k\u00e9sz\u00edti Heiligenstadtban. <em>Ludwig van Beethoven<\/em> 1817-ben lakott a Pfarrplatzon \u00e1ll\u00f3 romantikus, m\u0171eml\u00e9k jelleg\u0171 k\u00fclv\u00e1rosi h\u00e1zban. Heiligenstadtban t\u00f6lt\u00f6tt ideje alatt dolgozott legnagyobb m\u0171v\u00e9n, a 9. szimf\u00f3ni\u00e1n.<\/p>\n<p>Lak\u00e1sa, amely a vend\u00e9gkertb\u0151l egy kis l\u00e9pcs\u0151n kereszt\u00fcl az els\u0151 emeletre vezet, ma is eml\u00e9keztet r\u00e1. A b\u00e9csi Heurigen kult\u00fara \u00e9let\u00f6r\u00f6m\u00f6t \u00e9s \u00e9lvezetet hoz az asztalra. A b\u0151s\u00e9ges, hideg-meleg b\u00fcf\u00e9 szezon\u00e1lis h\u00e1zi k\u00e9sz\u00edt\u00e9s\u0171 \u00e9telk\u00fcl\u00f6nlegess\u00e9geket k\u00edn\u00e1l tipikus b\u00e9csi finoms\u00e1gokkal, \u00e9s egy kiv\u00e1l\u00f3 poh\u00e1r bor mellett pihen\u00e9sre invit\u00e1lja \u00d6nt.<\/p>\n<\/div><div class=\"fusion-builder-row fusion-builder-row-inner fusion-row fusion-flex-align-items-flex-start fusion-flex-justify-content-center fusion-flex-content-wrap\" style=\"width:104% !important;max-width:104% !important;margin-left: calc(-4% \/ 2 );margin-right: calc(-4% \/ 2 );\"><div class=\"fusion-layout-column fusion_builder_column_inner fusion-builder-nested-column-0 fusion_builder_column_inner_1_2 1_2 fusion-flex-column\" style=\"--awb-bg-size:cover;--awb-width-large:50%;--awb-margin-top-large:0px;--awb-spacing-right-large:3.84%;--awb-margin-bottom-large:20px;--awb-spacing-left-large:3.84%;--awb-width-medium:50%;--awb-order-medium:0;--awb-spacing-right-medium:3.84%;--awb-spacing-left-medium:3.84%;--awb-width-small:100%;--awb-order-small:0;--awb-spacing-right-small:1.92%;--awb-spacing-left-small:1.92%;\"><div class=\"fusion-column-wrapper fusion-column-has-shadow fusion-flex-justify-content-flex-start fusion-content-layout-column\"><div class=\"sm-text-align-center\" style=\"text-align:right;\"><a class=\"fusion-button button-flat fusion-button-default-size button-custom fusion-button-default button-1 fusion-button-default-span fusion-button-default-type\" style=\"--button_accent_color:var(--awb-color8);--button_border_color:var(--awb-color8);--button_accent_hover_color:#878787;--button_border_hover_color:#878787;--button_border_width-top:1px;--button_border_width-right:1px;--button_border_width-bottom:1px;--button_border_width-left:1px;--button-border-radius-top-left:30px;--button-border-radius-top-right:30px;--button-border-radius-bottom-right:30px;--button-border-radius-bottom-left:30px;--button_gradient_top_color:rgba(0,0,0,0);--button_gradient_bottom_color:rgba(0,0,0,0);--button_gradient_top_color_hover:rgba(0,0,0,0);--button_gradient_bottom_color_hover:rgba(0,0,0,0);--button_font_size:18px;--button_padding-top:12px;--button_padding-right:24px;--button_padding-bottom:12px;--button_padding-left:24px;\" target=\"_self\" href=\"#\" data-toggle=\"modal\" data-target=\".fusion-modal.speisekarte\" id=\"speisekarte\"><span class=\"fusion-button-text awb-button__text awb-button__text--default\">Men\u00fc megnyit\u00e1sa<\/span><\/a><\/div><\/div><\/div><div class=\"fusion-layout-column fusion_builder_column_inner fusion-builder-nested-column-1 fusion_builder_column_inner_1_2 1_2 fusion-flex-column\" style=\"--awb-bg-size:cover;--awb-width-large:50%;--awb-margin-top-large:0px;--awb-spacing-right-large:3.84%;--awb-margin-bottom-large:20px;--awb-spacing-left-large:3.84%;--awb-width-medium:50%;--awb-order-medium:0;--awb-spacing-right-medium:3.84%;--awb-spacing-left-medium:3.84%;--awb-width-small:100%;--awb-order-small:0;--awb-spacing-right-small:1.92%;--awb-spacing-left-small:1.92%;\"><div class=\"fusion-column-wrapper fusion-column-has-shadow fusion-flex-justify-content-flex-start fusion-content-layout-column\"><div class=\"sm-text-align-center\" style=\"text-align:left;\"><a class=\"fusion-button button-flat fusion-button-default-size button-custom fusion-button-default button-2 fusion-button-default-span fusion-button-default-type\" style=\"--button_accent_color:var(--awb-color8);--button_border_color:var(--awb-color8);--button_accent_hover_color:#878787;--button_border_hover_color:#878787;--button_border_width-top:1px;--button_border_width-right:1px;--button_border_width-bottom:1px;--button_border_width-left:1px;--button-border-radius-top-left:30px;--button-border-radius-top-right:30px;--button-border-radius-bottom-right:30px;--button-border-radius-bottom-left:30px;--button_gradient_top_color:rgba(0,0,0,0);--button_gradient_bottom_color:rgba(0,0,0,0);--button_gradient_top_color_hover:rgba(0,0,0,0);--button_gradient_bottom_color_hover:rgba(0,0,0,0);--button_font_size:18px;--button_padding-top:12px;--button_padding-right:24px;--button_padding-bottom:12px;--button_padding-left:24px;\" target=\"_self\" href=\"#\" data-toggle=\"modal\" data-target=\".fusion-modal.reservierung\" id=\"reservierung\"><span class=\"fusion-button-text awb-button__text awb-button__text--default\">Foglaljon most<\/span><\/a><\/div><\/div><\/div><\/div><\/div><\/div><div class=\"fusion-layout-column fusion_builder_column fusion-builder-column-2 fusion_builder_column_1_4 1_4 fusion-flex-column ranke_rechts_unten fusion-no-small-visibility fusion-no-medium-visibility\" style=\"--awb-bg-size:cover;--awb-width-large:25%;--awb-margin-top-large:0px;--awb-spacing-right-large:7.68%;--awb-margin-bottom-large:20px;--awb-spacing-left-large:7.68%;--awb-width-medium:25%;--awb-order-medium:0;--awb-spacing-right-medium:7.68%;--awb-spacing-left-medium:7.68%;--awb-width-small:100%;--awb-order-small:0;--awb-spacing-right-small:1.92%;--awb-spacing-left-small:1.92%;\"><div class=\"fusion-column-wrapper fusion-column-has-shadow fusion-flex-justify-content-flex-start fusion-content-layout-column\"><script type=\"text\/javascript\">jQuery(function() { _initLayerSlider( '#layerslider_4_1s9u0d4xgungk', {createdWith: '7.0.7', sliderVersion: '7.0.7', startInViewport: false, skin: 'v6', sliderFadeInDuration: 350, navPrevNext: false, hoverPrevNext: false, navStartStop: false, navButtons: false, showCircleTimer: false, useSrcset: true, skinsPath: 'https:\/\/www.pfarrplatz.at\/wp-content\/plugins\/LayerSlider\/assets\/static\/layerslider\/skins\/', performanceMode: true}); });<\/script><div id=\"layerslider_4_1s9u0d4xgungk\"  class=\"ls-wp-container fitvidsignore ls-selectable\" style=\"width:400px;height:400px;margin:0 auto;margin-bottom: 0px;\"><div class=\"ls-slide\" ><img decoding=\"async\" width=\"641\" height=\"743\" src=\"https:\/\/www.pfarrplatz.at\/wp-content\/uploads\/sites\/25\/2022\/02\/efeu_karte_ru.png\" class=\"disable-lazyload ls-l ls-img-layer\" alt=\"\" style=\"font-size:36px;color:#000;text-align:left;font-style:normal;text-decoration:none;text-transform:none;font-weight:400;letter-spacing:0px;background-position:0% 0%;background-repeat:no-repeat;left:0px;top:-53px;width:402px;\" data-ls=\"durationin:3000;easingin:easeInOutExpo;fadein:false;rotatein:-20;skewxin:4;skewyin:4;scalexin:-30;scaleyin:-30;transformoriginin:right bottom;widthin:402 px;heightin:456px;\"><\/div><\/div><\/div><\/div><\/div><\/div><div class=\"fusion-fullwidth fullwidth-box fusion-builder-row-2 fusion-flex-container nonhundred-percent-fullwidth non-hundred-percent-height-scrolling\" style=\"--awb-border-radius-top-left:0px;--awb-border-radius-top-right:0px;--awb-border-radius-bottom-right:0px;--awb-border-radius-bottom-left:0px;--awb-padding-top:30px;--awb-padding-bottom:0px;--awb-background-color:var(--awb-color2);--awb-flex-wrap:wrap;\" id=\"musiker\" ><div class=\"fusion-builder-row fusion-row fusion-flex-align-items-stretch fusion-flex-content-wrap\" style=\"max-width:104%;margin-left: calc(-4% \/ 2 );margin-right: calc(-4% \/ 2 );\"><div class=\"fusion-layout-column fusion_builder_column fusion-builder-column-3 fusion_builder_column_1_1 1_1 fusion-flex-column\" style=\"--awb-bg-size:cover;--awb-width-large:100%;--awb-margin-top-large:0px;--awb-spacing-right-large:1.92%;--awb-margin-bottom-large:20px;--awb-spacing-left-large:1.92%;--awb-width-medium:100%;--awb-order-medium:0;--awb-spacing-right-medium:1.92%;--awb-spacing-left-medium:1.92%;--awb-width-small:100%;--awb-order-small:0;--awb-spacing-right-small:1.92%;--awb-spacing-left-small:1.92%;\"><div class=\"fusion-column-wrapper fusion-column-has-shadow fusion-flex-justify-content-flex-start fusion-content-layout-column\"><div class=\"fusion-title title fusion-title-1 fusion-sep-none fusion-title-center fusion-title-text fusion-title-size-two\" style=\"--awb-margin-bottom:0px;\"><h2 class=\"fusion-title-heading title-heading-center\" style=\"font-family:&quot;Oriflame Script&quot;;font-style:normal;font-weight:400;margin:0;line-height:50px;\">\u00c9l\u0151 zene naponta 19 \u00f3r\u00e1t\u00f3l<\/h2><\/div><div style=\"text-align:center;\"><a class=\"fusion-button button-flat fusion-button-default-size button-custom fusion-button-default button-3 fusion-button-default-span fusion-button-default-type\" style=\"--button_accent_color:var(--awb-color4);--button_border_color:var(--awb-color4);--button_accent_hover_color:var(--awb-color6);--button_border_hover_color:var(--awb-color6);--button_gradient_top_color:rgba(0,0,0,0);--button_gradient_bottom_color:rgba(0,0,0,0);--button_gradient_top_color_hover:rgba(0,0,0,0);--button_gradient_bottom_color_hover:rgba(0,0,0,0);--button_font_size:20px;--button_typography-font-family:&quot;Cormorant Garamond&quot;;--button_typography-font-style:italic;--button_typography-font-weight:700;--button_margin-top:-5px;\" target=\"_self\" href=\"#\" data-toggle=\"modal\" data-target=\".fusion-modal.heurigencd\" id=\"heurigencd\"><span class=\"fusion-button-text awb-button__text awb-button__text--default\">Heurigen CD m\u00e1r kaphat\u00f3!<\/span><\/a><\/div><div class=\"fusion-post-cards fusion-post-cards-1 awb-carousel awb-swiper awb-swiper-carousel awb-swiper-dots-position-bottom\" style=\"--awb-columns:6;\" data-autoplay=\"no\" data-autoplayspeed=\"2500\" data-autoplaypause=\"no\" data-loop=\"yes\" data-columns=\"6\" data-columnsmedium=\"0\" data-columnssmall=\"0\" data-itemmargin=\"40\" data-itemwidth=\"180\" data-touchscroll=\"no\" data-freemode=\"no\" data-imagesize=\"auto\" data-scrollitems=\"1\" data-mousepointer=\"default\" data-layout=\"carousel\" data-centeredslides=\"no\" data-shadow=\"no\" data-speed=\"500\" data-rotationangle=\"50\" data-depth=\"100\"><div class=\"swiper-wrapper fusion-flex-align-items-flex-start\"><div class=\"fusion_builder_column fusion-builder-column-4 fusion-flex-column post-card swiper-slide\" style=\"--awb-bg-blend:overlay;--awb-bg-size:cover;\"><div class=\"fusion-column-wrapper fusion-flex-justify-content-flex-start fusion-content-layout-column fusion-carousel-item-wrapper\"><div class=\"fusion-image-element \" style=\"text-align:center;--awb-max-width:140px;--awb-caption-title-font-family:var(--h2_typography-font-family);--awb-caption-title-font-weight:var(--h2_typography-font-weight);--awb-caption-title-font-style:var(--h2_typography-font-style);--awb-caption-title-size:var(--h2_typography-font-size);--awb-caption-title-transform:var(--h2_typography-text-transform);--awb-caption-title-line-height:var(--h2_typography-line-height);--awb-caption-title-letter-spacing:var(--h2_typography-letter-spacing);\"><span class=\" fusion-imageframe imageframe-none imageframe-1 hover-type-none news_img\"><img decoding=\"async\" width=\"520\" height=\"500\" title=\"Duo-OslanskySchneeweiss-web\" src=\"data:image\/svg+xml,%3Csvg%20xmlns%3D%27http%3A%2F%2Fwww.w3.org%2F2000%2Fsvg%27%20width%3D%27520%27%20height%3D%27500%27%20viewBox%3D%270%200%20520%20500%27%3E%3Crect%20width%3D%27520%27%20height%3D%27500%27%20fill-opacity%3D%220%22%2F%3E%3C%2Fsvg%3E\" data-orig-src=\"https:\/\/www.pfarrplatz.at\/wp-content\/uploads\/sites\/25\/2022\/05\/Duo-OslanskySchneeweiss-web.jpg\" alt class=\"lazyload img-responsive wp-image-6499\"\/><\/span><\/div><div class=\"fusion-text fusion-text-2 musiker_instrumente\" style=\"--awb-content-alignment:center;\"><\/div><div class=\"fusion-title title fusion-title-2 fusion-sep-none fusion-title-center fusion-title-text fusion-title-size-three musiker_name\" style=\"--awb-font-size:18px;\"><h3 class=\"fusion-title-heading title-heading-center\" style=\"font-family:&quot;Cormorant Garamond&quot;;font-style:normal;font-weight:600;margin:0;font-size:1em;\">Duo OSLANSKY\/SCHNEEWEISS<\/h3><\/div><div class=\"fusion-text fusion-text-3 musiker_ensemble\" style=\"--awb-content-alignment:center;\"><\/div><div><span class=\"fusion-popover popover-1\" data-animation=\"1\" data-class=\"popover-1\" data-container=\"popover-1\" data-content=\"Bereits seit 1958 spielt Fritz Oslansky als Gitarrist mit wechselnden Partnern bei verschiedenen Wiener Heurigen. Gemeinsam mit Helmut Schneewei\u00df verschafft das Duo unseren G\u00e4sten unvergessliche Momente am Pfarrplatz.\" data-delay=\"50\" data-placement=\"top\" data-title=\"Duo OSLANSKY\/SCHNEEWEISS\" data-toggle=\"popover\" data-trigger=\"click\"><span><\/span><\/span><\/div><div class=\"fusion-text fusion-text-4\"><\/div><\/div><\/div>\n<div class=\"fusion_builder_column fusion-builder-column-5 fusion-flex-column post-card swiper-slide\" style=\"--awb-bg-blend:overlay;--awb-bg-size:cover;\"><div class=\"fusion-column-wrapper fusion-flex-justify-content-flex-start fusion-content-layout-column fusion-carousel-item-wrapper\"><div class=\"fusion-image-element \" style=\"text-align:center;--awb-max-width:140px;--awb-caption-title-font-family:var(--h2_typography-font-family);--awb-caption-title-font-weight:var(--h2_typography-font-weight);--awb-caption-title-font-style:var(--h2_typography-font-style);--awb-caption-title-size:var(--h2_typography-font-size);--awb-caption-title-transform:var(--h2_typography-text-transform);--awb-caption-title-line-height:var(--h2_typography-line-height);--awb-caption-title-letter-spacing:var(--h2_typography-letter-spacing);\"><span class=\" fusion-imageframe imageframe-none imageframe-2 hover-type-none news_img\"><img decoding=\"async\" width=\"441\" height=\"500\" title=\"Manfred-Lenc-web\" src=\"data:image\/svg+xml,%3Csvg%20xmlns%3D%27http%3A%2F%2Fwww.w3.org%2F2000%2Fsvg%27%20width%3D%27441%27%20height%3D%27500%27%20viewBox%3D%270%200%20441%20500%27%3E%3Crect%20width%3D%27441%27%20height%3D%27500%27%20fill-opacity%3D%220%22%2F%3E%3C%2Fsvg%3E\" data-orig-src=\"https:\/\/www.pfarrplatz.at\/wp-content\/uploads\/sites\/25\/2022\/05\/Manfred-Lenc-web.jpg\" alt class=\"lazyload img-responsive wp-image-6497\"\/><\/span><\/div><div class=\"fusion-text fusion-text-5 musiker_instrumente\" style=\"--awb-content-alignment:center;\"><p>Akkordeon<\/p>\n<\/div><div class=\"fusion-title title fusion-title-3 fusion-sep-none fusion-title-center fusion-title-text fusion-title-size-three musiker_name\" style=\"--awb-font-size:18px;\"><h3 class=\"fusion-title-heading title-heading-center\" style=\"font-family:&quot;Cormorant Garamond&quot;;font-style:normal;font-weight:600;margin:0;font-size:1em;\">Manfred LENC<\/h3><\/div><div class=\"fusion-text fusion-text-6 musiker_ensemble\" style=\"--awb-content-alignment:center;\"><\/div><div><span class=\"fusion-popover popover-2\" data-animation=\"1\" data-class=\"popover-2\" data-container=\"popover-2\" data-content=\"Im Jahre des Staatsvertrages geboren, musste Manfred Lenc im Alter von sechs Jahren ein Instrument lernen. Nach langen K\u00e4mpfen wurde aus der von seinem Vater gew\u00fcnschten Violine dann &#8222;nur&#8221; das Pianoakkorden. Das Akkordeon begleitete ihn Zeit seines Lebens, Berufsmusiker war er jedoch nie. Erst nach seiner Ruhestandsversetzung konnte er sich ganz der Musik widmen &#8211; mit 60 Jahren kaufte er sich das erste Knopfakkordeon, lernte als Autodidakt um und spielt nun seit einigen Jahren nur mehr chromatisches Knopfakkordeon. Seit 2017 begleitet er regelm\u00e4\u00dfig unsere G\u00e4ste mit Wiener Liedern und Wiener Musik durch den Abend.\" data-delay=\"50\" data-placement=\"top\" data-title=\"Manfred LENC\" data-toggle=\"popover\" data-trigger=\"click\"><span><\/span><\/span><\/div><div class=\"fusion-text fusion-text-7\"><\/div><\/div><\/div>\n<div class=\"fusion_builder_column fusion-builder-column-6 fusion-flex-column post-card swiper-slide\" style=\"--awb-bg-blend:overlay;--awb-bg-size:cover;\"><div class=\"fusion-column-wrapper fusion-flex-justify-content-flex-start fusion-content-layout-column fusion-carousel-item-wrapper\"><div class=\"fusion-image-element \" style=\"text-align:center;--awb-max-width:140px;--awb-caption-title-font-family:var(--h2_typography-font-family);--awb-caption-title-font-weight:var(--h2_typography-font-weight);--awb-caption-title-font-style:var(--h2_typography-font-style);--awb-caption-title-size:var(--h2_typography-font-size);--awb-caption-title-transform:var(--h2_typography-text-transform);--awb-caption-title-line-height:var(--h2_typography-line-height);--awb-caption-title-letter-spacing:var(--h2_typography-letter-spacing);\"><span class=\" fusion-imageframe imageframe-none imageframe-3 hover-type-none news_img\"><img decoding=\"async\" width=\"442\" height=\"500\" title=\"Martin-Fostel-web\" src=\"data:image\/svg+xml,%3Csvg%20xmlns%3D%27http%3A%2F%2Fwww.w3.org%2F2000%2Fsvg%27%20width%3D%27442%27%20height%3D%27500%27%20viewBox%3D%270%200%20442%20500%27%3E%3Crect%20width%3D%27442%27%20height%3D%27500%27%20fill-opacity%3D%220%22%2F%3E%3C%2Fsvg%3E\" data-orig-src=\"https:\/\/www.pfarrplatz.at\/wp-content\/uploads\/sites\/25\/2022\/03\/Martin-Fostel-web.jpg\" alt class=\"lazyload img-responsive wp-image-6495\"\/><\/span><\/div><div class=\"fusion-text fusion-text-8 musiker_instrumente\" style=\"--awb-content-alignment:center;\"><p>Akkordeon, Gesang<\/p>\n<\/div><div class=\"fusion-title title fusion-title-4 fusion-sep-none fusion-title-center fusion-title-text fusion-title-size-three musiker_name\" style=\"--awb-font-size:18px;\"><h3 class=\"fusion-title-heading title-heading-center\" style=\"font-family:&quot;Cormorant Garamond&quot;;font-style:normal;font-weight:600;margin:0;font-size:1em;\">Martin FOSTEL<\/h3><\/div><div class=\"fusion-text fusion-text-9 musiker_ensemble\" style=\"--awb-content-alignment:center;\"><p>D`Scherzbuam | Duo Oslansky-Fostel | Michael PERFLER und seine Tri[o]logie | Wiener Tri[o]logie<\/p>\n<\/div><div><span class=\"fusion-popover popover-3\" data-animation=\"1\" data-class=\"popover-3\" data-container=\"popover-3\" data-content=\"Gepr\u00e4gt durch sein Elternhaus, bekam der in Wien geborene Musiker, S\u00e4nger und gelernter Tontechniker Martin Fostel schon sehr fr\u00fch Einblick in die Wienerliedkultur. Nachdem er sich im Rahmen seines Musikstudiums am Franz Schubert Konservatorium den Instrumenten Schlagzeug, Klarinette und Saxophon gewidmet hat, kehrte er in den fr\u00fchen 2000er Jahren zu seinem, aus den Kindertagen vertrauten Akkordeon zur\u00fcck, um sich von nun an vermehrt mit der Wienermusik vertieft zu besch\u00e4ftigen. Seither ist Martin Fostel in unterschiedlichen Formationen vom Duo bis Quartett anzutreffen.\" data-delay=\"50\" data-placement=\"top\" data-title=\"Martin FOSTEL\" data-toggle=\"popover\" data-trigger=\"click\"><span><\/span><\/span><\/div><div class=\"fusion-text fusion-text-10\"><\/div><\/div><\/div>\n<div class=\"fusion_builder_column fusion-builder-column-7 fusion-flex-column post-card swiper-slide\" style=\"--awb-bg-blend:overlay;--awb-bg-size:cover;\"><div class=\"fusion-column-wrapper fusion-flex-justify-content-flex-start fusion-content-layout-column fusion-carousel-item-wrapper\"><div class=\"fusion-image-element \" style=\"text-align:center;--awb-max-width:140px;--awb-caption-title-font-family:var(--h2_typography-font-family);--awb-caption-title-font-weight:var(--h2_typography-font-weight);--awb-caption-title-font-style:var(--h2_typography-font-style);--awb-caption-title-size:var(--h2_typography-font-size);--awb-caption-title-transform:var(--h2_typography-text-transform);--awb-caption-title-line-height:var(--h2_typography-line-height);--awb-caption-title-letter-spacing:var(--h2_typography-letter-spacing);\"><span class=\" fusion-imageframe imageframe-none imageframe-4 hover-type-none news_img\"><img decoding=\"async\" width=\"452\" height=\"475\" title=\"Musiker_MAAR\" src=\"data:image\/svg+xml,%3Csvg%20xmlns%3D%27http%3A%2F%2Fwww.w3.org%2F2000%2Fsvg%27%20width%3D%27452%27%20height%3D%27475%27%20viewBox%3D%270%200%20452%20475%27%3E%3Crect%20width%3D%27452%27%20height%3D%27475%27%20fill-opacity%3D%220%22%2F%3E%3C%2Fsvg%3E\" data-orig-src=\"https:\/\/www.pfarrplatz.at\/wp-content\/uploads\/sites\/25\/2022\/03\/Musiker_MAAR.jpg\" alt class=\"lazyload img-responsive wp-image-5516\"\/><\/span><\/div><div class=\"fusion-text fusion-text-11 musiker_instrumente\" style=\"--awb-content-alignment:center;\"><p>Drehorgel<\/p>\n<\/div><div class=\"fusion-title title fusion-title-5 fusion-sep-none fusion-title-center fusion-title-text fusion-title-size-three musiker_name\" style=\"--awb-font-size:18px;\"><h3 class=\"fusion-title-heading title-heading-center\" style=\"font-family:&quot;Cormorant Garamond&quot;;font-style:normal;font-weight:600;margin:0;font-size:1em;\">Oliver MAAR<\/h3><\/div><div class=\"fusion-text fusion-text-12 musiker_ensemble\" style=\"--awb-content-alignment:center;\"><\/div><div><span class=\"fusion-popover popover-4\" data-animation=\"1\" data-class=\"popover-4\" data-container=\"popover-4\" data-content=\"Oliver MAAR ist in Wien und Nieder\u00f6sterreich aufgewachsen. Bereits mit nur 16 Jahren gab er seine ersten kleinen Konzerte auf seiner ersten eigenen Drehorgel auf dem Leiterwagen. Oliver Maar ist der einzige Wiener Werkelmann\/Humorist, Naturs\u00e4nger und einziger Musiklochkartenhersteller f\u00fcr historische Drehorgeln \u00d6sterreichs. Seine Drehorgelarrangements bearbeitet er in Handarbeit rein nach Geh\u00f6r von alten Grammophon-Schellackplatten. Im Repertoire hat er alles von Beethoven bis zum legend\u00e4ren Helmut Qualtinger.\" data-delay=\"50\" data-placement=\"top\" data-title=\"Oliver MAAR\" data-toggle=\"popover\" data-trigger=\"click\"><span><\/span><\/span><\/div><div class=\"fusion-text fusion-text-13\"><\/div><\/div><\/div>\n<div class=\"fusion_builder_column fusion-builder-column-8 fusion-flex-column post-card swiper-slide\" style=\"--awb-bg-blend:overlay;--awb-bg-size:cover;\"><div class=\"fusion-column-wrapper fusion-flex-justify-content-flex-start fusion-content-layout-column fusion-carousel-item-wrapper\"><div class=\"fusion-image-element \" style=\"text-align:center;--awb-max-width:140px;--awb-caption-title-font-family:var(--h2_typography-font-family);--awb-caption-title-font-weight:var(--h2_typography-font-weight);--awb-caption-title-font-style:var(--h2_typography-font-style);--awb-caption-title-size:var(--h2_typography-font-size);--awb-caption-title-transform:var(--h2_typography-text-transform);--awb-caption-title-line-height:var(--h2_typography-line-height);--awb-caption-title-letter-spacing:var(--h2_typography-letter-spacing);\"><span class=\" fusion-imageframe imageframe-none imageframe-5 hover-type-none news_img\"><img decoding=\"async\" width=\"400\" height=\"501\" title=\"Musiker_KARNER\" src=\"data:image\/svg+xml,%3Csvg%20xmlns%3D%27http%3A%2F%2Fwww.w3.org%2F2000%2Fsvg%27%20width%3D%27400%27%20height%3D%27501%27%20viewBox%3D%270%200%20400%20501%27%3E%3Crect%20width%3D%27400%27%20height%3D%27501%27%20fill-opacity%3D%220%22%2F%3E%3C%2Fsvg%3E\" data-orig-src=\"https:\/\/www.pfarrplatz.at\/wp-content\/uploads\/sites\/25\/2022\/03\/Musiker_KARNER.jpg\" alt class=\"lazyload img-responsive wp-image-5514\"\/><\/span><\/div><div class=\"fusion-text fusion-text-14 musiker_instrumente\" style=\"--awb-content-alignment:center;\"><p>Kontragitarre, Gesang<\/p>\n<\/div><div class=\"fusion-title title fusion-title-6 fusion-sep-none fusion-title-center fusion-title-text fusion-title-size-three musiker_name\" style=\"--awb-font-size:18px;\"><h3 class=\"fusion-title-heading title-heading-center\" style=\"font-family:&quot;Cormorant Garamond&quot;;font-style:normal;font-weight:600;margin:0;font-size:1em;\">Wolfgang KARNER<\/h3><\/div><div class=\"fusion-text fusion-text-15 musiker_ensemble\" style=\"--awb-content-alignment:center;\"><p>Duo Weinblatt<\/p>\n<\/div><div><span class=\"fusion-popover popover-5\" data-animation=\"1\" data-class=\"popover-5\" data-container=\"popover-5\" data-content=\"Wolfgang KARNER zupft die Kontra- und schl\u00e4gt die Rhythmusgitarre. Die Kl\u00e4nge der Instrumente erg\u00e4nzen beide mit ihren Stimmen und w\u00fcrzen die dargebotenen Lieder stets mit einer ordentlichen Portion Wiener Schm\u00e4h.\" data-delay=\"50\" data-placement=\"top\" data-title=\"Wolfgang KARNER\" data-toggle=\"popover\" data-trigger=\"click\"><span><\/span><\/span><\/div><div class=\"fusion-text fusion-text-16\"><\/div><\/div><\/div>\n<div class=\"fusion_builder_column fusion-builder-column-9 fusion-flex-column post-card swiper-slide\" style=\"--awb-bg-blend:overlay;--awb-bg-size:cover;\"><div class=\"fusion-column-wrapper fusion-flex-justify-content-flex-start fusion-content-layout-column fusion-carousel-item-wrapper\"><div class=\"fusion-image-element \" style=\"text-align:center;--awb-max-width:140px;--awb-caption-title-font-family:var(--h2_typography-font-family);--awb-caption-title-font-weight:var(--h2_typography-font-weight);--awb-caption-title-font-style:var(--h2_typography-font-style);--awb-caption-title-size:var(--h2_typography-font-size);--awb-caption-title-transform:var(--h2_typography-text-transform);--awb-caption-title-line-height:var(--h2_typography-line-height);--awb-caption-title-letter-spacing:var(--h2_typography-letter-spacing);\"><span class=\" fusion-imageframe imageframe-none imageframe-6 hover-type-none news_img\"><img decoding=\"async\" width=\"346\" height=\"437\" title=\"Musiker_DEUTSCH\" src=\"data:image\/svg+xml,%3Csvg%20xmlns%3D%27http%3A%2F%2Fwww.w3.org%2F2000%2Fsvg%27%20width%3D%27346%27%20height%3D%27437%27%20viewBox%3D%270%200%20346%20437%27%3E%3Crect%20width%3D%27346%27%20height%3D%27437%27%20fill-opacity%3D%220%22%2F%3E%3C%2Fsvg%3E\" data-orig-src=\"https:\/\/www.pfarrplatz.at\/wp-content\/uploads\/sites\/25\/2022\/03\/Musiker_DEUTSCH.jpg\" alt class=\"lazyload img-responsive wp-image-5512\"\/><\/span><\/div><div class=\"fusion-text fusion-text-17 musiker_instrumente\" style=\"--awb-content-alignment:center;\"><p>Akkordeon<\/p>\n<\/div><div class=\"fusion-title title fusion-title-7 fusion-sep-none fusion-title-center fusion-title-text fusion-title-size-three musiker_name\" style=\"--awb-font-size:18px;\"><h3 class=\"fusion-title-heading title-heading-center\" style=\"font-family:&quot;Cormorant Garamond&quot;;font-style:normal;font-weight:600;margin:0;font-size:1em;\">Alfred \u201eFredi\u201c DEUTSCH<\/h3><\/div><div class=\"fusion-text fusion-text-18 musiker_ensemble\" style=\"--awb-content-alignment:center;\"><p>Duo Weinblatt<\/p>\n<\/div><div><span class=\"fusion-popover popover-6\" data-animation=\"1\" data-class=\"popover-6\" data-container=\"popover-6\" data-content=\"Alfred \u201eFredi\u201c DEUTSCH ist stolzer Besitzer von 17 Akkordeons. Er ist Teil des Ensembles \u201eDuo Weinblatt\u201c. Zeit seines Lebens ist er Musiker und spielt grunds\u00e4tzlich alle m\u00f6glichen Musikrichtungen \u2013 angefangen von Rock \u00fcber Pop bis hin zu seiner eigentlichen Bestimmung, den traditionellen Wienerliedern.\" data-delay=\"50\" data-placement=\"top\" data-title=\"Alfred \u201eFredi\u201c DEUTSCH\" data-toggle=\"popover\" data-trigger=\"click\"><span><\/span><\/span><\/div><div class=\"fusion-text fusion-text-19\"><\/div><\/div><\/div>\n<div class=\"fusion_builder_column fusion-builder-column-10 fusion-flex-column post-card swiper-slide\" style=\"--awb-bg-blend:overlay;--awb-bg-size:cover;\"><div class=\"fusion-column-wrapper fusion-flex-justify-content-flex-start fusion-content-layout-column fusion-carousel-item-wrapper\"><div class=\"fusion-image-element \" style=\"text-align:center;--awb-max-width:140px;--awb-caption-title-font-family:var(--h2_typography-font-family);--awb-caption-title-font-weight:var(--h2_typography-font-weight);--awb-caption-title-font-style:var(--h2_typography-font-style);--awb-caption-title-size:var(--h2_typography-font-size);--awb-caption-title-transform:var(--h2_typography-text-transform);--awb-caption-title-line-height:var(--h2_typography-line-height);--awb-caption-title-letter-spacing:var(--h2_typography-letter-spacing);\"><span class=\" fusion-imageframe imageframe-none imageframe-7 hover-type-none news_img\"><img decoding=\"async\" width=\"357\" height=\"521\" title=\"Musiker_HANIFL\" src=\"data:image\/svg+xml,%3Csvg%20xmlns%3D%27http%3A%2F%2Fwww.w3.org%2F2000%2Fsvg%27%20width%3D%27357%27%20height%3D%27521%27%20viewBox%3D%270%200%20357%20521%27%3E%3Crect%20width%3D%27357%27%20height%3D%27521%27%20fill-opacity%3D%220%22%2F%3E%3C%2Fsvg%3E\" data-orig-src=\"https:\/\/www.pfarrplatz.at\/wp-content\/uploads\/sites\/25\/2022\/03\/Musiker_HANIFL.jpg\" alt class=\"lazyload img-responsive wp-image-5510\"\/><\/span><\/div><div class=\"fusion-text fusion-text-20 musiker_instrumente\" style=\"--awb-content-alignment:center;\"><p>Text und Moderation<\/p>\n<\/div><div class=\"fusion-title title fusion-title-8 fusion-sep-none fusion-title-center fusion-title-text fusion-title-size-three musiker_name\" style=\"--awb-font-size:18px;\"><h3 class=\"fusion-title-heading title-heading-center\" style=\"font-family:&quot;Cormorant Garamond&quot;;font-style:normal;font-weight:600;margin:0;font-size:1em;\">Manfred HANIFL<\/h3><\/div><div class=\"fusion-text fusion-text-21 musiker_ensemble\" style=\"--awb-content-alignment:center;\"><\/div><div><span class=\"fusion-popover popover-7\" data-animation=\"1\" data-class=\"popover-7\" data-container=\"popover-7\" data-content=\"Manfred HANIFL, geboren 1964 in Wien, beginnt schon als Jugendlicher mit dem Verfassen von Gedichten und kurzen Prosatexten, dabei veranstaltet er immer wieder Lesungen. 2012 gr\u00fcndet er gemeinsam mit Freunden die Band \u201eFreig\u00e4nge\u201c, f\u00fcr die er Liedertexte schrieb und bis 2016 als S\u00e4nger auftritt. Neben seiner Mitwirkung bei dieser CD, hat er einen Gedichtband (2019) und eine CD (2020) ver\u00f6ffentlicht. Er bezeichnet sich selbst als \u201eein Schreibender\u201c und seine T\u00e4tigkeit als \u201eprofessionelles Hobby\u201c.\" data-delay=\"50\" data-placement=\"top\" data-title=\"Manfred HANIFL\" data-toggle=\"popover\" data-trigger=\"click\"><span><\/span><\/span><\/div><div class=\"fusion-text fusion-text-22\"><\/div><\/div><\/div>\n<div class=\"fusion_builder_column fusion-builder-column-11 fusion-flex-column post-card swiper-slide\" style=\"--awb-bg-blend:overlay;--awb-bg-size:cover;\"><div class=\"fusion-column-wrapper fusion-flex-justify-content-flex-start fusion-content-layout-column fusion-carousel-item-wrapper\"><div class=\"fusion-image-element \" style=\"text-align:center;--awb-max-width:140px;--awb-caption-title-font-family:var(--h2_typography-font-family);--awb-caption-title-font-weight:var(--h2_typography-font-weight);--awb-caption-title-font-style:var(--h2_typography-font-style);--awb-caption-title-size:var(--h2_typography-font-size);--awb-caption-title-transform:var(--h2_typography-text-transform);--awb-caption-title-line-height:var(--h2_typography-line-height);--awb-caption-title-letter-spacing:var(--h2_typography-letter-spacing);\"><span class=\" fusion-imageframe imageframe-none imageframe-8 hover-type-none news_img\"><img decoding=\"async\" width=\"382\" height=\"521\" title=\"Musiker_G\u00dcRKAN\" src=\"data:image\/svg+xml,%3Csvg%20xmlns%3D%27http%3A%2F%2Fwww.w3.org%2F2000%2Fsvg%27%20width%3D%27382%27%20height%3D%27521%27%20viewBox%3D%270%200%20382%20521%27%3E%3Crect%20width%3D%27382%27%20height%3D%27521%27%20fill-opacity%3D%220%22%2F%3E%3C%2Fsvg%3E\" data-orig-src=\"https:\/\/www.pfarrplatz.at\/wp-content\/uploads\/sites\/25\/2022\/03\/Musiker_GUeRKAN.jpg\" alt class=\"lazyload img-responsive wp-image-5508\"\/><\/span><\/div><div class=\"fusion-text fusion-text-23 musiker_instrumente\" style=\"--awb-content-alignment:center;\"><p>Geige<\/p>\n<\/div><div class=\"fusion-title title fusion-title-9 fusion-sep-none fusion-title-center fusion-title-text fusion-title-size-three musiker_name\" style=\"--awb-font-size:18px;\"><h3 class=\"fusion-title-heading title-heading-center\" style=\"font-family:&quot;Cormorant Garamond&quot;;font-style:normal;font-weight:600;margin:0;font-size:1em;\">Serkan G\u00dcRKAN<\/h3><\/div><div class=\"fusion-text fusion-text-24 musiker_ensemble\" style=\"--awb-content-alignment:center;\"><p>Wiener Tri[o]logie<\/p>\n<\/div><div><span class=\"fusion-popover popover-8\" data-animation=\"1\" data-class=\"popover-8\" data-container=\"popover-8\" data-content=\"Geboren 1975 in Ankara, studierte Serkan G\u00dcRKAN am Konservatorium der Stadt Izmir Violine. Seit Oktober 2012 studiert er ebenfalls an der Universit\u00e4t f\u00fcr Musik und darstellende Kunst in\u00a0 Wien Komposition.W\u00e4hrend seines Studiums gab er bereits zahlreiche Solo- und Kammermusikkonzerte auf der ganzen Welt.Er ist der Gr\u00fcnder, Komponist, Bearbeiter und 1.Geiger des Streicherensembles \u201eSTRING INSPIRATIONS QUINTET\u201c sowie der Gr\u00fcnder und 1. Geiger von \u201eColor Quartet\u201c. Er ist in verschiedenen Orchestern Gastk\u00fcnstler sowie Konzertmeister in \u00d6sterreich und in der T\u00fcrkei.\" data-delay=\"50\" data-placement=\"top\" data-title=\"Serkan G\u00dcRKAN\" data-toggle=\"popover\" data-trigger=\"click\"><span><\/span><\/span><\/div><div class=\"fusion-text fusion-text-25\"><\/div><\/div><\/div>\n<div class=\"fusion_builder_column fusion-builder-column-12 fusion-flex-column post-card swiper-slide\" style=\"--awb-bg-blend:overlay;--awb-bg-size:cover;\"><div class=\"fusion-column-wrapper fusion-flex-justify-content-flex-start fusion-content-layout-column fusion-carousel-item-wrapper\"><div class=\"fusion-image-element \" style=\"text-align:center;--awb-max-width:140px;--awb-caption-title-font-family:var(--h2_typography-font-family);--awb-caption-title-font-weight:var(--h2_typography-font-weight);--awb-caption-title-font-style:var(--h2_typography-font-style);--awb-caption-title-size:var(--h2_typography-font-size);--awb-caption-title-transform:var(--h2_typography-text-transform);--awb-caption-title-line-height:var(--h2_typography-line-height);--awb-caption-title-letter-spacing:var(--h2_typography-letter-spacing);\"><span class=\" fusion-imageframe imageframe-none imageframe-9 hover-type-none news_img\"><img decoding=\"async\" width=\"497\" height=\"492\" title=\"Musiker_SCH\u00d6NDORFER\" src=\"data:image\/svg+xml,%3Csvg%20xmlns%3D%27http%3A%2F%2Fwww.w3.org%2F2000%2Fsvg%27%20width%3D%27497%27%20height%3D%27492%27%20viewBox%3D%270%200%20497%20492%27%3E%3Crect%20width%3D%27497%27%20height%3D%27492%27%20fill-opacity%3D%220%22%2F%3E%3C%2Fsvg%3E\" data-orig-src=\"https:\/\/www.pfarrplatz.at\/wp-content\/uploads\/sites\/25\/2022\/03\/Musiker_SCHOeNDORFER.jpg\" alt class=\"lazyload img-responsive wp-image-5506\"\/><\/span><\/div><div class=\"fusion-text fusion-text-26 musiker_instrumente\" style=\"--awb-content-alignment:center;\"><p>Akkordeon<\/p>\n<\/div><div class=\"fusion-title title fusion-title-10 fusion-sep-none fusion-title-center fusion-title-text fusion-title-size-three musiker_name\" style=\"--awb-font-size:18px;\"><h3 class=\"fusion-title-heading title-heading-center\" style=\"font-family:&quot;Cormorant Garamond&quot;;font-style:normal;font-weight:600;margin:0;font-size:1em;\">Herbert SCH\u00d6NDORFER<\/h3><\/div><div class=\"fusion-text fusion-text-27 musiker_ensemble\" style=\"--awb-content-alignment:center;\"><p>Die zwa Spezi<\/p>\n<\/div><div><span class=\"fusion-popover popover-9\" data-animation=\"1\" data-class=\"popover-9\" data-container=\"popover-9\" data-content=\"Herbert SCH\u00d6NDORFER ist ein Musiker aus Leidenschaft! Im zarten Alter von sieben Jahren begann er bei seinem Vater Akkordeonspielen zu lernen. Mit zehn Jahren bekam er seine erste Trompete. Ab seinem 14. Lebensjahr spielte er in den verschiedensten Bands und bekam so seine erste B\u00fchnenerfahrung. Nach 20 Jahren Tanzmusik auf B\u00e4llen, Hochzeiten und Firmenfesten lernte er von seinem jetzigen Musik &#8211; Partner Victor Poslusny, das Wienerlied kennen. Seitdem wird der Akkordeonist gerne als Begleitmusiker von vielen K\u00fcnstlern des Wienerliedes gebucht.\" data-delay=\"50\" data-placement=\"top\" data-title=\"Herbert SCH\u00d6NDORFER\" data-toggle=\"popover\" data-trigger=\"click\"><span><\/span><\/span><\/div><div class=\"fusion-text fusion-text-28\"><\/div><\/div><\/div>\n<div class=\"fusion_builder_column fusion-builder-column-13 fusion-flex-column post-card swiper-slide\" style=\"--awb-bg-blend:overlay;--awb-bg-size:cover;\"><div class=\"fusion-column-wrapper fusion-flex-justify-content-flex-start fusion-content-layout-column fusion-carousel-item-wrapper\"><div class=\"fusion-image-element \" style=\"text-align:center;--awb-max-width:140px;--awb-caption-title-font-family:var(--h2_typography-font-family);--awb-caption-title-font-weight:var(--h2_typography-font-weight);--awb-caption-title-font-style:var(--h2_typography-font-style);--awb-caption-title-size:var(--h2_typography-font-size);--awb-caption-title-transform:var(--h2_typography-text-transform);--awb-caption-title-line-height:var(--h2_typography-line-height);--awb-caption-title-letter-spacing:var(--h2_typography-letter-spacing);\"><span class=\" fusion-imageframe imageframe-none imageframe-10 hover-type-none news_img\"><img decoding=\"async\" width=\"503\" height=\"514\" title=\"Musiker_RESETARITS\" src=\"data:image\/svg+xml,%3Csvg%20xmlns%3D%27http%3A%2F%2Fwww.w3.org%2F2000%2Fsvg%27%20width%3D%27503%27%20height%3D%27514%27%20viewBox%3D%270%200%20503%20514%27%3E%3Crect%20width%3D%27503%27%20height%3D%27514%27%20fill-opacity%3D%220%22%2F%3E%3C%2Fsvg%3E\" data-orig-src=\"https:\/\/www.pfarrplatz.at\/wp-content\/uploads\/sites\/25\/2022\/03\/Musiker_RESETARITS.jpg\" alt class=\"lazyload img-responsive wp-image-5504\"\/><\/span><\/div><div class=\"fusion-text fusion-text-29 musiker_instrumente\" style=\"--awb-content-alignment:center;\"><p>Gesang<\/p>\n<\/div><div class=\"fusion-title title fusion-title-11 fusion-sep-none fusion-title-center fusion-title-text fusion-title-size-three musiker_name\" style=\"--awb-font-size:18px;\"><h3 class=\"fusion-title-heading title-heading-center\" style=\"font-family:&quot;Cormorant Garamond&quot;;font-style:normal;font-weight:600;margin:0;font-size:1em;\">Florian RESETARITS<\/h3><\/div><div class=\"fusion-text fusion-text-30 musiker_ensemble\" style=\"--awb-content-alignment:center;\"><p>Resetarits-Brucker<\/p>\n<\/div><div><span class=\"fusion-popover popover-10\" data-animation=\"1\" data-class=\"popover-10\" data-container=\"popover-10\" data-content=\"Florian RESETARITS studierte an der MUK Privatuniversit\u00e4t der Stadt Wien. Zus\u00e4tzlich nimmt er seit 2011 Gesangsunterricht bei KS Renate Holm. Der S\u00e4nger hat bereits in mehreren Ensembles bei der B\u00fchne Baden und bei den Vereinigten B\u00fchnen Wiens mitgewirkt, darunter beispielsweise als Bob Alcorn in BONNIE &amp; CLYDE, Freddy in MY FAIR LADY oder auch Koukol in TANZ DER VAMPIRE.\" data-delay=\"50\" data-placement=\"top\" data-title=\"Florian RESETARITS\" data-toggle=\"popover\" data-trigger=\"click\"><span><\/span><\/span><\/div><div class=\"fusion-text fusion-text-31\"><\/div><\/div><\/div>\n<div class=\"fusion_builder_column fusion-builder-column-14 fusion-flex-column post-card swiper-slide\" style=\"--awb-bg-blend:overlay;--awb-bg-size:cover;\"><div class=\"fusion-column-wrapper fusion-flex-justify-content-flex-start fusion-content-layout-column fusion-carousel-item-wrapper\"><div class=\"fusion-image-element \" style=\"text-align:center;--awb-max-width:140px;--awb-caption-title-font-family:var(--h2_typography-font-family);--awb-caption-title-font-weight:var(--h2_typography-font-weight);--awb-caption-title-font-style:var(--h2_typography-font-style);--awb-caption-title-size:var(--h2_typography-font-size);--awb-caption-title-transform:var(--h2_typography-text-transform);--awb-caption-title-line-height:var(--h2_typography-line-height);--awb-caption-title-letter-spacing:var(--h2_typography-letter-spacing);\"><span class=\" fusion-imageframe imageframe-none imageframe-11 hover-type-none news_img\"><img decoding=\"async\" width=\"403\" height=\"428\" title=\"Musiker_BRUCKER\" src=\"data:image\/svg+xml,%3Csvg%20xmlns%3D%27http%3A%2F%2Fwww.w3.org%2F2000%2Fsvg%27%20width%3D%27403%27%20height%3D%27428%27%20viewBox%3D%270%200%20403%20428%27%3E%3Crect%20width%3D%27403%27%20height%3D%27428%27%20fill-opacity%3D%220%22%2F%3E%3C%2Fsvg%3E\" data-orig-src=\"https:\/\/www.pfarrplatz.at\/wp-content\/uploads\/sites\/25\/2022\/03\/Musiker_BRUCKER.jpg\" alt class=\"lazyload img-responsive wp-image-5502\"\/><\/span><\/div><div class=\"fusion-text fusion-text-32 musiker_instrumente\" style=\"--awb-content-alignment:center;\"><p>Klavier<\/p>\n<\/div><div class=\"fusion-title title fusion-title-12 fusion-sep-none fusion-title-center fusion-title-text fusion-title-size-three musiker_name\" style=\"--awb-font-size:18px;\"><h3 class=\"fusion-title-heading title-heading-center\" style=\"font-family:&quot;Cormorant Garamond&quot;;font-style:normal;font-weight:600;margin:0;font-size:1em;\">Prof. Fritz BRUCKER<\/h3><\/div><div class=\"fusion-text fusion-text-33 musiker_ensemble\" style=\"--awb-content-alignment:center;\"><p>Resetarits-Brucker<\/p>\n<\/div><div><span class=\"fusion-popover popover-11\" data-animation=\"1\" data-class=\"popover-11\" data-container=\"popover-11\" data-content=\"Fritz BRUCKER wurde in Wien geboren und erhielt seinen ersten privaten Klavierunterricht bereits mit zehn Jahren. Sp\u00e4ter studierte er am Konservatorium der Stadt Wien. Seit 1973 ist er stellvertretender Chorleiter sowie Klavierbegleiter des Wiener Schubertbundes, dessen alleinige Leitung er seit 2001 innehat. Er bereiste als Klavierbegleiter von KS Renate Holm und einigen Solisten aus der Wiener Staats- und Volksoper Europa, Asien, Amerika und Afrika. Im Jahr 2003 erhielt er durch den damaligen Bundespr\u00e4sidenten als Anerkennung den Berufstitel \u201eProfessor\u201c.\" data-delay=\"50\" data-placement=\"top\" data-title=\"Prof. Fritz BRUCKER\" data-toggle=\"popover\" data-trigger=\"click\"><span><\/span><\/span><\/div><div class=\"fusion-text fusion-text-34\"><\/div><\/div><\/div>\n<div class=\"fusion_builder_column fusion-builder-column-15 fusion-flex-column post-card swiper-slide\" style=\"--awb-bg-blend:overlay;--awb-bg-size:cover;\"><div class=\"fusion-column-wrapper fusion-flex-justify-content-flex-start fusion-content-layout-column fusion-carousel-item-wrapper\"><div class=\"fusion-image-element \" style=\"text-align:center;--awb-max-width:140px;--awb-caption-title-font-family:var(--h2_typography-font-family);--awb-caption-title-font-weight:var(--h2_typography-font-weight);--awb-caption-title-font-style:var(--h2_typography-font-style);--awb-caption-title-size:var(--h2_typography-font-size);--awb-caption-title-transform:var(--h2_typography-text-transform);--awb-caption-title-line-height:var(--h2_typography-line-height);--awb-caption-title-letter-spacing:var(--h2_typography-letter-spacing);\"><span class=\" fusion-imageframe imageframe-none imageframe-12 hover-type-none news_img\"><img decoding=\"async\" width=\"509\" height=\"496\" title=\"Musiker_OSLANSKY\" src=\"data:image\/svg+xml,%3Csvg%20xmlns%3D%27http%3A%2F%2Fwww.w3.org%2F2000%2Fsvg%27%20width%3D%27509%27%20height%3D%27496%27%20viewBox%3D%270%200%20509%20496%27%3E%3Crect%20width%3D%27509%27%20height%3D%27496%27%20fill-opacity%3D%220%22%2F%3E%3C%2Fsvg%3E\" data-orig-src=\"https:\/\/www.pfarrplatz.at\/wp-content\/uploads\/sites\/25\/2022\/03\/Musiker_OSLANSKY.jpg\" alt class=\"lazyload img-responsive wp-image-5500\"\/><\/span><\/div><div class=\"fusion-text fusion-text-35 musiker_instrumente\" style=\"--awb-content-alignment:center;\"><p>Kontragitarre, Gesang<\/p>\n<\/div><div class=\"fusion-title title fusion-title-13 fusion-sep-none fusion-title-center fusion-title-text fusion-title-size-three musiker_name\" style=\"--awb-font-size:18px;\"><h3 class=\"fusion-title-heading title-heading-center\" style=\"font-family:&quot;Cormorant Garamond&quot;;font-style:normal;font-weight:600;margin:0;font-size:1em;\">Fritz OSLANSKY<\/h3><\/div><div class=\"fusion-text fusion-text-36 musiker_ensemble\" style=\"--awb-content-alignment:center;\"><p>Duo Oslansky-Fostel<\/p>\n<\/div><div><span class=\"fusion-popover popover-12\" data-animation=\"1\" data-class=\"popover-12\" data-container=\"popover-12\" data-content=\"Der 1938 in Wien geborene Fritz OSLANSKY ist mit dem Wienerlied eng verbunden. Seit Jahrzehnten ist der Kontragitarrist fixer Bestandteil der Wienerlied Szene. Nicht umsonst wurde ihm in diesem Zusammenhang das Goldene Verdienstzeichen des Landes Wien verliehen.\" data-delay=\"50\" data-placement=\"top\" data-title=\"Fritz OSLANSKY\" data-toggle=\"popover\" data-trigger=\"click\"><span><\/span><\/span><\/div><div class=\"fusion-text fusion-text-37\"><\/div><\/div><\/div>\n<div class=\"fusion_builder_column fusion-builder-column-16 fusion-flex-column post-card swiper-slide\" style=\"--awb-bg-blend:overlay;--awb-bg-size:cover;\"><div class=\"fusion-column-wrapper fusion-flex-justify-content-flex-start fusion-content-layout-column fusion-carousel-item-wrapper\"><div class=\"fusion-image-element \" style=\"text-align:center;--awb-max-width:140px;--awb-caption-title-font-family:var(--h2_typography-font-family);--awb-caption-title-font-weight:var(--h2_typography-font-weight);--awb-caption-title-font-style:var(--h2_typography-font-style);--awb-caption-title-size:var(--h2_typography-font-size);--awb-caption-title-transform:var(--h2_typography-text-transform);--awb-caption-title-line-height:var(--h2_typography-line-height);--awb-caption-title-letter-spacing:var(--h2_typography-letter-spacing);\"><span class=\" fusion-imageframe imageframe-none imageframe-13 hover-type-none news_img\"><img decoding=\"async\" width=\"377\" height=\"409\" title=\"Musiker_Reinberger\" src=\"data:image\/svg+xml,%3Csvg%20xmlns%3D%27http%3A%2F%2Fwww.w3.org%2F2000%2Fsvg%27%20width%3D%27377%27%20height%3D%27409%27%20viewBox%3D%270%200%20377%20409%27%3E%3Crect%20width%3D%27377%27%20height%3D%27409%27%20fill-opacity%3D%220%22%2F%3E%3C%2Fsvg%3E\" data-orig-src=\"https:\/\/www.pfarrplatz.at\/wp-content\/uploads\/sites\/25\/2022\/03\/Musiker_Reinberger.jpg\" alt class=\"lazyload img-responsive wp-image-5493\"\/><\/span><\/div><div class=\"fusion-text fusion-text-38 musiker_instrumente\" style=\"--awb-content-alignment:center;\"><p>Kontragitarre, Gesang<\/p>\n<\/div><div class=\"fusion-title title fusion-title-14 fusion-sep-none fusion-title-center fusion-title-text fusion-title-size-three musiker_name\" style=\"--awb-font-size:18px;\"><h3 class=\"fusion-title-heading title-heading-center\" style=\"font-family:&quot;Cormorant Garamond&quot;;font-style:normal;font-weight:600;margin:0;font-size:1em;\">Richard REINBERGER<\/h3><\/div><div class=\"fusion-text fusion-text-39 musiker_ensemble\" style=\"--awb-content-alignment:center;\"><p>D`Scherzbuam<\/p>\n<\/div><div><span class=\"fusion-popover popover-13\" data-animation=\"1\" data-class=\"popover-13\" data-container=\"popover-13\" data-content=\"Seit 1994 besticht der Wiener Kontragitarrist und S\u00e4nger Richard REINBERGER das Publikum mit seiner authentischen und kernigen Interpretation des Wienerliedes. Nicht nur sein Schm\u00e4h und eine Vielzahl witziger Eigenkompositionen zeichnen ihn aus, 2015 gr\u00fcndete er sein eigenes Plattenlabel, mit dem \u201enaheliegenden\u201c Namen \u201eClea Mountains\u201c.\" data-delay=\"50\" data-placement=\"top\" data-title=\"Richard REINBERGER\" data-toggle=\"popover\" data-trigger=\"click\"><span><\/span><\/span><\/div><div class=\"fusion-text fusion-text-40\"><\/div><\/div><\/div>\n<div class=\"fusion_builder_column fusion-builder-column-17 fusion-flex-column post-card swiper-slide\" style=\"--awb-bg-blend:overlay;--awb-bg-size:cover;\"><div class=\"fusion-column-wrapper fusion-flex-justify-content-flex-start fusion-content-layout-column fusion-carousel-item-wrapper\"><div class=\"fusion-image-element \" style=\"text-align:center;--awb-max-width:140px;--awb-caption-title-font-family:var(--h2_typography-font-family);--awb-caption-title-font-weight:var(--h2_typography-font-weight);--awb-caption-title-font-style:var(--h2_typography-font-style);--awb-caption-title-size:var(--h2_typography-font-size);--awb-caption-title-transform:var(--h2_typography-text-transform);--awb-caption-title-line-height:var(--h2_typography-line-height);--awb-caption-title-letter-spacing:var(--h2_typography-letter-spacing);\"><span class=\" fusion-imageframe imageframe-none imageframe-14 hover-type-none news_img\"><img decoding=\"async\" width=\"361\" height=\"421\" title=\"Musiker_Perfler\" src=\"data:image\/svg+xml,%3Csvg%20xmlns%3D%27http%3A%2F%2Fwww.w3.org%2F2000%2Fsvg%27%20width%3D%27361%27%20height%3D%27421%27%20viewBox%3D%270%200%20361%20421%27%3E%3Crect%20width%3D%27361%27%20height%3D%27421%27%20fill-opacity%3D%220%22%2F%3E%3C%2Fsvg%3E\" data-orig-src=\"https:\/\/www.pfarrplatz.at\/wp-content\/uploads\/sites\/25\/2022\/03\/Musiker_Perfler.jpg\" alt class=\"lazyload img-responsive wp-image-5491\"\/><\/span><\/div><div class=\"fusion-text fusion-text-41 musiker_instrumente\" style=\"--awb-content-alignment:center;\"><p>Gesang<\/p>\n<\/div><div class=\"fusion-title title fusion-title-15 fusion-sep-none fusion-title-center fusion-title-text fusion-title-size-three musiker_name\" style=\"--awb-font-size:18px;\"><h3 class=\"fusion-title-heading title-heading-center\" style=\"font-family:&quot;Cormorant Garamond&quot;;font-style:normal;font-weight:600;margin:0;font-size:1em;\">Michael PERFLER<\/h3><\/div><div class=\"fusion-text fusion-text-42 musiker_ensemble\" style=\"--awb-content-alignment:center;\"><p>Die zwa Spezi | Michael PERFLER und seine Tri[o]logie<\/p>\n<\/div><div><span class=\"fusion-popover popover-14\" data-animation=\"1\" data-class=\"popover-14\" data-container=\"popover-14\" data-content=\"Michael PERFLER wurde in Wien geboren und ist als S\u00e4nger, Schauspieler, Entertainer, Moderator, Sprecher, Programm und Textschreiber seit \u00fcber 35 Jahren erfolgreich. Von Nestroy bis Shakespeare, auf B\u00fchnen und im TV, im Radio und auf Konzerten, von Klassik bis Musical, sogar Swing, Schlager und Evergreens untermauern seine Vielf\u00e4ltigkeit. Seinen intensiven Bezug zum Wienerlied tr\u00e4gt er im Herzen.\" data-delay=\"50\" data-placement=\"top\" data-title=\"Michael PERFLER\" data-toggle=\"popover\" data-trigger=\"click\"><span><\/span><\/span><\/div><div class=\"fusion-text fusion-text-43\"><\/div><\/div><\/div>\n<div class=\"fusion_builder_column fusion-builder-column-18 fusion-flex-column post-card swiper-slide\" style=\"--awb-bg-blend:overlay;--awb-bg-size:cover;\"><div class=\"fusion-column-wrapper fusion-flex-justify-content-flex-start fusion-content-layout-column fusion-carousel-item-wrapper\"><div class=\"fusion-image-element \" style=\"text-align:center;--awb-max-width:140px;--awb-caption-title-font-family:var(--h2_typography-font-family);--awb-caption-title-font-weight:var(--h2_typography-font-weight);--awb-caption-title-font-style:var(--h2_typography-font-style);--awb-caption-title-size:var(--h2_typography-font-size);--awb-caption-title-transform:var(--h2_typography-text-transform);--awb-caption-title-line-height:var(--h2_typography-line-height);--awb-caption-title-letter-spacing:var(--h2_typography-letter-spacing);\"><span class=\" fusion-imageframe imageframe-none imageframe-15 hover-type-none news_img\"><img decoding=\"async\" width=\"407\" height=\"449\" title=\"Musiker_Mach\" src=\"data:image\/svg+xml,%3Csvg%20xmlns%3D%27http%3A%2F%2Fwww.w3.org%2F2000%2Fsvg%27%20width%3D%27407%27%20height%3D%27449%27%20viewBox%3D%270%200%20407%20449%27%3E%3Crect%20width%3D%27407%27%20height%3D%27449%27%20fill-opacity%3D%220%22%2F%3E%3C%2Fsvg%3E\" data-orig-src=\"https:\/\/www.pfarrplatz.at\/wp-content\/uploads\/sites\/25\/2022\/03\/Musiker_Mach.jpg\" alt class=\"lazyload img-responsive wp-image-5488\"\/><\/span><\/div><div class=\"fusion-text fusion-text-44 musiker_instrumente\" style=\"--awb-content-alignment:center;\"><p>Kontragitarre<\/p>\n<\/div><div class=\"fusion-title title fusion-title-16 fusion-sep-none fusion-title-center fusion-title-text fusion-title-size-three musiker_name\" style=\"--awb-font-size:18px;\"><h3 class=\"fusion-title-heading title-heading-center\" style=\"font-family:&quot;Cormorant Garamond&quot;;font-style:normal;font-weight:600;margin:0;font-size:1em;\">Engelbert MACH<\/h3><\/div><div class=\"fusion-text fusion-text-45 musiker_ensemble\" style=\"--awb-content-alignment:center;\"><p>Die zwa Spezi | Michael PERFLER und seine Tri[o]logie | Wiener Tri[o]logie<\/p>\n<\/div><div><span class=\"fusion-popover popover-15\" data-animation=\"1\" data-class=\"popover-15\" data-container=\"popover-15\" data-content=\"Engelbert MACH lebt und arbeitet als Hochschullehrer in Wien. Bereits in seiner Jugend besch\u00e4ftigte er sich mit der klassischen Gitarre, seit 2010 spielt er nun die Wiener Kontragitarre. Eine fundierte Recherche zum Thema \u201eWiener Musik\u201c bildet dabei den Ausgangspunkt f\u00fcr die ernsthafte Auseinandersetzung mit dieser Musikgattung und ihrer Interpretation.\" data-delay=\"50\" data-placement=\"top\" data-title=\"Engelbert MACH\" data-toggle=\"popover\" data-trigger=\"click\"><span><\/span><\/span><\/div><div class=\"fusion-text fusion-text-46\"><\/div><\/div><\/div>\n<\/div><div class=\"awb-swiper-button awb-swiper-button-prev\"><i class=\"awb-icon-angle-left\" aria-hidden=\"true\"><\/i><\/div><div class=\"awb-swiper-button awb-swiper-button-next\"><i class=\"awb-icon-angle-right\" aria-hidden=\"true\"><\/i><\/div><\/div>\n<div class=\"avia-logo-element-container av-border-deactivate avia-logo-grid avia-content-slider avia-smallarrow-slider avia-content-grid-active noHover avia-content-slider1 avia-content-slider-even  avia-builder-el-8  el_after_av_textblock  avia-builder-el-last mini_audio_links\" data-autoplay=\"false\" data-interval=\"5\" data-animation=\"slide\"\">\n<div class=\"avia-content-slider-inner\">\n<div class=\"slide-entry-wrap\">\n<div class=\"slide-entry flex_column no_margin post-entry slide-entry-overview slide-loop-1 slide-parity-odd  av_one_sixth first real-thumbnail\" data-avia-tooltip=\"Spotify\"><a class=\"slide-image\" title=\"\" href=\"https:\/\/open.spotify.com\/album\/0yoQM4v7qtRU1z4R3q6IrO\" target=\"_blank\" rel=\"noopener noreferrer\" data-rel=\"slide-1\"><img decoding=\"async\" class=\"lazyload wp-image-5036 avia-img-lazy-loading-5036 attachment-no scaling size-no scaling\" src=\"data:image\/svg+xml,%3Csvg%20xmlns%3D%27http%3A%2F%2Fwww.w3.org%2F2000%2Fsvg%27%20width%3D%2776%27%20height%3D%2767%27%20viewBox%3D%270%200%2076%2067%27%3E%3Crect%20width%3D%2776%27%20height%3D%2767%27%20fill-opacity%3D%220%22%2F%3E%3C%2Fsvg%3E\" data-orig-src=\"https:\/\/www.pfarrplatz.at\/wp-content\/uploads\/sites\/2\/2021\/12\/musik_logo_spotify.png\" alt=\"\" width=\"76\" height=\"67\"><\/a><\/div>\n<div class=\"slide-entry flex_column no_margin post-entry slide-entry-overview slide-loop-2 slide-parity-even  av_one_sixth  real-thumbnail\" data-avia-tooltip=\"Apple Music\"><a class=\"slide-image\" title=\"\" href=\"https:\/\/geo.music.apple.com\/album\/wiener-heurigenmusik-vom-mayer-am-pfarrplatz\/1599358507?app=music\" target=\"_blank\" rel=\"noopener noreferrer\" data-rel=\"slide-1\"><img decoding=\"async\" class=\"lazyload wp-image-5044 avia-img-lazy-loading-5044 attachment-no scaling size-no scaling\" src=\"data:image\/svg+xml,%3Csvg%20xmlns%3D%27http%3A%2F%2Fwww.w3.org%2F2000%2Fsvg%27%20width%3D%2776%27%20height%3D%2767%27%20viewBox%3D%270%200%2076%2067%27%3E%3Crect%20width%3D%2776%27%20height%3D%2767%27%20fill-opacity%3D%220%22%2F%3E%3C%2Fsvg%3E\" data-orig-src=\"https:\/\/www.pfarrplatz.at\/wp-content\/uploads\/sites\/2\/2021\/12\/musik_logo_apple.png\" alt=\"\" width=\"76\" height=\"67\"><\/a><\/div>\n<div class=\"slide-entry flex_column no_margin post-entry slide-entry-overview slide-loop-3 slide-parity-odd  av_one_sixth  real-thumbnail\" data-avia-tooltip=\"deezer\"><a class=\"slide-image\" title=\"\" href=\"https:\/\/www.deezer.com\/album\/278741822\" target=\"_blank\" rel=\"noopener noreferrer\" data-rel=\"slide-1\"><img decoding=\"async\" class=\"lazyload wp-image-5046 avia-img-lazy-loading-5046 attachment-no scaling size-no scaling\" src=\"data:image\/svg+xml,%3Csvg%20xmlns%3D%27http%3A%2F%2Fwww.w3.org%2F2000%2Fsvg%27%20width%3D%2776%27%20height%3D%2767%27%20viewBox%3D%270%200%2076%2067%27%3E%3Crect%20width%3D%2776%27%20height%3D%2767%27%20fill-opacity%3D%220%22%2F%3E%3C%2Fsvg%3E\" data-orig-src=\"https:\/\/www.pfarrplatz.at\/wp-content\/uploads\/sites\/2\/2021\/12\/musik_logo_deezer.png\" alt=\"\" width=\"76\" height=\"67\"><\/a><\/div>\n<div class=\"slide-entry flex_column no_margin post-entry slide-entry-overview slide-loop-4 slide-parity-even  av_one_sixth  real-thumbnail\" data-avia-tooltip=\"Amazon Music\"><a class=\"slide-image\" title=\"\" href=\"https:\/\/music.amazon.com\/albums\/B09NB41MBR?ref=dm_ff_linkfire\" target=\"_blank\" rel=\"noopener noreferrer\" data-rel=\"slide-1\"><img decoding=\"async\" class=\"lazyload wp-image-5042 avia-img-lazy-loading-5042 attachment-no scaling size-no scaling\" src=\"data:image\/svg+xml,%3Csvg%20xmlns%3D%27http%3A%2F%2Fwww.w3.org%2F2000%2Fsvg%27%20width%3D%2776%27%20height%3D%2767%27%20viewBox%3D%270%200%2076%2067%27%3E%3Crect%20width%3D%2776%27%20height%3D%2767%27%20fill-opacity%3D%220%22%2F%3E%3C%2Fsvg%3E\" data-orig-src=\"https:\/\/www.pfarrplatz.at\/wp-content\/uploads\/sites\/2\/2021\/12\/musik_logo_amazon.png\" alt=\"\" width=\"76\" height=\"67\"><\/a><\/div>\n<div class=\"slide-entry flex_column no_margin post-entry slide-entry-overview slide-loop-5 slide-parity-odd  av_one_sixth  real-thumbnail\" data-avia-tooltip=\"Youtube\"><a class=\"slide-image\" title=\"\" href=\"https:\/\/music.youtube.com\/playlist?list=OLAK5uy_l6czzeG7QA6RqFL8VVpj-KAnDNPemvWOQ\" target=\"_blank\" rel=\"noopener noreferrer\" data-rel=\"slide-1\"><img decoding=\"async\" class=\"lazyload wp-image-5040 avia-img-lazy-loading-5040 attachment-no scaling size-no scaling\" src=\"data:image\/svg+xml,%3Csvg%20xmlns%3D%27http%3A%2F%2Fwww.w3.org%2F2000%2Fsvg%27%20width%3D%2776%27%20height%3D%2767%27%20viewBox%3D%270%200%2076%2067%27%3E%3Crect%20width%3D%2776%27%20height%3D%2767%27%20fill-opacity%3D%220%22%2F%3E%3C%2Fsvg%3E\" data-orig-src=\"https:\/\/www.pfarrplatz.at\/wp-content\/uploads\/sites\/2\/2021\/12\/musik_logo_youtube.png\" alt=\"\" width=\"76\" height=\"67\"><\/a><\/div>\n<div class=\"slide-entry flex_column no_margin post-entry slide-entry-overview slide-loop-6 slide-parity-even  post-entry-last  av_one_sixth  real-thumbnail\" data-avia-tooltip=\"Tidal\"><a class=\"slide-image\" title=\"\" href=\"http:\/\/listen.tidalhifi.com\/album\/208378174\" target=\"_blank\" rel=\"noopener noreferrer\" data-rel=\"slide-1\"><img decoding=\"async\" class=\"lazyload wp-image-5038 avia-img-lazy-loading-5038 attachment-no scaling size-no scaling\" src=\"data:image\/svg+xml,%3Csvg%20xmlns%3D%27http%3A%2F%2Fwww.w3.org%2F2000%2Fsvg%27%20width%3D%2776%27%20height%3D%2767%27%20viewBox%3D%270%200%2076%2067%27%3E%3Crect%20width%3D%2776%27%20height%3D%2767%27%20fill-opacity%3D%220%22%2F%3E%3C%2Fsvg%3E\" data-orig-src=\"https:\/\/www.pfarrplatz.at\/wp-content\/uploads\/sites\/2\/2021\/12\/musik_logo_tidal.png\" alt=\"\" width=\"76\" height=\"67\"><\/a><\/div>\n<\/div>\n<\/div>\n<\/div>\n<\/div><\/div><\/div><\/div><div class=\"fusion-fullwidth fullwidth-box fusion-builder-row-3 fusion-flex-container center_container bild_rechts nonhundred-percent-fullwidth non-hundred-percent-height-scrolling\" style=\"--awb-border-radius-top-left:0px;--awb-border-radius-top-right:0px;--awb-border-radius-bottom-right:0px;--awb-border-radius-bottom-left:0px;--awb-padding-top:0px;--awb-padding-right:0px;--awb-padding-bottom:0px;--awb-padding-left:0px;--awb-min-height:600px;--awb-background-image:linear-gradient(180deg, #fcfcfc 0%,rgba(255,255,255,0) 100%);--awb-flex-wrap:wrap;\" ><div class=\"fusion-builder-row fusion-row fusion-flex-align-items-center fusion-flex-content-wrap\" style=\"max-width:104%;margin-left: calc(-4% \/ 2 );margin-right: calc(-4% \/ 2 );\"><div class=\"fusion-layout-column fusion_builder_column fusion-builder-column-19 fusion_builder_column_1_2 1_2 fusion-flex-column\" style=\"--awb-padding-top:50px;--awb-padding-right:50px;--awb-padding-bottom:50px;--awb-padding-left:50px;--awb-padding-right-small:25px;--awb-padding-left-small:25px;--awb-bg-size:cover;--awb-width-large:50%;--awb-margin-top-large:0px;--awb-spacing-right-large:3.84%;--awb-margin-bottom-large:20px;--awb-spacing-left-large:3.84%;--awb-width-medium:50%;--awb-order-medium:0;--awb-spacing-right-medium:3.84%;--awb-spacing-left-medium:3.84%;--awb-width-small:100%;--awb-order-small:0;--awb-spacing-right-small:1.92%;--awb-spacing-left-small:1.92%;\"><div class=\"fusion-column-wrapper fusion-column-has-shadow fusion-flex-justify-content-flex-start fusion-content-layout-column\"><div class=\"fusion-title title fusion-title-17 fusion-sep-none fusion-title-center fusion-title-text fusion-title-size-two\" style=\"--awb-margin-top:55px;\"><h2 class=\"fusion-title-heading title-heading-center\" style=\"font-family:&quot;Oriflame Script&quot;;font-style:normal;font-weight:400;margin:0;\">Helyis\u00e9gek<\/h2><\/div><div class=\"fusion-text fusion-text-47\" style=\"--awb-content-alignment:center;--awb-margin-top:40px;\"><p>A hangulatos szob\u00e1k, a naps\u00fct\u00f6tte vend\u00e9gkertek a sz\u0151l\u0151 \u00e9s a di\u00f3fa alatt, valamint az eredeti b\u00e9csi Heurigen zene &#8211; naponta 19 \u00f3r\u00e1t\u00f3l &#8211; teszik a &#8222;Mayer am Pfarrplatz&#8221;-ot egyed\u00fcl\u00e1ll\u00f3 \u00e9lm\u00e9nny\u00e9. Szalonjaink ide\u00e1lisak 10 \u00e9s 450 f\u0151 k\u00f6z\u00f6tti \u00fcnneps\u00e9gekhez. Legyen sz\u00f3 ballag\u00e1sr\u00f3l, esk\u00fcv\u0151r\u0151l vagy sz\u00fclet\u00e9snapr\u00f3l &#8211; sz\u00edvesen \u00f6ssze\u00e1ll\u00edtunk \u00d6nnek egy szem\u00e9lyre szabott aj\u00e1nlatot.<\/p>\n<\/div><\/div><\/div><div class=\"fusion-layout-column fusion_builder_column fusion-builder-column-20 fusion_builder_column_1_2 1_2 fusion-flex-column fusion-flex-align-self-stretch fusion-animated\" style=\"--awb-padding-right:30px;--awb-padding-right-medium:15px;--awb-padding-right-small:0px;--awb-padding-left-small:0px;--awb-bg-image:linear-gradient(180deg, #c4c4c4 0%,#f7f7f7 100%);--awb-bg-position:center center;--awb-bg-size:cover;--awb-width-large:50%;--awb-margin-top-large:0px;--awb-spacing-right-large:0px;--awb-margin-bottom-large:0px;--awb-spacing-left-large:0px;--awb-width-medium:50%;--awb-order-medium:0;--awb-spacing-right-medium:0px;--awb-spacing-left-medium:0px;--awb-width-small:100%;--awb-order-small:0;--awb-spacing-right-small:1.92%;--awb-spacing-left-small:1.92%;\" data-animationType=\"zoomIn\" data-animationDuration=\"0.3\" data-animationOffset=\"top-into-view\"><div class=\"fusion-column-wrapper fusion-column-has-shadow fusion-flex-justify-content-space-evenly fusion-content-layout-column\"><script type=\"text\/javascript\">jQuery(function() { _initLayerSlider( '#layerslider_7_t0dk913hlf2c', {createdWith: '7.0.7', sliderVersion: '7.0.7', type: 'fullsize', fullSizeMode: 'fitheight', keybNav: false, touchNav: false, skin: 'v6', sliderFadeInDuration: 350, hoverPrevNext: false, navStartStop: false, showCircleTimer: false, useSrcset: true, skinsPath: 'https:\/\/www.pfarrplatz.at\/wp-content\/plugins\/LayerSlider\/assets\/static\/layerslider\/skins\/', performanceMode: true}); });<\/script><div id=\"layerslider_7_t0dk913hlf2c\"  class=\"ls-wp-container fitvidsignore ls-selectable\" style=\"width:700px;height:700px;margin:0 auto;margin-bottom: 0px;\"><div class=\"ls-slide\" data-ls=\"duration:8000;transition2d:5;transitionduration:3000;timeshift:5000;kenburnszoom:out;\"><img decoding=\"async\" width=\"1200\" height=\"1200\" src=\"https:\/\/www.pfarrplatz.at\/wp-content\/uploads\/sites\/25\/2022\/03\/0268_Mayer_Pfarrplatz_20210727.jpg\" class=\"disable-lazyload ls-bg\" alt=\"\" \/><\/div><div class=\"ls-slide\" data-ls=\"duration:8000;transition2d:5;transitionduration:3000;timeshift:5000;kenburnszoom:in;\"><img decoding=\"async\" width=\"1200\" height=\"1200\" src=\"https:\/\/www.pfarrplatz.at\/wp-content\/uploads\/sites\/25\/2022\/03\/0020_Mayer_Pfarrplatz_20210727.jpg\" class=\"disable-lazyload ls-bg\" alt=\"\" \/><\/div><div class=\"ls-slide\" data-ls=\"duration:8000;transition2d:5;transitionduration:3000;timeshift:5000;kenburnszoom:out;\"><img decoding=\"async\" width=\"1200\" height=\"1200\" src=\"https:\/\/www.pfarrplatz.at\/wp-content\/uploads\/sites\/25\/2022\/03\/0079_Mayer_Pfarrplatz_20210727.jpg\" class=\"disable-lazyload ls-bg\" alt=\"\" \/><\/div><div class=\"ls-slide\" data-ls=\"duration:8000;transition2d:5;transitionduration:3000;timeshift:5000;kenburnszoom:in;\"><img decoding=\"async\" width=\"1200\" height=\"1200\" src=\"https:\/\/www.pfarrplatz.at\/wp-content\/uploads\/sites\/25\/2022\/03\/0099_Mayer_Pfarrplatz_20210727.jpg\" class=\"disable-lazyload ls-bg\" alt=\"\" \/><\/div><div class=\"ls-slide\" data-ls=\"duration:8000;transition2d:5;transitionduration:3000;timeshift:5000;kenburnszoom:out;\"><img decoding=\"async\" width=\"1200\" height=\"1200\" src=\"https:\/\/www.pfarrplatz.at\/wp-content\/uploads\/sites\/25\/2022\/03\/0203_Mayer_Pfarrplatz_20210727.jpg\" class=\"disable-lazyload ls-bg\" alt=\"\" \/><\/div><div class=\"ls-slide\" data-ls=\"duration:8000;transition2d:5;transitionduration:3000;timeshift:5000;kenburnszoom:in;\"><img decoding=\"async\" width=\"1200\" height=\"1200\" src=\"https:\/\/www.pfarrplatz.at\/wp-content\/uploads\/sites\/25\/2022\/03\/0001_Mayer_Pfarrplatz_20210727-Kopie.jpg\" class=\"disable-lazyload ls-bg\" alt=\"\" \/><\/div><\/div><\/div><\/div><\/div><\/div><div class=\"fusion-fullwidth fullwidth-box fusion-builder-row-4 fusion-flex-container center_container bild_links nonhundred-percent-fullwidth non-hundred-percent-height-scrolling\" style=\"--awb-border-radius-top-left:0px;--awb-border-radius-top-right:0px;--awb-border-radius-bottom-right:0px;--awb-border-radius-bottom-left:0px;--awb-padding-top:0px;--awb-padding-right:0px;--awb-padding-bottom:0px;--awb-padding-left:0px;--awb-min-height:600px;--awb-background-image:linear-gradient(180deg, #fcfcfc 0%,rgba(255,255,255,0) 100%);--awb-flex-wrap:wrap;\" ><div class=\"fusion-builder-row fusion-row fusion-flex-align-items-center fusion-flex-content-wrap\" style=\"max-width:104%;margin-left: calc(-4% \/ 2 );margin-right: calc(-4% \/ 2 );\"><div class=\"fusion-layout-column fusion_builder_column fusion-builder-column-21 fusion_builder_column_1_2 1_2 fusion-flex-column fusion-flex-align-self-stretch fusion-column-inner-bg-wrapper fusion-animated\" style=\"--awb-inner-bg-position:center center;--awb-inner-bg-size:cover;--awb-width-large:50%;--awb-margin-top-large:0px;--awb-spacing-right-large:0px;--awb-margin-bottom-large:0px;--awb-spacing-left-large:0px;--awb-width-medium:50%;--awb-order-medium:0;--awb-spacing-right-medium:0px;--awb-spacing-left-medium:0px;--awb-width-small:100%;--awb-order-small:0;--awb-spacing-right-small:1.92%;--awb-spacing-left-small:1.92%;\" data-animationType=\"zoomIn\" data-animationDuration=\"0.3\" data-animationOffset=\"top-into-view\"><span class=\"fusion-column-inner-bg hover-type-zoomin\"><span class=\"fusion-column-anchor\"><span class=\"fusion-column-inner-bg-image lazyload\" data-bg=\"https:\/\/www.pfarrplatz.at\/wp-content\/uploads\/sites\/25\/2022\/01\/0259_Mayer_Pfarrplatz_20210727-1024x681.jpg\"><\/span><\/span><\/span><div class=\"fusion-column-wrapper fusion-column-has-shadow fusion-flex-justify-content-space-evenly fusion-content-layout-column fusion-empty-column-bg-image fusion-column-has-bg-image\" data-bg-url=\"https:\/\/www.pfarrplatz.at\/wp-content\/uploads\/sites\/25\/2022\/01\/0259_Mayer_Pfarrplatz_20210727-1024x681.jpg\"><img decoding=\"async\" class=\"fusion-empty-dims-img-placeholder\" aria-label=\"0259_Mayer_Pfarrplatz_20210727\" src=\"data:image\/svg+xml,%3Csvg%20xmlns%3D%27http%3A%2F%2Fwww.w3.org%2F2000%2Fsvg%27%20width%3D%271024%27%20height%3D%27681%27%20viewBox%3D%270%200%201024%20681%27%3E%3Crect%20width%3D%271024%27%20height%3D%27681%27%20fill-opacity%3D%220%22%2F%3E%3C%2Fsvg%3E\"><\/div><\/div><div class=\"fusion-layout-column fusion_builder_column fusion-builder-column-22 fusion_builder_column_1_2 1_2 fusion-flex-column\" style=\"--awb-padding-top:50px;--awb-padding-right:50px;--awb-padding-bottom:50px;--awb-padding-left:50px;--awb-padding-top-small:25px;--awb-padding-right-small:25px;--awb-padding-bottom-small:25px;--awb-padding-left-small:25px;--awb-bg-size:cover;--awb-width-large:50%;--awb-margin-top-large:0px;--awb-spacing-right-large:3.84%;--awb-margin-bottom-large:20px;--awb-spacing-left-large:3.84%;--awb-width-medium:50%;--awb-order-medium:0;--awb-spacing-right-medium:3.84%;--awb-spacing-left-medium:3.84%;--awb-width-small:100%;--awb-order-small:0;--awb-spacing-right-small:1.92%;--awb-spacing-left-small:1.92%;\"><div class=\"fusion-column-wrapper fusion-column-has-shadow fusion-flex-justify-content-flex-start fusion-content-layout-column\"><div class=\"fusion-title title fusion-title-18 fusion-sep-none fusion-title-center fusion-title-text fusion-title-size-two\" style=\"--awb-margin-top:55px;\"><h2 class=\"fusion-title-heading title-heading-center\" style=\"font-family:&quot;Oriflame Script&quot;;font-style:normal;font-weight:400;margin:0;\">\u00c9telek \u00e9s italok<\/h2><\/div><div class=\"fusion-text fusion-text-48\" style=\"--awb-content-alignment:center;--awb-margin-top:40px;\"><p>A <b>h\u00e1zi k\u00e9sz\u00edt\u00e9s\u0171 kenhet\u0151 \u00e9telek \u00e9s desszertek, a hagyom\u00e1nyos Heurigen konyha &#8211; gener\u00e1ci\u00f3k \u00f3ta hagyom\u00e1nyozott &#8211;<\/b> \u00faj kulin\u00e1ris szezon\u00e1lis finoms\u00e1gokkal p\u00e1ros\u00edtva, mint p\u00e9ld\u00e1ul a Mayer&#8217;s sp\u00e1rga cordon bleu vagy a bio marhah\u00fasb\u00f3l k\u00e9sz\u00fclt hagym\u00e1s sert\u00e9ss\u00fclt, elk\u00e1pr\u00e1ztatj\u00e1k vend\u00e9geinket, \u00e9s a Heurigen &#8222;Mayer am Pfarrplatz&#8221; elnyerte az AMA Gastro pecs\u00e9tet is.<\/p>\n<p>Az <b>AMA Gastro Seal d\u00edjnyertes v\u00e1llalatak\u00e9nt<\/b> nagy hangs\u00falyt fektet\u00fcnk term\u00e9keink eredet\u00e9re. Szorosan egy\u00fcttm\u0171k\u00f6d\u00fcnk kis besz\u00e1ll\u00edt\u00f3kkal \u00e9s gazd\u00e1lkod\u00f3kkal, akik nev\u00fckkel kezeskednek a legmagasabb min\u0151s\u00e9g\u00e9rt, hogy k\u00fcl\u00f6nleges term\u00e9keket k\u00edn\u00e1lhassunk \u00d6nnek.<\/p>\n<\/div><\/div><\/div><\/div><\/div><div class=\"fusion-fullwidth fullwidth-box fusion-builder-row-5 fusion-flex-container center_container bild_rechts nonhundred-percent-fullwidth non-hundred-percent-height-scrolling\" style=\"--awb-border-radius-top-left:0px;--awb-border-radius-top-right:0px;--awb-border-radius-bottom-right:0px;--awb-border-radius-bottom-left:0px;--awb-padding-top:0px;--awb-padding-right:0px;--awb-padding-bottom:0px;--awb-padding-left:0px;--awb-min-height:600px;--awb-background-image:linear-gradient(180deg, #fcfcfc 0%,rgba(255,255,255,0) 100%);--awb-flex-wrap:wrap;\" ><div class=\"fusion-builder-row fusion-row fusion-flex-align-items-center fusion-flex-content-wrap\" style=\"max-width:104%;margin-left: calc(-4% \/ 2 );margin-right: calc(-4% \/ 2 );\"><div class=\"fusion-layout-column fusion_builder_column fusion-builder-column-23 fusion_builder_column_1_2 1_2 fusion-flex-column\" style=\"--awb-padding-top:50px;--awb-padding-right:50px;--awb-padding-bottom:50px;--awb-padding-left:50px;--awb-padding-right-small:25px;--awb-padding-bottom-small:25px;--awb-padding-left-small:25px;--awb-bg-size:cover;--awb-width-large:50%;--awb-margin-top-large:0px;--awb-spacing-right-large:3.84%;--awb-margin-bottom-large:20px;--awb-spacing-left-large:3.84%;--awb-width-medium:50%;--awb-order-medium:0;--awb-spacing-right-medium:3.84%;--awb-spacing-left-medium:3.84%;--awb-width-small:100%;--awb-order-small:0;--awb-spacing-right-small:1.92%;--awb-spacing-left-small:1.92%;\"><div class=\"fusion-column-wrapper fusion-column-has-shadow fusion-flex-justify-content-flex-start fusion-content-layout-column\"><div class=\"fusion-text fusion-text-49\" style=\"--awb-content-alignment:center;--awb-margin-top:40px;\"><p><b style=\"background-color: rgba(255, 255, 255, 0); color: var(--body_typography-color); font-family: var(--body_typography-font-family); font-size: var(--body_typography-font-size); font-style: var(--body_typography-font-style,normal); letter-spacing: var(--body_typography-letter-spacing);\">A Mayer am Pfarrplatz klasszikus hideg \u00e9s meleg sv\u00e9dasztalos \u00e9teleket, valamint v\u00e1logatott szezon\u00e1lis specialit\u00e1sokat k\u00edn\u00e1l.<\/b><span style=\"background-color: rgba(255, 255, 255, 0); color: var(--body_typography-color); font-family: var(--body_typography-font-family); font-size: var(--body_typography-font-size); font-style: var(--body_typography-font-style,normal); font-weight: var(--body_typography-font-weight); letter-spacing: var(--body_typography-letter-spacing);\">  A s\u00fct\u0151t\u00f6k hetekt\u0151l a sp\u00e1rgamen\u00fcig &#8211; szezon\u00e1lis specialit\u00e1saink a Heurigenben tett l\u00e1togat\u00e1s szerves r\u00e9sz\u00e9v\u00e9 v\u00e1ltak. A b\u00e9csi Heurigen k\u00fcl\u00f6nlegess\u00e9ge a hagyom\u00e1nyos Heurigen-b\u00fcf\u00e9, ahol a finoms\u00e1gokat k\u00f6zvetlen\u00fcl rendelj\u00fck, \u00e9s &#8211; vend\u00e9geink k\u00edv\u00e1ns\u00e1g\u00e1nak megfelel\u0151en &#8211; darabonk\u00e9nt vagy m\u00e9rlegelve t\u00e1laljuk. \u00c9lvezze h\u00e1zi kolb\u00e1szainkat, mangalitzai sert\u00e9s lardo-t, nyers vaddiszn\u00f3 sonk\u00e1nkat \u00e9s karintiai szal\u00e1minkat egyenesen a karintiai gazd\u00e1t\u00f3l. Term\u00e9szetesen ott van a h\u00edres sert\u00e9ss\u00fclt savany\u00fa k\u00e1poszt\u00e1val, amely sz\u00e1mos v\u00e1ltozatban, p\u00e9ld\u00e1ul k\u00f6m\u00e9nyes vagy savany\u00fa s\u00fcltk\u00e9nt is kaphat\u00f3.<\/span><\/p>\n<\/div><\/div><\/div><div class=\"fusion-layout-column fusion_builder_column fusion-builder-column-24 fusion_builder_column_1_2 1_2 fusion-flex-column fusion-flex-align-self-stretch fusion-column-inner-bg-wrapper fusion-animated\" style=\"--awb-inner-bg-position:center center;--awb-inner-bg-size:cover;--awb-width-large:50%;--awb-margin-top-large:0px;--awb-spacing-right-large:0px;--awb-margin-bottom-large:0px;--awb-spacing-left-large:0px;--awb-width-medium:50%;--awb-order-medium:0;--awb-spacing-right-medium:0px;--awb-spacing-left-medium:0px;--awb-width-small:100%;--awb-order-small:0;--awb-spacing-right-small:1.92%;--awb-spacing-left-small:1.92%;\" data-animationType=\"zoomIn\" data-animationDuration=\"0.3\" data-animationOffset=\"top-into-view\"><span class=\"fusion-column-inner-bg hover-type-zoomin\"><span class=\"fusion-column-anchor\"><span class=\"fusion-column-inner-bg-image lazyload\" data-bg=\"https:\/\/www.pfarrplatz.at\/wp-content\/uploads\/sites\/25\/2022\/01\/0217_Mayer_Pfarrplatz_20210727-1024x681.jpg\"><\/span><\/span><\/span><div class=\"fusion-column-wrapper fusion-column-has-shadow fusion-flex-justify-content-space-evenly fusion-content-layout-column fusion-empty-column-bg-image fusion-column-has-bg-image\" data-bg-url=\"https:\/\/www.pfarrplatz.at\/wp-content\/uploads\/sites\/25\/2022\/01\/0217_Mayer_Pfarrplatz_20210727-1024x681.jpg\"><img decoding=\"async\" class=\"fusion-empty-dims-img-placeholder\" aria-label=\"0217_Mayer_Pfarrplatz_20210727\" src=\"data:image\/svg+xml,%3Csvg%20xmlns%3D%27http%3A%2F%2Fwww.w3.org%2F2000%2Fsvg%27%20width%3D%271024%27%20height%3D%27681%27%20viewBox%3D%270%200%201024%20681%27%3E%3Crect%20width%3D%271024%27%20height%3D%27681%27%20fill-opacity%3D%220%22%2F%3E%3C%2Fsvg%3E\"><\/div><\/div><\/div><\/div><div class=\"fusion-fullwidth fullwidth-box fusion-builder-row-6 fusion-flex-container center_container bild_links nonhundred-percent-fullwidth non-hundred-percent-height-scrolling\" style=\"--awb-border-radius-top-left:0px;--awb-border-radius-top-right:0px;--awb-border-radius-bottom-right:0px;--awb-border-radius-bottom-left:0px;--awb-padding-top:0px;--awb-padding-right:0px;--awb-padding-bottom:0px;--awb-padding-left:0px;--awb-min-height:600px;--awb-background-image:linear-gradient(180deg, #fcfcfc 0%,rgba(255,255,255,0) 100%);--awb-flex-wrap:wrap;\" ><div class=\"fusion-builder-row fusion-row fusion-flex-align-items-center fusion-flex-content-wrap\" style=\"max-width:104%;margin-left: calc(-4% \/ 2 );margin-right: calc(-4% \/ 2 );\"><div class=\"fusion-layout-column fusion_builder_column fusion-builder-column-25 fusion_builder_column_1_2 1_2 fusion-flex-column fusion-flex-align-self-stretch fusion-column-inner-bg-wrapper fusion-animated\" style=\"--awb-inner-bg-position:center center;--awb-inner-bg-size:cover;--awb-width-large:50%;--awb-margin-top-large:0px;--awb-spacing-right-large:0px;--awb-margin-bottom-large:0px;--awb-spacing-left-large:0px;--awb-width-medium:50%;--awb-order-medium:0;--awb-spacing-right-medium:0px;--awb-spacing-left-medium:0px;--awb-width-small:100%;--awb-order-small:0;--awb-spacing-right-small:1.92%;--awb-spacing-left-small:1.92%;\" data-animationType=\"zoomIn\" data-animationDuration=\"0.3\" data-animationOffset=\"top-into-view\"><span class=\"fusion-column-inner-bg hover-type-zoomin\"><span class=\"fusion-column-anchor\"><span class=\"fusion-column-inner-bg-image lazyload\" data-bg=\"https:\/\/www.pfarrplatz.at\/wp-content\/uploads\/sites\/25\/2022\/01\/0137_Mayer_Pfarrplatz_20210727-1024x681.jpg\"><\/span><\/span><\/span><div class=\"fusion-column-wrapper fusion-column-has-shadow fusion-flex-justify-content-space-evenly fusion-content-layout-column fusion-empty-column-bg-image fusion-column-has-bg-image\" data-bg-url=\"https:\/\/www.pfarrplatz.at\/wp-content\/uploads\/sites\/25\/2022\/01\/0137_Mayer_Pfarrplatz_20210727-1024x681.jpg\"><img decoding=\"async\" class=\"fusion-empty-dims-img-placeholder\" aria-label=\"0137_Mayer_Pfarrplatz_20210727\" src=\"data:image\/svg+xml,%3Csvg%20xmlns%3D%27http%3A%2F%2Fwww.w3.org%2F2000%2Fsvg%27%20width%3D%271024%27%20height%3D%27681%27%20viewBox%3D%270%200%201024%20681%27%3E%3Crect%20width%3D%271024%27%20height%3D%27681%27%20fill-opacity%3D%220%22%2F%3E%3C%2Fsvg%3E\"><\/div><\/div><div class=\"fusion-layout-column fusion_builder_column fusion-builder-column-26 fusion_builder_column_1_2 1_2 fusion-flex-column\" style=\"--awb-padding-top:50px;--awb-padding-right:50px;--awb-padding-bottom:50px;--awb-padding-left:50px;--awb-padding-right-small:25px;--awb-padding-bottom-small:25px;--awb-padding-left-small:25px;--awb-bg-size:cover;--awb-width-large:50%;--awb-margin-top-large:0px;--awb-spacing-right-large:3.84%;--awb-margin-bottom-large:20px;--awb-spacing-left-large:3.84%;--awb-width-medium:50%;--awb-order-medium:0;--awb-spacing-right-medium:3.84%;--awb-spacing-left-medium:3.84%;--awb-width-small:100%;--awb-order-small:0;--awb-spacing-right-small:1.92%;--awb-spacing-left-small:1.92%;\"><div class=\"fusion-column-wrapper fusion-column-has-shadow fusion-flex-justify-content-flex-start fusion-content-layout-column\"><div class=\"fusion-text fusion-text-50\" style=\"--awb-content-alignment:center;--awb-margin-top:40px;\"><p><b>Sal\u00e1t\u00e1k \u00e9s kenhet\u0151 \u00e9telek: Mindegyik h\u00e1zi k\u00e9sz\u00edt\u00e9s\u0171, hagyom\u00e1nyos receptek szerint.<\/b>  A burgonyasal\u00e1t\u00e1t\u00f3l a jellegzetes Heurigen-f\u00e9le fekete sal\u00e1ta sal\u00e1t\u00e1ig &#8211; hagyja, hogy a b\u00fcf\u00e9 \u00f6ssze\u00e1ll\u00edtsa az \u00d6n \u00edzl\u00e9s\u00e9nek megfelel\u0151 sal\u00e1t\u00e1t. \u00c9s a kenhet\u0151 \u00e9telek &#8211; a legand\u00e1rit\u00f3l a szezon\u00e1lisig, a Liptauer kenett\u0151l a paradicsomos-bazsalikomos kenetig. Engedje meg, hogy meglepj\u00fck \u00d6nt a v\u00e1laszt\u00e9kunkkal. \u00c9s k\u00f6vetkeztet\u00e9sk\u00e9nt? \u00c9lvezze h\u00e1zi k\u00e9sz\u00edt\u00e9s\u0171 desszertjeinket: T\u00far\u00f3s alm\u00e1s r\u00e9tes, vagy egyszer\u0171en csak k\u00fcl\u00f6nleges men\u00fcaj\u00e1nlataink.<\/p>\n<p><b>Minden, amire a sajtrajong\u00f3 sz\u00edve v\u00e1gyik.<\/b>  Term\u00e9szetesen Ausztri\u00e1b\u00f3l, hagyom\u00e1nyos tejgazdas\u00e1gainkb\u00f3l. \u00c9lvezze Salva sajtunkat &#8211; a szikla barlangban \u00e9rlelt, telt \u00edz\u0171 kem\u00e9ny sajtot &#8211; vagy az osztr\u00e1k tehenek legjobb sz\u00e9natej\u00e9b\u0151l k\u00e9sz\u00fclt Tilsiter szalmatej\u00fcnket. A hagyom\u00e1nyos hegyi sajtunkat &#8211; amelyet egy \u00e9vig \u00e9rlelnek a sziklapinc\u00e9ben &#8211; semmik\u00e9ppen sem szabad kihagyni, ahogyan a falusi sajtunkat sem &#8211; egy intenz\u00edv \u00edz\u0171 f\u00e9lkem\u00e9ny sajtot, amelyet Urstein-s\u00f3val \u00e9s hegyi gy\u00f3gyn\u00f6v\u00e9nyekkel finom\u00edtanak.<\/p>\n<\/div><\/div><\/div><\/div><\/div><div class=\"fusion-fullwidth fullwidth-box fusion-builder-row-7 fusion-flex-container center_container bild_rechts nonhundred-percent-fullwidth non-hundred-percent-height-scrolling\" style=\"--awb-border-radius-top-left:0px;--awb-border-radius-top-right:0px;--awb-border-radius-bottom-right:0px;--awb-border-radius-bottom-left:0px;--awb-padding-top:0px;--awb-padding-right:0px;--awb-padding-bottom:0px;--awb-padding-left:0px;--awb-min-height:600px;--awb-background-image:linear-gradient(180deg, #fcfcfc 0%,rgba(255,255,255,0) 100%);--awb-flex-wrap:wrap;\" ><div class=\"fusion-builder-row fusion-row fusion-flex-align-items-center fusion-flex-content-wrap\" style=\"max-width:104%;margin-left: calc(-4% \/ 2 );margin-right: calc(-4% \/ 2 );\"><div class=\"fusion-layout-column fusion_builder_column fusion-builder-column-27 fusion_builder_column_1_2 1_2 fusion-flex-column\" style=\"--awb-padding-top:50px;--awb-padding-right:50px;--awb-padding-bottom:50px;--awb-padding-left:50px;--awb-padding-top-small:25px;--awb-padding-right-small:25px;--awb-padding-bottom-small:25px;--awb-padding-left-small:25px;--awb-bg-size:cover;--awb-width-large:50%;--awb-margin-top-large:0px;--awb-spacing-right-large:3.84%;--awb-margin-bottom-large:20px;--awb-spacing-left-large:3.84%;--awb-width-medium:50%;--awb-order-medium:0;--awb-spacing-right-medium:3.84%;--awb-spacing-left-medium:3.84%;--awb-width-small:100%;--awb-order-small:0;--awb-spacing-right-small:1.92%;--awb-spacing-left-small:1.92%;\"><div class=\"fusion-column-wrapper fusion-column-has-shadow fusion-flex-justify-content-flex-start fusion-content-layout-column\"><div class=\"fusion-text fusion-text-51\" style=\"--awb-content-alignment:center;--awb-margin-top:40px;\"><p><b>Minden borunk<\/b> a <a href=\"https:\/\/www.rotes-haus.at\/\" target=\"_blank\" rel=\"noopener noreferrer\">&#8222;Rote Haus<\/a> &#8221; \u00e9s a <a href=\"https:\/\/weingut-mayer-am.pfarrplatz.at\/de\/\" target=\"_blank\" rel=\"noopener noreferrer\">&#8222;Mayer am Pfarrplatz<\/a>&#8221; pinc\u00e9szetek pinc\u00e9ib\u0151l sz\u00e1rmazik. B\u00e9cs legjobb fekv\u00e9s\u0171 sz\u0151l\u0151fajt\u00e1it, a Nussberg vagy az Alsegg d\u0171l\u0151t 1683 \u00f3ta a Mayer bork\u00e9sz\u00edti. Nemcsak a &#8222;Wiener Gemischter Satz DAC&#8221; borunk h\u00edres, hanem a rizlingjeink (&#8222;Wei\u00dfer Marmor&#8221;) \u00e9s sok m\u00e1s fajta is, amelyeket k\u00edn\u00e1lunk. Tov\u00e1bbi inform\u00e1ci\u00f3k\u00e9rt k\u00e9rj\u00fck, l\u00e1togasson el a Mayer am Pfarrplatz \u00e9s a Rotes Haus pinc\u00e9szetek oldalaira.<\/p>\n<p>K\u00f3stolja meg a klasszikus Heurigen b\u00fcf\u00e9t \u00e9s aktu\u00e1lis \u00e9tlapunkat, vagy egyszer\u0171en csak \u00e9lvezze a Heurigen hangulat\u00e1t egy j\u00f3 poh\u00e1r d\u00edjnyertes borral.<\/p>\n<p>K\u00e9r\u00e9sre sz\u00edvesen elk\u00fcldj\u00fck \u00d6nnek a rakt\u00e1rak list\u00e1j\u00e1t. Egyszer\u0171en \u00edrjon nek\u00fcnk a <a href=\"https:\/\/www.pfarrplatz.at\/hu\/kapcsolatfelvetel\/#anfrage_form\">kapcsolatfelv\u00e9teli \u0171rlapunkon<\/a> kereszt\u00fcl.<\/p>\n<\/div><div class=\"fusion-builder-row fusion-builder-row-inner fusion-row fusion-flex-align-items-center fusion-flex-content-wrap\" style=\"width:104% !important;max-width:104% !important;margin-left: calc(-4% \/ 2 );margin-right: calc(-4% \/ 2 );\"><div class=\"fusion-layout-column fusion_builder_column_inner fusion-builder-nested-column-2 fusion_builder_column_inner_1_2 1_2 fusion-flex-column\" style=\"--awb-bg-size:cover;--awb-width-large:50%;--awb-margin-top-large:0px;--awb-spacing-right-large:3.84%;--awb-margin-bottom-large:20px;--awb-spacing-left-large:3.84%;--awb-width-medium:50%;--awb-order-medium:0;--awb-spacing-right-medium:3.84%;--awb-spacing-left-medium:3.84%;--awb-width-small:100%;--awb-order-small:0;--awb-spacing-right-small:1.92%;--awb-spacing-left-small:1.92%;\"><div class=\"fusion-column-wrapper fusion-column-has-shadow fusion-flex-justify-content-flex-start fusion-content-layout-column\"><div class=\"sm-text-align-center\" style=\"text-align:right;\"><a class=\"fusion-button button-flat fusion-button-default-size button-custom fusion-button-default button-4 fusion-button-span-yes fusion-button-default-type\" style=\"--button_accent_color:var(--awb-color8);--button_border_color:var(--awb-color8);--button_accent_hover_color:#878787;--button_border_hover_color:#878787;--button_border_width-top:1px;--button_border_width-right:1px;--button_border_width-bottom:1px;--button_border_width-left:1px;--button-border-radius-top-left:30px;--button-border-radius-top-right:30px;--button-border-radius-bottom-right:30px;--button-border-radius-bottom-left:30px;--button_gradient_top_color:rgba(0,0,0,0);--button_gradient_bottom_color:rgba(0,0,0,0);--button_gradient_top_color_hover:rgba(0,0,0,0);--button_gradient_bottom_color_hover:rgba(0,0,0,0);--button_font_size:18px;--button_padding-top:12px;--button_padding-right:24px;--button_padding-bottom:12px;--button_padding-left:24px;\" target=\"_blank\" rel=\"noopener noreferrer\" href=\"https:\/\/weingut-mayer-am.pfarrplatz.at\/de\/\"><span class=\"fusion-button-text awb-button__text awb-button__text--default\">Mayer Pinc\u00e9szet a Pfarrplatzon<\/span><\/a><\/div><\/div><\/div><div class=\"fusion-layout-column fusion_builder_column_inner fusion-builder-nested-column-3 fusion_builder_column_inner_1_2 1_2 fusion-flex-column\" style=\"--awb-bg-size:cover;--awb-width-large:50%;--awb-margin-top-large:0px;--awb-spacing-right-large:3.84%;--awb-margin-bottom-large:20px;--awb-spacing-left-large:3.84%;--awb-width-medium:50%;--awb-order-medium:0;--awb-spacing-right-medium:3.84%;--awb-spacing-left-medium:3.84%;--awb-width-small:100%;--awb-order-small:0;--awb-spacing-right-small:1.92%;--awb-spacing-left-small:1.92%;\"><div class=\"fusion-column-wrapper fusion-column-has-shadow fusion-flex-justify-content-flex-start fusion-content-layout-column\"><div class=\"sm-text-align-center\" style=\"text-align:left;\"><a class=\"fusion-button button-flat fusion-button-default-size button-custom fusion-button-default button-5 fusion-button-span-yes fusion-button-default-type\" style=\"--button_accent_color:var(--awb-color8);--button_border_color:var(--awb-color8);--button_accent_hover_color:#878787;--button_border_hover_color:#878787;--button_border_width-top:1px;--button_border_width-right:1px;--button_border_width-bottom:1px;--button_border_width-left:1px;--button-border-radius-top-left:30px;--button-border-radius-top-right:30px;--button-border-radius-bottom-right:30px;--button-border-radius-bottom-left:30px;--button_gradient_top_color:rgba(0,0,0,0);--button_gradient_bottom_color:rgba(0,0,0,0);--button_gradient_top_color_hover:rgba(0,0,0,0);--button_gradient_bottom_color_hover:rgba(0,0,0,0);--button_font_size:18px;--button_padding-top:12px;--button_padding-right:24px;--button_padding-bottom:12px;--button_padding-left:24px;\" target=\"_blank\" rel=\"noopener noreferrer\" href=\"https:\/\/www.rotes-haus.at\/\"><span class=\"fusion-button-text awb-button__text awb-button__text--default\">Red House Pinc\u00e9szet<\/span><\/a><\/div><\/div><\/div><\/div><\/div><\/div><div class=\"fusion-layout-column fusion_builder_column fusion-builder-column-28 fusion_builder_column_1_2 1_2 fusion-flex-column fusion-flex-align-self-stretch fusion-column-inner-bg-wrapper fusion-animated\" style=\"--awb-inner-bg-position:center center;--awb-inner-bg-size:cover;--awb-width-large:50%;--awb-margin-top-large:0px;--awb-spacing-right-large:0px;--awb-margin-bottom-large:0px;--awb-spacing-left-large:0px;--awb-width-medium:50%;--awb-order-medium:0;--awb-spacing-right-medium:0px;--awb-spacing-left-medium:0px;--awb-width-small:100%;--awb-order-small:0;--awb-spacing-right-small:1.92%;--awb-spacing-left-small:1.92%;\" data-animationType=\"zoomIn\" data-animationDuration=\"0.3\" data-animationOffset=\"top-into-view\"><span class=\"fusion-column-inner-bg hover-type-zoomin\"><span class=\"fusion-column-anchor\"><span class=\"fusion-column-inner-bg-image lazyload\" data-bg=\"https:\/\/www.pfarrplatz.at\/wp-content\/uploads\/sites\/25\/2022\/01\/0039_Mayer_Pfarrplatz_20210727-1024x681.jpg\"><\/span><\/span><\/span><div class=\"fusion-column-wrapper fusion-column-has-shadow fusion-flex-justify-content-space-evenly fusion-content-layout-column fusion-empty-column-bg-image fusion-column-has-bg-image\" data-bg-url=\"https:\/\/www.pfarrplatz.at\/wp-content\/uploads\/sites\/25\/2022\/01\/0039_Mayer_Pfarrplatz_20210727-1024x681.jpg\"><img decoding=\"async\" class=\"fusion-empty-dims-img-placeholder\" aria-label=\"0039_Mayer_Pfarrplatz_20210727\" src=\"data:image\/svg+xml,%3Csvg%20xmlns%3D%27http%3A%2F%2Fwww.w3.org%2F2000%2Fsvg%27%20width%3D%271024%27%20height%3D%27681%27%20viewBox%3D%270%200%201024%20681%27%3E%3Crect%20width%3D%271024%27%20height%3D%27681%27%20fill-opacity%3D%220%22%2F%3E%3C%2Fsvg%3E\"><\/div><\/div><\/div><\/div><div class=\"fusion-fullwidth fullwidth-box fusion-builder-row-8 fusion-flex-container center_container bild_links nonhundred-percent-fullwidth non-hundred-percent-height-scrolling\" style=\"--awb-border-radius-top-left:0px;--awb-border-radius-top-right:0px;--awb-border-radius-bottom-right:0px;--awb-border-radius-bottom-left:0px;--awb-padding-top:0px;--awb-padding-right:0px;--awb-padding-bottom:0px;--awb-padding-left:0px;--awb-min-height:600px;--awb-background-image:linear-gradient(180deg, #fcfcfc 0%,rgba(255,255,255,0) 100%);--awb-flex-wrap:wrap;\" ><div class=\"fusion-builder-row fusion-row fusion-flex-align-items-center fusion-flex-content-wrap\" style=\"max-width:104%;margin-left: calc(-4% \/ 2 );margin-right: calc(-4% \/ 2 );\"><div class=\"fusion-layout-column fusion_builder_column fusion-builder-column-29 fusion_builder_column_1_2 1_2 fusion-flex-column fusion-flex-align-self-stretch fusion-column-inner-bg-wrapper fusion-animated\" style=\"--awb-padding-top:10px;--awb-padding-right:10px;--awb-padding-bottom:10px;--awb-padding-left:10px;--awb-inner-bg-position:center center;--awb-inner-bg-size:cover;--awb-width-large:50%;--awb-margin-top-large:0px;--awb-spacing-right-large:0px;--awb-margin-bottom-large:0px;--awb-spacing-left-large:0px;--awb-width-medium:50%;--awb-order-medium:0;--awb-spacing-right-medium:0px;--awb-spacing-left-medium:0px;--awb-width-small:100%;--awb-order-small:0;--awb-spacing-right-small:1.92%;--awb-spacing-left-small:1.92%;\" data-animationType=\"zoomIn\" data-animationDuration=\"0.3\" data-animationOffset=\"top-into-view\"><span class=\"fusion-column-inner-bg hover-type-zoomin\"><span class=\"fusion-column-anchor\"><span class=\"fusion-column-inner-bg-image lazyload\" data-bg=\"https:\/\/www.pfarrplatz.at\/wp-content\/uploads\/sites\/25\/2022\/01\/0161_Mayer_Pfarrplatz_20210727-1024x681.jpg\"><\/span><\/span><\/span><div class=\"fusion-column-wrapper fusion-column-has-shadow fusion-flex-justify-content-flex-end fusion-content-layout-column fusion-empty-column-bg-image fusion-column-has-bg-image\" data-bg-url=\"https:\/\/www.pfarrplatz.at\/wp-content\/uploads\/sites\/25\/2022\/01\/0161_Mayer_Pfarrplatz_20210727-1024x681.jpg\"><img decoding=\"async\" class=\"fusion-empty-dims-img-placeholder\" aria-label=\"0161_Mayer_Pfarrplatz_20210727\" src=\"data:image\/svg+xml,%3Csvg%20xmlns%3D%27http%3A%2F%2Fwww.w3.org%2F2000%2Fsvg%27%20width%3D%271024%27%20height%3D%27681%27%20viewBox%3D%270%200%201024%20681%27%3E%3Crect%20width%3D%271024%27%20height%3D%27681%27%20fill-opacity%3D%220%22%2F%3E%3C%2Fsvg%3E\"><\/div><\/div><div class=\"fusion-layout-column fusion_builder_column fusion-builder-column-30 fusion_builder_column_1_2 1_2 fusion-flex-column\" style=\"--awb-padding-top:50px;--awb-padding-right:50px;--awb-padding-bottom:50px;--awb-padding-left:50px;--awb-padding-top-small:25px;--awb-padding-right-small:25px;--awb-padding-bottom-small:25px;--awb-padding-left-small:25px;--awb-bg-size:cover;--awb-width-large:50%;--awb-margin-top-large:0px;--awb-spacing-right-large:3.84%;--awb-margin-bottom-large:20px;--awb-spacing-left-large:3.84%;--awb-width-medium:50%;--awb-order-medium:0;--awb-spacing-right-medium:3.84%;--awb-spacing-left-medium:3.84%;--awb-width-small:100%;--awb-order-small:0;--awb-spacing-right-small:1.92%;--awb-spacing-left-small:1.92%;\"><div class=\"fusion-column-wrapper fusion-column-has-shadow fusion-flex-justify-content-flex-start fusion-content-layout-column\"><div class=\"fusion-text fusion-text-52 fusion-text-no-margin\" style=\"--awb-content-alignment:center;--awb-margin-top:40px;--awb-margin-bottom:40px;\"><p><b>A Mayer am Pfarrplatz bemutatja: Mayer j\u00e1tsz\u00f3kertje. <\/b>A Mayer am Pfarrplatz kertj\u00e9ben tal\u00e1lhat\u00f3, \u00fajonnan \u00e1talak\u00edtott \u00e9s kib\u0151v\u00edtett j\u00e1tsz\u00f3t\u00e9rrel eg\u00e9szen k\u00fcl\u00f6nleges sz\u00f3rakoz\u00e1st k\u00edn\u00e1lunk kis vend\u00e9geinknek.<\/p>\n<p>\u00c9lvezze a nyugodt Heurigen hangulatot di\u00f3f\u00e1s kert\u00fcnkben \u00e9telek \u00e9s italok mellett, mik\u00f6zben gyermekei a szomsz\u00e9dos j\u00e1tsz\u00f3t\u00e9ren sz\u00f3rakoznak.<\/p>\n<p>A j\u00e1tsz\u00f3t\u00e9r j\u00f3 id\u0151 eset\u00e9n naponta (nyitvatart\u00e1si id\u0151nkben) nyitva van, \u00e9s vend\u00e9geink sz\u00e1m\u00e1ra term\u00e9szetesen ingyenes.<\/p>\n<\/div><\/div><\/div><\/div><\/div><div id=\"virtualtour\" class=\"fusion-container-anchor\"><div class=\"fusion-fullwidth fullwidth-box fusion-builder-row-9 fusion-flex-container nonhundred-percent-fullwidth non-hundred-percent-height-scrolling\" style=\"--awb-border-radius-top-left:0px;--awb-border-radius-top-right:0px;--awb-border-radius-bottom-right:0px;--awb-border-radius-bottom-left:0px;--awb-padding-top:0px;--awb-padding-right:0px;--awb-padding-bottom:0px;--awb-padding-left:0px;--awb-background-color:var(--awb-color4);--awb-flex-wrap:wrap;\" id=\"virtualtour\" ><div class=\"fusion-builder-row fusion-row fusion-flex-align-items-center fusion-flex-justify-content-center fusion-flex-content-wrap\" style=\"max-width:104%;margin-left: calc(-4% \/ 2 );margin-right: calc(-4% \/ 2 );\"><div class=\"fusion-layout-column fusion_builder_column fusion-builder-column-31 fusion_builder_column_1_1 1_1 fusion-flex-column\" style=\"--awb-padding-top:0px;--awb-padding-right:0px;--awb-padding-bottom:0px;--awb-padding-left:0px;--awb-bg-size:cover;--awb-width-large:100%;--awb-margin-top-large:0px;--awb-spacing-right-large:1.92%;--awb-margin-bottom-large:0px;--awb-spacing-left-large:1.92%;--awb-width-medium:100%;--awb-order-medium:0;--awb-spacing-right-medium:1.92%;--awb-spacing-left-medium:1.92%;--awb-width-small:100%;--awb-order-small:0;--awb-spacing-right-small:1.92%;--awb-spacing-left-small:1.92%;\"><div class=\"fusion-column-wrapper fusion-column-has-shadow fusion-flex-justify-content-flex-start fusion-content-layout-column\"><iframe src=\"https:\/\/tour.giraffe360.com\/0bda738917044efd9cbf236a7af917d0\/\" width=\"100%\" height=\"680\" frameborder=\"0\" border=\"0\" scrolling=\"no\" allowfullscreen allow=\"vr\"><\/iframe><\/div><\/div><\/div><\/div><\/div><div class=\"fusion-fullwidth fullwidth-box fusion-builder-row-10 fusion-flex-container fusion-parallax-none nonhundred-percent-fullwidth non-hundred-percent-height-scrolling lazyload\" style=\"--awb-border-radius-top-left:0px;--awb-border-radius-top-right:0px;--awb-border-radius-bottom-right:0px;--awb-border-radius-bottom-left:0px;--awb-padding-top:60px;--awb-padding-bottom:60px;--awb-margin-bottom:0px;--awb-background-size:cover;--awb-flex-wrap:wrap;\" data-bg=\"https:\/\/www.pfarrplatz.at\/wp-content\/uploads\/sites\/25\/2022\/01\/0099_Mayer_Pfarrplatz_20210727.jpg\" ><div class=\"fusion-builder-row fusion-row fusion-flex-align-items-flex-start fusion-flex-content-wrap\" style=\"max-width:104%;margin-left: calc(-4% \/ 2 );margin-right: calc(-4% \/ 2 );\"><div class=\"fusion-layout-column fusion_builder_column fusion-builder-column-32 fusion_builder_column_1_1 1_1 fusion-flex-column\" style=\"--awb-bg-size:cover;--awb-width-large:100%;--awb-margin-top-large:0px;--awb-spacing-right-large:1.92%;--awb-margin-bottom-large:20px;--awb-spacing-left-large:1.92%;--awb-width-medium:100%;--awb-order-medium:0;--awb-spacing-right-medium:1.92%;--awb-spacing-left-medium:1.92%;--awb-width-small:100%;--awb-order-small:0;--awb-spacing-right-small:1.92%;--awb-spacing-left-small:1.92%;\"><div class=\"fusion-column-wrapper fusion-column-has-shadow fusion-flex-justify-content-flex-start fusion-content-layout-column\"><i class=\"fb-icon-element-1 fb-icon-element fontawesome-icon pfarricon-medal circle-no fusion-animated\" style=\"--awb-font-size:47px;--awb-align-self:center;--awb-margin-top:0px;--awb-margin-right:0px;--awb-margin-bottom:10px;--awb-margin-left:0px;\" data-animationType=\"zoomIn\" data-animationDuration=\"1.0\" data-animationOffset=\"top-into-view\"><\/i><div class=\"fusion-title title fusion-title-19 fusion-sep-none fusion-title-center fusion-title-text fusion-title-size-two\" style=\"--awb-text-color:var(--awb-color1);--awb-margin-bottom:30px;\"><h2 class=\"fusion-title-heading title-heading-center\" style=\"font-family:&quot;Oriflame Script&quot;;font-style:normal;font-weight:400;margin:0;text-shadow:1px 1px 0px var(--awb-color8);\">D\u00edjaink<\/h2><\/div><\/div><\/div><div class=\"fusion-layout-column fusion_builder_column fusion-builder-column-33 fusion_builder_column_1_3 1_3 fusion-flex-column\" style=\"--awb-padding-top:35px;--awb-padding-right:35px;--awb-padding-bottom:35px;--awb-padding-left:35px;--awb-overflow:hidden;--awb-bg-color:var(--awb-color2);--awb-bg-color-hover:var(--awb-color2);--awb-bg-size:cover;--awb-box-shadow:-1px 1px 6px 0px rgba(0,0,0,0.3);;--awb-border-radius:20px 20px 20px 20px;--awb-width-large:33.333333333333%;--awb-margin-top-large:0px;--awb-spacing-right-large:5.76%;--awb-margin-bottom-large:20px;--awb-spacing-left-large:5.76%;--awb-width-medium:33.333333333333%;--awb-order-medium:0;--awb-spacing-right-medium:5.76%;--awb-spacing-left-medium:5.76%;--awb-width-small:100%;--awb-order-small:0;--awb-spacing-right-small:1.92%;--awb-spacing-left-small:1.92%;\"><div class=\"fusion-column-wrapper fusion-column-has-shadow fusion-flex-justify-content-flex-start fusion-content-layout-column\"><div class=\"fusion-image-element \" style=\"text-align:center;--awb-margin-top:20px;--awb-margin-bottom:16px;--awb-caption-title-font-family:var(--h2_typography-font-family);--awb-caption-title-font-weight:var(--h2_typography-font-weight);--awb-caption-title-font-style:var(--h2_typography-font-style);--awb-caption-title-size:var(--h2_typography-font-size);--awb-caption-title-transform:var(--h2_typography-text-transform);--awb-caption-title-line-height:var(--h2_typography-line-height);--awb-caption-title-letter-spacing:var(--h2_typography-letter-spacing);\"><span class=\" fusion-imageframe imageframe-none imageframe-16 hover-type-none\"><img decoding=\"async\" width=\"189\" height=\"103\" title=\"top_heuriger\" src=\"data:image\/svg+xml,%3Csvg%20xmlns%3D%27http%3A%2F%2Fwww.w3.org%2F2000%2Fsvg%27%20width%3D%27189%27%20height%3D%27103%27%20viewBox%3D%270%200%20189%20103%27%3E%3Crect%20width%3D%27189%27%20height%3D%27103%27%20fill-opacity%3D%220%22%2F%3E%3C%2Fsvg%3E\" data-orig-src=\"https:\/\/www.pfarrplatz.at\/wp-content\/uploads\/sites\/25\/2022\/02\/top_heuriger.png\" alt class=\"lazyload img-responsive wp-image-22568\"\/><\/span><\/div><div class=\"fusion-title title fusion-title-20 fusion-sep-none fusion-title-text fusion-title-size-three\" style=\"--awb-text-color:var(--awb-color4);--awb-margin-top:30px;--awb-font-size:26px;\"><h3 class=\"fusion-title-heading title-heading-left\" style=\"margin:0;font-size:1em;\">A b\u00e9csi TOP heuriger Mayer a Pfarrplatzon.<\/h3><\/div><div class=\"fusion-text fusion-text-53\"><p><strong>Hagyom\u00e1nyos l\u00e9tes\u00edtm\u00e9ny\u00fcnk hivatalosan is egyike a 14 b\u00e9csi TOP HEURIGEN-nek.<\/strong><\/p>\n<p>A B\u00e9csi Agr\u00e1rkamara megb\u00edzott egy k\u00fcls\u0151 \u00e9s f\u00fcggetlen tan\u00fas\u00edt\u00f3 c\u00e9get, hogy vizsg\u00e1lja meg a l\u00e9tes\u00edtm\u00e9nyeket a k\u00fcl\u00f6nb\u00f6z\u0151 krit\u00e9riumok alapj\u00e1n, amelyek egy tipikus Heuriger-t alkotnak.<\/p>\n<p>A mi Mayer am Pfarrplatzunk, amely az AMA Gastro Seal-t is elnyerte, a magas sz\u00ednvonal\u00fa szolg\u00e1ltat\u00e1s\u00e1\u00e9rt a Vienna Top Heuriger kit\u00fcntet\u00e9st kapta, \u00e9s egyike a legjobb b\u00e9csi Heurigen-eknek.<\/p>\n<p>Tov\u00e1bbi inform\u00e1ci\u00f3k: https:\/\/wien.lko.at\/.<\/p>\n<\/div><\/div><\/div><div class=\"fusion-layout-column fusion_builder_column fusion-builder-column-34 fusion_builder_column_1_3 1_3 fusion-flex-column\" style=\"--awb-padding-top:35px;--awb-padding-right:35px;--awb-padding-bottom:35px;--awb-padding-left:35px;--awb-overflow:hidden;--awb-bg-color:var(--awb-color2);--awb-bg-color-hover:var(--awb-color2);--awb-bg-size:cover;--awb-box-shadow:0px 1px 6px 0px rgba(0,0,0,0.3);;--awb-border-radius:20px 20px 20px 20px;--awb-width-large:33.333333333333%;--awb-margin-top-large:0px;--awb-spacing-right-large:5.76%;--awb-margin-bottom-large:20px;--awb-spacing-left-large:5.76%;--awb-width-medium:33.333333333333%;--awb-order-medium:0;--awb-spacing-right-medium:5.76%;--awb-spacing-left-medium:5.76%;--awb-width-small:100%;--awb-order-small:0;--awb-spacing-right-small:1.92%;--awb-spacing-left-small:1.92%;\"><div class=\"fusion-column-wrapper fusion-column-has-shadow fusion-flex-justify-content-flex-start fusion-content-layout-column\"><div class=\"fusion-image-element \" style=\"text-align:center;--awb-max-width:140px;--awb-caption-title-font-family:var(--h2_typography-font-family);--awb-caption-title-font-weight:var(--h2_typography-font-weight);--awb-caption-title-font-style:var(--h2_typography-font-style);--awb-caption-title-size:var(--h2_typography-font-size);--awb-caption-title-transform:var(--h2_typography-text-transform);--awb-caption-title-line-height:var(--h2_typography-line-height);--awb-caption-title-letter-spacing:var(--h2_typography-letter-spacing);\"><span class=\" fusion-imageframe imageframe-none imageframe-17 hover-type-none\"><img decoding=\"async\" width=\"188\" height=\"189\" title=\"ama_gastro\" src=\"data:image\/svg+xml,%3Csvg%20xmlns%3D%27http%3A%2F%2Fwww.w3.org%2F2000%2Fsvg%27%20width%3D%27188%27%20height%3D%27189%27%20viewBox%3D%270%200%20188%20189%27%3E%3Crect%20width%3D%27188%27%20height%3D%27189%27%20fill-opacity%3D%220%22%2F%3E%3C%2Fsvg%3E\" data-orig-src=\"https:\/\/www.pfarrplatz.at\/wp-content\/uploads\/sites\/25\/2022\/02\/ama_gastro.png\" alt class=\"lazyload img-responsive wp-image-22573\"\/><\/span><\/div><div class=\"fusion-title title fusion-title-21 fusion-sep-none fusion-title-text fusion-title-size-three\" style=\"--awb-text-color:var(--awb-color4);--awb-margin-top:30px;--awb-font-size:26px;\"><h3 class=\"fusion-title-heading title-heading-left\" style=\"margin:0;font-size:1em;\">AMA Gastro Seal<\/h3><\/div><div class=\"fusion-text fusion-text-54\"><p><b>\u00cdzlelhet\u0151 min\u0151s\u00e9g.<\/b><\/p>\n<p>Finoms\u00e1gainkhoz a szomsz\u00e9dos r\u00e9gi\u00f3kb\u00f3l \u00e9s Ausztri\u00e1b\u00f3l sz\u00e1rmaz\u00f3 term\u00e9keket haszn\u00e1lunk. Ez nem csak a vend\u00e9geinket \u00f6rvendezteti meg, hanem a &#8222;Mayer am Pfarrplatz&#8221; boroz\u00f3nak az <b>AMA pecs\u00e9tj\u00e9t<\/b> is ki\u00e9rdemelte.<\/p>\n<p><b>Marhah\u00fas<\/b>: Kamptaler Fleischwaren H\u00f6llerschmid, Etsdorf<br \/>\n<b>Csirke<\/b>: st\u00e1jer friss baromfi Tschiltsch, Weistrach<br \/>\n<b>Sert\u00e9sh\u00fas<\/b>: Tullnerfelder Schwein via Kamptaler Fleischwaren H\u00f6llerschmid, Etsdorf<br \/>\n<b>Tej \u00e9s tejterm\u00e9kek<\/b>:<br \/>\nAusztri\u00e1b\u00f3l az AMA min\u0151s\u00e9gbiztos\u00edt\u00e1si pecs\u00e9tj\u00e9vel<br \/>\n<b>Pajta toj\u00e1s<\/b>:<br \/>\nEierhof Martha Edhofer, Michelndorf<br \/>\n<b>Burgonya<\/b>: Beisser, Eibesbrunn<br \/>\n<b>Gy\u00f6k\u00e9rz\u00f6lds\u00e9gek<\/b>: Marchfelder Gem\u00fcse via K.M\u00fcllner<br \/>\n<b>J\u00e1t\u00e9k<\/b>: Kamptaler Fleischwaren H\u00f6llerschmid, Etsdorf<\/p>\n<\/div><\/div><\/div><div class=\"fusion-layout-column fusion_builder_column fusion-builder-column-35 fusion_builder_column_1_3 1_3 fusion-flex-column\" style=\"--awb-padding-top:35px;--awb-padding-right:35px;--awb-padding-bottom:35px;--awb-padding-left:35px;--awb-overflow:hidden;--awb-bg-color:var(--awb-color2);--awb-bg-color-hover:var(--awb-color2);--awb-bg-size:cover;--awb-box-shadow:1px 1px 6px 0px rgba(0,0,0,0.3);;--awb-border-radius:20px 20px 20px 20px;--awb-width-large:33.333333333333%;--awb-margin-top-large:0px;--awb-spacing-right-large:5.76%;--awb-margin-bottom-large:20px;--awb-spacing-left-large:5.76%;--awb-width-medium:33.333333333333%;--awb-order-medium:0;--awb-spacing-right-medium:5.76%;--awb-spacing-left-medium:5.76%;--awb-width-small:100%;--awb-order-small:0;--awb-spacing-right-small:1.92%;--awb-spacing-left-small:1.92%;\"><div class=\"fusion-column-wrapper fusion-column-has-shadow fusion-flex-justify-content-flex-start fusion-content-layout-column\"><div class=\"fusion-image-element \" style=\"text-align:center;--awb-max-width:93px;--awb-caption-title-font-family:var(--h2_typography-font-family);--awb-caption-title-font-weight:var(--h2_typography-font-weight);--awb-caption-title-font-style:var(--h2_typography-font-style);--awb-caption-title-size:var(--h2_typography-font-size);--awb-caption-title-transform:var(--h2_typography-text-transform);--awb-caption-title-line-height:var(--h2_typography-line-height);--awb-caption-title-letter-spacing:var(--h2_typography-letter-spacing);\"><span class=\" fusion-imageframe imageframe-none imageframe-18 hover-type-none\"><img decoding=\"async\" width=\"188\" height=\"284\" title=\"excellent_wines\" src=\"data:image\/svg+xml,%3Csvg%20xmlns%3D%27http%3A%2F%2Fwww.w3.org%2F2000%2Fsvg%27%20width%3D%27188%27%20height%3D%27284%27%20viewBox%3D%270%200%20188%20284%27%3E%3Crect%20width%3D%27188%27%20height%3D%27284%27%20fill-opacity%3D%220%22%2F%3E%3C%2Fsvg%3E\" data-orig-src=\"https:\/\/www.pfarrplatz.at\/wp-content\/uploads\/sites\/25\/2022\/02\/ausgezeichnete_weine.png\" alt class=\"lazyload img-responsive wp-image-22579\"\/><\/span><\/div><div class=\"fusion-title title fusion-title-22 fusion-sep-none fusion-title-text fusion-title-size-three\" style=\"--awb-text-color:var(--awb-color4);--awb-margin-top:30px;--awb-font-size:26px;\"><h3 class=\"fusion-title-heading title-heading-left\" style=\"margin:0;font-size:1em;\">Kiv\u00e1l\u00f3 boraink<\/h3><\/div><div class=\"fusion-text fusion-text-55\"><p>A Mayer am Pfarrplatz \u00e9s a Rotes Haus pinc\u00e9szetek borainak magas min\u0151s\u00e9g\u00e9t a nemzeti \u00e9s nemzetk\u00f6zi borversenyeken elnyert sz\u00e1mtalan d\u00edj \u00e9s d\u00edj is al\u00e1t\u00e1masztja.<\/p>\n<p>A<br \/>\nkit\u00fcntet\u00e9sekr\u0151l b\u0151vebb inform\u00e1ci\u00f3t itt tal\u00e1l:<\/p>\n<p><a href=\"https:\/\/weingut-mayer-am.pfarrplatz.at\/de\/auszeichnungen\/\" target=\"_blank\" rel=\"noopener\">Weingut Mayer am Pfarrplatz<\/a><br \/>\n<a href=\"https:\/\/www.rotes-haus.at\/de\/auszeichnungen\/\" target=\"_blank\" rel=\"noopener\">Weingut Rotes Haus<\/a>.<\/p>\n<\/div><\/div><\/div><\/div><\/div><\/p>\n","protected":false},"excerpt":{"rendered":"","protected":false},"author":1,"featured_media":10749,"parent":0,"menu_order":0,"comment_status":"closed","ping_status":"closed","template":"","meta":{"_acf_changed":false,"footnotes":""},"class_list":["post-10747","page","type-page","status-publish","has-post-thumbnail","hentry"],"acf":[],"yoast_head":"<!-- This site is optimized with the Yoast SEO plugin v27.5 - https:\/\/yoast.com\/product\/yoast-seo-wordpress\/ -->\n<title>A Heuriger - Heuriger Mayer am Pfarrplatz<\/title>\n<meta name=\"robots\" content=\"index, follow, max-snippet:-1, max-image-preview:large, max-video-preview:-1\" \/>\n<link rel=\"canonical\" href=\"https:\/\/www.pfarrplatz.at\/hu\/a-heuriger\/\" \/>\n<meta property=\"og:locale\" content=\"hu_HU\" \/>\n<meta property=\"og:type\" content=\"article\" \/>\n<meta property=\"og:title\" content=\"A Heuriger - Heuriger Mayer am Pfarrplatz\" \/>\n<meta property=\"og:url\" content=\"https:\/\/www.pfarrplatz.at\/hu\/a-heuriger\/\" \/>\n<meta property=\"og:site_name\" content=\"Heuriger Mayer am Pfarrplatz\" \/>\n<meta property=\"article:publisher\" content=\"https:\/\/www.facebook.com\/mayerampfarrplatz\" \/>\n<meta property=\"article:modified_time\" content=\"2026-01-28T14:11:56+00:00\" \/>\n<meta property=\"og:image\" content=\"https:\/\/www.pfarrplatz.at\/wp-content\/uploads\/sites\/25\/2022\/01\/0296_Mayer_Pfarrplatz_20210727.jpg\" \/>\n\t<meta property=\"og:image:width\" content=\"1980\" \/>\n\t<meta property=\"og:image:height\" content=\"1317\" \/>\n\t<meta property=\"og:image:type\" content=\"image\/jpeg\" \/>\n<meta name=\"twitter:card\" content=\"summary_large_image\" \/>\n<meta name=\"twitter:label1\" content=\"Becs\u00fclt olvas\u00e1si id\u0151\" \/>\n\t<meta name=\"twitter:data1\" content=\"10 perc\" \/>\n<script type=\"application\/ld+json\" class=\"yoast-schema-graph\">{\"@context\":\"https:\\\/\\\/schema.org\",\"@graph\":[{\"@type\":\"WebPage\",\"@id\":\"https:\\\/\\\/www.pfarrplatz.at\\\/hu\\\/a-heuriger\\\/\",\"url\":\"https:\\\/\\\/www.pfarrplatz.at\\\/hu\\\/a-heuriger\\\/\",\"name\":\"A Heuriger - Heuriger Mayer am Pfarrplatz\",\"isPartOf\":{\"@id\":\"https:\\\/\\\/www.pfarrplatz.at\\\/de\\\/#website\"},\"primaryImageOfPage\":{\"@id\":\"https:\\\/\\\/www.pfarrplatz.at\\\/hu\\\/a-heuriger\\\/#primaryimage\"},\"image\":{\"@id\":\"https:\\\/\\\/www.pfarrplatz.at\\\/hu\\\/a-heuriger\\\/#primaryimage\"},\"thumbnailUrl\":\"https:\\\/\\\/www.pfarrplatz.at\\\/wp-content\\\/uploads\\\/sites\\\/25\\\/2022\\\/01\\\/0296_Mayer_Pfarrplatz_20210727.jpg\",\"datePublished\":\"2022-02-09T20:52:41+00:00\",\"dateModified\":\"2026-01-28T14:11:56+00:00\",\"breadcrumb\":{\"@id\":\"https:\\\/\\\/www.pfarrplatz.at\\\/hu\\\/a-heuriger\\\/#breadcrumb\"},\"inLanguage\":\"hu\",\"potentialAction\":[{\"@type\":\"ReadAction\",\"target\":[\"https:\\\/\\\/www.pfarrplatz.at\\\/hu\\\/a-heuriger\\\/\"]}]},{\"@type\":\"ImageObject\",\"inLanguage\":\"hu\",\"@id\":\"https:\\\/\\\/www.pfarrplatz.at\\\/hu\\\/a-heuriger\\\/#primaryimage\",\"url\":\"https:\\\/\\\/www.pfarrplatz.at\\\/wp-content\\\/uploads\\\/sites\\\/25\\\/2022\\\/01\\\/0296_Mayer_Pfarrplatz_20210727.jpg\",\"contentUrl\":\"https:\\\/\\\/www.pfarrplatz.at\\\/wp-content\\\/uploads\\\/sites\\\/25\\\/2022\\\/01\\\/0296_Mayer_Pfarrplatz_20210727.jpg\",\"width\":1980,\"height\":1317},{\"@type\":\"BreadcrumbList\",\"@id\":\"https:\\\/\\\/www.pfarrplatz.at\\\/hu\\\/a-heuriger\\\/#breadcrumb\",\"itemListElement\":[{\"@type\":\"ListItem\",\"position\":1,\"name\":\"Kezd\u0151lap\",\"item\":\"https:\\\/\\\/www.pfarrplatz.at\\\/hu\\\/\"},{\"@type\":\"ListItem\",\"position\":2,\"name\":\"A Heuriger\"}]},{\"@type\":\"WebSite\",\"@id\":\"https:\\\/\\\/www.pfarrplatz.at\\\/de\\\/#website\",\"url\":\"https:\\\/\\\/www.pfarrplatz.at\\\/de\\\/\",\"name\":\"Heuriger Mayer am Pfarrplatz\",\"description\":\"\",\"publisher\":{\"@id\":\"https:\\\/\\\/www.pfarrplatz.at\\\/de\\\/#organization\"},\"potentialAction\":[{\"@type\":\"SearchAction\",\"target\":{\"@type\":\"EntryPoint\",\"urlTemplate\":\"https:\\\/\\\/www.pfarrplatz.at\\\/de\\\/?s={search_term_string}\"},\"query-input\":{\"@type\":\"PropertyValueSpecification\",\"valueRequired\":true,\"valueName\":\"search_term_string\"}}],\"inLanguage\":\"hu\"},{\"@type\":\"Organization\",\"@id\":\"https:\\\/\\\/www.pfarrplatz.at\\\/de\\\/#organization\",\"name\":\"Heuriger Mayer am Pfarrplatz\",\"url\":\"https:\\\/\\\/www.pfarrplatz.at\\\/de\\\/\",\"logo\":{\"@type\":\"ImageObject\",\"inLanguage\":\"hu\",\"@id\":\"https:\\\/\\\/www.pfarrplatz.at\\\/de\\\/#\\\/schema\\\/logo\\\/image\\\/\",\"url\":\"https:\\\/\\\/www.pfarrplatz.at\\\/wp-content\\\/uploads\\\/sites\\\/25\\\/2022\\\/02\\\/mayer_am_pfarrplatz-1-1-300x300-1.png\",\"contentUrl\":\"https:\\\/\\\/www.pfarrplatz.at\\\/wp-content\\\/uploads\\\/sites\\\/25\\\/2022\\\/02\\\/mayer_am_pfarrplatz-1-1-300x300-1.png\",\"width\":300,\"height\":300,\"caption\":\"Heuriger Mayer am Pfarrplatz\"},\"image\":{\"@id\":\"https:\\\/\\\/www.pfarrplatz.at\\\/de\\\/#\\\/schema\\\/logo\\\/image\\\/\"},\"sameAs\":[\"https:\\\/\\\/www.facebook.com\\\/mayerampfarrplatz\",\"https:\\\/\\\/www.instagram.com\\\/mayerampfarrplatz.pfarrwirt\\\/\"]}]}<\/script>\n<!-- \/ Yoast SEO plugin. -->","yoast_head_json":{"title":"A Heuriger - Heuriger Mayer am Pfarrplatz","robots":{"index":"index","follow":"follow","max-snippet":"max-snippet:-1","max-image-preview":"max-image-preview:large","max-video-preview":"max-video-preview:-1"},"canonical":"https:\/\/www.pfarrplatz.at\/hu\/a-heuriger\/","og_locale":"hu_HU","og_type":"article","og_title":"A Heuriger - Heuriger Mayer am Pfarrplatz","og_url":"https:\/\/www.pfarrplatz.at\/hu\/a-heuriger\/","og_site_name":"Heuriger Mayer am Pfarrplatz","article_publisher":"https:\/\/www.facebook.com\/mayerampfarrplatz","article_modified_time":"2026-01-28T14:11:56+00:00","og_image":[{"width":1980,"height":1317,"url":"https:\/\/www.pfarrplatz.at\/wp-content\/uploads\/sites\/25\/2022\/01\/0296_Mayer_Pfarrplatz_20210727.jpg","type":"image\/jpeg"}],"twitter_card":"summary_large_image","twitter_misc":{"Becs\u00fclt olvas\u00e1si id\u0151":"10 perc"},"schema":{"@context":"https:\/\/schema.org","@graph":[{"@type":"WebPage","@id":"https:\/\/www.pfarrplatz.at\/hu\/a-heuriger\/","url":"https:\/\/www.pfarrplatz.at\/hu\/a-heuriger\/","name":"A Heuriger - Heuriger Mayer am Pfarrplatz","isPartOf":{"@id":"https:\/\/www.pfarrplatz.at\/de\/#website"},"primaryImageOfPage":{"@id":"https:\/\/www.pfarrplatz.at\/hu\/a-heuriger\/#primaryimage"},"image":{"@id":"https:\/\/www.pfarrplatz.at\/hu\/a-heuriger\/#primaryimage"},"thumbnailUrl":"https:\/\/www.pfarrplatz.at\/wp-content\/uploads\/sites\/25\/2022\/01\/0296_Mayer_Pfarrplatz_20210727.jpg","datePublished":"2022-02-09T20:52:41+00:00","dateModified":"2026-01-28T14:11:56+00:00","breadcrumb":{"@id":"https:\/\/www.pfarrplatz.at\/hu\/a-heuriger\/#breadcrumb"},"inLanguage":"hu","potentialAction":[{"@type":"ReadAction","target":["https:\/\/www.pfarrplatz.at\/hu\/a-heuriger\/"]}]},{"@type":"ImageObject","inLanguage":"hu","@id":"https:\/\/www.pfarrplatz.at\/hu\/a-heuriger\/#primaryimage","url":"https:\/\/www.pfarrplatz.at\/wp-content\/uploads\/sites\/25\/2022\/01\/0296_Mayer_Pfarrplatz_20210727.jpg","contentUrl":"https:\/\/www.pfarrplatz.at\/wp-content\/uploads\/sites\/25\/2022\/01\/0296_Mayer_Pfarrplatz_20210727.jpg","width":1980,"height":1317},{"@type":"BreadcrumbList","@id":"https:\/\/www.pfarrplatz.at\/hu\/a-heuriger\/#breadcrumb","itemListElement":[{"@type":"ListItem","position":1,"name":"Kezd\u0151lap","item":"https:\/\/www.pfarrplatz.at\/hu\/"},{"@type":"ListItem","position":2,"name":"A Heuriger"}]},{"@type":"WebSite","@id":"https:\/\/www.pfarrplatz.at\/de\/#website","url":"https:\/\/www.pfarrplatz.at\/de\/","name":"Heuriger Mayer am Pfarrplatz","description":"","publisher":{"@id":"https:\/\/www.pfarrplatz.at\/de\/#organization"},"potentialAction":[{"@type":"SearchAction","target":{"@type":"EntryPoint","urlTemplate":"https:\/\/www.pfarrplatz.at\/de\/?s={search_term_string}"},"query-input":{"@type":"PropertyValueSpecification","valueRequired":true,"valueName":"search_term_string"}}],"inLanguage":"hu"},{"@type":"Organization","@id":"https:\/\/www.pfarrplatz.at\/de\/#organization","name":"Heuriger Mayer am Pfarrplatz","url":"https:\/\/www.pfarrplatz.at\/de\/","logo":{"@type":"ImageObject","inLanguage":"hu","@id":"https:\/\/www.pfarrplatz.at\/de\/#\/schema\/logo\/image\/","url":"https:\/\/www.pfarrplatz.at\/wp-content\/uploads\/sites\/25\/2022\/02\/mayer_am_pfarrplatz-1-1-300x300-1.png","contentUrl":"https:\/\/www.pfarrplatz.at\/wp-content\/uploads\/sites\/25\/2022\/02\/mayer_am_pfarrplatz-1-1-300x300-1.png","width":300,"height":300,"caption":"Heuriger Mayer am Pfarrplatz"},"image":{"@id":"https:\/\/www.pfarrplatz.at\/de\/#\/schema\/logo\/image\/"},"sameAs":["https:\/\/www.facebook.com\/mayerampfarrplatz","https:\/\/www.instagram.com\/mayerampfarrplatz.pfarrwirt\/"]}]}},"_links":{"self":[{"href":"https:\/\/www.pfarrplatz.at\/hu\/wp-json\/wp\/v2\/pages\/10747","targetHints":{"allow":["GET"]}}],"collection":[{"href":"https:\/\/www.pfarrplatz.at\/hu\/wp-json\/wp\/v2\/pages"}],"about":[{"href":"https:\/\/www.pfarrplatz.at\/hu\/wp-json\/wp\/v2\/types\/page"}],"author":[{"embeddable":true,"href":"https:\/\/www.pfarrplatz.at\/hu\/wp-json\/wp\/v2\/users\/1"}],"replies":[{"embeddable":true,"href":"https:\/\/www.pfarrplatz.at\/hu\/wp-json\/wp\/v2\/comments?post=10747"}],"version-history":[{"count":10,"href":"https:\/\/www.pfarrplatz.at\/hu\/wp-json\/wp\/v2\/pages\/10747\/revisions"}],"predecessor-version":[{"id":10862,"href":"https:\/\/www.pfarrplatz.at\/hu\/wp-json\/wp\/v2\/pages\/10747\/revisions\/10862"}],"wp:featuredmedia":[{"embeddable":true,"href":"https:\/\/www.pfarrplatz.at\/hu\/wp-json\/wp\/v2\/media\/10749"}],"wp:attachment":[{"href":"https:\/\/www.pfarrplatz.at\/hu\/wp-json\/wp\/v2\/media?parent=10747"}],"curies":[{"name":"wp","href":"https:\/\/api.w.org\/{rel}","templated":true}]}}