{"id":10661,"date":"2022-02-21T09:31:42","date_gmt":"2022-02-21T08:31:42","guid":{"rendered":"https:\/\/www.pfarrplatz.at\/impresszum\/"},"modified":"2024-03-18T13:59:21","modified_gmt":"2024-03-18T12:59:21","slug":"impresszum","status":"publish","type":"page","link":"https:\/\/www.pfarrplatz.at\/hu\/impresszum\/","title":{"rendered":"Impresszum"},"content":{"rendered":"<div class=\"fusion-fullwidth fullwidth-box fusion-builder-row-1 fusion-flex-container nonhundred-percent-fullwidth non-hundred-percent-height-scrolling\" style=\"--awb-border-radius-top-left:0px;--awb-border-radius-top-right:0px;--awb-border-radius-bottom-right:0px;--awb-border-radius-bottom-left:0px;--awb-padding-top:50px;--awb-flex-wrap:wrap;\" ><div class=\"fusion-builder-row fusion-row fusion-flex-align-items-flex-start fusion-flex-content-wrap\" style=\"max-width:104%;margin-left: calc(-4% \/ 2 );margin-right: calc(-4% \/ 2 );\"><div class=\"fusion-layout-column fusion_builder_column fusion-builder-column-0 fusion_builder_column_1_2 1_2 fusion-flex-column\" style=\"--awb-bg-blend:overlay;--awb-bg-size:cover;--awb-width-large:50%;--awb-margin-top-large:0px;--awb-spacing-right-large:3.84%;--awb-margin-bottom-large:0px;--awb-spacing-left-large:3.84%;--awb-width-medium:50%;--awb-spacing-right-medium:3.84%;--awb-spacing-left-medium:3.84%;--awb-width-small:100%;--awb-spacing-right-small:1.92%;--awb-spacing-left-small:1.92%;\"><div class=\"fusion-column-wrapper fusion-flex-justify-content-flex-start fusion-content-layout-column\"><div class=\"fusion-text fusion-text-1\" style=\"--awb-text-transform:none;\"><p><strong>A M\u00c9DIAT\u00d6RV\u00c9NY 25. \u00a7-A SZERINTI K\u00d6ZZ\u00c9T\u00c9TEL<br \/>\nMEGJEL\u00d6L\u00c9S az UGB \u00e9s az EKG szerint<\/strong><\/p>\n<p><strong>A helysz\u00edn tulajdonosa<\/strong><\/p>\n<p>Pfarrplatz Gastronomiebetriebs GmbH<br \/>\nParish t\u00e9r 2<br \/>\n1190 B\u00e9cs<\/p>\n<p><strong>Enged\u00e9lyezett k\u00e9pviseleti szervek<\/strong><\/p>\n<p>Clemens Keller<br \/>\nFreddy Schmid<\/p>\n<p><strong>Kapcsolattart\u00e1si inform\u00e1ci\u00f3k<\/strong><\/p>\n<p>Telefon: 0043 1 370 12 87<br \/>\ne-mail: <a href=\"mailto:mayer@pfarrplatz.at\">mayer@pfarrplatz.at<\/a><br \/>\nC\u00e9gjegyz\u00e9ksz\u00e1m: FN 95985f<br \/>\nUID sz\u00e1m: ATU 15707402<\/p>\n<p><strong>Felel\u0151s irod\u00e1k <\/strong><\/p>\n<p>Kereskedelmi nyilv\u00e1ntart\u00f3 b\u00edr\u00f3s\u00e1g: Kereskedelmi b\u00edr\u00f3s\u00e1g B\u00e9cs<br \/>\nFel\u00fcgyeleti hat\u00f3s\u00e1g: B\u00e9cs v\u00e1ros \u00f6nkorm\u00e1nyzata\/Kereskedelmi hat\u00f3s\u00e1ga<br \/>\nAlkalmazand\u00f3 jogszab\u00e1ly: a kereskedelem szab\u00e1lyoz\u00e1s\u00e1r\u00f3l sz\u00f3l\u00f3 t\u00f6rv\u00e9ny (GewO) a www.ris.bka.gv.at oldalon.<br \/>\nKamara: B\u00e9csi Kereskedelmi Kamara, Vend\u00e9gl\u00e1t\u00f3ipari r\u00e9szleg<\/p>\n<p><strong>Tev\u00e9kenys\u00e9gi ter\u00fclet<\/strong><\/p>\n<p>Gasztron\u00f3mia<\/p>\n<\/div><\/div><\/div><div class=\"fusion-layout-column fusion_builder_column fusion-builder-column-1 fusion_builder_column_1_2 1_2 fusion-flex-column\" style=\"--awb-bg-blend:overlay;--awb-bg-size:cover;--awb-width-large:50%;--awb-margin-top-large:0px;--awb-spacing-right-large:3.84%;--awb-margin-bottom-large:0px;--awb-spacing-left-large:3.84%;--awb-width-medium:50%;--awb-spacing-right-medium:3.84%;--awb-spacing-left-medium:3.84%;--awb-width-small:100%;--awb-spacing-right-small:1.92%;--awb-spacing-left-small:1.92%;\"><div class=\"fusion-column-wrapper fusion-flex-justify-content-flex-start fusion-content-layout-column\"><div class=\"fusion-text fusion-text-2\"><p><strong style=\"background-color: rgba(255, 255, 255, 0); color: var(--body_typography-color); font-family: var(--body_typography-font-family); font-size: var(--body_typography-font-size); font-style: var(--body_typography-font-style,normal); letter-spacing: var(--body_typography-letter-spacing);\">A &#8222;Leaf line&#8221; weboldal ir\u00e1nya<\/strong><\/p>\n<p>A www.pfarrplatz.at weboldal kiz\u00e1r\u00f3lag az \u00e1ruk rekl\u00e1moz\u00e1s\u00e1ra \u00e9s \u00e9rt\u00e9kes\u00edt\u00e9s\u00e9re, valamint a v\u00e1llalat bemutat\u00e1s\u00e1ra szolg\u00e1l.<\/p>\n<p><strong>Megjegyz\u00e9sek \u00e9s jogi nyilatkozat<\/strong><br \/>\nTekintettel az internet technikai jellemz\u0151ire, az interneten el\u00e9rhet\u0151v\u00e9 tett inform\u00e1ci\u00f3k hiteless\u00e9g\u00e9re, pontoss\u00e1g\u00e1ra \u00e9s teljess\u00e9g\u00e9re semmilyen garancia nem v\u00e1llalhat\u00f3. A weboldal \u00e9s tartalma el\u00e9rhet\u0151s\u00e9g\u00e9re \u00e9s m\u0171k\u00f6d\u00e9s\u00e9re semmilyen garanci\u00e1t nem v\u00e1llalunk. A weboldalon tal\u00e1lhat\u00f3 adatok \u00e9s inform\u00e1ci\u00f3k haszn\u00e1lat\u00e1b\u00f3l vagy el\u00e9rhetetlens\u00e9g\u00e9b\u0151l ered\u0151 k\u00f6zvetlen, k\u00f6zvetett vagy egy\u00e9b k\u00e1rok\u00e9rt val\u00f3 felel\u0151ss\u00e9get &#8211; f\u00fcggetlen\u00fcl azok ok\u00e1t\u00f3l &#8211; a t\u00f6rv\u00e9ny \u00e1ltal megengedett m\u00e9rt\u00e9kben kiz\u00e1rjuk. A honlap tartalma szerz\u0151i jogi v\u00e9delem alatt \u00e1ll. Az inform\u00e1ci\u00f3k kiz\u00e1r\u00f3lag szem\u00e9lyes haszn\u00e1latra szolg\u00e1lnak. Tilos a tov\u00e1bbi felhaszn\u00e1l\u00e1s, k\u00fcl\u00f6n\u00f6sen az adatb\u00e1zisokban val\u00f3 t\u00e1rol\u00e1s, a sokszoros\u00edt\u00e1s \u00e9s a kereskedelmi felhaszn\u00e1l\u00e1s b\u00e1rmely form\u00e1ja, valamint a harmadik felek sz\u00e1m\u00e1ra t\u00f6rt\u00e9n\u0151 &#8211; ak\u00e1r r\u00e9szleges vagy \u00e1tdolgozott form\u00e1ban t\u00f6rt\u00e9n\u0151 &#8211; tov\u00e1bbad\u00e1s az \u00e9rintett szervezet hozz\u00e1j\u00e1rul\u00e1sa n\u00e9lk\u00fcl. Tilos weboldalunk egyes oldalainak k\u00fcls\u0151 keretekbe t\u00f6rt\u00e9n\u0151 integr\u00e1l\u00e1sa. Amennyiben a szem\u00e9lynevek csak h\u00edmnem\u0171 form\u00e1ban szerepelnek a tartalomban, a n\u0151kre \u00e9s a f\u00e9rfiakra ugyan\u00fagy utalnak.<\/p>\n<\/div><\/div><\/div><\/div><\/div>\n","protected":false},"excerpt":{"rendered":"","protected":false},"author":1,"featured_media":0,"parent":0,"menu_order":0,"comment_status":"closed","ping_status":"closed","template":"","meta":{"_acf_changed":false,"footnotes":""},"class_list":["post-10661","page","type-page","status-publish","hentry"],"acf":[],"yoast_head":"<!-- This site is optimized with the Yoast SEO plugin v27.5 - https:\/\/yoast.com\/product\/yoast-seo-wordpress\/ -->\n<title>Impresszum - Heuriger Mayer am Pfarrplatz<\/title>\n<meta name=\"robots\" content=\"index, follow, max-snippet:-1, max-image-preview:large, max-video-preview:-1\" \/>\n<link rel=\"canonical\" href=\"https:\/\/www.pfarrplatz.at\/hu\/impresszum\/\" \/>\n<meta property=\"og:locale\" content=\"hu_HU\" \/>\n<meta property=\"og:type\" content=\"article\" \/>\n<meta property=\"og:title\" content=\"Impresszum - Heuriger Mayer am Pfarrplatz\" \/>\n<meta property=\"og:url\" content=\"https:\/\/www.pfarrplatz.at\/hu\/impresszum\/\" \/>\n<meta property=\"og:site_name\" content=\"Heuriger Mayer am Pfarrplatz\" \/>\n<meta property=\"article:publisher\" content=\"https:\/\/www.facebook.com\/mayerampfarrplatz\" \/>\n<meta property=\"article:modified_time\" content=\"2024-03-18T12:59:21+00:00\" \/>\n<meta name=\"twitter:card\" content=\"summary_large_image\" \/>\n<meta name=\"twitter:label1\" content=\"Becs\u00fclt olvas\u00e1si id\u0151\" \/>\n\t<meta name=\"twitter:data1\" content=\"2 perc\" \/>\n<script type=\"application\/ld+json\" class=\"yoast-schema-graph\">{\"@context\":\"https:\\\/\\\/schema.org\",\"@graph\":[{\"@type\":\"WebPage\",\"@id\":\"https:\\\/\\\/www.pfarrplatz.at\\\/hu\\\/impresszum\\\/\",\"url\":\"https:\\\/\\\/www.pfarrplatz.at\\\/hu\\\/impresszum\\\/\",\"name\":\"Impresszum - Heuriger Mayer am Pfarrplatz\",\"isPartOf\":{\"@id\":\"https:\\\/\\\/www.pfarrplatz.at\\\/de\\\/#website\"},\"datePublished\":\"2022-02-21T08:31:42+00:00\",\"dateModified\":\"2024-03-18T12:59:21+00:00\",\"breadcrumb\":{\"@id\":\"https:\\\/\\\/www.pfarrplatz.at\\\/hu\\\/impresszum\\\/#breadcrumb\"},\"inLanguage\":\"hu\",\"potentialAction\":[{\"@type\":\"ReadAction\",\"target\":[\"https:\\\/\\\/www.pfarrplatz.at\\\/hu\\\/impresszum\\\/\"]}]},{\"@type\":\"BreadcrumbList\",\"@id\":\"https:\\\/\\\/www.pfarrplatz.at\\\/hu\\\/impresszum\\\/#breadcrumb\",\"itemListElement\":[{\"@type\":\"ListItem\",\"position\":1,\"name\":\"Kezd\u0151lap\",\"item\":\"https:\\\/\\\/www.pfarrplatz.at\\\/hu\\\/\"},{\"@type\":\"ListItem\",\"position\":2,\"name\":\"Impresszum\"}]},{\"@type\":\"WebSite\",\"@id\":\"https:\\\/\\\/www.pfarrplatz.at\\\/de\\\/#website\",\"url\":\"https:\\\/\\\/www.pfarrplatz.at\\\/de\\\/\",\"name\":\"Heuriger Mayer am Pfarrplatz\",\"description\":\"\",\"publisher\":{\"@id\":\"https:\\\/\\\/www.pfarrplatz.at\\\/de\\\/#organization\"},\"potentialAction\":[{\"@type\":\"SearchAction\",\"target\":{\"@type\":\"EntryPoint\",\"urlTemplate\":\"https:\\\/\\\/www.pfarrplatz.at\\\/de\\\/?s={search_term_string}\"},\"query-input\":{\"@type\":\"PropertyValueSpecification\",\"valueRequired\":true,\"valueName\":\"search_term_string\"}}],\"inLanguage\":\"hu\"},{\"@type\":\"Organization\",\"@id\":\"https:\\\/\\\/www.pfarrplatz.at\\\/de\\\/#organization\",\"name\":\"Heuriger Mayer am Pfarrplatz\",\"url\":\"https:\\\/\\\/www.pfarrplatz.at\\\/de\\\/\",\"logo\":{\"@type\":\"ImageObject\",\"inLanguage\":\"hu\",\"@id\":\"https:\\\/\\\/www.pfarrplatz.at\\\/de\\\/#\\\/schema\\\/logo\\\/image\\\/\",\"url\":\"https:\\\/\\\/www.pfarrplatz.at\\\/wp-content\\\/uploads\\\/sites\\\/25\\\/2022\\\/02\\\/mayer_am_pfarrplatz-1-1-300x300-1.png\",\"contentUrl\":\"https:\\\/\\\/www.pfarrplatz.at\\\/wp-content\\\/uploads\\\/sites\\\/25\\\/2022\\\/02\\\/mayer_am_pfarrplatz-1-1-300x300-1.png\",\"width\":300,\"height\":300,\"caption\":\"Heuriger Mayer am Pfarrplatz\"},\"image\":{\"@id\":\"https:\\\/\\\/www.pfarrplatz.at\\\/de\\\/#\\\/schema\\\/logo\\\/image\\\/\"},\"sameAs\":[\"https:\\\/\\\/www.facebook.com\\\/mayerampfarrplatz\",\"https:\\\/\\\/www.instagram.com\\\/mayerampfarrplatz.pfarrwirt\\\/\"]}]}<\/script>\n<!-- \/ Yoast SEO plugin. -->","yoast_head_json":{"title":"Impresszum - Heuriger Mayer am Pfarrplatz","robots":{"index":"index","follow":"follow","max-snippet":"max-snippet:-1","max-image-preview":"max-image-preview:large","max-video-preview":"max-video-preview:-1"},"canonical":"https:\/\/www.pfarrplatz.at\/hu\/impresszum\/","og_locale":"hu_HU","og_type":"article","og_title":"Impresszum - Heuriger Mayer am Pfarrplatz","og_url":"https:\/\/www.pfarrplatz.at\/hu\/impresszum\/","og_site_name":"Heuriger Mayer am Pfarrplatz","article_publisher":"https:\/\/www.facebook.com\/mayerampfarrplatz","article_modified_time":"2024-03-18T12:59:21+00:00","twitter_card":"summary_large_image","twitter_misc":{"Becs\u00fclt olvas\u00e1si id\u0151":"2 perc"},"schema":{"@context":"https:\/\/schema.org","@graph":[{"@type":"WebPage","@id":"https:\/\/www.pfarrplatz.at\/hu\/impresszum\/","url":"https:\/\/www.pfarrplatz.at\/hu\/impresszum\/","name":"Impresszum - Heuriger Mayer am Pfarrplatz","isPartOf":{"@id":"https:\/\/www.pfarrplatz.at\/de\/#website"},"datePublished":"2022-02-21T08:31:42+00:00","dateModified":"2024-03-18T12:59:21+00:00","breadcrumb":{"@id":"https:\/\/www.pfarrplatz.at\/hu\/impresszum\/#breadcrumb"},"inLanguage":"hu","potentialAction":[{"@type":"ReadAction","target":["https:\/\/www.pfarrplatz.at\/hu\/impresszum\/"]}]},{"@type":"BreadcrumbList","@id":"https:\/\/www.pfarrplatz.at\/hu\/impresszum\/#breadcrumb","itemListElement":[{"@type":"ListItem","position":1,"name":"Kezd\u0151lap","item":"https:\/\/www.pfarrplatz.at\/hu\/"},{"@type":"ListItem","position":2,"name":"Impresszum"}]},{"@type":"WebSite","@id":"https:\/\/www.pfarrplatz.at\/de\/#website","url":"https:\/\/www.pfarrplatz.at\/de\/","name":"Heuriger Mayer am Pfarrplatz","description":"","publisher":{"@id":"https:\/\/www.pfarrplatz.at\/de\/#organization"},"potentialAction":[{"@type":"SearchAction","target":{"@type":"EntryPoint","urlTemplate":"https:\/\/www.pfarrplatz.at\/de\/?s={search_term_string}"},"query-input":{"@type":"PropertyValueSpecification","valueRequired":true,"valueName":"search_term_string"}}],"inLanguage":"hu"},{"@type":"Organization","@id":"https:\/\/www.pfarrplatz.at\/de\/#organization","name":"Heuriger Mayer am Pfarrplatz","url":"https:\/\/www.pfarrplatz.at\/de\/","logo":{"@type":"ImageObject","inLanguage":"hu","@id":"https:\/\/www.pfarrplatz.at\/de\/#\/schema\/logo\/image\/","url":"https:\/\/www.pfarrplatz.at\/wp-content\/uploads\/sites\/25\/2022\/02\/mayer_am_pfarrplatz-1-1-300x300-1.png","contentUrl":"https:\/\/www.pfarrplatz.at\/wp-content\/uploads\/sites\/25\/2022\/02\/mayer_am_pfarrplatz-1-1-300x300-1.png","width":300,"height":300,"caption":"Heuriger Mayer am Pfarrplatz"},"image":{"@id":"https:\/\/www.pfarrplatz.at\/de\/#\/schema\/logo\/image\/"},"sameAs":["https:\/\/www.facebook.com\/mayerampfarrplatz","https:\/\/www.instagram.com\/mayerampfarrplatz.pfarrwirt\/"]}]}},"_links":{"self":[{"href":"https:\/\/www.pfarrplatz.at\/hu\/wp-json\/wp\/v2\/pages\/10661","targetHints":{"allow":["GET"]}}],"collection":[{"href":"https:\/\/www.pfarrplatz.at\/hu\/wp-json\/wp\/v2\/pages"}],"about":[{"href":"https:\/\/www.pfarrplatz.at\/hu\/wp-json\/wp\/v2\/types\/page"}],"author":[{"embeddable":true,"href":"https:\/\/www.pfarrplatz.at\/hu\/wp-json\/wp\/v2\/users\/1"}],"replies":[{"embeddable":true,"href":"https:\/\/www.pfarrplatz.at\/hu\/wp-json\/wp\/v2\/comments?post=10661"}],"version-history":[{"count":2,"href":"https:\/\/www.pfarrplatz.at\/hu\/wp-json\/wp\/v2\/pages\/10661\/revisions"}],"predecessor-version":[{"id":11439,"href":"https:\/\/www.pfarrplatz.at\/hu\/wp-json\/wp\/v2\/pages\/10661\/revisions\/11439"}],"wp:attachment":[{"href":"https:\/\/www.pfarrplatz.at\/hu\/wp-json\/wp\/v2\/media?parent=10661"}],"curies":[{"name":"wp","href":"https:\/\/api.w.org\/{rel}","templated":true}]}}