{"id":10647,"date":"2022-02-21T09:31:42","date_gmt":"2022-02-21T08:31:42","guid":{"rendered":"https:\/\/www.pfarrplatz.at\/mentions-legales\/"},"modified":"2024-03-18T13:59:14","modified_gmt":"2024-03-18T12:59:14","slug":"mentions-legales","status":"publish","type":"page","link":"https:\/\/www.pfarrplatz.at\/fr\/mentions-legales\/","title":{"rendered":"Mentions l\u00e9gales"},"content":{"rendered":"<div class=\"fusion-fullwidth fullwidth-box fusion-builder-row-1 fusion-flex-container nonhundred-percent-fullwidth non-hundred-percent-height-scrolling\" style=\"--awb-border-radius-top-left:0px;--awb-border-radius-top-right:0px;--awb-border-radius-bottom-right:0px;--awb-border-radius-bottom-left:0px;--awb-padding-top:50px;--awb-flex-wrap:wrap;\" ><div class=\"fusion-builder-row fusion-row fusion-flex-align-items-flex-start fusion-flex-content-wrap\" style=\"max-width:104%;margin-left: calc(-4% \/ 2 );margin-right: calc(-4% \/ 2 );\"><div class=\"fusion-layout-column fusion_builder_column fusion-builder-column-0 fusion_builder_column_1_2 1_2 fusion-flex-column\" style=\"--awb-bg-blend:overlay;--awb-bg-size:cover;--awb-width-large:50%;--awb-margin-top-large:0px;--awb-spacing-right-large:3.84%;--awb-margin-bottom-large:0px;--awb-spacing-left-large:3.84%;--awb-width-medium:50%;--awb-spacing-right-medium:3.84%;--awb-spacing-left-medium:3.84%;--awb-width-small:100%;--awb-spacing-right-small:1.92%;--awb-spacing-left-small:1.92%;\"><div class=\"fusion-column-wrapper fusion-flex-justify-content-flex-start fusion-content-layout-column\"><div class=\"fusion-text fusion-text-1\" style=\"--awb-text-transform:none;\"><p><strong>DIVULGATION CONFORM\u00c9MENT AU \u00a7 25 DE LA LOI SUR LES M\u00c9DIAS<br \/>\nD\u00c9NOMINATION SELON L&rsquo;UGB et l&rsquo;ECG<\/strong><\/p>\n<p><strong>Propri\u00e9taire du site<\/strong><\/p>\n<p>Pfarrplatz Gastronomiebetriebs GmbH<br \/>\nPlace du presbyt\u00e8re 2<br \/>\n1190 Vienne<\/p>\n<p><strong>Organes habilit\u00e9s \u00e0 repr\u00e9senter<\/strong><\/p>\n<p>Clemens Keller<br \/>\nFreddy Schmid<\/p>\n<p><strong>Coordonn\u00e9es<\/strong><\/p>\n<p>T\u00e9l\u00e9phone : 0043 1 370 12 87<br \/>\ne-mail : <a href=\"mailto:mayer@pfarrplatz.at\">mayer@pfarrplatz.at<\/a><br \/>\nNum\u00e9ro du registre du commerce : FN 95985f<br \/>\nNum\u00e9ro d&rsquo;identification fiscale : ATU 15707402<\/p>\n<p><strong>Organismes responsables <\/strong><\/p>\n<p>Tribunal du registre du commerce : Tribunal de commerce de Vienne<br \/>\nAutorit\u00e9 de surveillance : Magistrat\/autorit\u00e9 commerciale de la ville de Vienne<br \/>\nL\u00e9gislation applicable : Code du commerce (GewO) sur www.ris.bka.gv.at<br \/>\nChambre : Chambre \u00e9conomique de Vienne, section gastronomie<\/p>\n<p><strong>Domaine d&rsquo;activit\u00e9<\/strong><\/p>\n<p>Gastronomie<\/p>\n<\/div><\/div><\/div><div class=\"fusion-layout-column fusion_builder_column fusion-builder-column-1 fusion_builder_column_1_2 1_2 fusion-flex-column\" style=\"--awb-bg-blend:overlay;--awb-bg-size:cover;--awb-width-large:50%;--awb-margin-top-large:0px;--awb-spacing-right-large:3.84%;--awb-margin-bottom-large:0px;--awb-spacing-left-large:3.84%;--awb-width-medium:50%;--awb-spacing-right-medium:3.84%;--awb-spacing-left-medium:3.84%;--awb-width-small:100%;--awb-spacing-right-small:1.92%;--awb-spacing-left-small:1.92%;\"><div class=\"fusion-column-wrapper fusion-flex-justify-content-flex-start fusion-content-layout-column\"><div class=\"fusion-text fusion-text-2\"><p><strong style=\"background-color: rgba(255, 255, 255, 0); color: var(--body_typography-color); font-family: var(--body_typography-font-family); font-size: var(--body_typography-font-size); font-style: var(--body_typography-font-style,normal); letter-spacing: var(--body_typography-letter-spacing);\">Direction du site \u00ab\u00a0Ligne de la feuille<\/strong><\/p>\n<p>Le site www.pfarrplatz.at sert uniquement \u00e0 la promotion et \u00e0 la vente de marchandises et \u00e0 la pr\u00e9sentation de l&rsquo;entreprise.<\/p>\n<p><strong>Remarques et clause de non-responsabilit\u00e9<\/strong><br \/>\nCompte tenu des caract\u00e9ristiques techniques d&rsquo;Internet, aucune garantie ne peut \u00eatre donn\u00e9e quant \u00e0 l&rsquo;authenticit\u00e9, l&rsquo;exactitude et l&rsquo;exhaustivit\u00e9 des informations mises \u00e0 disposition sur Internet. De m\u00eame, aucune garantie n&rsquo;est donn\u00e9e quant \u00e0 la disponibilit\u00e9 ou au fonctionnement de la page d&rsquo;accueil en question et de son contenu. Toute responsabilit\u00e9 pour des dommages directs, indirects ou autres, ind\u00e9pendamment de leurs causes, r\u00e9sultant de l&rsquo;utilisation ou de la non-disponibilit\u00e9 des donn\u00e9es et informations de ce site Internet, est exclue dans la mesure o\u00f9 la loi le permet. Le contenu de ce site est prot\u00e9g\u00e9 par les droits d&rsquo;auteur. Les informations sont destin\u00e9es \u00e0 un usage personnel uniquement. Toute autre utilisation, en particulier l&rsquo;enregistrement dans des banques de donn\u00e9es, la reproduction et toute forme d&rsquo;utilisation commerciale ainsi que la transmission \u00e0 des tiers &#8211; m\u00eame en partie ou sous une forme remani\u00e9e &#8211; sans l&rsquo;accord de l&rsquo;organisation concern\u00e9e est interdite. Toute int\u00e9gration de pages individuelles de notre offre dans des cadres \u00e9trangers est \u00e0 proscrire. Lorsque, dans le contenu, les d\u00e9signations de personnes ne sont mentionn\u00e9es qu&rsquo;au masculin, elles s&rsquo;appliquent de la m\u00eame mani\u00e8re aux femmes et aux hommes.<\/p>\n<\/div><\/div><\/div><\/div><\/div>\n","protected":false},"excerpt":{"rendered":"","protected":false},"author":1,"featured_media":0,"parent":0,"menu_order":0,"comment_status":"closed","ping_status":"closed","template":"","meta":{"_acf_changed":false,"footnotes":""},"class_list":["post-10647","page","type-page","status-publish","hentry"],"acf":[],"yoast_head":"<!-- This site is optimized with the Yoast SEO plugin v27.5 - https:\/\/yoast.com\/product\/yoast-seo-wordpress\/ -->\n<title>Mentions l\u00e9gales - Heuriger Mayer am Pfarrplatz<\/title>\n<meta name=\"robots\" content=\"index, follow, max-snippet:-1, max-image-preview:large, max-video-preview:-1\" \/>\n<link rel=\"canonical\" href=\"https:\/\/www.pfarrplatz.at\/fr\/mentions-legales\/\" \/>\n<meta property=\"og:locale\" content=\"fr_FR\" \/>\n<meta property=\"og:type\" content=\"article\" \/>\n<meta property=\"og:title\" content=\"Mentions l\u00e9gales - Heuriger Mayer am Pfarrplatz\" \/>\n<meta property=\"og:url\" content=\"https:\/\/www.pfarrplatz.at\/fr\/mentions-legales\/\" \/>\n<meta property=\"og:site_name\" content=\"Heuriger Mayer am Pfarrplatz\" \/>\n<meta property=\"article:publisher\" content=\"https:\/\/www.facebook.com\/mayerampfarrplatz\" \/>\n<meta property=\"article:modified_time\" content=\"2024-03-18T12:59:14+00:00\" \/>\n<meta name=\"twitter:card\" content=\"summary_large_image\" \/>\n<meta name=\"twitter:label1\" content=\"Dur\u00e9e de lecture estim\u00e9e\" \/>\n\t<meta name=\"twitter:data1\" content=\"3 minutes\" \/>\n<script type=\"application\/ld+json\" class=\"yoast-schema-graph\">{\"@context\":\"https:\\\/\\\/schema.org\",\"@graph\":[{\"@type\":\"WebPage\",\"@id\":\"https:\\\/\\\/www.pfarrplatz.at\\\/fr\\\/mentions-legales\\\/\",\"url\":\"https:\\\/\\\/www.pfarrplatz.at\\\/fr\\\/mentions-legales\\\/\",\"name\":\"Mentions l\u00e9gales - Heuriger Mayer am Pfarrplatz\",\"isPartOf\":{\"@id\":\"https:\\\/\\\/www.pfarrplatz.at\\\/de\\\/#website\"},\"datePublished\":\"2022-02-21T08:31:42+00:00\",\"dateModified\":\"2024-03-18T12:59:14+00:00\",\"breadcrumb\":{\"@id\":\"https:\\\/\\\/www.pfarrplatz.at\\\/fr\\\/mentions-legales\\\/#breadcrumb\"},\"inLanguage\":\"fr-FR\",\"potentialAction\":[{\"@type\":\"ReadAction\",\"target\":[\"https:\\\/\\\/www.pfarrplatz.at\\\/fr\\\/mentions-legales\\\/\"]}]},{\"@type\":\"BreadcrumbList\",\"@id\":\"https:\\\/\\\/www.pfarrplatz.at\\\/fr\\\/mentions-legales\\\/#breadcrumb\",\"itemListElement\":[{\"@type\":\"ListItem\",\"position\":1,\"name\":\"Startseite\",\"item\":\"https:\\\/\\\/www.pfarrplatz.at\\\/fr\\\/\"},{\"@type\":\"ListItem\",\"position\":2,\"name\":\"Mentions l\u00e9gales\"}]},{\"@type\":\"WebSite\",\"@id\":\"https:\\\/\\\/www.pfarrplatz.at\\\/de\\\/#website\",\"url\":\"https:\\\/\\\/www.pfarrplatz.at\\\/de\\\/\",\"name\":\"Heuriger Mayer am Pfarrplatz\",\"description\":\"\",\"publisher\":{\"@id\":\"https:\\\/\\\/www.pfarrplatz.at\\\/de\\\/#organization\"},\"potentialAction\":[{\"@type\":\"SearchAction\",\"target\":{\"@type\":\"EntryPoint\",\"urlTemplate\":\"https:\\\/\\\/www.pfarrplatz.at\\\/de\\\/?s={search_term_string}\"},\"query-input\":{\"@type\":\"PropertyValueSpecification\",\"valueRequired\":true,\"valueName\":\"search_term_string\"}}],\"inLanguage\":\"fr-FR\"},{\"@type\":\"Organization\",\"@id\":\"https:\\\/\\\/www.pfarrplatz.at\\\/de\\\/#organization\",\"name\":\"Heuriger Mayer am Pfarrplatz\",\"url\":\"https:\\\/\\\/www.pfarrplatz.at\\\/de\\\/\",\"logo\":{\"@type\":\"ImageObject\",\"inLanguage\":\"fr-FR\",\"@id\":\"https:\\\/\\\/www.pfarrplatz.at\\\/de\\\/#\\\/schema\\\/logo\\\/image\\\/\",\"url\":\"https:\\\/\\\/www.pfarrplatz.at\\\/wp-content\\\/uploads\\\/sites\\\/25\\\/2022\\\/02\\\/mayer_am_pfarrplatz-1-1-300x300-1.png\",\"contentUrl\":\"https:\\\/\\\/www.pfarrplatz.at\\\/wp-content\\\/uploads\\\/sites\\\/25\\\/2022\\\/02\\\/mayer_am_pfarrplatz-1-1-300x300-1.png\",\"width\":300,\"height\":300,\"caption\":\"Heuriger Mayer am Pfarrplatz\"},\"image\":{\"@id\":\"https:\\\/\\\/www.pfarrplatz.at\\\/de\\\/#\\\/schema\\\/logo\\\/image\\\/\"},\"sameAs\":[\"https:\\\/\\\/www.facebook.com\\\/mayerampfarrplatz\",\"https:\\\/\\\/www.instagram.com\\\/mayerampfarrplatz.pfarrwirt\\\/\"]}]}<\/script>\n<!-- \/ Yoast SEO plugin. -->","yoast_head_json":{"title":"Mentions l\u00e9gales - Heuriger Mayer am Pfarrplatz","robots":{"index":"index","follow":"follow","max-snippet":"max-snippet:-1","max-image-preview":"max-image-preview:large","max-video-preview":"max-video-preview:-1"},"canonical":"https:\/\/www.pfarrplatz.at\/fr\/mentions-legales\/","og_locale":"fr_FR","og_type":"article","og_title":"Mentions l\u00e9gales - Heuriger Mayer am Pfarrplatz","og_url":"https:\/\/www.pfarrplatz.at\/fr\/mentions-legales\/","og_site_name":"Heuriger Mayer am Pfarrplatz","article_publisher":"https:\/\/www.facebook.com\/mayerampfarrplatz","article_modified_time":"2024-03-18T12:59:14+00:00","twitter_card":"summary_large_image","twitter_misc":{"Dur\u00e9e de lecture estim\u00e9e":"3 minutes"},"schema":{"@context":"https:\/\/schema.org","@graph":[{"@type":"WebPage","@id":"https:\/\/www.pfarrplatz.at\/fr\/mentions-legales\/","url":"https:\/\/www.pfarrplatz.at\/fr\/mentions-legales\/","name":"Mentions l\u00e9gales - Heuriger Mayer am Pfarrplatz","isPartOf":{"@id":"https:\/\/www.pfarrplatz.at\/de\/#website"},"datePublished":"2022-02-21T08:31:42+00:00","dateModified":"2024-03-18T12:59:14+00:00","breadcrumb":{"@id":"https:\/\/www.pfarrplatz.at\/fr\/mentions-legales\/#breadcrumb"},"inLanguage":"fr-FR","potentialAction":[{"@type":"ReadAction","target":["https:\/\/www.pfarrplatz.at\/fr\/mentions-legales\/"]}]},{"@type":"BreadcrumbList","@id":"https:\/\/www.pfarrplatz.at\/fr\/mentions-legales\/#breadcrumb","itemListElement":[{"@type":"ListItem","position":1,"name":"Startseite","item":"https:\/\/www.pfarrplatz.at\/fr\/"},{"@type":"ListItem","position":2,"name":"Mentions l\u00e9gales"}]},{"@type":"WebSite","@id":"https:\/\/www.pfarrplatz.at\/de\/#website","url":"https:\/\/www.pfarrplatz.at\/de\/","name":"Heuriger Mayer am Pfarrplatz","description":"","publisher":{"@id":"https:\/\/www.pfarrplatz.at\/de\/#organization"},"potentialAction":[{"@type":"SearchAction","target":{"@type":"EntryPoint","urlTemplate":"https:\/\/www.pfarrplatz.at\/de\/?s={search_term_string}"},"query-input":{"@type":"PropertyValueSpecification","valueRequired":true,"valueName":"search_term_string"}}],"inLanguage":"fr-FR"},{"@type":"Organization","@id":"https:\/\/www.pfarrplatz.at\/de\/#organization","name":"Heuriger Mayer am Pfarrplatz","url":"https:\/\/www.pfarrplatz.at\/de\/","logo":{"@type":"ImageObject","inLanguage":"fr-FR","@id":"https:\/\/www.pfarrplatz.at\/de\/#\/schema\/logo\/image\/","url":"https:\/\/www.pfarrplatz.at\/wp-content\/uploads\/sites\/25\/2022\/02\/mayer_am_pfarrplatz-1-1-300x300-1.png","contentUrl":"https:\/\/www.pfarrplatz.at\/wp-content\/uploads\/sites\/25\/2022\/02\/mayer_am_pfarrplatz-1-1-300x300-1.png","width":300,"height":300,"caption":"Heuriger Mayer am Pfarrplatz"},"image":{"@id":"https:\/\/www.pfarrplatz.at\/de\/#\/schema\/logo\/image\/"},"sameAs":["https:\/\/www.facebook.com\/mayerampfarrplatz","https:\/\/www.instagram.com\/mayerampfarrplatz.pfarrwirt\/"]}]}},"_links":{"self":[{"href":"https:\/\/www.pfarrplatz.at\/fr\/wp-json\/wp\/v2\/pages\/10647","targetHints":{"allow":["GET"]}}],"collection":[{"href":"https:\/\/www.pfarrplatz.at\/fr\/wp-json\/wp\/v2\/pages"}],"about":[{"href":"https:\/\/www.pfarrplatz.at\/fr\/wp-json\/wp\/v2\/types\/page"}],"author":[{"embeddable":true,"href":"https:\/\/www.pfarrplatz.at\/fr\/wp-json\/wp\/v2\/users\/1"}],"replies":[{"embeddable":true,"href":"https:\/\/www.pfarrplatz.at\/fr\/wp-json\/wp\/v2\/comments?post=10647"}],"version-history":[{"count":2,"href":"https:\/\/www.pfarrplatz.at\/fr\/wp-json\/wp\/v2\/pages\/10647\/revisions"}],"predecessor-version":[{"id":11438,"href":"https:\/\/www.pfarrplatz.at\/fr\/wp-json\/wp\/v2\/pages\/10647\/revisions\/11438"}],"wp:attachment":[{"href":"https:\/\/www.pfarrplatz.at\/fr\/wp-json\/wp\/v2\/media?parent=10647"}],"curies":[{"name":"wp","href":"https:\/\/api.w.org\/{rel}","templated":true}]}}