{"id":6118,"date":"2022-02-09T21:52:41","date_gmt":"2022-02-09T20:52:41","guid":{"rendered":"https:\/\/www.pfarrplatz.at\/the-heurige\/"},"modified":"2026-01-28T14:56:06","modified_gmt":"2026-01-28T13:56:06","slug":"the-heurige","status":"publish","type":"page","link":"https:\/\/www.pfarrplatz.at\/en\/the-heurige\/","title":{"rendered":"The Heurige"},"content":{"rendered":"<p><div class=\"fusion-fullwidth fullwidth-box fusion-builder-row-1 fusion-flex-container nonhundred-percent-fullwidth non-hundred-percent-height-scrolling\" style=\"--awb-border-radius-top-left:0px;--awb-border-radius-top-right:0px;--awb-border-radius-bottom-right:0px;--awb-border-radius-bottom-left:0px;--awb-padding-top:20px;--awb-flex-wrap:wrap;\" ><div class=\"fusion-builder-row fusion-row fusion-flex-align-items-flex-start fusion-flex-justify-content-center fusion-flex-content-wrap\" style=\"max-width:104%;margin-left: calc(-4% \/ 2 );margin-right: calc(-4% \/ 2 );\"><div class=\"fusion-layout-column fusion_builder_column fusion-builder-column-0 fusion_builder_column_1_4 1_4 fusion-flex-column ranke_links_oben\" style=\"--awb-bg-size:cover;--awb-width-large:25%;--awb-margin-top-large:0px;--awb-spacing-right-large:7.68%;--awb-margin-bottom-large:20px;--awb-spacing-left-large:7.68%;--awb-width-medium:25%;--awb-order-medium:0;--awb-spacing-right-medium:7.68%;--awb-spacing-left-medium:7.68%;--awb-width-small:100%;--awb-order-small:0;--awb-spacing-right-small:1.92%;--awb-spacing-left-small:1.92%;\"><div class=\"fusion-column-wrapper fusion-column-has-shadow fusion-flex-justify-content-flex-start fusion-content-layout-column\"><script type=\"text\/javascript\">jQuery(function() { _initLayerSlider( '#layerslider_4_117ypw7hlhzyg', {createdWith: '7.0.7', sliderVersion: '7.0.7', startInViewport: false, skin: 'v6', sliderFadeInDuration: 350, navPrevNext: false, hoverPrevNext: false, navStartStop: false, navButtons: false, showCircleTimer: false, useSrcset: true, skinsPath: 'https:\/\/www.pfarrplatz.at\/wp-content\/plugins\/LayerSlider\/assets\/static\/layerslider\/skins\/', performanceMode: true}); });<\/script><div id=\"layerslider_4_117ypw7hlhzyg\"  class=\"ls-wp-container fitvidsignore ls-selectable\" style=\"width:400px;height:400px;margin:0 auto;margin-bottom: 0px;\"><div class=\"ls-slide\" ><img decoding=\"async\" width=\"641\" height=\"743\" src=\"https:\/\/www.pfarrplatz.at\/wp-content\/uploads\/sites\/25\/2022\/02\/efeu_karte_ru.png\" class=\"disable-lazyload ls-l ls-img-layer\" alt=\"\" style=\"font-size:36px;color:#000;text-align:left;font-style:normal;text-decoration:none;text-transform:none;font-weight:400;letter-spacing:0px;background-position:0% 0%;background-repeat:no-repeat;left:0px;top:-53px;width:402px;\" data-ls=\"durationin:3000;easingin:easeInOutExpo;fadein:false;rotatein:-20;skewxin:4;skewyin:4;scalexin:-30;scaleyin:-30;transformoriginin:right bottom;widthin:402 px;heightin:456px;\"><\/div><\/div><\/div><\/div><div class=\"fusion-layout-column fusion_builder_column fusion-builder-column-1 fusion_builder_column_2_3 2_3 fusion-flex-column\" style=\"--awb-padding-top:20px;--awb-padding-right:50px;--awb-padding-bottom:20px;--awb-padding-left:50px;--awb-padding-right-small:25px;--awb-padding-left-small:25px;--awb-bg-color:rgba(255,255,255,0.87);--awb-bg-color-hover:rgba(255,255,255,0.87);--awb-bg-size:cover;--awb-width-large:66.666666666667%;--awb-margin-top-large:0px;--awb-spacing-right-large:2.88%;--awb-margin-bottom-large:20px;--awb-spacing-left-large:2.88%;--awb-width-medium:66.666666666667%;--awb-order-medium:0;--awb-spacing-right-medium:2.88%;--awb-spacing-left-medium:2.88%;--awb-width-small:100%;--awb-order-small:0;--awb-spacing-right-small:1.92%;--awb-spacing-left-small:1.92%;\"><div class=\"fusion-column-wrapper fusion-column-has-shadow fusion-flex-justify-content-center fusion-content-layout-column\"><div class=\"fusion-text fusion-text-1 sm-text-align-center\" style=\"--awb-content-alignment:justify;\"><p><strong>The tradition-steeped \u201cMayer am Pfarrplatz\u201d winery<\/strong>, the epitome of Viennese Heuriger culture, has been producing the best Viennese wines since 1683 in Heiligenstadt In 1817, <em>Ludwig van Beethoven<\/em> lived in the romantic listed suburban home on Pfarrplatz. During his time in Heiligenstadt he worked on his greatest creation: Symphony No. 9.<\/p>\n<p>His former home, the first floor of which is accessed from the terrace via a small staircase, still commemorates him to this day. Viennese Heuriger culture brings joie de vivre and enjoyment to the table. An extensive hot and cold buffet with homemade seasonal specialities offers typical Viennese delicacies and is a welcoming place to relax and wile away some time whilst sipping an excellent glass of wine.<\/p>\n<\/div><div class=\"fusion-builder-row fusion-builder-row-inner fusion-row fusion-flex-align-items-flex-start fusion-flex-justify-content-center fusion-flex-content-wrap\" style=\"width:104% !important;max-width:104% !important;margin-left: calc(-4% \/ 2 );margin-right: calc(-4% \/ 2 );\"><div class=\"fusion-layout-column fusion_builder_column_inner fusion-builder-nested-column-0 fusion_builder_column_inner_1_2 1_2 fusion-flex-column\" style=\"--awb-bg-size:cover;--awb-width-large:50%;--awb-margin-top-large:0px;--awb-spacing-right-large:3.84%;--awb-margin-bottom-large:20px;--awb-spacing-left-large:3.84%;--awb-width-medium:50%;--awb-order-medium:0;--awb-spacing-right-medium:3.84%;--awb-spacing-left-medium:3.84%;--awb-width-small:100%;--awb-order-small:0;--awb-spacing-right-small:1.92%;--awb-spacing-left-small:1.92%;\"><div class=\"fusion-column-wrapper fusion-column-has-shadow fusion-flex-justify-content-flex-start fusion-content-layout-column\"><div class=\"sm-text-align-center\" style=\"text-align:right;\"><a class=\"fusion-button button-flat fusion-button-default-size button-custom fusion-button-default button-1 fusion-button-default-span fusion-button-default-type\" style=\"--button_accent_color:var(--awb-color8);--button_border_color:var(--awb-color8);--button_accent_hover_color:#878787;--button_border_hover_color:#878787;--button_border_width-top:1px;--button_border_width-right:1px;--button_border_width-bottom:1px;--button_border_width-left:1px;--button-border-radius-top-left:30px;--button-border-radius-top-right:30px;--button-border-radius-bottom-right:30px;--button-border-radius-bottom-left:30px;--button_gradient_top_color:rgba(0,0,0,0);--button_gradient_bottom_color:rgba(0,0,0,0);--button_gradient_top_color_hover:rgba(0,0,0,0);--button_gradient_bottom_color_hover:rgba(0,0,0,0);--button_font_size:18px;--button_padding-top:12px;--button_padding-right:24px;--button_padding-bottom:12px;--button_padding-left:24px;\" target=\"_self\" href=\"#\" data-toggle=\"modal\" data-target=\".fusion-modal.speisekarte\" id=\"speisekarte\"><span class=\"fusion-button-text awb-button__text awb-button__text--default\">Current menu<\/span><\/a><\/div><\/div><\/div><div class=\"fusion-layout-column fusion_builder_column_inner fusion-builder-nested-column-1 fusion_builder_column_inner_1_2 1_2 fusion-flex-column\" style=\"--awb-bg-size:cover;--awb-width-large:50%;--awb-margin-top-large:0px;--awb-spacing-right-large:3.84%;--awb-margin-bottom-large:20px;--awb-spacing-left-large:3.84%;--awb-width-medium:50%;--awb-order-medium:0;--awb-spacing-right-medium:3.84%;--awb-spacing-left-medium:3.84%;--awb-width-small:100%;--awb-order-small:0;--awb-spacing-right-small:1.92%;--awb-spacing-left-small:1.92%;\"><div class=\"fusion-column-wrapper fusion-column-has-shadow fusion-flex-justify-content-flex-start fusion-content-layout-column\"><div class=\"sm-text-align-center\" style=\"text-align:left;\"><a class=\"fusion-button button-flat fusion-button-default-size button-custom fusion-button-default button-2 fusion-button-default-span fusion-button-default-type\" style=\"--button_accent_color:var(--awb-color8);--button_border_color:var(--awb-color8);--button_accent_hover_color:#878787;--button_border_hover_color:#878787;--button_border_width-top:1px;--button_border_width-right:1px;--button_border_width-bottom:1px;--button_border_width-left:1px;--button-border-radius-top-left:30px;--button-border-radius-top-right:30px;--button-border-radius-bottom-right:30px;--button-border-radius-bottom-left:30px;--button_gradient_top_color:rgba(0,0,0,0);--button_gradient_bottom_color:rgba(0,0,0,0);--button_gradient_top_color_hover:rgba(0,0,0,0);--button_gradient_bottom_color_hover:rgba(0,0,0,0);--button_font_size:18px;--button_padding-top:12px;--button_padding-right:24px;--button_padding-bottom:12px;--button_padding-left:24px;\" target=\"_self\" href=\"#\" data-toggle=\"modal\" data-target=\".fusion-modal.reservierung\" id=\"reservierung\"><span class=\"fusion-button-text awb-button__text awb-button__text--default\">Book now online<\/span><\/a><\/div><\/div><\/div><\/div><\/div><\/div><div class=\"fusion-layout-column fusion_builder_column fusion-builder-column-2 fusion_builder_column_1_4 1_4 fusion-flex-column ranke_rechts_unten fusion-no-small-visibility fusion-no-medium-visibility\" style=\"--awb-bg-size:cover;--awb-width-large:25%;--awb-margin-top-large:0px;--awb-spacing-right-large:7.68%;--awb-margin-bottom-large:20px;--awb-spacing-left-large:7.68%;--awb-width-medium:25%;--awb-order-medium:0;--awb-spacing-right-medium:7.68%;--awb-spacing-left-medium:7.68%;--awb-width-small:100%;--awb-order-small:0;--awb-spacing-right-small:1.92%;--awb-spacing-left-small:1.92%;\"><div class=\"fusion-column-wrapper fusion-column-has-shadow fusion-flex-justify-content-flex-start fusion-content-layout-column\"><script type=\"text\/javascript\">jQuery(function() { _initLayerSlider( '#layerslider_4_izfl7n9qbenc', {createdWith: '7.0.7', sliderVersion: '7.0.7', startInViewport: false, skin: 'v6', sliderFadeInDuration: 350, navPrevNext: false, hoverPrevNext: false, navStartStop: false, navButtons: false, showCircleTimer: false, useSrcset: true, skinsPath: 'https:\/\/www.pfarrplatz.at\/wp-content\/plugins\/LayerSlider\/assets\/static\/layerslider\/skins\/', performanceMode: true}); });<\/script><div id=\"layerslider_4_izfl7n9qbenc\"  class=\"ls-wp-container fitvidsignore ls-selectable\" style=\"width:400px;height:400px;margin:0 auto;margin-bottom: 0px;\"><div class=\"ls-slide\" ><img decoding=\"async\" width=\"641\" height=\"743\" src=\"https:\/\/www.pfarrplatz.at\/wp-content\/uploads\/sites\/25\/2022\/02\/efeu_karte_ru.png\" class=\"disable-lazyload ls-l ls-img-layer\" alt=\"\" style=\"font-size:36px;color:#000;text-align:left;font-style:normal;text-decoration:none;text-transform:none;font-weight:400;letter-spacing:0px;background-position:0% 0%;background-repeat:no-repeat;left:0px;top:-53px;width:402px;\" data-ls=\"durationin:3000;easingin:easeInOutExpo;fadein:false;rotatein:-20;skewxin:4;skewyin:4;scalexin:-30;scaleyin:-30;transformoriginin:right bottom;widthin:402 px;heightin:456px;\"><\/div><\/div><\/div><\/div><\/div><\/div><section class=\"fusion-fullwidth fullwidth-box fusion-builder-row-2 fusion-flex-container has-pattern-background has-mask-background nonhundred-percent-fullwidth non-hundred-percent-height-scrolling\" style=\"--awb-border-radius-top-left:0px;--awb-border-radius-top-right:0px;--awb-border-radius-bottom-right:0px;--awb-border-radius-bottom-left:0px;--awb-padding-top:30px;--awb-padding-bottom:0px;--awb-background-color:var(--awb-color2);--awb-flex-wrap:wrap;\" id=\"musiker\" ><div class=\"fusion-builder-row fusion-row fusion-flex-align-items-stretch fusion-flex-content-wrap\" style=\"max-width:104%;margin-left: calc(-4% \/ 2 );margin-right: calc(-4% \/ 2 );\"><div class=\"fusion-layout-column fusion_builder_column fusion-builder-column-3 fusion_builder_column_1_1 1_1 fusion-flex-column\" style=\"--awb-bg-size:cover;--awb-width-large:100%;--awb-margin-top-large:0px;--awb-spacing-right-large:1.92%;--awb-margin-bottom-large:20px;--awb-spacing-left-large:1.92%;--awb-width-medium:100%;--awb-order-medium:0;--awb-spacing-right-medium:1.92%;--awb-spacing-left-medium:1.92%;--awb-width-small:100%;--awb-order-small:0;--awb-spacing-right-small:1.92%;--awb-spacing-left-small:1.92%;\"><div class=\"fusion-column-wrapper fusion-column-has-shadow fusion-flex-justify-content-flex-start fusion-content-layout-column\"><div class=\"fusion-title title fusion-title-1 fusion-sep-none fusion-title-center fusion-title-text fusion-title-size-two\" style=\"--awb-margin-bottom:0px;\"><h2 class=\"fusion-title-heading title-heading-center\" style=\"font-family:&quot;Oriflame Script&quot;;font-style:normal;font-weight:400;margin:0;line-height:50px;\">Live music daily from 7pm<\/h2><\/div><div style=\"text-align:center;\"><a class=\"fusion-button button-flat fusion-button-default-size button-custom fusion-button-default button-3 fusion-button-default-span fusion-button-default-type\" style=\"--button_accent_color:var(--awb-color4);--button_border_color:var(--awb-color4);--button_accent_hover_color:var(--awb-color6);--button_border_hover_color:var(--awb-color6);--button_gradient_top_color:rgba(0,0,0,0);--button_gradient_bottom_color:rgba(0,0,0,0);--button_gradient_top_color_hover:rgba(0,0,0,0);--button_gradient_bottom_color_hover:rgba(0,0,0,0);--button_font_size:20px;--button_typography-font-family:&quot;Cormorant Garamond&quot;;--button_typography-font-style:italic;--button_typography-font-weight:700;--button_margin-top:-5px;\" target=\"_self\" href=\"#\" data-toggle=\"modal\" data-target=\".fusion-modal.heurigencd\" id=\"heurigencd\"><span class=\"fusion-button-text awb-button__text awb-button__text--default\">Heurigen CD available now!<\/span><\/a><\/div><div class=\"fusion-post-cards fusion-post-cards-1 awb-carousel awb-swiper awb-swiper-carousel awb-swiper-dots-position-bottom\" style=\"--awb-columns:6;\" data-autoplay=\"no\" data-autoplayspeed=\"2500\" data-autoplaypause=\"no\" data-loop=\"yes\" data-columns=\"6\" data-columnsmedium=\"0\" data-columnssmall=\"0\" data-itemmargin=\"40\" data-itemwidth=\"180\" data-touchscroll=\"no\" data-freemode=\"no\" data-imagesize=\"auto\" data-scrollitems=\"1\" data-mousepointer=\"default\" data-layout=\"carousel\" data-centeredslides=\"no\" data-shadow=\"no\" data-speed=\"500\" data-rotationangle=\"50\" data-depth=\"100\"><div class=\"swiper-wrapper fusion-flex-align-items-flex-start\"><div class=\"fusion_builder_column fusion-builder-column-4 fusion-flex-column post-card swiper-slide\" style=\"--awb-bg-blend:overlay;--awb-bg-size:cover;\"><div class=\"fusion-column-wrapper fusion-flex-justify-content-flex-start fusion-content-layout-column fusion-carousel-item-wrapper\"><div class=\"fusion-image-element \" style=\"text-align:center;--awb-max-width:140px;--awb-caption-title-font-family:var(--h2_typography-font-family);--awb-caption-title-font-weight:var(--h2_typography-font-weight);--awb-caption-title-font-style:var(--h2_typography-font-style);--awb-caption-title-size:var(--h2_typography-font-size);--awb-caption-title-transform:var(--h2_typography-text-transform);--awb-caption-title-line-height:var(--h2_typography-line-height);--awb-caption-title-letter-spacing:var(--h2_typography-letter-spacing);\"><span class=\" fusion-imageframe imageframe-none imageframe-1 hover-type-none news_img\"><img decoding=\"async\" width=\"520\" height=\"500\" title=\"Duo-OslanskySchneeweiss-web\" src=\"data:image\/svg+xml,%3Csvg%20xmlns%3D%27http%3A%2F%2Fwww.w3.org%2F2000%2Fsvg%27%20width%3D%27520%27%20height%3D%27500%27%20viewBox%3D%270%200%20520%20500%27%3E%3Crect%20width%3D%27520%27%20height%3D%27500%27%20fill-opacity%3D%220%22%2F%3E%3C%2Fsvg%3E\" data-orig-src=\"https:\/\/www.pfarrplatz.at\/wp-content\/uploads\/sites\/25\/2022\/05\/Duo-OslanskySchneeweiss-web.jpg\" alt class=\"lazyload img-responsive wp-image-6500\"\/><\/span><\/div><div class=\"fusion-text fusion-text-2 musiker_instrumente\" style=\"--awb-content-alignment:center;\"><\/div><div class=\"fusion-title title fusion-title-2 fusion-sep-none fusion-title-center fusion-title-text fusion-title-size-three musiker_name\" style=\"--awb-font-size:18px;\"><h3 class=\"fusion-title-heading title-heading-center\" style=\"font-family:&quot;Cormorant Garamond&quot;;font-style:normal;font-weight:600;margin:0;font-size:1em;\">Duo OSLANSKY\/SCHNEEWEISS<\/h3><\/div><div class=\"fusion-text fusion-text-3 musiker_ensemble\" style=\"--awb-content-alignment:center;\"><\/div><div><span class=\"fusion-popover popover-1\" data-animation=\"1\" data-class=\"popover-1\" data-container=\"popover-1\" data-content=\"Bereits seit 1958 spielt Fritz Oslansky als Gitarrist mit wechselnden Partnern bei verschiedenen Wiener Heurigen. Gemeinsam mit Helmut Schneewei\u00df verschafft das Duo unseren G\u00e4sten unvergessliche Momente am Pfarrplatz.\" data-delay=\"50\" data-placement=\"top\" data-title=\"Duo OSLANSKY\/SCHNEEWEISS\" data-toggle=\"popover\" data-trigger=\"click\"><span><\/span><\/span><\/div><div class=\"fusion-text fusion-text-4\"><\/div><\/div><\/div>\n<div class=\"fusion_builder_column fusion-builder-column-5 fusion-flex-column post-card swiper-slide\" style=\"--awb-bg-blend:overlay;--awb-bg-size:cover;\"><div class=\"fusion-column-wrapper fusion-flex-justify-content-flex-start fusion-content-layout-column fusion-carousel-item-wrapper\"><div class=\"fusion-image-element \" style=\"text-align:center;--awb-max-width:140px;--awb-caption-title-font-family:var(--h2_typography-font-family);--awb-caption-title-font-weight:var(--h2_typography-font-weight);--awb-caption-title-font-style:var(--h2_typography-font-style);--awb-caption-title-size:var(--h2_typography-font-size);--awb-caption-title-transform:var(--h2_typography-text-transform);--awb-caption-title-line-height:var(--h2_typography-line-height);--awb-caption-title-letter-spacing:var(--h2_typography-letter-spacing);\"><span class=\" fusion-imageframe imageframe-none imageframe-2 hover-type-none news_img\"><img decoding=\"async\" width=\"441\" height=\"500\" title=\"Manfred-Lenc-web\" src=\"data:image\/svg+xml,%3Csvg%20xmlns%3D%27http%3A%2F%2Fwww.w3.org%2F2000%2Fsvg%27%20width%3D%27441%27%20height%3D%27500%27%20viewBox%3D%270%200%20441%20500%27%3E%3Crect%20width%3D%27441%27%20height%3D%27500%27%20fill-opacity%3D%220%22%2F%3E%3C%2Fsvg%3E\" data-orig-src=\"https:\/\/www.pfarrplatz.at\/wp-content\/uploads\/sites\/25\/2022\/05\/Manfred-Lenc-web.jpg\" alt class=\"lazyload img-responsive wp-image-6498\"\/><\/span><\/div><div class=\"fusion-text fusion-text-5 musiker_instrumente\" style=\"--awb-content-alignment:center;\"><p>Akkordeon<\/p>\n<\/div><div class=\"fusion-title title fusion-title-3 fusion-sep-none fusion-title-center fusion-title-text fusion-title-size-three musiker_name\" style=\"--awb-font-size:18px;\"><h3 class=\"fusion-title-heading title-heading-center\" style=\"font-family:&quot;Cormorant Garamond&quot;;font-style:normal;font-weight:600;margin:0;font-size:1em;\">Manfred LENC<\/h3><\/div><div class=\"fusion-text fusion-text-6 musiker_ensemble\" style=\"--awb-content-alignment:center;\"><\/div><div><span class=\"fusion-popover popover-2\" data-animation=\"1\" data-class=\"popover-2\" data-container=\"popover-2\" data-content=\"Im Jahre des Staatsvertrages geboren, musste Manfred Lenc im Alter von sechs Jahren ein Instrument lernen. Nach langen K\u00e4mpfen wurde aus der von seinem Vater gew\u00fcnschten Violine dann &#8220;nur&#8221; das Pianoakkorden. Das Akkordeon begleitete ihn Zeit seines Lebens, Berufsmusiker war er jedoch nie. Erst nach seiner Ruhestandsversetzung konnte er sich ganz der Musik widmen &#8211; mit 60 Jahren kaufte er sich das erste Knopfakkordeon, lernte als Autodidakt um und spielt nun seit einigen Jahren nur mehr chromatisches Knopfakkordeon. Seit 2017 begleitet er regelm\u00e4\u00dfig unsere G\u00e4ste mit Wiener Liedern und Wiener Musik durch den Abend.\" data-delay=\"50\" data-placement=\"top\" data-title=\"Manfred LENC\" data-toggle=\"popover\" data-trigger=\"click\"><span><\/span><\/span><\/div><div class=\"fusion-text fusion-text-7\"><\/div><\/div><\/div>\n<div class=\"fusion_builder_column fusion-builder-column-6 fusion-flex-column post-card swiper-slide\" style=\"--awb-bg-blend:overlay;--awb-bg-size:cover;\"><div class=\"fusion-column-wrapper fusion-flex-justify-content-flex-start fusion-content-layout-column fusion-carousel-item-wrapper\"><div class=\"fusion-image-element \" style=\"text-align:center;--awb-max-width:140px;--awb-caption-title-font-family:var(--h2_typography-font-family);--awb-caption-title-font-weight:var(--h2_typography-font-weight);--awb-caption-title-font-style:var(--h2_typography-font-style);--awb-caption-title-size:var(--h2_typography-font-size);--awb-caption-title-transform:var(--h2_typography-text-transform);--awb-caption-title-line-height:var(--h2_typography-line-height);--awb-caption-title-letter-spacing:var(--h2_typography-letter-spacing);\"><span class=\" fusion-imageframe imageframe-none imageframe-3 hover-type-none news_img\"><img decoding=\"async\" width=\"442\" height=\"500\" title=\"Martin-Fostel-web\" src=\"data:image\/svg+xml,%3Csvg%20xmlns%3D%27http%3A%2F%2Fwww.w3.org%2F2000%2Fsvg%27%20width%3D%27442%27%20height%3D%27500%27%20viewBox%3D%270%200%20442%20500%27%3E%3Crect%20width%3D%27442%27%20height%3D%27500%27%20fill-opacity%3D%220%22%2F%3E%3C%2Fsvg%3E\" data-orig-src=\"https:\/\/www.pfarrplatz.at\/wp-content\/uploads\/sites\/25\/2022\/03\/Martin-Fostel-web.jpg\" alt class=\"lazyload img-responsive wp-image-6496\"\/><\/span><\/div><div class=\"fusion-text fusion-text-8 musiker_instrumente\" style=\"--awb-content-alignment:center;\"><p>Akkordeon, Gesang<\/p>\n<\/div><div class=\"fusion-title title fusion-title-4 fusion-sep-none fusion-title-center fusion-title-text fusion-title-size-three musiker_name\" style=\"--awb-font-size:18px;\"><h3 class=\"fusion-title-heading title-heading-center\" style=\"font-family:&quot;Cormorant Garamond&quot;;font-style:normal;font-weight:600;margin:0;font-size:1em;\">Martin FOSTEL<\/h3><\/div><div class=\"fusion-text fusion-text-9 musiker_ensemble\" style=\"--awb-content-alignment:center;\"><p>D`Scherzbuam | Duo Oslansky-Fostel | Michael PERFLER und seine Tri[o]logie | Wiener Tri[o]logie<\/p>\n<\/div><div><span class=\"fusion-popover popover-3\" data-animation=\"1\" data-class=\"popover-3\" data-container=\"popover-3\" data-content=\"Gepr\u00e4gt durch sein Elternhaus, bekam der in Wien geborene Musiker, S\u00e4nger und gelernter Tontechniker Martin Fostel schon sehr fr\u00fch Einblick in die Wienerliedkultur. Nachdem er sich im Rahmen seines Musikstudiums am Franz Schubert Konservatorium den Instrumenten Schlagzeug, Klarinette und Saxophon gewidmet hat, kehrte er in den fr\u00fchen 2000er Jahren zu seinem, aus den Kindertagen vertrauten Akkordeon zur\u00fcck, um sich von nun an vermehrt mit der Wienermusik vertieft zu besch\u00e4ftigen. Seither ist Martin Fostel in unterschiedlichen Formationen vom Duo bis Quartett anzutreffen.\" data-delay=\"50\" data-placement=\"top\" data-title=\"Martin FOSTEL\" data-toggle=\"popover\" data-trigger=\"click\"><span><\/span><\/span><\/div><div class=\"fusion-text fusion-text-10\"><\/div><\/div><\/div>\n<div class=\"fusion_builder_column fusion-builder-column-7 fusion-flex-column post-card swiper-slide\" style=\"--awb-bg-blend:overlay;--awb-bg-size:cover;\"><div class=\"fusion-column-wrapper fusion-flex-justify-content-flex-start fusion-content-layout-column fusion-carousel-item-wrapper\"><div class=\"fusion-image-element \" style=\"text-align:center;--awb-max-width:140px;--awb-caption-title-font-family:var(--h2_typography-font-family);--awb-caption-title-font-weight:var(--h2_typography-font-weight);--awb-caption-title-font-style:var(--h2_typography-font-style);--awb-caption-title-size:var(--h2_typography-font-size);--awb-caption-title-transform:var(--h2_typography-text-transform);--awb-caption-title-line-height:var(--h2_typography-line-height);--awb-caption-title-letter-spacing:var(--h2_typography-letter-spacing);\"><span class=\" fusion-imageframe imageframe-none imageframe-4 hover-type-none news_img\"><img decoding=\"async\" width=\"452\" height=\"475\" title=\"Musiker_MAAR\" src=\"data:image\/svg+xml,%3Csvg%20xmlns%3D%27http%3A%2F%2Fwww.w3.org%2F2000%2Fsvg%27%20width%3D%27452%27%20height%3D%27475%27%20viewBox%3D%270%200%20452%20475%27%3E%3Crect%20width%3D%27452%27%20height%3D%27475%27%20fill-opacity%3D%220%22%2F%3E%3C%2Fsvg%3E\" data-orig-src=\"https:\/\/www.pfarrplatz.at\/wp-content\/uploads\/sites\/25\/2022\/03\/Musiker_MAAR.jpg\" alt class=\"lazyload img-responsive wp-image-5921\"\/><\/span><\/div><div class=\"fusion-text fusion-text-11 musiker_instrumente\" style=\"--awb-content-alignment:center;\"><p>Drehorgel<\/p>\n<\/div><div class=\"fusion-title title fusion-title-5 fusion-sep-none fusion-title-center fusion-title-text fusion-title-size-three musiker_name\" style=\"--awb-font-size:18px;\"><h3 class=\"fusion-title-heading title-heading-center\" style=\"font-family:&quot;Cormorant Garamond&quot;;font-style:normal;font-weight:600;margin:0;font-size:1em;\">Oliver MAAR<\/h3><\/div><div class=\"fusion-text fusion-text-12 musiker_ensemble\" style=\"--awb-content-alignment:center;\"><\/div><div><span class=\"fusion-popover popover-4\" data-animation=\"1\" data-class=\"popover-4\" data-container=\"popover-4\" data-content=\"Oliver MAAR ist in Wien und Nieder\u00f6sterreich aufgewachsen. Bereits mit nur 16 Jahren gab er seine ersten kleinen Konzerte auf seiner ersten eigenen Drehorgel auf dem Leiterwagen. Oliver Maar ist der einzige Wiener Werkelmann\/Humorist, Naturs\u00e4nger und einziger Musiklochkartenhersteller f\u00fcr historische Drehorgeln \u00d6sterreichs. Seine Drehorgelarrangements bearbeitet er in Handarbeit rein nach Geh\u00f6r von alten Grammophon-Schellackplatten. Im Repertoire hat er alles von Beethoven bis zum legend\u00e4ren Helmut Qualtinger.\" data-delay=\"50\" data-placement=\"top\" data-title=\"Oliver MAAR\" data-toggle=\"popover\" data-trigger=\"click\"><span><\/span><\/span><\/div><div class=\"fusion-text fusion-text-13\"><\/div><\/div><\/div>\n<div class=\"fusion_builder_column fusion-builder-column-8 fusion-flex-column post-card swiper-slide\" style=\"--awb-bg-blend:overlay;--awb-bg-size:cover;\"><div class=\"fusion-column-wrapper fusion-flex-justify-content-flex-start fusion-content-layout-column fusion-carousel-item-wrapper\"><div class=\"fusion-image-element \" style=\"text-align:center;--awb-max-width:140px;--awb-caption-title-font-family:var(--h2_typography-font-family);--awb-caption-title-font-weight:var(--h2_typography-font-weight);--awb-caption-title-font-style:var(--h2_typography-font-style);--awb-caption-title-size:var(--h2_typography-font-size);--awb-caption-title-transform:var(--h2_typography-text-transform);--awb-caption-title-line-height:var(--h2_typography-line-height);--awb-caption-title-letter-spacing:var(--h2_typography-letter-spacing);\"><span class=\" fusion-imageframe imageframe-none imageframe-5 hover-type-none news_img\"><img decoding=\"async\" width=\"400\" height=\"501\" title=\"Musiker_KARNER\" src=\"data:image\/svg+xml,%3Csvg%20xmlns%3D%27http%3A%2F%2Fwww.w3.org%2F2000%2Fsvg%27%20width%3D%27400%27%20height%3D%27501%27%20viewBox%3D%270%200%20400%20501%27%3E%3Crect%20width%3D%27400%27%20height%3D%27501%27%20fill-opacity%3D%220%22%2F%3E%3C%2Fsvg%3E\" data-orig-src=\"https:\/\/www.pfarrplatz.at\/wp-content\/uploads\/sites\/25\/2022\/03\/Musiker_KARNER.jpg\" alt class=\"lazyload img-responsive wp-image-5920\"\/><\/span><\/div><div class=\"fusion-text fusion-text-14 musiker_instrumente\" style=\"--awb-content-alignment:center;\"><p>Kontragitarre, Gesang<\/p>\n<\/div><div class=\"fusion-title title fusion-title-6 fusion-sep-none fusion-title-center fusion-title-text fusion-title-size-three musiker_name\" style=\"--awb-font-size:18px;\"><h3 class=\"fusion-title-heading title-heading-center\" style=\"font-family:&quot;Cormorant Garamond&quot;;font-style:normal;font-weight:600;margin:0;font-size:1em;\">Wolfgang KARNER<\/h3><\/div><div class=\"fusion-text fusion-text-15 musiker_ensemble\" style=\"--awb-content-alignment:center;\"><p>Duo Weinblatt<\/p>\n<\/div><div><span class=\"fusion-popover popover-5\" data-animation=\"1\" data-class=\"popover-5\" data-container=\"popover-5\" data-content=\"Wolfgang KARNER zupft die Kontra- und schl\u00e4gt die Rhythmusgitarre. Die Kl\u00e4nge der Instrumente erg\u00e4nzen beide mit ihren Stimmen und w\u00fcrzen die dargebotenen Lieder stets mit einer ordentlichen Portion Wiener Schm\u00e4h.\" data-delay=\"50\" data-placement=\"top\" data-title=\"Wolfgang KARNER\" data-toggle=\"popover\" data-trigger=\"click\"><span><\/span><\/span><\/div><div class=\"fusion-text fusion-text-16\"><\/div><\/div><\/div>\n<div class=\"fusion_builder_column fusion-builder-column-9 fusion-flex-column post-card swiper-slide\" style=\"--awb-bg-blend:overlay;--awb-bg-size:cover;\"><div class=\"fusion-column-wrapper fusion-flex-justify-content-flex-start fusion-content-layout-column fusion-carousel-item-wrapper\"><div class=\"fusion-image-element \" style=\"text-align:center;--awb-max-width:140px;--awb-caption-title-font-family:var(--h2_typography-font-family);--awb-caption-title-font-weight:var(--h2_typography-font-weight);--awb-caption-title-font-style:var(--h2_typography-font-style);--awb-caption-title-size:var(--h2_typography-font-size);--awb-caption-title-transform:var(--h2_typography-text-transform);--awb-caption-title-line-height:var(--h2_typography-line-height);--awb-caption-title-letter-spacing:var(--h2_typography-letter-spacing);\"><span class=\" fusion-imageframe imageframe-none imageframe-6 hover-type-none news_img\"><img decoding=\"async\" width=\"346\" height=\"437\" title=\"Musiker_DEUTSCH\" src=\"data:image\/svg+xml,%3Csvg%20xmlns%3D%27http%3A%2F%2Fwww.w3.org%2F2000%2Fsvg%27%20width%3D%27346%27%20height%3D%27437%27%20viewBox%3D%270%200%20346%20437%27%3E%3Crect%20width%3D%27346%27%20height%3D%27437%27%20fill-opacity%3D%220%22%2F%3E%3C%2Fsvg%3E\" data-orig-src=\"https:\/\/www.pfarrplatz.at\/wp-content\/uploads\/sites\/25\/2022\/03\/Musiker_DEUTSCH.jpg\" alt class=\"lazyload img-responsive wp-image-5919\"\/><\/span><\/div><div class=\"fusion-text fusion-text-17 musiker_instrumente\" style=\"--awb-content-alignment:center;\"><p>Akkordeon<\/p>\n<\/div><div class=\"fusion-title title fusion-title-7 fusion-sep-none fusion-title-center fusion-title-text fusion-title-size-three musiker_name\" style=\"--awb-font-size:18px;\"><h3 class=\"fusion-title-heading title-heading-center\" style=\"font-family:&quot;Cormorant Garamond&quot;;font-style:normal;font-weight:600;margin:0;font-size:1em;\">Alfred \u201eFredi\u201c DEUTSCH<\/h3><\/div><div class=\"fusion-text fusion-text-18 musiker_ensemble\" style=\"--awb-content-alignment:center;\"><p>Duo Weinblatt<\/p>\n<\/div><div><span class=\"fusion-popover popover-6\" data-animation=\"1\" data-class=\"popover-6\" data-container=\"popover-6\" data-content=\"Alfred \u201eFredi\u201c DEUTSCH ist stolzer Besitzer von 17 Akkordeons. Er ist Teil des Ensembles \u201eDuo Weinblatt\u201c. Zeit seines Lebens ist er Musiker und spielt grunds\u00e4tzlich alle m\u00f6glichen Musikrichtungen \u2013 angefangen von Rock \u00fcber Pop bis hin zu seiner eigentlichen Bestimmung, den traditionellen Wienerliedern.\" data-delay=\"50\" data-placement=\"top\" data-title=\"Alfred \u201eFredi\u201c DEUTSCH\" data-toggle=\"popover\" data-trigger=\"click\"><span><\/span><\/span><\/div><div class=\"fusion-text fusion-text-19\"><\/div><\/div><\/div>\n<div class=\"fusion_builder_column fusion-builder-column-10 fusion-flex-column post-card swiper-slide\" style=\"--awb-bg-blend:overlay;--awb-bg-size:cover;\"><div class=\"fusion-column-wrapper fusion-flex-justify-content-flex-start fusion-content-layout-column fusion-carousel-item-wrapper\"><div class=\"fusion-image-element \" style=\"text-align:center;--awb-max-width:140px;--awb-caption-title-font-family:var(--h2_typography-font-family);--awb-caption-title-font-weight:var(--h2_typography-font-weight);--awb-caption-title-font-style:var(--h2_typography-font-style);--awb-caption-title-size:var(--h2_typography-font-size);--awb-caption-title-transform:var(--h2_typography-text-transform);--awb-caption-title-line-height:var(--h2_typography-line-height);--awb-caption-title-letter-spacing:var(--h2_typography-letter-spacing);\"><span class=\" fusion-imageframe imageframe-none imageframe-7 hover-type-none news_img\"><img decoding=\"async\" width=\"357\" height=\"521\" title=\"Musiker_HANIFL\" src=\"data:image\/svg+xml,%3Csvg%20xmlns%3D%27http%3A%2F%2Fwww.w3.org%2F2000%2Fsvg%27%20width%3D%27357%27%20height%3D%27521%27%20viewBox%3D%270%200%20357%20521%27%3E%3Crect%20width%3D%27357%27%20height%3D%27521%27%20fill-opacity%3D%220%22%2F%3E%3C%2Fsvg%3E\" data-orig-src=\"https:\/\/www.pfarrplatz.at\/wp-content\/uploads\/sites\/25\/2022\/03\/Musiker_HANIFL.jpg\" alt class=\"lazyload img-responsive wp-image-5918\"\/><\/span><\/div><div class=\"fusion-text fusion-text-20 musiker_instrumente\" style=\"--awb-content-alignment:center;\"><p>Text und Moderation<\/p>\n<\/div><div class=\"fusion-title title fusion-title-8 fusion-sep-none fusion-title-center fusion-title-text fusion-title-size-three musiker_name\" style=\"--awb-font-size:18px;\"><h3 class=\"fusion-title-heading title-heading-center\" style=\"font-family:&quot;Cormorant Garamond&quot;;font-style:normal;font-weight:600;margin:0;font-size:1em;\">Manfred HANIFL<\/h3><\/div><div class=\"fusion-text fusion-text-21 musiker_ensemble\" style=\"--awb-content-alignment:center;\"><\/div><div><span class=\"fusion-popover popover-7\" data-animation=\"1\" data-class=\"popover-7\" data-container=\"popover-7\" data-content=\"Manfred HANIFL, geboren 1964 in Wien, beginnt schon als Jugendlicher mit dem Verfassen von Gedichten und kurzen Prosatexten, dabei veranstaltet er immer wieder Lesungen. 2012 gr\u00fcndet er gemeinsam mit Freunden die Band \u201eFreig\u00e4nge\u201c, f\u00fcr die er Liedertexte schrieb und bis 2016 als S\u00e4nger auftritt. Neben seiner Mitwirkung bei dieser CD, hat er einen Gedichtband (2019) und eine CD (2020) ver\u00f6ffentlicht. Er bezeichnet sich selbst als \u201eein Schreibender\u201c und seine T\u00e4tigkeit als \u201eprofessionelles Hobby\u201c.\" data-delay=\"50\" data-placement=\"top\" data-title=\"Manfred HANIFL\" data-toggle=\"popover\" data-trigger=\"click\"><span><\/span><\/span><\/div><div class=\"fusion-text fusion-text-22\"><\/div><\/div><\/div>\n<\/div><div class=\"awb-swiper-button awb-swiper-button-prev\"><i class=\"awb-icon-angle-left\" aria-hidden=\"true\"><\/i><\/div><div class=\"awb-swiper-button awb-swiper-button-next\"><i class=\"awb-icon-angle-right\" aria-hidden=\"true\"><\/i><\/div><\/div><div class=\"avia-logo-element-container av-border-deactivate avia-logo-grid avia-content-slider avia-smallarrow-slider avia-content-grid-active noHover avia-content-slider1 avia-content-slider-even avia-builder-el-8 el_after_av_textblock avia-builder-el-last mini_audio_links\" data-autoplay=\"false\" data-interval=\"5\" data-animation=\"slide\">\n\n<div class=\"avia-content-slider-inner\">\n<div class=\"slide-entry-wrap\">\n<div class=\"slide-entry flex_column no_margin post-entry slide-entry-overview slide-loop-1 slide-parity-odd av_one_sixth first real-thumbnail\" data-avia-tooltip=\"Spotify\"><a class=\"slide-image\" title=\"\" href=\"https:\/\/open.spotify.com\/album\/0yoQM4v7qtRU1z4R3q6IrO\" target=\"_blank\" rel=\"noopener noreferrer\" data-rel=\"slide-1\"><img decoding=\"async\" class=\"lazyload wp-image-5036 avia-img-lazy-loading-5036 attachment-no scaling size-no scaling\" src=\"data:image\/svg+xml,%3Csvg%20xmlns%3D%27http%3A%2F%2Fwww.w3.org%2F2000%2Fsvg%27%20width%3D%2776%27%20height%3D%2767%27%20viewBox%3D%270%200%2076%2067%27%3E%3Crect%20width%3D%2776%27%20height%3D%2767%27%20fill-opacity%3D%220%22%2F%3E%3C%2Fsvg%3E\" data-orig-src=\"https:\/\/www.pfarrplatz.at\/wp-content\/uploads\/sites\/2\/2021\/12\/musik_logo_spotify.png\" alt=\"\" width=\"76\" height=\"67\"><\/a><\/div>\n<div class=\"slide-entry flex_column no_margin post-entry slide-entry-overview slide-loop-2 slide-parity-even av_one_sixth real-thumbnail\" data-avia-tooltip=\"Apple Music\"><a class=\"slide-image\" title=\"\" href=\"https:\/\/geo.music.apple.com\/album\/wiener-heurigenmusik-vom-mayer-am-pfarrplatz\/1599358507?app=music\" target=\"_blank\" rel=\"noopener noreferrer\" data-rel=\"slide-1\"><img decoding=\"async\" class=\"lazyload wp-image-5044 avia-img-lazy-loading-5044 attachment-no scaling size-no scaling\" src=\"data:image\/svg+xml,%3Csvg%20xmlns%3D%27http%3A%2F%2Fwww.w3.org%2F2000%2Fsvg%27%20width%3D%2776%27%20height%3D%2767%27%20viewBox%3D%270%200%2076%2067%27%3E%3Crect%20width%3D%2776%27%20height%3D%2767%27%20fill-opacity%3D%220%22%2F%3E%3C%2Fsvg%3E\" data-orig-src=\"https:\/\/www.pfarrplatz.at\/wp-content\/uploads\/sites\/2\/2021\/12\/musik_logo_apple.png\" alt=\"\" width=\"76\" height=\"67\"><\/a><\/div>\n<div class=\"slide-entry flex_column no_margin post-entry slide-entry-overview slide-loop-3 slide-parity-odd av_one_sixth real-thumbnail\" data-avia-tooltip=\"deezer\"><a class=\"slide-image\" title=\"\" href=\"https:\/\/www.deezer.com\/album\/278741822\" target=\"_blank\" rel=\"noopener noreferrer\" data-rel=\"slide-1\"><img decoding=\"async\" class=\"lazyload wp-image-5046 avia-img-lazy-loading-5046 attachment-no scaling size-no scaling\" src=\"data:image\/svg+xml,%3Csvg%20xmlns%3D%27http%3A%2F%2Fwww.w3.org%2F2000%2Fsvg%27%20width%3D%2776%27%20height%3D%2767%27%20viewBox%3D%270%200%2076%2067%27%3E%3Crect%20width%3D%2776%27%20height%3D%2767%27%20fill-opacity%3D%220%22%2F%3E%3C%2Fsvg%3E\" data-orig-src=\"https:\/\/www.pfarrplatz.at\/wp-content\/uploads\/sites\/2\/2021\/12\/musik_logo_deezer.png\" alt=\"\" width=\"76\" height=\"67\"><\/a><\/div>\n<div class=\"slide-entry flex_column no_margin post-entry slide-entry-overview slide-loop-4 slide-parity-even av_one_sixth real-thumbnail\" data-avia-tooltip=\"Amazon Music\"><a class=\"slide-image\" title=\"\" href=\"https:\/\/music.amazon.com\/albums\/B09NB41MBR?ref=dm_ff_linkfire\" target=\"_blank\" rel=\"noopener noreferrer\" data-rel=\"slide-1\"><img decoding=\"async\" class=\"lazyload wp-image-5042 avia-img-lazy-loading-5042 attachment-no scaling size-no scaling\" src=\"data:image\/svg+xml,%3Csvg%20xmlns%3D%27http%3A%2F%2Fwww.w3.org%2F2000%2Fsvg%27%20width%3D%2776%27%20height%3D%2767%27%20viewBox%3D%270%200%2076%2067%27%3E%3Crect%20width%3D%2776%27%20height%3D%2767%27%20fill-opacity%3D%220%22%2F%3E%3C%2Fsvg%3E\" data-orig-src=\"https:\/\/www.pfarrplatz.at\/wp-content\/uploads\/sites\/2\/2021\/12\/musik_logo_amazon.png\" alt=\"\" width=\"76\" height=\"67\"><\/a><\/div>\n<div class=\"slide-entry flex_column no_margin post-entry slide-entry-overview slide-loop-5 slide-parity-odd av_one_sixth real-thumbnail\" data-avia-tooltip=\"Youtube\"><a class=\"slide-image\" title=\"\" href=\"https:\/\/music.youtube.com\/playlist?list=OLAK5uy_l6czzeG7QA6RqFL8VVpj-KAnDNPemvWOQ\" target=\"_blank\" rel=\"noopener noreferrer\" data-rel=\"slide-1\"><img decoding=\"async\" class=\"lazyload wp-image-5040 avia-img-lazy-loading-5040 attachment-no scaling size-no scaling\" src=\"data:image\/svg+xml,%3Csvg%20xmlns%3D%27http%3A%2F%2Fwww.w3.org%2F2000%2Fsvg%27%20width%3D%2776%27%20height%3D%2767%27%20viewBox%3D%270%200%2076%2067%27%3E%3Crect%20width%3D%2776%27%20height%3D%2767%27%20fill-opacity%3D%220%22%2F%3E%3C%2Fsvg%3E\" data-orig-src=\"https:\/\/www.pfarrplatz.at\/wp-content\/uploads\/sites\/2\/2021\/12\/musik_logo_youtube.png\" alt=\"\" width=\"76\" height=\"67\"><\/a><\/div>\n<div class=\"slide-entry flex_column no_margin post-entry slide-entry-overview slide-loop-6 slide-parity-even post-entry-last av_one_sixth real-thumbnail\" data-avia-tooltip=\"Tidal\"><a class=\"slide-image\" title=\"\" href=\"http:\/\/listen.tidalhifi.com\/album\/208378174\" target=\"_blank\" rel=\"noopener noreferrer\" data-rel=\"slide-1\"><img decoding=\"async\" class=\"lazyload wp-image-5038 avia-img-lazy-loading-5038 attachment-no scaling size-no scaling\" src=\"data:image\/svg+xml,%3Csvg%20xmlns%3D%27http%3A%2F%2Fwww.w3.org%2F2000%2Fsvg%27%20width%3D%2776%27%20height%3D%2767%27%20viewBox%3D%270%200%2076%2067%27%3E%3Crect%20width%3D%2776%27%20height%3D%2767%27%20fill-opacity%3D%220%22%2F%3E%3C%2Fsvg%3E\" data-orig-src=\"https:\/\/www.pfarrplatz.at\/wp-content\/uploads\/sites\/2\/2021\/12\/musik_logo_tidal.png\" alt=\"\" width=\"76\" height=\"67\"><\/a><\/div>\n<\/div>\n<\/div>\n<\/div><\/div><\/div><\/div><\/section><section class=\"fusion-fullwidth fullwidth-box fusion-builder-row-3 fusion-flex-container has-pattern-background has-mask-background center_container bild_rechts nonhundred-percent-fullwidth non-hundred-percent-height-scrolling\" style=\"--awb-border-radius-top-left:0px;--awb-border-radius-top-right:0px;--awb-border-radius-bottom-right:0px;--awb-border-radius-bottom-left:0px;--awb-padding-top:0px;--awb-padding-right:0px;--awb-padding-bottom:0px;--awb-padding-left:0px;--awb-min-height:600px;--awb-background-image:linear-gradient(180deg, #fcfcfc 0%,rgba(255,255,255,0) 100%);--awb-flex-wrap:wrap;\" ><div class=\"fusion-builder-row fusion-row fusion-flex-align-items-center fusion-flex-content-wrap\" style=\"max-width:104%;margin-left: calc(-4% \/ 2 );margin-right: calc(-4% \/ 2 );\"><div class=\"fusion-layout-column fusion_builder_column fusion-builder-column-11 fusion_builder_column_1_2 1_2 fusion-flex-column\" style=\"--awb-padding-top:50px;--awb-padding-right:50px;--awb-padding-bottom:50px;--awb-padding-left:50px;--awb-padding-right-small:25px;--awb-padding-left-small:25px;--awb-bg-size:cover;--awb-width-large:50%;--awb-margin-top-large:0px;--awb-spacing-right-large:3.84%;--awb-margin-bottom-large:20px;--awb-spacing-left-large:3.84%;--awb-width-medium:50%;--awb-order-medium:0;--awb-spacing-right-medium:3.84%;--awb-spacing-left-medium:3.84%;--awb-width-small:100%;--awb-order-small:0;--awb-spacing-right-small:1.92%;--awb-spacing-left-small:1.92%;\"><div class=\"fusion-column-wrapper fusion-column-has-shadow fusion-flex-justify-content-flex-start fusion-content-layout-column\"><div class=\"fusion-title title fusion-title-9 fusion-sep-none fusion-title-center fusion-title-text fusion-title-size-two\" style=\"--awb-margin-top:55px;\"><h2 class=\"fusion-title-heading title-heading-center\" style=\"font-family:&quot;Oriflame Script&quot;;font-style:normal;font-weight:400;margin:0;\">Premises<\/h2><\/div><div class=\"fusion-text fusion-text-23\" style=\"--awb-content-alignment:center;--awb-margin-top:40px;\"><p>The cosy premises: our sunny terrace under grape vines and walnut trees; and our original Viennese Heuriger music (every day from 7pm) make the \u201cMayer am Pfarrplatz\u201d a truly unique experience. Our snugs are ideal for celebrations with between 10 and 450 guests. We are very happy to give you an tailored quote, whether you want to celebrate a graduation, wedding or birthday.<\/p>\n<\/div><\/div><\/div><div class=\"fusion-layout-column fusion_builder_column fusion-builder-column-12 fusion_builder_column_1_2 1_2 fusion-flex-column fusion-flex-align-self-stretch fusion-animated\" style=\"--awb-padding-right:30px;--awb-padding-right-medium:15px;--awb-padding-right-small:0px;--awb-padding-left-small:0px;--awb-bg-image:linear-gradient(180deg, #c4c4c4 0%,#f7f7f7 100%);--awb-bg-position:center center;--awb-bg-size:cover;--awb-width-large:50%;--awb-margin-top-large:0px;--awb-spacing-right-large:0px;--awb-margin-bottom-large:0px;--awb-spacing-left-large:0px;--awb-width-medium:50%;--awb-order-medium:0;--awb-spacing-right-medium:0px;--awb-spacing-left-medium:0px;--awb-width-small:100%;--awb-order-small:0;--awb-spacing-right-small:1.92%;--awb-spacing-left-small:1.92%;\" data-animationType=\"zoomIn\" data-animationDuration=\"0.3\" data-animationOffset=\"top-into-view\"><div class=\"fusion-column-wrapper fusion-column-has-shadow fusion-flex-justify-content-space-evenly fusion-content-layout-column\"><script type=\"text\/javascript\">jQuery(function() { _initLayerSlider( '#layerslider_7_19tlbq2kwbmg3', {createdWith: '7.0.7', sliderVersion: '7.0.7', type: 'fullsize', fullSizeMode: 'fitheight', keybNav: false, touchNav: false, skin: 'v6', sliderFadeInDuration: 350, hoverPrevNext: false, navStartStop: false, showCircleTimer: false, useSrcset: true, skinsPath: 'https:\/\/www.pfarrplatz.at\/wp-content\/plugins\/LayerSlider\/assets\/static\/layerslider\/skins\/', performanceMode: true}); });<\/script><div id=\"layerslider_7_19tlbq2kwbmg3\"  class=\"ls-wp-container fitvidsignore ls-selectable\" style=\"width:700px;height:700px;margin:0 auto;margin-bottom: 0px;\"><div class=\"ls-slide\" data-ls=\"duration:8000;transition2d:5;transitionduration:3000;timeshift:5000;kenburnszoom:out;\"><img decoding=\"async\" width=\"1200\" height=\"1200\" src=\"https:\/\/www.pfarrplatz.at\/wp-content\/uploads\/sites\/25\/2022\/03\/0268_Mayer_Pfarrplatz_20210727.jpg\" class=\"disable-lazyload ls-bg\" alt=\"\" \/><\/div><div class=\"ls-slide\" data-ls=\"duration:8000;transition2d:5;transitionduration:3000;timeshift:5000;kenburnszoom:in;\"><img decoding=\"async\" width=\"1200\" height=\"1200\" src=\"https:\/\/www.pfarrplatz.at\/wp-content\/uploads\/sites\/25\/2022\/03\/0020_Mayer_Pfarrplatz_20210727.jpg\" class=\"disable-lazyload ls-bg\" alt=\"\" \/><\/div><div class=\"ls-slide\" data-ls=\"duration:8000;transition2d:5;transitionduration:3000;timeshift:5000;kenburnszoom:out;\"><img decoding=\"async\" width=\"1200\" height=\"1200\" src=\"https:\/\/www.pfarrplatz.at\/wp-content\/uploads\/sites\/25\/2022\/03\/0079_Mayer_Pfarrplatz_20210727.jpg\" class=\"disable-lazyload ls-bg\" alt=\"\" \/><\/div><div class=\"ls-slide\" data-ls=\"duration:8000;transition2d:5;transitionduration:3000;timeshift:5000;kenburnszoom:in;\"><img decoding=\"async\" width=\"1200\" height=\"1200\" src=\"https:\/\/www.pfarrplatz.at\/wp-content\/uploads\/sites\/25\/2022\/03\/0099_Mayer_Pfarrplatz_20210727.jpg\" class=\"disable-lazyload ls-bg\" alt=\"\" \/><\/div><div class=\"ls-slide\" data-ls=\"duration:8000;transition2d:5;transitionduration:3000;timeshift:5000;kenburnszoom:out;\"><img decoding=\"async\" width=\"1200\" height=\"1200\" src=\"https:\/\/www.pfarrplatz.at\/wp-content\/uploads\/sites\/25\/2022\/03\/0203_Mayer_Pfarrplatz_20210727.jpg\" class=\"disable-lazyload ls-bg\" alt=\"\" \/><\/div><div class=\"ls-slide\" data-ls=\"duration:8000;transition2d:5;transitionduration:3000;timeshift:5000;kenburnszoom:in;\"><img decoding=\"async\" width=\"1200\" height=\"1200\" src=\"https:\/\/www.pfarrplatz.at\/wp-content\/uploads\/sites\/25\/2022\/03\/0001_Mayer_Pfarrplatz_20210727-Kopie.jpg\" class=\"disable-lazyload ls-bg\" alt=\"\" \/><\/div><\/div><\/div><\/div><\/div><\/section><div class=\"fusion-fullwidth fullwidth-box fusion-builder-row-4 fusion-flex-container center_container bild_links nonhundred-percent-fullwidth non-hundred-percent-height-scrolling\" style=\"--awb-border-radius-top-left:0px;--awb-border-radius-top-right:0px;--awb-border-radius-bottom-right:0px;--awb-border-radius-bottom-left:0px;--awb-padding-top:0px;--awb-padding-right:0px;--awb-padding-bottom:0px;--awb-padding-left:0px;--awb-min-height:600px;--awb-background-image:linear-gradient(180deg, #fcfcfc 0%,rgba(255,255,255,0) 100%);--awb-flex-wrap:wrap;\" ><div class=\"fusion-builder-row fusion-row fusion-flex-align-items-center fusion-flex-content-wrap\" style=\"max-width:104%;margin-left: calc(-4% \/ 2 );margin-right: calc(-4% \/ 2 );\"><div class=\"fusion-layout-column fusion_builder_column fusion-builder-column-13 fusion_builder_column_1_2 1_2 fusion-flex-column fusion-flex-align-self-stretch fusion-column-inner-bg-wrapper fusion-animated\" style=\"--awb-inner-bg-position:center center;--awb-inner-bg-size:cover;--awb-width-large:50%;--awb-margin-top-large:0px;--awb-spacing-right-large:0px;--awb-margin-bottom-large:0px;--awb-spacing-left-large:0px;--awb-width-medium:50%;--awb-order-medium:0;--awb-spacing-right-medium:0px;--awb-spacing-left-medium:0px;--awb-width-small:100%;--awb-order-small:0;--awb-spacing-right-small:1.92%;--awb-spacing-left-small:1.92%;\" data-animationType=\"zoomIn\" data-animationDuration=\"0.3\" data-animationOffset=\"top-into-view\"><span class=\"fusion-column-inner-bg hover-type-zoomin\"><span class=\"fusion-column-anchor\"><span class=\"fusion-column-inner-bg-image lazyload\" data-bg=\"https:\/\/www.pfarrplatz.at\/wp-content\/uploads\/sites\/25\/2022\/01\/0259_Mayer_Pfarrplatz_20210727-1024x681.jpg\"><\/span><\/span><\/span><div class=\"fusion-column-wrapper fusion-column-has-shadow fusion-flex-justify-content-space-evenly fusion-content-layout-column fusion-empty-column-bg-image fusion-column-has-bg-image\" data-bg-url=\"https:\/\/www.pfarrplatz.at\/wp-content\/uploads\/sites\/25\/2022\/01\/0259_Mayer_Pfarrplatz_20210727-1024x681.jpg\"><img decoding=\"async\" class=\"fusion-empty-dims-img-placeholder\" aria-label=\"0259_Mayer_Pfarrplatz_20210727\" src=\"data:image\/svg+xml,%3Csvg%20xmlns%3D%27http%3A%2F%2Fwww.w3.org%2F2000%2Fsvg%27%20width%3D%271024%27%20height%3D%27681%27%20viewBox%3D%270%200%201024%20681%27%3E%3Crect%20width%3D%271024%27%20height%3D%27681%27%20fill-opacity%3D%220%22%2F%3E%3C%2Fsvg%3E\"><\/div><\/div><div class=\"fusion-layout-column fusion_builder_column fusion-builder-column-14 fusion_builder_column_1_2 1_2 fusion-flex-column\" style=\"--awb-padding-top:50px;--awb-padding-right:50px;--awb-padding-bottom:50px;--awb-padding-left:50px;--awb-padding-top-small:25px;--awb-padding-right-small:25px;--awb-padding-bottom-small:25px;--awb-padding-left-small:25px;--awb-bg-size:cover;--awb-width-large:50%;--awb-margin-top-large:0px;--awb-spacing-right-large:3.84%;--awb-margin-bottom-large:20px;--awb-spacing-left-large:3.84%;--awb-width-medium:50%;--awb-order-medium:0;--awb-spacing-right-medium:3.84%;--awb-spacing-left-medium:3.84%;--awb-width-small:100%;--awb-order-small:0;--awb-spacing-right-small:1.92%;--awb-spacing-left-small:1.92%;\"><div class=\"fusion-column-wrapper fusion-column-has-shadow fusion-flex-justify-content-flex-start fusion-content-layout-column\"><div class=\"fusion-title title fusion-title-10 fusion-sep-none fusion-title-center fusion-title-text fusion-title-size-two\" style=\"--awb-margin-top:55px;\"><h2 class=\"fusion-title-heading title-heading-center\" style=\"font-family:&quot;Oriflame Script&quot;;font-style:normal;font-weight:400;margin:0;\">Food &amp; Drink<\/h2><\/div><div class=\"fusion-text fusion-text-24\" style=\"--awb-content-alignment:center;--awb-margin-top:40px;\"><p><b>Homemade spreads and sweet dishes, plus traditional Heuriger cuisine handed down through generations,<\/b> coupled with new seasonal culinary delicacies, such as Mayer\u2019s asparagus cordon bleu or onion roast made with organic beef, delight our guests and have also earned our \u201cMayer am Pfarrplatz\u201d Heuriger AMA gastro accreditation.<\/p>\n<p><b>As an excellent AMA-accredited gastro business,<\/b> we attach great importance to the origin of our products. We work closely with small suppliers and farmers, whose reputations for striving for the highest quality guarantee that we can offer you special delicacies.<\/p>\n<\/div><\/div><\/div><\/div><\/div><div class=\"fusion-fullwidth fullwidth-box fusion-builder-row-5 fusion-flex-container center_container bild_rechts nonhundred-percent-fullwidth non-hundred-percent-height-scrolling\" style=\"--awb-border-radius-top-left:0px;--awb-border-radius-top-right:0px;--awb-border-radius-bottom-right:0px;--awb-border-radius-bottom-left:0px;--awb-padding-top:0px;--awb-padding-right:0px;--awb-padding-bottom:0px;--awb-padding-left:0px;--awb-min-height:600px;--awb-background-image:linear-gradient(180deg, #fcfcfc 0%,rgba(255,255,255,0) 100%);--awb-flex-wrap:wrap;\" ><div class=\"fusion-builder-row fusion-row fusion-flex-align-items-center fusion-flex-content-wrap\" style=\"max-width:104%;margin-left: calc(-4% \/ 2 );margin-right: calc(-4% \/ 2 );\"><div class=\"fusion-layout-column fusion_builder_column fusion-builder-column-15 fusion_builder_column_1_2 1_2 fusion-flex-column\" style=\"--awb-padding-top:50px;--awb-padding-right:50px;--awb-padding-bottom:50px;--awb-padding-left:50px;--awb-padding-right-small:25px;--awb-padding-bottom-small:25px;--awb-padding-left-small:25px;--awb-bg-size:cover;--awb-width-large:50%;--awb-margin-top-large:0px;--awb-spacing-right-large:3.84%;--awb-margin-bottom-large:20px;--awb-spacing-left-large:3.84%;--awb-width-medium:50%;--awb-order-medium:0;--awb-spacing-right-medium:3.84%;--awb-spacing-left-medium:3.84%;--awb-width-small:100%;--awb-order-small:0;--awb-spacing-right-small:1.92%;--awb-spacing-left-small:1.92%;\"><div class=\"fusion-column-wrapper fusion-column-has-shadow fusion-flex-justify-content-flex-start fusion-content-layout-column\"><div class=\"fusion-text fusion-text-25\" style=\"--awb-content-alignment:center;--awb-margin-top:40px;\"><p><b style=\"background-color: rgba(255, 255, 255, 0); color: var(--body_typography-color); font-family: var(--body_typography-font-family); font-size: var(--body_typography-font-size); font-style: var(--body_typography-font-style,normal); letter-spacing: var(--body_typography-letter-spacing);\">Mayer am Pfarrplatz offers you classic cold and hot buffet food and a choice of seasonal specialities.<\/b><span style=\"background-color: rgba(255, 255, 255, 0); color: var(--body_typography-color); font-family: var(--body_typography-font-family); font-size: var(--body_typography-font-size); font-style: var(--body_typography-font-style,normal); font-weight: var(--body_typography-font-weight); letter-spacing: var(--body_typography-letter-spacing);\"> From our pumpkin weeks to the asparagus menu, our seasonal specialities have become an established component of any visit to our Heuriger. One characteristic of the Viennese Heuriger is the traditional Heuriger buffet where delicacies are directly ordered and, depending on the wishes of our guests, are either served by portion or by weight. Enjoy our homemade sausage, Mangalitsa pork lardo, dry-cured ham made from wild boar, as well as Carinthian salami directly from Carinthian farmers. Of course, there is also the famous roast pork with sauerkraut and its countless variations, e.g. with caraway or cured.<\/span><\/p>\n<\/div><\/div><\/div><div class=\"fusion-layout-column fusion_builder_column fusion-builder-column-16 fusion_builder_column_1_2 1_2 fusion-flex-column fusion-flex-align-self-stretch fusion-column-inner-bg-wrapper fusion-animated\" style=\"--awb-inner-bg-position:center center;--awb-inner-bg-size:cover;--awb-width-large:50%;--awb-margin-top-large:0px;--awb-spacing-right-large:0px;--awb-margin-bottom-large:0px;--awb-spacing-left-large:0px;--awb-width-medium:50%;--awb-order-medium:0;--awb-spacing-right-medium:0px;--awb-spacing-left-medium:0px;--awb-width-small:100%;--awb-order-small:0;--awb-spacing-right-small:1.92%;--awb-spacing-left-small:1.92%;\" data-animationType=\"zoomIn\" data-animationDuration=\"0.3\" data-animationOffset=\"top-into-view\"><span class=\"fusion-column-inner-bg hover-type-zoomin\"><span class=\"fusion-column-anchor\"><span class=\"fusion-column-inner-bg-image lazyload\" data-bg=\"https:\/\/www.pfarrplatz.at\/wp-content\/uploads\/sites\/25\/2022\/01\/0217_Mayer_Pfarrplatz_20210727-1024x681.jpg\"><\/span><\/span><\/span><div class=\"fusion-column-wrapper fusion-column-has-shadow fusion-flex-justify-content-space-evenly fusion-content-layout-column fusion-empty-column-bg-image fusion-column-has-bg-image\" data-bg-url=\"https:\/\/www.pfarrplatz.at\/wp-content\/uploads\/sites\/25\/2022\/01\/0217_Mayer_Pfarrplatz_20210727-1024x681.jpg\"><img decoding=\"async\" class=\"fusion-empty-dims-img-placeholder\" aria-label=\"0217_Mayer_Pfarrplatz_20210727\" src=\"data:image\/svg+xml,%3Csvg%20xmlns%3D%27http%3A%2F%2Fwww.w3.org%2F2000%2Fsvg%27%20width%3D%271024%27%20height%3D%27681%27%20viewBox%3D%270%200%201024%20681%27%3E%3Crect%20width%3D%271024%27%20height%3D%27681%27%20fill-opacity%3D%220%22%2F%3E%3C%2Fsvg%3E\"><\/div><\/div><\/div><\/div><div class=\"fusion-fullwidth fullwidth-box fusion-builder-row-6 fusion-flex-container center_container bild_links nonhundred-percent-fullwidth non-hundred-percent-height-scrolling\" style=\"--awb-border-radius-top-left:0px;--awb-border-radius-top-right:0px;--awb-border-radius-bottom-right:0px;--awb-border-radius-bottom-left:0px;--awb-padding-top:0px;--awb-padding-right:0px;--awb-padding-bottom:0px;--awb-padding-left:0px;--awb-min-height:600px;--awb-background-image:linear-gradient(180deg, #fcfcfc 0%,rgba(255,255,255,0) 100%);--awb-flex-wrap:wrap;\" ><div class=\"fusion-builder-row fusion-row fusion-flex-align-items-center fusion-flex-content-wrap\" style=\"max-width:104%;margin-left: calc(-4% \/ 2 );margin-right: calc(-4% \/ 2 );\"><div class=\"fusion-layout-column fusion_builder_column fusion-builder-column-17 fusion_builder_column_1_2 1_2 fusion-flex-column fusion-flex-align-self-stretch fusion-column-inner-bg-wrapper fusion-animated\" style=\"--awb-inner-bg-position:center center;--awb-inner-bg-size:cover;--awb-width-large:50%;--awb-margin-top-large:0px;--awb-spacing-right-large:0px;--awb-margin-bottom-large:0px;--awb-spacing-left-large:0px;--awb-width-medium:50%;--awb-order-medium:0;--awb-spacing-right-medium:0px;--awb-spacing-left-medium:0px;--awb-width-small:100%;--awb-order-small:0;--awb-spacing-right-small:1.92%;--awb-spacing-left-small:1.92%;\" data-animationType=\"zoomIn\" data-animationDuration=\"0.3\" data-animationOffset=\"top-into-view\"><span class=\"fusion-column-inner-bg hover-type-zoomin\"><span class=\"fusion-column-anchor\"><span class=\"fusion-column-inner-bg-image lazyload\" data-bg=\"https:\/\/www.pfarrplatz.at\/wp-content\/uploads\/sites\/25\/2022\/01\/0137_Mayer_Pfarrplatz_20210727-1024x681.jpg\"><\/span><\/span><\/span><div class=\"fusion-column-wrapper fusion-column-has-shadow fusion-flex-justify-content-space-evenly fusion-content-layout-column fusion-empty-column-bg-image fusion-column-has-bg-image\" data-bg-url=\"https:\/\/www.pfarrplatz.at\/wp-content\/uploads\/sites\/25\/2022\/01\/0137_Mayer_Pfarrplatz_20210727-1024x681.jpg\"><img decoding=\"async\" class=\"fusion-empty-dims-img-placeholder\" aria-label=\"0137_Mayer_Pfarrplatz_20210727\" src=\"data:image\/svg+xml,%3Csvg%20xmlns%3D%27http%3A%2F%2Fwww.w3.org%2F2000%2Fsvg%27%20width%3D%271024%27%20height%3D%27681%27%20viewBox%3D%270%200%201024%20681%27%3E%3Crect%20width%3D%271024%27%20height%3D%27681%27%20fill-opacity%3D%220%22%2F%3E%3C%2Fsvg%3E\"><\/div><\/div><div class=\"fusion-layout-column fusion_builder_column fusion-builder-column-18 fusion_builder_column_1_2 1_2 fusion-flex-column\" style=\"--awb-padding-top:50px;--awb-padding-right:50px;--awb-padding-bottom:50px;--awb-padding-left:50px;--awb-padding-right-small:25px;--awb-padding-bottom-small:25px;--awb-padding-left-small:25px;--awb-bg-size:cover;--awb-width-large:50%;--awb-margin-top-large:0px;--awb-spacing-right-large:3.84%;--awb-margin-bottom-large:20px;--awb-spacing-left-large:3.84%;--awb-width-medium:50%;--awb-order-medium:0;--awb-spacing-right-medium:3.84%;--awb-spacing-left-medium:3.84%;--awb-width-small:100%;--awb-order-small:0;--awb-spacing-right-small:1.92%;--awb-spacing-left-small:1.92%;\"><div class=\"fusion-column-wrapper fusion-column-has-shadow fusion-flex-justify-content-flex-start fusion-content-layout-column\"><div class=\"fusion-text fusion-text-26\" style=\"--awb-content-alignment:center;--awb-margin-top:40px;\"><p><b>Salads &amp; Spreads: everything homemade using handed-down recipes.<\/b> From potato salad to typical Heuriger salsify salad \u2013 make up your own salad from the buffet however you like it. And the spreads \u2013 ranging from legendary to seasonal ones, from Liptauer cheese spread to tomato and basil spread. Wonder at our extremely wide selection. And to finish off your meal? Enjoy our homemade desserts: apple and quark strudel, or simply choose something from our delicacies of the day menu.<\/p>\n<p><b>Everything a cheese connoisseur could possibly desire.<\/b> From our traditional Alpine dairies in Austria, of course! Enjoy our Salva (a fully aromatic, rock cave-ripened hard cheese) or our pasture milk Tilsiter made from the best pasture milk from Austrian cows. Both our traditional Alpine cheese, which is rock-cave ripened for a year, and our Dorfk\u00e4se (village cheese), an intensively spicy slicing cheese which is improved with prehistoric rock salt and Alpine herbs, should not be missed!<\/p>\n<\/div><\/div><\/div><\/div><\/div><div class=\"fusion-fullwidth fullwidth-box fusion-builder-row-7 fusion-flex-container center_container bild_rechts nonhundred-percent-fullwidth non-hundred-percent-height-scrolling\" style=\"--awb-border-radius-top-left:0px;--awb-border-radius-top-right:0px;--awb-border-radius-bottom-right:0px;--awb-border-radius-bottom-left:0px;--awb-padding-top:0px;--awb-padding-right:0px;--awb-padding-bottom:0px;--awb-padding-left:0px;--awb-min-height:600px;--awb-background-image:linear-gradient(180deg, #fcfcfc 0%,rgba(255,255,255,0) 100%);--awb-flex-wrap:wrap;\" ><div class=\"fusion-builder-row fusion-row fusion-flex-align-items-center fusion-flex-content-wrap\" style=\"max-width:104%;margin-left: calc(-4% \/ 2 );margin-right: calc(-4% \/ 2 );\"><div class=\"fusion-layout-column fusion_builder_column fusion-builder-column-19 fusion_builder_column_1_2 1_2 fusion-flex-column\" style=\"--awb-padding-top:50px;--awb-padding-right:50px;--awb-padding-bottom:50px;--awb-padding-left:50px;--awb-padding-top-small:25px;--awb-padding-right-small:25px;--awb-padding-bottom-small:25px;--awb-padding-left-small:25px;--awb-bg-size:cover;--awb-width-large:50%;--awb-margin-top-large:0px;--awb-spacing-right-large:3.84%;--awb-margin-bottom-large:20px;--awb-spacing-left-large:3.84%;--awb-width-medium:50%;--awb-order-medium:0;--awb-spacing-right-medium:3.84%;--awb-spacing-left-medium:3.84%;--awb-width-small:100%;--awb-order-small:0;--awb-spacing-right-small:1.92%;--awb-spacing-left-small:1.92%;\"><div class=\"fusion-column-wrapper fusion-column-has-shadow fusion-flex-justify-content-flex-start fusion-content-layout-column\"><div class=\"fusion-text fusion-text-27\" style=\"--awb-content-alignment:center;--awb-margin-top:40px;\"><p><b>All of our wines<\/b> come from the cellars of our <a href=\"https:\/\/www.rotes-haus.at\/\" target=\"_blank\" rel=\"noopener noreferrer\">\u201cRoten Haus\u201d<\/a> and \u201c<a href=\"https:\/\/weingut-mayer-am.pfarrplatz.at\/de\/\" target=\"_blank\" rel=\"noopener noreferrer\">Mayer am Pfarrplatz\u201d<\/a> wineries. The best grape varieties from the prime locations in Vienna, the Nussberg or the Alsegg vineyard have been pressed at Mayer since 1683. It is not just our \u201cWiener Gemischter Satz DAC\u201d which is famous, but also our Rieslings (\u201cWei\u00dfer Marmor\u201d) and many other varieties which we offer. For further information, please visit our winery websites under Mayer am Pfarrplatz and Rotes Haus.<\/p>\n<p>Try our classic Heuriger buffet and our seasonal weekly menu, or simply enjoy the Heuriger ambience with a good glass of award-winning wine. We look forward to seeing you!<\/p>\n<\/div><div class=\"fusion-builder-row fusion-builder-row-inner fusion-row fusion-flex-align-items-center fusion-flex-content-wrap\" style=\"width:104% !important;max-width:104% !important;margin-left: calc(-4% \/ 2 );margin-right: calc(-4% \/ 2 );\"><div class=\"fusion-layout-column fusion_builder_column_inner fusion-builder-nested-column-2 fusion_builder_column_inner_1_2 1_2 fusion-flex-column\" style=\"--awb-bg-size:cover;--awb-width-large:50%;--awb-margin-top-large:0px;--awb-spacing-right-large:3.84%;--awb-margin-bottom-large:20px;--awb-spacing-left-large:3.84%;--awb-width-medium:50%;--awb-order-medium:0;--awb-spacing-right-medium:3.84%;--awb-spacing-left-medium:3.84%;--awb-width-small:100%;--awb-order-small:0;--awb-spacing-right-small:1.92%;--awb-spacing-left-small:1.92%;\"><div class=\"fusion-column-wrapper fusion-column-has-shadow fusion-flex-justify-content-flex-start fusion-content-layout-column\"><div class=\"sm-text-align-center\" style=\"text-align:right;\"><a class=\"fusion-button button-flat fusion-button-default-size button-custom fusion-button-default button-4 fusion-button-span-yes fusion-button-default-type\" style=\"--button_accent_color:var(--awb-color8);--button_border_color:var(--awb-color8);--button_accent_hover_color:#878787;--button_border_hover_color:#878787;--button_border_width-top:1px;--button_border_width-right:1px;--button_border_width-bottom:1px;--button_border_width-left:1px;--button-border-radius-top-left:30px;--button-border-radius-top-right:30px;--button-border-radius-bottom-right:30px;--button-border-radius-bottom-left:30px;--button_gradient_top_color:rgba(0,0,0,0);--button_gradient_bottom_color:rgba(0,0,0,0);--button_gradient_top_color_hover:rgba(0,0,0,0);--button_gradient_bottom_color_hover:rgba(0,0,0,0);--button_font_size:18px;--button_padding-top:12px;--button_padding-right:24px;--button_padding-bottom:12px;--button_padding-left:24px;\" target=\"_blank\" rel=\"noopener noreferrer\" href=\"https:\/\/weingut-mayer-am.pfarrplatz.at\/de\/\"><span class=\"fusion-button-text awb-button__text awb-button__text--default\">Winery Mayer am Pfarrplatz<\/span><\/a><\/div><\/div><\/div><div class=\"fusion-layout-column fusion_builder_column_inner fusion-builder-nested-column-3 fusion_builder_column_inner_1_2 1_2 fusion-flex-column\" style=\"--awb-bg-size:cover;--awb-width-large:50%;--awb-margin-top-large:0px;--awb-spacing-right-large:3.84%;--awb-margin-bottom-large:20px;--awb-spacing-left-large:3.84%;--awb-width-medium:50%;--awb-order-medium:0;--awb-spacing-right-medium:3.84%;--awb-spacing-left-medium:3.84%;--awb-width-small:100%;--awb-order-small:0;--awb-spacing-right-small:1.92%;--awb-spacing-left-small:1.92%;\"><div class=\"fusion-column-wrapper fusion-column-has-shadow fusion-flex-justify-content-flex-start fusion-content-layout-column\"><div class=\"sm-text-align-center\" style=\"text-align:left;\"><a class=\"fusion-button button-flat fusion-button-default-size button-custom fusion-button-default button-5 fusion-button-span-yes fusion-button-default-type\" style=\"--button_accent_color:var(--awb-color8);--button_border_color:var(--awb-color8);--button_accent_hover_color:#878787;--button_border_hover_color:#878787;--button_border_width-top:1px;--button_border_width-right:1px;--button_border_width-bottom:1px;--button_border_width-left:1px;--button-border-radius-top-left:30px;--button-border-radius-top-right:30px;--button-border-radius-bottom-right:30px;--button-border-radius-bottom-left:30px;--button_gradient_top_color:rgba(0,0,0,0);--button_gradient_bottom_color:rgba(0,0,0,0);--button_gradient_top_color_hover:rgba(0,0,0,0);--button_gradient_bottom_color_hover:rgba(0,0,0,0);--button_font_size:18px;--button_padding-top:12px;--button_padding-right:24px;--button_padding-bottom:12px;--button_padding-left:24px;\" target=\"_blank\" rel=\"noopener noreferrer\" href=\"https:\/\/www.rotes-haus.at\/\"><span class=\"fusion-button-text awb-button__text awb-button__text--default\">Winery Rotes Haus<\/span><\/a><\/div><\/div><\/div><\/div><\/div><\/div><div class=\"fusion-layout-column fusion_builder_column fusion-builder-column-20 fusion_builder_column_1_2 1_2 fusion-flex-column fusion-flex-align-self-stretch fusion-column-inner-bg-wrapper fusion-animated\" style=\"--awb-inner-bg-position:center center;--awb-inner-bg-size:cover;--awb-width-large:50%;--awb-margin-top-large:0px;--awb-spacing-right-large:0px;--awb-margin-bottom-large:0px;--awb-spacing-left-large:0px;--awb-width-medium:50%;--awb-order-medium:0;--awb-spacing-right-medium:0px;--awb-spacing-left-medium:0px;--awb-width-small:100%;--awb-order-small:0;--awb-spacing-right-small:1.92%;--awb-spacing-left-small:1.92%;\" data-animationType=\"zoomIn\" data-animationDuration=\"0.3\" data-animationOffset=\"top-into-view\"><span class=\"fusion-column-inner-bg hover-type-zoomin\"><span class=\"fusion-column-anchor\"><span class=\"fusion-column-inner-bg-image lazyload\" data-bg=\"https:\/\/www.pfarrplatz.at\/wp-content\/uploads\/sites\/25\/2022\/01\/0039_Mayer_Pfarrplatz_20210727-1024x681.jpg\"><\/span><\/span><\/span><div class=\"fusion-column-wrapper fusion-column-has-shadow fusion-flex-justify-content-space-evenly fusion-content-layout-column fusion-empty-column-bg-image fusion-column-has-bg-image\" data-bg-url=\"https:\/\/www.pfarrplatz.at\/wp-content\/uploads\/sites\/25\/2022\/01\/0039_Mayer_Pfarrplatz_20210727-1024x681.jpg\"><img decoding=\"async\" class=\"fusion-empty-dims-img-placeholder\" aria-label=\"0039_Mayer_Pfarrplatz_20210727\" src=\"data:image\/svg+xml,%3Csvg%20xmlns%3D%27http%3A%2F%2Fwww.w3.org%2F2000%2Fsvg%27%20width%3D%271024%27%20height%3D%27681%27%20viewBox%3D%270%200%201024%20681%27%3E%3Crect%20width%3D%271024%27%20height%3D%27681%27%20fill-opacity%3D%220%22%2F%3E%3C%2Fsvg%3E\"><\/div><\/div><\/div><\/div><div class=\"fusion-fullwidth fullwidth-box fusion-builder-row-8 fusion-flex-container center_container bild_links nonhundred-percent-fullwidth non-hundred-percent-height-scrolling\" style=\"--awb-border-radius-top-left:0px;--awb-border-radius-top-right:0px;--awb-border-radius-bottom-right:0px;--awb-border-radius-bottom-left:0px;--awb-padding-top:0px;--awb-padding-right:0px;--awb-padding-bottom:0px;--awb-padding-left:0px;--awb-min-height:600px;--awb-background-image:linear-gradient(180deg, #fcfcfc 0%,rgba(255,255,255,0) 100%);--awb-flex-wrap:wrap;\" ><div class=\"fusion-builder-row fusion-row fusion-flex-align-items-center fusion-flex-content-wrap\" style=\"max-width:104%;margin-left: calc(-4% \/ 2 );margin-right: calc(-4% \/ 2 );\"><div class=\"fusion-layout-column fusion_builder_column fusion-builder-column-21 fusion_builder_column_1_2 1_2 fusion-flex-column fusion-flex-align-self-stretch fusion-column-inner-bg-wrapper fusion-animated\" style=\"--awb-padding-top:10px;--awb-padding-right:10px;--awb-padding-bottom:10px;--awb-padding-left:10px;--awb-inner-bg-position:center center;--awb-inner-bg-size:cover;--awb-width-large:50%;--awb-margin-top-large:0px;--awb-spacing-right-large:0px;--awb-margin-bottom-large:0px;--awb-spacing-left-large:0px;--awb-width-medium:50%;--awb-order-medium:0;--awb-spacing-right-medium:0px;--awb-spacing-left-medium:0px;--awb-width-small:100%;--awb-order-small:0;--awb-spacing-right-small:1.92%;--awb-spacing-left-small:1.92%;\" data-animationType=\"zoomIn\" data-animationDuration=\"0.3\" data-animationOffset=\"top-into-view\"><span class=\"fusion-column-inner-bg hover-type-zoomin\"><span class=\"fusion-column-anchor\"><span class=\"fusion-column-inner-bg-image lazyload\" data-bg=\"https:\/\/www.pfarrplatz.at\/wp-content\/uploads\/sites\/25\/2022\/01\/0161_Mayer_Pfarrplatz_20210727-1024x681.jpg\"><\/span><\/span><\/span><div class=\"fusion-column-wrapper fusion-column-has-shadow fusion-flex-justify-content-flex-end fusion-content-layout-column fusion-empty-column-bg-image fusion-column-has-bg-image\" data-bg-url=\"https:\/\/www.pfarrplatz.at\/wp-content\/uploads\/sites\/25\/2022\/01\/0161_Mayer_Pfarrplatz_20210727-1024x681.jpg\"><img decoding=\"async\" class=\"fusion-empty-dims-img-placeholder\" aria-label=\"0161_Mayer_Pfarrplatz_20210727\" src=\"data:image\/svg+xml,%3Csvg%20xmlns%3D%27http%3A%2F%2Fwww.w3.org%2F2000%2Fsvg%27%20width%3D%271024%27%20height%3D%27681%27%20viewBox%3D%270%200%201024%20681%27%3E%3Crect%20width%3D%271024%27%20height%3D%27681%27%20fill-opacity%3D%220%22%2F%3E%3C%2Fsvg%3E\"><\/div><\/div><div class=\"fusion-layout-column fusion_builder_column fusion-builder-column-22 fusion_builder_column_1_2 1_2 fusion-flex-column\" style=\"--awb-padding-top:50px;--awb-padding-right:50px;--awb-padding-bottom:50px;--awb-padding-left:50px;--awb-padding-top-small:25px;--awb-padding-right-small:25px;--awb-padding-bottom-small:25px;--awb-padding-left-small:25px;--awb-bg-size:cover;--awb-width-large:50%;--awb-margin-top-large:0px;--awb-spacing-right-large:3.84%;--awb-margin-bottom-large:20px;--awb-spacing-left-large:3.84%;--awb-width-medium:50%;--awb-order-medium:0;--awb-spacing-right-medium:3.84%;--awb-spacing-left-medium:3.84%;--awb-width-small:100%;--awb-order-small:0;--awb-spacing-right-small:1.92%;--awb-spacing-left-small:1.92%;\"><div class=\"fusion-column-wrapper fusion-column-has-shadow fusion-flex-justify-content-flex-start fusion-content-layout-column\"><div class=\"fusion-text fusion-text-28 fusion-text-no-margin\" style=\"--awb-content-alignment:center;--awb-margin-top:40px;--awb-margin-bottom:40px;\"><p><b>Mayer am Pfarrplatz presents: Mayer&#8217;s play garden <\/b>With our newly adapted and enlarged playground in Mayer&#8217;s guest garden on Pfarrplatz, we offer our little guests a very special kind of fun.<\/p>\n<p>Enjoy the relaxed Heurigen atmosphere in our walnut garden with food and drink while your children have fun on the playground next door.<\/p>\n<p>The playground is open daily (during our operating hours) in good weather and of course free of charge for our guests.<\/p>\n<\/div><\/div><\/div><\/div><\/div><div class=\"fusion-fullwidth fullwidth-box fusion-builder-row-9 fusion-flex-container nonhundred-percent-fullwidth non-hundred-percent-height-scrolling\" style=\"--awb-border-radius-top-left:0px;--awb-border-radius-top-right:0px;--awb-border-radius-bottom-right:0px;--awb-border-radius-bottom-left:0px;--awb-padding-top:0px;--awb-padding-right:0px;--awb-padding-bottom:0px;--awb-padding-left:0px;--awb-background-color:var(--awb-color4);--awb-flex-wrap:wrap;\" id=\"virtualtour\" ><div class=\"fusion-builder-row fusion-row fusion-flex-align-items-center fusion-flex-justify-content-center fusion-flex-content-wrap\" style=\"max-width:104%;margin-left: calc(-4% \/ 2 );margin-right: calc(-4% \/ 2 );\"><div class=\"fusion-layout-column fusion_builder_column fusion-builder-column-23 fusion_builder_column_1_1 1_1 fusion-flex-column\" style=\"--awb-padding-top:0px;--awb-padding-right:0px;--awb-padding-bottom:0px;--awb-padding-left:0px;--awb-bg-size:cover;--awb-width-large:100%;--awb-margin-top-large:0px;--awb-spacing-right-large:1.92%;--awb-margin-bottom-large:0px;--awb-spacing-left-large:1.92%;--awb-width-medium:100%;--awb-order-medium:0;--awb-spacing-right-medium:1.92%;--awb-spacing-left-medium:1.92%;--awb-width-small:100%;--awb-order-small:0;--awb-spacing-right-small:1.92%;--awb-spacing-left-small:1.92%;\"><div class=\"fusion-column-wrapper fusion-column-has-shadow fusion-flex-justify-content-flex-start fusion-content-layout-column\"><iframe src=\"https:\/\/tour.giraffe360.com\/0bda738917044efd9cbf236a7af917d0\/\" width=\"100%\" height=\"680\" frameborder=\"0\" border=\"0\" scrolling=\"no\" allowfullscreen allow=\"vr\"><\/iframe><\/div><\/div><\/div><\/div><section class=\"fusion-fullwidth fullwidth-box fusion-builder-row-10 fusion-flex-container has-pattern-background has-mask-background fusion-parallax-none nonhundred-percent-fullwidth non-hundred-percent-height-scrolling lazyload\" style=\"--awb-border-radius-top-left:0px;--awb-border-radius-top-right:0px;--awb-border-radius-bottom-right:0px;--awb-border-radius-bottom-left:0px;--awb-padding-top:60px;--awb-padding-bottom:60px;--awb-margin-bottom:0px;--awb-background-size:cover;--awb-flex-wrap:wrap;\" data-bg=\"https:\/\/www.pfarrplatz.at\/wp-content\/uploads\/sites\/25\/2022\/01\/0099_Mayer_Pfarrplatz_20210727.jpg\" ><div class=\"fusion-builder-row fusion-row fusion-flex-align-items-flex-start fusion-flex-content-wrap\" style=\"max-width:104%;margin-left: calc(-4% \/ 2 );margin-right: calc(-4% \/ 2 );\"><div class=\"fusion-layout-column fusion_builder_column fusion-builder-column-24 fusion_builder_column_1_1 1_1 fusion-flex-column\" style=\"--awb-bg-size:cover;--awb-width-large:100%;--awb-margin-top-large:0px;--awb-spacing-right-large:1.92%;--awb-margin-bottom-large:20px;--awb-spacing-left-large:1.92%;--awb-width-medium:100%;--awb-order-medium:0;--awb-spacing-right-medium:1.92%;--awb-spacing-left-medium:1.92%;--awb-width-small:100%;--awb-order-small:0;--awb-spacing-right-small:1.92%;--awb-spacing-left-small:1.92%;\"><div class=\"fusion-column-wrapper fusion-column-has-shadow fusion-flex-justify-content-flex-start fusion-content-layout-column\"><i class=\"fb-icon-element-1 fb-icon-element fontawesome-icon pfarricon-medal circle-no fusion-animated\" style=\"--awb-font-size:47px;--awb-align-self:center;--awb-margin-top:0px;--awb-margin-right:0px;--awb-margin-bottom:10px;--awb-margin-left:0px;\" data-animationType=\"zoomIn\" data-animationDuration=\"1.0\" data-animationOffset=\"top-into-view\"><\/i><div class=\"fusion-title title fusion-title-11 fusion-sep-none fusion-title-center fusion-title-text fusion-title-size-two\" style=\"--awb-text-color:var(--awb-color1);--awb-margin-bottom:30px;\"><h2 class=\"fusion-title-heading title-heading-center\" style=\"font-family:&quot;Oriflame Script&quot;;font-style:normal;font-weight:400;margin:0;text-shadow:1px 1px 0px var(--awb-color8);\">Awards<\/h2><\/div><\/div><\/div><div class=\"fusion-layout-column fusion_builder_column fusion-builder-column-25 fusion_builder_column_1_3 1_3 fusion-flex-column\" style=\"--awb-padding-top:35px;--awb-padding-right:35px;--awb-padding-bottom:35px;--awb-padding-left:35px;--awb-overflow:hidden;--awb-bg-color:var(--awb-color2);--awb-bg-color-hover:var(--awb-color2);--awb-bg-size:cover;--awb-box-shadow:-1px 1px 6px 0px rgba(0,0,0,0.3);;--awb-border-radius:20px 20px 20px 20px;--awb-width-large:33.333333333333%;--awb-margin-top-large:0px;--awb-spacing-right-large:5.76%;--awb-margin-bottom-large:20px;--awb-spacing-left-large:5.76%;--awb-width-medium:33.333333333333%;--awb-order-medium:0;--awb-spacing-right-medium:5.76%;--awb-spacing-left-medium:5.76%;--awb-width-small:100%;--awb-order-small:0;--awb-spacing-right-small:1.92%;--awb-spacing-left-small:1.92%;\"><div class=\"fusion-column-wrapper fusion-column-has-shadow fusion-flex-justify-content-flex-start fusion-content-layout-column\"><div class=\"fusion-image-element \" style=\"text-align:center;--awb-margin-top:20px;--awb-margin-bottom:16px;--awb-caption-title-font-family:var(--h2_typography-font-family);--awb-caption-title-font-weight:var(--h2_typography-font-weight);--awb-caption-title-font-style:var(--h2_typography-font-style);--awb-caption-title-size:var(--h2_typography-font-size);--awb-caption-title-transform:var(--h2_typography-text-transform);--awb-caption-title-line-height:var(--h2_typography-line-height);--awb-caption-title-letter-spacing:var(--h2_typography-letter-spacing);\"><span class=\" fusion-imageframe imageframe-none imageframe-8 hover-type-none\"><img decoding=\"async\" width=\"189\" height=\"103\" title=\"top_heuriger\" src=\"data:image\/svg+xml,%3Csvg%20xmlns%3D%27http%3A%2F%2Fwww.w3.org%2F2000%2Fsvg%27%20width%3D%27189%27%20height%3D%27103%27%20viewBox%3D%270%200%20189%20103%27%3E%3Crect%20width%3D%27189%27%20height%3D%27103%27%20fill-opacity%3D%220%22%2F%3E%3C%2Fsvg%3E\" data-orig-src=\"https:\/\/www.pfarrplatz.at\/wp-content\/uploads\/sites\/25\/2022\/02\/top_heuriger.png\" alt class=\"lazyload img-responsive wp-image-5878\"\/><\/span><\/div><div class=\"fusion-title title fusion-title-12 fusion-sep-none fusion-title-text fusion-title-size-three\" style=\"--awb-text-color:var(--awb-color4);--awb-margin-top:30px;--awb-font-size:26px;\"><h3 class=\"fusion-title-heading title-heading-left\" style=\"margin:0;font-size:1em;\">Wiener TOP-Heuriger Mayer am Pfarrplatz.<\/h3><\/div><div class=\"fusion-text fusion-text-29\"><p><strong>Our traditional house is officially one of the 14 best Winery in Vienna.<\/strong><\/p>\n<p>The Chamber of Agriculture of Vienna commissioned an external and independent certification company and reviewed the operations of the various criteria that make up a typical Heurigen.<\/p>\n<p>Our Mayer am Pfarrplatz, which is also awarded with the AMA Gastro Seal, is awarded for its high-quality performance with the Vienna Top Heuriger and belongs to the top of the wine tavern scene .<\/p>\n<p>For more information: https:\/\/wien.lko.at\/<\/p>\n<\/div><\/div><\/div><div class=\"fusion-layout-column fusion_builder_column fusion-builder-column-26 fusion_builder_column_1_3 1_3 fusion-flex-column\" style=\"--awb-padding-top:35px;--awb-padding-right:35px;--awb-padding-bottom:35px;--awb-padding-left:35px;--awb-overflow:hidden;--awb-bg-color:var(--awb-color2);--awb-bg-color-hover:var(--awb-color2);--awb-bg-size:cover;--awb-box-shadow:0px 1px 6px 0px rgba(0,0,0,0.3);;--awb-border-radius:20px 20px 20px 20px;--awb-width-large:33.333333333333%;--awb-margin-top-large:0px;--awb-spacing-right-large:5.76%;--awb-margin-bottom-large:20px;--awb-spacing-left-large:5.76%;--awb-width-medium:33.333333333333%;--awb-order-medium:0;--awb-spacing-right-medium:5.76%;--awb-spacing-left-medium:5.76%;--awb-width-small:100%;--awb-order-small:0;--awb-spacing-right-small:1.92%;--awb-spacing-left-small:1.92%;\"><div class=\"fusion-column-wrapper fusion-column-has-shadow fusion-flex-justify-content-flex-start fusion-content-layout-column\"><div class=\"fusion-image-element \" style=\"text-align:center;--awb-max-width:140px;--awb-caption-title-font-family:var(--h2_typography-font-family);--awb-caption-title-font-weight:var(--h2_typography-font-weight);--awb-caption-title-font-style:var(--h2_typography-font-style);--awb-caption-title-size:var(--h2_typography-font-size);--awb-caption-title-transform:var(--h2_typography-text-transform);--awb-caption-title-line-height:var(--h2_typography-line-height);--awb-caption-title-letter-spacing:var(--h2_typography-letter-spacing);\"><span class=\" fusion-imageframe imageframe-none imageframe-9 hover-type-none\"><img decoding=\"async\" width=\"188\" height=\"189\" title=\"ama_gastro\" src=\"data:image\/svg+xml,%3Csvg%20xmlns%3D%27http%3A%2F%2Fwww.w3.org%2F2000%2Fsvg%27%20width%3D%27188%27%20height%3D%27189%27%20viewBox%3D%270%200%20188%20189%27%3E%3Crect%20width%3D%27188%27%20height%3D%27189%27%20fill-opacity%3D%220%22%2F%3E%3C%2Fsvg%3E\" data-orig-src=\"https:\/\/www.pfarrplatz.at\/wp-content\/uploads\/sites\/25\/2022\/02\/ama_gastro.png\" alt class=\"lazyload img-responsive wp-image-5879\"\/><\/span><\/div><div class=\"fusion-title title fusion-title-13 fusion-sep-none fusion-title-text fusion-title-size-three\" style=\"--awb-text-color:var(--awb-color4);--awb-margin-top:30px;--awb-font-size:26px;\"><h3 class=\"fusion-title-heading title-heading-left\" style=\"margin:0;font-size:1em;\">AMA-Gastrosiegel<\/h3><\/div><div class=\"fusion-text fusion-text-30\"><p><b>Quality that you can taste.<\/b><\/p>\n<p>We use products from surrounding regions or from within Austria for our delicacies. As well as delighting our guests, this has also earned our &#8220;Mayer am Pfarrplatz&#8221; Heuriger <b>AMA gastro accreditation<\/b>.<\/p>\n<p><b>Beef:<\/b> Kamptaler Fleischwaren H\u00f6llerschmid, Etsdorf<br \/>\n<b>Chicken:<\/b>Styrian chicken Tschiltsch, Weistrach<br \/>\n<b>Pork:<\/b> Tullnerfeld pork via Kamptaler Fleischwaren H\u00f6llerschmid, Etsdorf<br \/>\n<b>Milk and milk products:<\/b><br \/>\nAustrian with the AMA-G\u00fctesiegel<br \/>\n<b>Eggs (cage-free):<\/b><br \/>\nEierhof Martha Edhofer, Michelndorf<br \/>\n<b>Potatoes:<\/b>Beisser, Eibesbrunn<br \/>\n<b>Vegetables:<\/b> Marchfeld vegetables via K.M\u00fcllner<br \/>\n<b>Wild:<\/b> Kamptaler Fleischwaren H\u00f6llerschmid, Etsdorf<\/p>\n<\/div><\/div><\/div><div class=\"fusion-layout-column fusion_builder_column fusion-builder-column-27 fusion_builder_column_1_3 1_3 fusion-flex-column\" style=\"--awb-padding-top:35px;--awb-padding-right:35px;--awb-padding-bottom:35px;--awb-padding-left:35px;--awb-overflow:hidden;--awb-bg-color:var(--awb-color2);--awb-bg-color-hover:var(--awb-color2);--awb-bg-size:cover;--awb-box-shadow:1px 1px 6px 0px rgba(0,0,0,0.3);;--awb-border-radius:20px 20px 20px 20px;--awb-width-large:33.333333333333%;--awb-margin-top-large:0px;--awb-spacing-right-large:5.76%;--awb-margin-bottom-large:20px;--awb-spacing-left-large:5.76%;--awb-width-medium:33.333333333333%;--awb-order-medium:0;--awb-spacing-right-medium:5.76%;--awb-spacing-left-medium:5.76%;--awb-width-small:100%;--awb-order-small:0;--awb-spacing-right-small:1.92%;--awb-spacing-left-small:1.92%;\"><div class=\"fusion-column-wrapper fusion-column-has-shadow fusion-flex-justify-content-flex-start fusion-content-layout-column\"><div class=\"fusion-image-element \" style=\"text-align:center;--awb-max-width:93px;--awb-caption-title-font-family:var(--h2_typography-font-family);--awb-caption-title-font-weight:var(--h2_typography-font-weight);--awb-caption-title-font-style:var(--h2_typography-font-style);--awb-caption-title-size:var(--h2_typography-font-size);--awb-caption-title-transform:var(--h2_typography-text-transform);--awb-caption-title-line-height:var(--h2_typography-line-height);--awb-caption-title-letter-spacing:var(--h2_typography-letter-spacing);\"><span class=\" fusion-imageframe imageframe-none imageframe-10 hover-type-none\"><img decoding=\"async\" width=\"188\" height=\"284\" title=\"excellent_wines\" src=\"data:image\/svg+xml,%3Csvg%20xmlns%3D%27http%3A%2F%2Fwww.w3.org%2F2000%2Fsvg%27%20width%3D%27188%27%20height%3D%27284%27%20viewBox%3D%270%200%20188%20284%27%3E%3Crect%20width%3D%27188%27%20height%3D%27284%27%20fill-opacity%3D%220%22%2F%3E%3C%2Fsvg%3E\" data-orig-src=\"https:\/\/www.pfarrplatz.at\/wp-content\/uploads\/sites\/25\/2022\/02\/ausgezeichnete_weine.png\" alt class=\"lazyload img-responsive wp-image-5880\"\/><\/span><\/div><div class=\"fusion-title title fusion-title-14 fusion-sep-none fusion-title-text fusion-title-size-three\" style=\"--awb-text-color:var(--awb-color4);--awb-margin-top:30px;--awb-font-size:26px;\"><h3 class=\"fusion-title-heading title-heading-left\" style=\"margin:0;font-size:1em;\">Our awards winning wines<\/h3><\/div><div class=\"fusion-text fusion-text-31\"><p>Countless awards and prizes at national and international wine competitions emphasize the high quality of the wines from our Wineries Mayer am Pfarrplatz and Rotes Haus.<\/p>\n<p>For more information please visit our Winery<br \/>\nwebsites by following links:<\/p>\n<p><a href=\"https:\/\/weingut-mayer-am.pfarrplatz.at\/de\/auszeichnungen\/\" target=\"_blank\" rel=\"noopener\">Winery Mayer am Pfarrplatz<\/a><br \/>\n<a href=\"https:\/\/www.rotes-haus.at\/de\/auszeichnungen\/\" target=\"_blank\" rel=\"noopener\">Winery Rotes Haus<\/a><\/p>\n<\/div><\/div><\/div><\/div><\/section><\/p>\n","protected":false},"excerpt":{"rendered":"","protected":false},"author":1,"featured_media":5822,"parent":0,"menu_order":0,"comment_status":"closed","ping_status":"closed","template":"","meta":{"_acf_changed":false,"footnotes":""},"class_list":["post-6118","page","type-page","status-publish","has-post-thumbnail","hentry"],"acf":[],"yoast_head":"<!-- This site is optimized with the Yoast SEO plugin v27.5 - https:\/\/yoast.com\/product\/yoast-seo-wordpress\/ -->\n<title>The Heurige - Heuriger Mayer am Pfarrplatz<\/title>\n<meta name=\"robots\" content=\"index, follow, max-snippet:-1, max-image-preview:large, max-video-preview:-1\" \/>\n<link rel=\"canonical\" href=\"https:\/\/www.pfarrplatz.at\/en\/the-heurige\/\" \/>\n<meta property=\"og:locale\" content=\"en_US\" \/>\n<meta property=\"og:type\" content=\"article\" \/>\n<meta property=\"og:title\" content=\"The Heurige - Heuriger Mayer am Pfarrplatz\" \/>\n<meta property=\"og:url\" content=\"https:\/\/www.pfarrplatz.at\/en\/the-heurige\/\" \/>\n<meta property=\"og:site_name\" content=\"Heuriger Mayer am Pfarrplatz\" \/>\n<meta property=\"article:publisher\" content=\"https:\/\/www.facebook.com\/mayerampfarrplatz\" \/>\n<meta property=\"article:modified_time\" content=\"2026-01-28T13:56:06+00:00\" \/>\n<meta property=\"og:image\" content=\"https:\/\/www.pfarrplatz.at\/wp-content\/uploads\/sites\/25\/2022\/01\/0296_Mayer_Pfarrplatz_20210727.jpg\" \/>\n\t<meta property=\"og:image:width\" content=\"1980\" \/>\n\t<meta property=\"og:image:height\" content=\"1317\" \/>\n\t<meta property=\"og:image:type\" content=\"image\/jpeg\" \/>\n<meta name=\"twitter:card\" content=\"summary_large_image\" \/>\n<meta name=\"twitter:label1\" content=\"Est. reading time\" \/>\n\t<meta name=\"twitter:data1\" content=\"12 minutes\" \/>\n<script type=\"application\/ld+json\" class=\"yoast-schema-graph\">{\"@context\":\"https:\\\/\\\/schema.org\",\"@graph\":[{\"@type\":\"WebPage\",\"@id\":\"https:\\\/\\\/www.pfarrplatz.at\\\/en\\\/the-heurige\\\/\",\"url\":\"https:\\\/\\\/www.pfarrplatz.at\\\/en\\\/the-heurige\\\/\",\"name\":\"The Heurige - Heuriger Mayer am Pfarrplatz\",\"isPartOf\":{\"@id\":\"https:\\\/\\\/www.pfarrplatz.at\\\/de\\\/#website\"},\"primaryImageOfPage\":{\"@id\":\"https:\\\/\\\/www.pfarrplatz.at\\\/en\\\/the-heurige\\\/#primaryimage\"},\"image\":{\"@id\":\"https:\\\/\\\/www.pfarrplatz.at\\\/en\\\/the-heurige\\\/#primaryimage\"},\"thumbnailUrl\":\"https:\\\/\\\/www.pfarrplatz.at\\\/wp-content\\\/uploads\\\/sites\\\/25\\\/2022\\\/01\\\/0296_Mayer_Pfarrplatz_20210727.jpg\",\"datePublished\":\"2022-02-09T20:52:41+00:00\",\"dateModified\":\"2026-01-28T13:56:06+00:00\",\"breadcrumb\":{\"@id\":\"https:\\\/\\\/www.pfarrplatz.at\\\/en\\\/the-heurige\\\/#breadcrumb\"},\"inLanguage\":\"en-US\",\"potentialAction\":[{\"@type\":\"ReadAction\",\"target\":[\"https:\\\/\\\/www.pfarrplatz.at\\\/en\\\/the-heurige\\\/\"]}]},{\"@type\":\"ImageObject\",\"inLanguage\":\"en-US\",\"@id\":\"https:\\\/\\\/www.pfarrplatz.at\\\/en\\\/the-heurige\\\/#primaryimage\",\"url\":\"https:\\\/\\\/www.pfarrplatz.at\\\/wp-content\\\/uploads\\\/sites\\\/25\\\/2022\\\/01\\\/0296_Mayer_Pfarrplatz_20210727.jpg\",\"contentUrl\":\"https:\\\/\\\/www.pfarrplatz.at\\\/wp-content\\\/uploads\\\/sites\\\/25\\\/2022\\\/01\\\/0296_Mayer_Pfarrplatz_20210727.jpg\",\"width\":1980,\"height\":1317},{\"@type\":\"BreadcrumbList\",\"@id\":\"https:\\\/\\\/www.pfarrplatz.at\\\/en\\\/the-heurige\\\/#breadcrumb\",\"itemListElement\":[{\"@type\":\"ListItem\",\"position\":1,\"name\":\"Startseite\",\"item\":\"https:\\\/\\\/www.pfarrplatz.at\\\/en\\\/\"},{\"@type\":\"ListItem\",\"position\":2,\"name\":\"The Heurige\"}]},{\"@type\":\"WebSite\",\"@id\":\"https:\\\/\\\/www.pfarrplatz.at\\\/de\\\/#website\",\"url\":\"https:\\\/\\\/www.pfarrplatz.at\\\/de\\\/\",\"name\":\"Heuriger Mayer am Pfarrplatz\",\"description\":\"\",\"publisher\":{\"@id\":\"https:\\\/\\\/www.pfarrplatz.at\\\/de\\\/#organization\"},\"potentialAction\":[{\"@type\":\"SearchAction\",\"target\":{\"@type\":\"EntryPoint\",\"urlTemplate\":\"https:\\\/\\\/www.pfarrplatz.at\\\/de\\\/?s={search_term_string}\"},\"query-input\":{\"@type\":\"PropertyValueSpecification\",\"valueRequired\":true,\"valueName\":\"search_term_string\"}}],\"inLanguage\":\"en-US\"},{\"@type\":\"Organization\",\"@id\":\"https:\\\/\\\/www.pfarrplatz.at\\\/de\\\/#organization\",\"name\":\"Heuriger Mayer am Pfarrplatz\",\"url\":\"https:\\\/\\\/www.pfarrplatz.at\\\/de\\\/\",\"logo\":{\"@type\":\"ImageObject\",\"inLanguage\":\"en-US\",\"@id\":\"https:\\\/\\\/www.pfarrplatz.at\\\/de\\\/#\\\/schema\\\/logo\\\/image\\\/\",\"url\":\"https:\\\/\\\/www.pfarrplatz.at\\\/wp-content\\\/uploads\\\/sites\\\/25\\\/2022\\\/02\\\/mayer_am_pfarrplatz-1-1-300x300-1.png\",\"contentUrl\":\"https:\\\/\\\/www.pfarrplatz.at\\\/wp-content\\\/uploads\\\/sites\\\/25\\\/2022\\\/02\\\/mayer_am_pfarrplatz-1-1-300x300-1.png\",\"width\":300,\"height\":300,\"caption\":\"Heuriger Mayer am Pfarrplatz\"},\"image\":{\"@id\":\"https:\\\/\\\/www.pfarrplatz.at\\\/de\\\/#\\\/schema\\\/logo\\\/image\\\/\"},\"sameAs\":[\"https:\\\/\\\/www.facebook.com\\\/mayerampfarrplatz\",\"https:\\\/\\\/www.instagram.com\\\/mayerampfarrplatz.pfarrwirt\\\/\"]}]}<\/script>\n<!-- \/ Yoast SEO plugin. -->","yoast_head_json":{"title":"The Heurige - Heuriger Mayer am Pfarrplatz","robots":{"index":"index","follow":"follow","max-snippet":"max-snippet:-1","max-image-preview":"max-image-preview:large","max-video-preview":"max-video-preview:-1"},"canonical":"https:\/\/www.pfarrplatz.at\/en\/the-heurige\/","og_locale":"en_US","og_type":"article","og_title":"The Heurige - Heuriger Mayer am Pfarrplatz","og_url":"https:\/\/www.pfarrplatz.at\/en\/the-heurige\/","og_site_name":"Heuriger Mayer am Pfarrplatz","article_publisher":"https:\/\/www.facebook.com\/mayerampfarrplatz","article_modified_time":"2026-01-28T13:56:06+00:00","og_image":[{"width":1980,"height":1317,"url":"https:\/\/www.pfarrplatz.at\/wp-content\/uploads\/sites\/25\/2022\/01\/0296_Mayer_Pfarrplatz_20210727.jpg","type":"image\/jpeg"}],"twitter_card":"summary_large_image","twitter_misc":{"Est. reading time":"12 minutes"},"schema":{"@context":"https:\/\/schema.org","@graph":[{"@type":"WebPage","@id":"https:\/\/www.pfarrplatz.at\/en\/the-heurige\/","url":"https:\/\/www.pfarrplatz.at\/en\/the-heurige\/","name":"The Heurige - Heuriger Mayer am Pfarrplatz","isPartOf":{"@id":"https:\/\/www.pfarrplatz.at\/de\/#website"},"primaryImageOfPage":{"@id":"https:\/\/www.pfarrplatz.at\/en\/the-heurige\/#primaryimage"},"image":{"@id":"https:\/\/www.pfarrplatz.at\/en\/the-heurige\/#primaryimage"},"thumbnailUrl":"https:\/\/www.pfarrplatz.at\/wp-content\/uploads\/sites\/25\/2022\/01\/0296_Mayer_Pfarrplatz_20210727.jpg","datePublished":"2022-02-09T20:52:41+00:00","dateModified":"2026-01-28T13:56:06+00:00","breadcrumb":{"@id":"https:\/\/www.pfarrplatz.at\/en\/the-heurige\/#breadcrumb"},"inLanguage":"en-US","potentialAction":[{"@type":"ReadAction","target":["https:\/\/www.pfarrplatz.at\/en\/the-heurige\/"]}]},{"@type":"ImageObject","inLanguage":"en-US","@id":"https:\/\/www.pfarrplatz.at\/en\/the-heurige\/#primaryimage","url":"https:\/\/www.pfarrplatz.at\/wp-content\/uploads\/sites\/25\/2022\/01\/0296_Mayer_Pfarrplatz_20210727.jpg","contentUrl":"https:\/\/www.pfarrplatz.at\/wp-content\/uploads\/sites\/25\/2022\/01\/0296_Mayer_Pfarrplatz_20210727.jpg","width":1980,"height":1317},{"@type":"BreadcrumbList","@id":"https:\/\/www.pfarrplatz.at\/en\/the-heurige\/#breadcrumb","itemListElement":[{"@type":"ListItem","position":1,"name":"Startseite","item":"https:\/\/www.pfarrplatz.at\/en\/"},{"@type":"ListItem","position":2,"name":"The Heurige"}]},{"@type":"WebSite","@id":"https:\/\/www.pfarrplatz.at\/de\/#website","url":"https:\/\/www.pfarrplatz.at\/de\/","name":"Heuriger Mayer am Pfarrplatz","description":"","publisher":{"@id":"https:\/\/www.pfarrplatz.at\/de\/#organization"},"potentialAction":[{"@type":"SearchAction","target":{"@type":"EntryPoint","urlTemplate":"https:\/\/www.pfarrplatz.at\/de\/?s={search_term_string}"},"query-input":{"@type":"PropertyValueSpecification","valueRequired":true,"valueName":"search_term_string"}}],"inLanguage":"en-US"},{"@type":"Organization","@id":"https:\/\/www.pfarrplatz.at\/de\/#organization","name":"Heuriger Mayer am Pfarrplatz","url":"https:\/\/www.pfarrplatz.at\/de\/","logo":{"@type":"ImageObject","inLanguage":"en-US","@id":"https:\/\/www.pfarrplatz.at\/de\/#\/schema\/logo\/image\/","url":"https:\/\/www.pfarrplatz.at\/wp-content\/uploads\/sites\/25\/2022\/02\/mayer_am_pfarrplatz-1-1-300x300-1.png","contentUrl":"https:\/\/www.pfarrplatz.at\/wp-content\/uploads\/sites\/25\/2022\/02\/mayer_am_pfarrplatz-1-1-300x300-1.png","width":300,"height":300,"caption":"Heuriger Mayer am Pfarrplatz"},"image":{"@id":"https:\/\/www.pfarrplatz.at\/de\/#\/schema\/logo\/image\/"},"sameAs":["https:\/\/www.facebook.com\/mayerampfarrplatz","https:\/\/www.instagram.com\/mayerampfarrplatz.pfarrwirt\/"]}]}},"_links":{"self":[{"href":"https:\/\/www.pfarrplatz.at\/en\/wp-json\/wp\/v2\/pages\/6118","targetHints":{"allow":["GET"]}}],"collection":[{"href":"https:\/\/www.pfarrplatz.at\/en\/wp-json\/wp\/v2\/pages"}],"about":[{"href":"https:\/\/www.pfarrplatz.at\/en\/wp-json\/wp\/v2\/types\/page"}],"author":[{"embeddable":true,"href":"https:\/\/www.pfarrplatz.at\/en\/wp-json\/wp\/v2\/users\/1"}],"replies":[{"embeddable":true,"href":"https:\/\/www.pfarrplatz.at\/en\/wp-json\/wp\/v2\/comments?post=6118"}],"version-history":[{"count":7,"href":"https:\/\/www.pfarrplatz.at\/en\/wp-json\/wp\/v2\/pages\/6118\/revisions"}],"predecessor-version":[{"id":22562,"href":"https:\/\/www.pfarrplatz.at\/en\/wp-json\/wp\/v2\/pages\/6118\/revisions\/22562"}],"wp:featuredmedia":[{"embeddable":true,"href":"https:\/\/www.pfarrplatz.at\/en\/wp-json\/wp\/v2\/media\/5822"}],"wp:attachment":[{"href":"https:\/\/www.pfarrplatz.at\/en\/wp-json\/wp\/v2\/media?parent=6118"}],"curies":[{"name":"wp","href":"https:\/\/api.w.org\/{rel}","templated":true}]}}