{"id":2,"date":"2022-01-21T11:09:18","date_gmt":"2022-01-21T10:09:18","guid":{"rendered":"http:\/\/www.pfarrplatz.at\/?page_id=2"},"modified":"2026-04-28T13:18:25","modified_gmt":"2026-04-28T11:18:25","slug":"startseite","status":"publish","type":"page","link":"https:\/\/www.pfarrplatz.at\/de\/","title":{"rendered":"Startseite"},"content":{"rendered":"<p><div class=\"fusion-fullwidth fullwidth-box fusion-builder-row-1 fusion-flex-container has-pattern-background has-mask-background nonhundred-percent-fullwidth non-hundred-percent-height-scrolling fusion-no-small-visibility fusion-no-medium-visibility fusion-animated\" style=\"--awb-border-radius-top-left:0px;--awb-border-radius-top-right:0px;--awb-border-radius-bottom-right:0px;--awb-border-radius-bottom-left:0px;--awb-padding-bottom:60px;--awb-margin-top:-360px;--awb-flex-wrap:wrap;\" data-animationType=\"fadeInLeft\" data-animationDuration=\"2.3\" data-animationOffset=\"top-into-view\" ><div class=\"fusion-builder-row fusion-row fusion-flex-align-items-flex-end fusion-flex-justify-content-flex-end fusion-flex-content-wrap\" style=\"max-width:104%;margin-left: calc(-4% \/ 2 );margin-right: calc(-4% \/ 2 );\"><div class=\"fusion-layout-column fusion_builder_column fusion-builder-column-0 fusion_builder_column_1_3 1_3 fusion-flex-column fusion-flex-align-self-flex-end\" style=\"--awb-bg-size:cover;--awb-width-large:33.333333333333%;--awb-margin-top-large:0px;--awb-spacing-right-large:5.76%;--awb-margin-bottom-large:20px;--awb-spacing-left-large:5.76%;--awb-width-medium:33.333333333333%;--awb-order-medium:0;--awb-spacing-right-medium:5.76%;--awb-spacing-left-medium:5.76%;--awb-width-small:100%;--awb-order-small:0;--awb-spacing-right-small:1.92%;--awb-spacing-left-small:1.92%;\"><div class=\"fusion-column-wrapper fusion-column-has-shadow fusion-flex-justify-content-center fusion-content-layout-column\"><div class=\"fusion-image-element \" style=\"text-align:center;--awb-sticky-max-width:170px;--awb-max-width:300px;--awb-caption-title-font-family:var(--h2_typography-font-family);--awb-caption-title-font-weight:var(--h2_typography-font-weight);--awb-caption-title-font-style:var(--h2_typography-font-style);--awb-caption-title-size:var(--h2_typography-font-size);--awb-caption-title-transform:var(--h2_typography-text-transform);--awb-caption-title-line-height:var(--h2_typography-line-height);--awb-caption-title-letter-spacing:var(--h2_typography-letter-spacing);\"><span class=\" fusion-imageframe imageframe-none imageframe-1 hover-type-none\"><img loading=\"lazy\" decoding=\"async\" width=\"450\" height=\"450\" title=\"Taeglichda_v2\" src=\"https:\/\/www.pfarrplatz.at\/wp-content\/uploads\/sites\/25\/2022\/03\/Taeglichda_v2.png\" alt class=\"img-responsive wp-image-6027 disable-lazyload\"\/><\/span><\/div><\/div><\/div><\/div><\/div><div class=\"fusion-fullwidth fullwidth-box fusion-builder-row-2 fusion-flex-container nonhundred-percent-fullwidth non-hundred-percent-height-scrolling\" style=\"--awb-border-radius-top-left:0px;--awb-border-radius-top-right:0px;--awb-border-radius-bottom-right:0px;--awb-border-radius-bottom-left:0px;--awb-flex-wrap:wrap;\" ><div class=\"fusion-builder-row fusion-row fusion-flex-align-items-flex-start fusion-flex-content-wrap\" style=\"max-width:104%;margin-left: calc(-4% \/ 2 );margin-right: calc(-4% \/ 2 );\"><div class=\"fusion-layout-column fusion_builder_column fusion-builder-column-1 fusion_builder_column_1_1 1_1 fusion-flex-column fusion-no-large-visibility\" style=\"--awb-bg-size:cover;--awb-width-large:100%;--awb-margin-top-large:0px;--awb-spacing-right-large:1.92%;--awb-margin-bottom-large:20px;--awb-spacing-left-large:1.92%;--awb-width-medium:100%;--awb-order-medium:0;--awb-spacing-right-medium:1.92%;--awb-spacing-left-medium:1.92%;--awb-width-small:100%;--awb-order-small:0;--awb-spacing-right-small:1.92%;--awb-spacing-left-small:1.92%;\"><div class=\"fusion-column-wrapper fusion-column-has-shadow fusion-flex-justify-content-flex-start fusion-content-layout-column\"><script type=\"text\/javascript\">jQuery(function() { _initLayerSlider( '#layerslider_8_1rlyl3pu5zb2s', {createdWith: '6.6.048', sliderVersion: '7.14.4', type: 'fullsize', maxRatio: 1, hideOver: 989, slideOnSwipe: false, skin: 'v6', sliderFadeInDuration: 350, navPrevNext: false, navStartStop: false, navButtons: false, showCircleTimer: false, useSrcset: true, skinsPath: 'https:\/\/www.pfarrplatz.at\/wp-content\/plugins\/LayerSlider\/assets\/static\/layerslider\/skins\/', performanceMode: true, height: 850}); });<\/script><link href=\"https:\/\/fonts.googleapis.com\/css?family=Montserrat:100,100i,200,200i,300,300i,400,400i,500,500i,600,600i,700,700i,800,800i,900,900i%7CCormorant+Garamond:100,100i,200,200i,300,300i,400,400i,500,500i,600,600i,700,700i,800,800i,900,900i\" rel=\"stylesheet\"><div id=\"layerslider_8_1rlyl3pu5zb2s\"  class=\"ls-wp-container fitvidsignore ls-selectable\" style=\"width:390px;height:100vh;margin:0 auto;margin-top: 0px; margin-bottom: 0px;\"><div class=\"ls-slide\" data-ls=\"duration:6000;transition2d:5;transitionduration:3000;kenburnszoom:out;kenburnsrotate:0;kenburnsscale:1.08;\"><img loading=\"lazy\" decoding=\"async\" width=\"980\" height=\"654\" src=\"https:\/\/www.pfarrplatz.at\/wp-content\/uploads\/sites\/25\/2022\/04\/image009-1.jpg\" class=\"ls-bg\" alt=\"\" \/><img loading=\"lazy\" decoding=\"async\" width=\"330\" height=\"720\" src=\"https:\/\/www.pfarrplatz.at\/wp-content\/uploads\/sites\/25\/2022\/03\/ls-project-8-slide-1.jpg\" class=\"ls-tn\" alt=\"\" \/><div style=\"background: linear-gradient(to bottom, rgba(0,0,0,0.7) 0%,rgba(0,0,0,0) 100%);top:0px;left:0px;text-align:initial;mix-blend-mode:luminosity;width:100%;height:254px;box-shadow:0px 0px 0px 0px transparent;\" class=\"ls-l ls-html-layer\" data-ls=\"fadein:false;static:forever;position:fixed;\"><\/div><div style=\"background: radial-gradient(circle, rgba(2,0,36,0) 60%, rgba(0,0,0,0.4770950616574755) 100%);\n;top:0px;left:0px;text-align:initial;mix-blend-mode:luminosity;width:100%;height:100%;box-shadow:0px 0px 0px 0px transparent;\" class=\"ls-l ls-html-layer\" data-ls=\"fadein:false;static:forever;position:fixed;\"><\/div><h1 style=\"top:33.71%;left:50%;text-align:center;font-style:italic;mix-blend-mode:normal;font-family:'Cormorant Garamond';font-size:67px;line-height:62px;color:#ffffff;padding-bottom:20px;font-weight:700;letter-spacing:2px;text-shadow:-1px 1px 6px #000000;\" class=\"ls-l ls-text-layer\" data-ls=\"delayin:100;texttransitionin:true;texttypein:words_center;static:forever;position:fixed;\">Heuriger<br>Mayer<br>am Pfarrplatz<\/h1><p style=\"top:53.06%;left:50%;text-align:center;mix-blend-mode:normal;font-family:Oriflame Script;font-size:45px;color:rgba(255, 255, 255, 0.9);text-shadow:-1px 1px 3px #000000;line-height:46px;white-space:normal;\" class=\"ls-l hide-if-low ls-text-layer\" data-ls=\"delayin:300;easingin:easeOutExpo;transformoriginin:50% 0% 0;static:forever;minfontsize:38;position:fixed;\">Beethovenhaus<br>\nTraditionsheuriger<\/p><img loading=\"lazy\" decoding=\"async\" width=\"450\" height=\"450\" src=\"https:\/\/www.pfarrplatz.at\/wp-content\/uploads\/sites\/25\/2022\/03\/Taeglichda_v2.png\" class=\"ls-l ls-img-layer\" alt=\"\" style=\"top:78.82%;left:50%;width:256px;height:256px;\" data-ls=\"static:forever;position:fixed;\"><\/div><div class=\"ls-slide\" data-ls=\"duration:5000;transition2d:5;transitionduration:1500;kenburnszoom:in;kenburnsrotate:0;kenburnsscale:1.08;\"><img loading=\"lazy\" decoding=\"async\" width=\"980\" height=\"654\" src=\"https:\/\/www.pfarrplatz.at\/wp-content\/uploads\/sites\/25\/2022\/04\/image004-1.jpg\" class=\"ls-bg\" alt=\"\" \/><\/div><div class=\"ls-slide\" data-ls=\"duration:5000;transition2d:5;transitionduration:1500;kenburnszoom:out;kenburnsrotate:0;kenburnsscale:1.08;\"><img loading=\"lazy\" decoding=\"async\" width=\"980\" height=\"653\" src=\"https:\/\/www.pfarrplatz.at\/wp-content\/uploads\/sites\/25\/2022\/04\/image007-1.jpg\" class=\"ls-bg\" alt=\"\" \/><\/div><div class=\"ls-slide\" data-ls=\"duration:5000;transition2d:5;transitionduration:1500;kenburnszoom:in;kenburnsrotate:0;kenburnsscale:1.08;\"><img loading=\"lazy\" decoding=\"async\" width=\"980\" height=\"653\" src=\"https:\/\/www.pfarrplatz.at\/wp-content\/uploads\/sites\/25\/2022\/04\/image001-1.jpg\" class=\"ls-bg\" alt=\"\" \/><\/div><div class=\"ls-slide\" data-ls=\"duration:5000;transition2d:5;transitionduration:1500;kenburnszoom:out;kenburnsrotate:0;kenburnsscale:1.08;\"><img loading=\"lazy\" decoding=\"async\" width=\"980\" height=\"653\" src=\"https:\/\/www.pfarrplatz.at\/wp-content\/uploads\/sites\/25\/2022\/04\/image003-1.jpg\" class=\"ls-bg\" alt=\"\" \/><\/div><\/div><\/div><\/div><\/div><\/div><section class=\"fusion-fullwidth fullwidth-box fusion-builder-row-3 fusion-flex-container has-pattern-background has-mask-background nonhundred-percent-fullwidth non-hundred-percent-height-scrolling\" style=\"--link_hover_color: #424f62;--link_color: #000000;--awb-border-sizes-top:0px;--awb-border-sizes-bottom:0px;--awb-border-sizes-left:0px;--awb-border-sizes-right:0px;--awb-border-radius-top-left:0px;--awb-border-radius-top-right:0px;--awb-border-radius-bottom-right:0px;--awb-border-radius-bottom-left:0px;--awb-padding-top-small:20px;--awb-padding-right-small:20px;--awb-padding-bottom-small:0px;--awb-padding-left-small:20px;--awb-margin-top:0px;--awb-margin-bottom:0px;--awb-background-color:var(--awb-color1);--awb-flex-wrap:wrap;\" ><div class=\"fusion-builder-row fusion-row fusion-flex-align-items-stretch fusion-flex-justify-content-center fusion-flex-content-wrap\" style=\"max-width:104%;margin-left: calc(-4% \/ 2 );margin-right: calc(-4% \/ 2 );\"><div class=\"fusion-layout-column fusion_builder_column fusion-builder-column-2 fusion_builder_column_1_3 1_3 fusion-flex-column fusion-flex-align-self-center fusion-animated\" style=\"--awb-padding-top:20px;--awb-padding-right:0px;--awb-padding-bottom:50px;--awb-padding-left:0px;--awb-padding-right-medium:50px;--awb-padding-left-medium:50px;--awb-padding-right-small:25px;--awb-padding-left-small:25px;--awb-bg-color:#ffffff;--awb-bg-color-hover:#ffffff;--awb-bg-position:center center;--awb-bg-size:cover;--awb-width-large:33.333333333333%;--awb-margin-top-large:40px;--awb-spacing-right-large:5.76%;--awb-margin-bottom-large:0px;--awb-spacing-left-large:5.76%;--awb-width-medium:100%;--awb-order-medium:0;--awb-spacing-right-medium:1.92%;--awb-spacing-left-medium:1.92%;--awb-width-small:100%;--awb-order-small:0;--awb-spacing-right-small:1.92%;--awb-spacing-left-small:1.92%;\" data-animationType=\"fadeInUp\" data-animationDuration=\"1.3\" data-animationOffset=\"top-into-view\" data-scroll-devices=\"small-visibility,medium-visibility,large-visibility\"><div class=\"fusion-column-wrapper fusion-column-has-shadow fusion-flex-justify-content-flex-start fusion-content-layout-column\"><div class=\"fusion-title title fusion-title-1 fusion-sep-none fusion-title-center fusion-title-text fusion-title-size-two speisekarten_titel\" style=\"--awb-text-color:#000000;--awb-margin-top:0px;--awb-margin-bottom-small:-5px;--awb-sep-color:#d6d6d6;--awb-font-size:45px;\"><h2 class=\"fusion-title-heading title-heading-center\" style=\"font-family:&quot;Oriflame Script&quot;;font-style:normal;font-weight:400;margin:0;font-size:1em;text-transform:none;line-height:40px;\"><div class=\"fusion-image-element \" style=\"--awb-caption-title-font-family:var(--h2_typography-font-family);--awb-caption-title-font-weight:var(--h2_typography-font-weight);--awb-caption-title-font-style:var(--h2_typography-font-style);--awb-caption-title-size:var(--h2_typography-font-size);--awb-caption-title-transform:var(--h2_typography-text-transform);--awb-caption-title-line-height:var(--h2_typography-line-height);--awb-caption-title-letter-spacing:var(--h2_typography-letter-spacing)\"><span class=\" fusion-imageframe imageframe-none imageframe-4 hover-type-none auto_speise_img\"><img loading=\"lazy\" decoding=\"async\" width=\"300\" height=\"159\" title=\"Spargel_grau 2\" src=\"https:\/\/www.pfarrplatz.at\/wp-content\/uploads\/sites\/25\/2026\/04\/Spargel_grau-2.png\" alt class=\"img-responsive wp-image-23098\" \/><\/span><\/div>Spargelzeit<\/h2><\/div><div class=\"fusion-title title fusion-title-2 fusion-sep-none fusion-title-center fusion-title-text fusion-title-size-four\" style=\"--awb-text-color:#000000;--awb-margin-top:0px;--awb-margin-bottom:20px;--awb-margin-bottom-small:25px;--awb-sep-color:#d8d8d8;--awb-font-size:18px;\"><h4 class=\"fusion-title-heading title-heading-center awb-gradient-text fusion-responsive-typography-calculated\" style=\"font-family:Garamond, serif;font-style:normal;font-weight:400;margin:0;font-size:1em;letter-spacing:3px;background-color:#c4c4c4;background-image:linear-gradient(150deg, #c4c4c4 0%,#707070 100%);--fontSize:18;--minFontSize:18;line-height:var(--awb-typography1-line-height);\">beim Mayer am Pfarrplatz<\/h4><\/div><div class=\"fusion-text fusion-text-1 speisekarten_text\" style=\"--awb-content-alignment:center;--awb-text-transform:none;\"><p>Genussvolle Spargelzeit beim Mayer am Pfarrplatz! Der Fr\u00fchling zeigt sich von seiner feinsten Seite und bringt das k\u00f6nigliche Gem\u00fcse auf den Teller: Freuen Sie sich auf frischen, zarten Spargel in vielf\u00e4ltigen Variationen \u2013 klassisch, raffiniert und stets mit regionalen Zutaten liebevoll zubereitet. <\/p>\n<p>Erleben Sie die Leichtigkeit der Spargelsaison in unserer gem\u00fctlichen Atmosph\u00e4re und lassen Sie sich kulinarisch verw\u00f6hnen. Wir freuen uns auf Ihren Besuch. \ud83c\udf3f<\/p>\n<\/div><div class=\"fusion-builder-row fusion-builder-row-inner fusion-row fusion-flex-align-items-stretch fusion-flex-justify-content-center fusion-flex-content-wrap\" style=\"width:104% !important;max-width:104% !important;margin-left: calc(-4% \/ 2 );margin-right: calc(-4% \/ 2 );\"><div class=\"fusion-layout-column fusion_builder_column_inner fusion-builder-nested-column-0 fusion_builder_column_inner_1_2 1_2 fusion-flex-column\" style=\"--awb-bg-size:cover;--awb-width-large:50%;--awb-margin-top-large:0px;--awb-spacing-right-large:3.84%;--awb-margin-bottom-large:20px;--awb-spacing-left-large:3.84%;--awb-width-medium:50%;--awb-order-medium:0;--awb-spacing-right-medium:3.84%;--awb-spacing-left-medium:3.84%;--awb-width-small:100%;--awb-order-small:0;--awb-spacing-right-small:1.92%;--awb-spacing-left-small:1.92%;\"><div class=\"fusion-column-wrapper fusion-column-has-shadow fusion-flex-justify-content-flex-start fusion-content-layout-column\"><div class=\"sm-text-align-center\" style=\"text-align:right;\"><a class=\"fusion-button button-flat fusion-button-default-size button-custom fusion-button-default button-1 fusion-button-default-span fusion-button-default-type\" style=\"--button_accent_color:var(--awb-color8);--button_border_color:var(--awb-color8);--button_accent_hover_color:#878787;--button_border_hover_color:#878787;--button_border_width-top:1px;--button_border_width-right:1px;--button_border_width-bottom:1px;--button_border_width-left:1px;--button-border-radius-top-left:30px;--button-border-radius-top-right:30px;--button-border-radius-bottom-right:30px;--button-border-radius-bottom-left:30px;--button_gradient_top_color:rgba(0,0,0,0);--button_gradient_bottom_color:rgba(0,0,0,0);--button_gradient_top_color_hover:rgba(0,0,0,0);--button_gradient_bottom_color_hover:rgba(0,0,0,0);--button_font_size:18px;--button_padding-top:12px;--button_padding-right:24px;--button_padding-bottom:12px;--button_padding-left:24px;\" target=\"_self\" href=\"#\" data-toggle=\"modal\" data-target=\".fusion-modal.speisekarte\" id=\"speisekarte\"><span class=\"fusion-button-text awb-button__text awb-button__text--default\">Speisekarte \u00f6ffnen<\/span><\/a><\/div><\/div><\/div><div class=\"fusion-layout-column fusion_builder_column_inner fusion-builder-nested-column-1 fusion_builder_column_inner_1_2 1_2 fusion-flex-column\" style=\"--awb-bg-size:cover;--awb-width-large:50%;--awb-margin-top-large:0px;--awb-spacing-right-large:3.84%;--awb-margin-bottom-large:20px;--awb-spacing-left-large:3.84%;--awb-width-medium:50%;--awb-order-medium:0;--awb-spacing-right-medium:3.84%;--awb-spacing-left-medium:3.84%;--awb-width-small:100%;--awb-order-small:0;--awb-spacing-right-small:1.92%;--awb-spacing-left-small:1.92%;\"><div class=\"fusion-column-wrapper fusion-column-has-shadow fusion-flex-justify-content-flex-start fusion-content-layout-column\"><div class=\"sm-text-align-center\" style=\"text-align:left;\"><a class=\"fusion-button button-flat fusion-button-default-size button-custom fusion-button-default button-2 fusion-button-default-span fusion-button-default-type\" style=\"--button_accent_color:var(--awb-color8);--button_border_color:var(--awb-color8);--button_accent_hover_color:#878787;--button_border_hover_color:#878787;--button_border_width-top:1px;--button_border_width-right:1px;--button_border_width-bottom:1px;--button_border_width-left:1px;--button-border-radius-top-left:30px;--button-border-radius-top-right:30px;--button-border-radius-bottom-right:30px;--button-border-radius-bottom-left:30px;--button_gradient_top_color:rgba(0,0,0,0);--button_gradient_bottom_color:rgba(0,0,0,0);--button_gradient_top_color_hover:rgba(0,0,0,0);--button_gradient_bottom_color_hover:rgba(0,0,0,0);--button_font_size:18px;--button_padding-top:12px;--button_padding-right:24px;--button_padding-bottom:12px;--button_padding-left:24px;\" target=\"_self\" href=\"#\" data-toggle=\"modal\" data-target=\".fusion-modal.reservierung\" id=\"reservierung\"><span class=\"fusion-button-text awb-button__text awb-button__text--default\">Jetzt reservieren<\/span><\/a><\/div><\/div><\/div><\/div><\/div><\/div><div class=\"fusion-layout-column fusion_builder_column fusion-builder-column-3 fusion_builder_column_1_4 1_4 fusion-flex-column ranke_rechts_unten\" style=\"--awb-bg-size:cover;--awb-width-large:25%;--awb-margin-top-large:0px;--awb-spacing-right-large:7.68%;--awb-margin-bottom-large:20px;--awb-spacing-left-large:7.68%;--awb-width-medium:25%;--awb-order-medium:0;--awb-spacing-right-medium:7.68%;--awb-spacing-left-medium:7.68%;--awb-width-small:100%;--awb-order-small:0;--awb-spacing-right-small:1.92%;--awb-spacing-left-small:1.92%;\"><div class=\"fusion-column-wrapper fusion-column-has-shadow fusion-flex-justify-content-flex-start fusion-content-layout-column\"><script type=\"text\/javascript\">jQuery(function() { _initLayerSlider( '#layerslider_4_1rznc7ptu54so', {createdWith: '7.0.7', sliderVersion: '7.0.7', startInViewport: false, skin: 'v6', sliderFadeInDuration: 350, navPrevNext: false, hoverPrevNext: false, navStartStop: false, navButtons: false, showCircleTimer: false, useSrcset: true, skinsPath: 'https:\/\/www.pfarrplatz.at\/wp-content\/plugins\/LayerSlider\/assets\/static\/layerslider\/skins\/', performanceMode: true}); });<\/script><div id=\"layerslider_4_1rznc7ptu54so\"  class=\"ls-wp-container fitvidsignore ls-selectable\" style=\"width:400px;height:400px;margin:0 auto;margin-bottom: 0px;\"><div class=\"ls-slide\" ><img loading=\"lazy\" decoding=\"async\" width=\"641\" height=\"743\" src=\"https:\/\/www.pfarrplatz.at\/wp-content\/uploads\/sites\/25\/2022\/02\/efeu_karte_ru.png\" class=\"ls-l ls-img-layer\" alt=\"\" style=\"font-size:36px;color:#000;text-align:left;font-style:normal;text-decoration:none;text-transform:none;font-weight:400;letter-spacing:0px;background-position:0% 0%;background-repeat:no-repeat;left:0px;top:-53px;width:402px;\" data-ls=\"durationin:3000;easingin:easeInOutExpo;fadein:false;rotatein:-20;skewxin:4;skewyin:4;scalexin:-30;scaleyin:-30;transformoriginin:right bottom;widthin:402 px;heightin:456px;\"><\/div><\/div><\/div><\/div><div class=\"fusion-layout-column fusion_builder_column fusion-builder-column-4 fusion_builder_column_1_4 1_4 fusion-flex-column ranke_links_oben\" style=\"--awb-bg-size:cover;--awb-width-large:25%;--awb-margin-top-large:0px;--awb-spacing-right-large:7.68%;--awb-margin-bottom-large:20px;--awb-spacing-left-large:7.68%;--awb-width-medium:25%;--awb-order-medium:0;--awb-spacing-right-medium:7.68%;--awb-spacing-left-medium:7.68%;--awb-width-small:100%;--awb-order-small:0;--awb-spacing-right-small:1.92%;--awb-spacing-left-small:1.92%;\"><div class=\"fusion-column-wrapper fusion-column-has-shadow fusion-flex-justify-content-flex-start fusion-content-layout-column\"><script type=\"text\/javascript\">jQuery(function() { _initLayerSlider( '#layerslider_4_irmro6p2y964', {createdWith: '7.0.7', sliderVersion: '7.0.7', startInViewport: false, skin: 'v6', sliderFadeInDuration: 350, navPrevNext: false, hoverPrevNext: false, navStartStop: false, navButtons: false, showCircleTimer: false, useSrcset: true, skinsPath: 'https:\/\/www.pfarrplatz.at\/wp-content\/plugins\/LayerSlider\/assets\/static\/layerslider\/skins\/', performanceMode: true}); });<\/script><div id=\"layerslider_4_irmro6p2y964\"  class=\"ls-wp-container fitvidsignore ls-selectable\" style=\"width:400px;height:400px;margin:0 auto;margin-bottom: 0px;\"><div class=\"ls-slide\" ><img loading=\"lazy\" decoding=\"async\" width=\"641\" height=\"743\" src=\"https:\/\/www.pfarrplatz.at\/wp-content\/uploads\/sites\/25\/2022\/02\/efeu_karte_ru.png\" class=\"ls-l ls-img-layer\" alt=\"\" style=\"font-size:36px;color:#000;text-align:left;font-style:normal;text-decoration:none;text-transform:none;font-weight:400;letter-spacing:0px;background-position:0% 0%;background-repeat:no-repeat;left:0px;top:-53px;width:402px;\" data-ls=\"durationin:3000;easingin:easeInOutExpo;fadein:false;rotatein:-20;skewxin:4;skewyin:4;scalexin:-30;scaleyin:-30;transformoriginin:right bottom;widthin:402 px;heightin:456px;\"><\/div><\/div><\/div><\/div><\/div><\/section><div class=\"fusion-fullwidth fullwidth-box fusion-builder-row-4 fusion-flex-container has-pattern-background has-mask-background nonhundred-percent-fullwidth non-hundred-percent-height-scrolling\" style=\"--awb-border-radius-top-left:0px;--awb-border-radius-top-right:0px;--awb-border-radius-bottom-right:0px;--awb-border-radius-bottom-left:0px;--awb-padding-top:50px;--awb-padding-bottom:30px;--awb-background-color:var(--awb-color2);--awb-flex-wrap:wrap;\" ><div class=\"fusion-builder-row fusion-row fusion-flex-align-items-flex-start fusion-flex-content-wrap\" style=\"max-width:104%;margin-left: calc(-4% \/ 2 );margin-right: calc(-4% \/ 2 );\"><div class=\"fusion-layout-column fusion_builder_column fusion-builder-column-5 fusion_builder_column_1_4 1_4 fusion-flex-column\" style=\"--awb-bg-size:cover;--awb-width-large:25%;--awb-margin-top-large:0px;--awb-spacing-right-large:7.68%;--awb-margin-bottom-large:20px;--awb-spacing-left-large:7.68%;--awb-width-medium:25%;--awb-order-medium:0;--awb-spacing-right-medium:7.68%;--awb-spacing-left-medium:7.68%;--awb-width-small:100%;--awb-order-small:0;--awb-spacing-right-small:1.92%;--awb-spacing-left-small:1.92%;\"><div class=\"fusion-column-wrapper fusion-column-has-shadow fusion-flex-justify-content-flex-start fusion-content-layout-column\"><div class=\"fusion-image-element \" style=\"--awb-caption-title-font-family:var(--h2_typography-font-family);--awb-caption-title-font-weight:var(--h2_typography-font-weight);--awb-caption-title-font-style:var(--h2_typography-font-style);--awb-caption-title-size:var(--h2_typography-font-size);--awb-caption-title-transform:var(--h2_typography-text-transform);--awb-caption-title-line-height:var(--h2_typography-line-height);--awb-caption-title-letter-spacing:var(--h2_typography-letter-spacing);\"><span class=\" fusion-imageframe imageframe-none imageframe-6 hover-type-none\"><img loading=\"lazy\" decoding=\"async\" width=\"2380\" height=\"2380\" title=\"1\" src=\"https:\/\/www.pfarrplatz.at\/wp-content\/uploads\/sites\/25\/2026\/04\/1.png\" alt class=\"img-responsive wp-image-23190\"\/><\/span><\/div><\/div><\/div><div class=\"fusion-layout-column fusion_builder_column fusion-builder-column-6 fusion_builder_column_1_4 1_4 fusion-flex-column\" style=\"--awb-bg-size:cover;--awb-width-large:25%;--awb-margin-top-large:0px;--awb-spacing-right-large:7.68%;--awb-margin-bottom-large:20px;--awb-spacing-left-large:7.68%;--awb-width-medium:25%;--awb-order-medium:0;--awb-spacing-right-medium:7.68%;--awb-spacing-left-medium:7.68%;--awb-width-small:100%;--awb-order-small:0;--awb-spacing-right-small:1.92%;--awb-spacing-left-small:1.92%;\"><div class=\"fusion-column-wrapper fusion-column-has-shadow fusion-flex-justify-content-flex-start fusion-content-layout-column\"><div class=\"fusion-image-element \" style=\"--awb-caption-title-font-family:var(--h2_typography-font-family);--awb-caption-title-font-weight:var(--h2_typography-font-weight);--awb-caption-title-font-style:var(--h2_typography-font-style);--awb-caption-title-size:var(--h2_typography-font-size);--awb-caption-title-transform:var(--h2_typography-text-transform);--awb-caption-title-line-height:var(--h2_typography-line-height);--awb-caption-title-letter-spacing:var(--h2_typography-letter-spacing);\"><span class=\" fusion-imageframe imageframe-none imageframe-7 hover-type-none\"><img loading=\"lazy\" decoding=\"async\" width=\"2380\" height=\"2380\" title=\"2\" src=\"https:\/\/www.pfarrplatz.at\/wp-content\/uploads\/sites\/25\/2026\/04\/2.png\" alt class=\"img-responsive wp-image-23191\"\/><\/span><\/div><\/div><\/div><div class=\"fusion-layout-column fusion_builder_column fusion-builder-column-7 fusion_builder_column_1_4 1_4 fusion-flex-column\" style=\"--awb-bg-size:cover;--awb-width-large:25%;--awb-margin-top-large:0px;--awb-spacing-right-large:7.68%;--awb-margin-bottom-large:20px;--awb-spacing-left-large:7.68%;--awb-width-medium:25%;--awb-order-medium:0;--awb-spacing-right-medium:7.68%;--awb-spacing-left-medium:7.68%;--awb-width-small:100%;--awb-order-small:0;--awb-spacing-right-small:1.92%;--awb-spacing-left-small:1.92%;\"><div class=\"fusion-column-wrapper fusion-column-has-shadow fusion-flex-justify-content-flex-start fusion-content-layout-column\"><div class=\"fusion-image-element \" style=\"--awb-caption-title-font-family:var(--h2_typography-font-family);--awb-caption-title-font-weight:var(--h2_typography-font-weight);--awb-caption-title-font-style:var(--h2_typography-font-style);--awb-caption-title-size:var(--h2_typography-font-size);--awb-caption-title-transform:var(--h2_typography-text-transform);--awb-caption-title-line-height:var(--h2_typography-line-height);--awb-caption-title-letter-spacing:var(--h2_typography-letter-spacing);\"><span class=\" fusion-imageframe imageframe-none imageframe-8 hover-type-none\"><img loading=\"lazy\" decoding=\"async\" width=\"2380\" height=\"2380\" title=\"3\" src=\"https:\/\/www.pfarrplatz.at\/wp-content\/uploads\/sites\/25\/2026\/04\/3.png\" alt class=\"img-responsive wp-image-23192\"\/><\/span><\/div><\/div><\/div><div class=\"fusion-layout-column fusion_builder_column fusion-builder-column-8 fusion_builder_column_1_4 1_4 fusion-flex-column\" style=\"--awb-bg-size:cover;--awb-width-large:25%;--awb-margin-top-large:0px;--awb-spacing-right-large:7.68%;--awb-margin-bottom-large:20px;--awb-spacing-left-large:7.68%;--awb-width-medium:25%;--awb-order-medium:0;--awb-spacing-right-medium:7.68%;--awb-spacing-left-medium:7.68%;--awb-width-small:100%;--awb-order-small:0;--awb-spacing-right-small:1.92%;--awb-spacing-left-small:1.92%;\"><div class=\"fusion-column-wrapper fusion-column-has-shadow fusion-flex-justify-content-flex-start fusion-content-layout-column\"><div class=\"fusion-image-element \" style=\"--awb-caption-title-font-family:var(--h2_typography-font-family);--awb-caption-title-font-weight:var(--h2_typography-font-weight);--awb-caption-title-font-style:var(--h2_typography-font-style);--awb-caption-title-size:var(--h2_typography-font-size);--awb-caption-title-transform:var(--h2_typography-text-transform);--awb-caption-title-line-height:var(--h2_typography-line-height);--awb-caption-title-letter-spacing:var(--h2_typography-letter-spacing);\"><span class=\" fusion-imageframe imageframe-none imageframe-9 hover-type-none\"><img loading=\"lazy\" decoding=\"async\" width=\"2380\" height=\"2380\" title=\"4\" src=\"https:\/\/www.pfarrplatz.at\/wp-content\/uploads\/sites\/25\/2026\/04\/4.png\" alt class=\"img-responsive wp-image-23202\"\/><\/span><\/div><\/div><\/div><\/div><\/div><section class=\"fusion-fullwidth fullwidth-box fusion-builder-row-5 fusion-flex-container has-pattern-background has-mask-background center_container bild_links nonhundred-percent-fullwidth non-hundred-percent-height-scrolling\" style=\"--awb-border-sizes-top:1px;--awb-border-color:#a5a5a5;--awb-border-radius-top-left:0px;--awb-border-radius-top-right:0px;--awb-border-radius-bottom-right:0px;--awb-border-radius-bottom-left:0px;--awb-padding-top:0px;--awb-padding-right:0px;--awb-padding-bottom:0px;--awb-padding-left:0px;--awb-min-height:700px;--awb-background-image:linear-gradient(180deg, #fcfcfc 0%,rgba(255,255,255,0) 100%);--awb-flex-wrap:wrap;\" ><div class=\"fusion-builder-row fusion-row fusion-flex-align-items-center fusion-flex-content-wrap\" style=\"max-width:104%;margin-left: calc(-4% \/ 2 );margin-right: calc(-4% \/ 2 );\"><div class=\"fusion-layout-column fusion_builder_column fusion-builder-column-9 fusion_builder_column_1_2 1_2 fusion-flex-column fusion-flex-align-self-stretch fusion-animated\" style=\"--awb-padding-left:30px;--awb-padding-left-medium:15px;--awb-padding-left-small:0px;--awb-bg-image:linear-gradient(180deg, #c4c4c4 0%,#f7f7f7 100%);--awb-bg-position:center center;--awb-bg-size:cover;--awb-width-large:50%;--awb-margin-top-large:0px;--awb-spacing-right-large:0px;--awb-margin-bottom-large:0px;--awb-spacing-left-large:0px;--awb-width-medium:50%;--awb-order-medium:0;--awb-spacing-right-medium:0px;--awb-spacing-left-medium:0px;--awb-width-small:100%;--awb-order-small:0;--awb-spacing-right-small:1.92%;--awb-spacing-left-small:1.92%;\" data-animationType=\"zoomIn\" data-animationDuration=\"0.3\" data-animationOffset=\"top-into-view\"><div class=\"fusion-column-wrapper fusion-column-has-shadow fusion-flex-justify-content-space-evenly fusion-content-layout-column\"><script type=\"text\/javascript\">jQuery(function() { _initLayerSlider( '#layerslider_2_dusla5979dy9', {createdWith: '7.0.7', sliderVersion: '7.0.7', type: 'fullsize', fullSizeMode: 'fitheight', keybNav: false, touchNav: false, skin: 'v6', sliderFadeInDuration: 350, hoverPrevNext: false, navStartStop: false, showCircleTimer: false, useSrcset: true, skinsPath: 'https:\/\/www.pfarrplatz.at\/wp-content\/plugins\/LayerSlider\/assets\/static\/layerslider\/skins\/', performanceMode: true}); });<\/script><div id=\"layerslider_2_dusla5979dy9\"  class=\"ls-wp-container fitvidsignore ls-selectable\" style=\"width:700px;height:700px;margin:0 auto;margin-bottom: 0px;\"><div class=\"ls-slide\" data-ls=\"duration:8000;transition2d:5;transitionduration:3000;timeshift:5000;kenburnszoom:out;\"><img loading=\"lazy\" decoding=\"async\" width=\"1200\" height=\"1200\" src=\"https:\/\/www.pfarrplatz.at\/wp-content\/uploads\/sites\/25\/2022\/03\/0039_Mayer_Pfarrplatz_20210727-1.jpg\" class=\"ls-bg\" alt=\"\" \/><\/div><div class=\"ls-slide\" data-ls=\"duration:8000;transition2d:5;transitionduration:3000;timeshift:5000;kenburnszoom:in;\"><img loading=\"lazy\" decoding=\"async\" width=\"1200\" height=\"1200\" src=\"https:\/\/www.pfarrplatz.at\/wp-content\/uploads\/sites\/25\/2022\/03\/0038_Mayer_Pfarrplatz_20210727-1.jpg\" class=\"ls-bg\" alt=\"\" \/><\/div><div class=\"ls-slide\" data-ls=\"duration:8000;transition2d:5;transitionduration:3000;timeshift:5000;kenburnszoom:out;\"><img loading=\"lazy\" decoding=\"async\" width=\"1804\" height=\"1200\" src=\"https:\/\/www.pfarrplatz.at\/wp-content\/uploads\/sites\/25\/2022\/03\/0062_Mayer_Pfarrplatz_20210727.jpg\" class=\"ls-bg\" alt=\"\" \/><\/div><div class=\"ls-slide\" data-ls=\"duration:8000;transition2d:5;transitionduration:3000;timeshift:5000;kenburnszoom:in;\"><img loading=\"lazy\" decoding=\"async\" width=\"1804\" height=\"1200\" src=\"https:\/\/www.pfarrplatz.at\/wp-content\/uploads\/sites\/25\/2022\/03\/0217_Mayer_Pfarrplatz_20210727-1.jpg\" class=\"ls-bg\" alt=\"\" \/><\/div><div class=\"ls-slide\" data-ls=\"duration:8000;transition2d:5;transitionduration:3000;timeshift:5000;kenburnszoom:out;\"><img loading=\"lazy\" decoding=\"async\" width=\"1804\" height=\"1200\" src=\"https:\/\/www.pfarrplatz.at\/wp-content\/uploads\/sites\/25\/2022\/03\/0295_Mayer_Pfarrplatz_20210727.jpg\" class=\"ls-bg\" alt=\"\" \/><\/div><div class=\"ls-slide\" data-ls=\"duration:8000;transition2d:5;transitionduration:3000;timeshift:5000;kenburnszoom:in;\"><img loading=\"lazy\" decoding=\"async\" width=\"1804\" height=\"1200\" src=\"https:\/\/www.pfarrplatz.at\/wp-content\/uploads\/sites\/25\/2022\/03\/0259_Mayer_Pfarrplatz_20210727-1.jpg\" class=\"ls-bg\" alt=\"\" \/><\/div><\/div><\/div><\/div><div class=\"fusion-layout-column fusion_builder_column fusion-builder-column-10 fusion_builder_column_1_2 1_2 fusion-flex-column\" style=\"--awb-padding-top:50px;--awb-padding-right:50px;--awb-padding-bottom:50px;--awb-padding-left:50px;--awb-padding-right-small:25px;--awb-padding-left-small:25px;--awb-bg-size:cover;--awb-width-large:50%;--awb-margin-top-large:0px;--awb-spacing-right-large:3.84%;--awb-margin-bottom-large:20px;--awb-spacing-left-large:3.84%;--awb-width-medium:50%;--awb-order-medium:0;--awb-spacing-right-medium:3.84%;--awb-spacing-left-medium:3.84%;--awb-width-small:100%;--awb-order-small:0;--awb-spacing-right-small:1.92%;--awb-spacing-left-small:1.92%;\"><div class=\"fusion-column-wrapper fusion-column-has-shadow fusion-flex-justify-content-center fusion-content-layout-column\"><i class=\"fb-icon-element-1 fb-icon-element fontawesome-icon pfarricon-010-wine-4 circle-no fusion-animated\" style=\"--awb-iconcolor:var(--awb-color8);--awb-iconcolor-hover:var(--awb-color8);--awb-font-size:47px;--awb-align-self:center;--awb-margin-top:0px;--awb-margin-right:0px;--awb-margin-bottom:10px;--awb-margin-left:0px;\" data-animationType=\"zoomIn\" data-animationDuration=\"1.0\" data-animationOffset=\"top-into-view\"><\/i><div class=\"fusion-title title fusion-title-3 fusion-sep-none fusion-title-center fusion-title-text fusion-title-size-two\" style=\"--awb-text-color:var(--awb-color8);--awb-margin-top:-5px;--awb-margin-bottom:-25px;--awb-margin-left:30px;--awb-margin-bottom-small:-23px;--awb-font-size:36px;\"><h2 class=\"fusion-title-heading title-heading-center\" style=\"font-family:&quot;Oriflame Script&quot;;font-style:normal;font-weight:400;margin:0;font-size:1em;\">der<\/h2><\/div><div class=\"fusion-title title fusion-title-4 fusion-sep-none fusion-title-center fusion-title-text fusion-title-size-two\" style=\"--awb-text-color:var(--awb-color8);\"><h2 class=\"fusion-title-heading title-heading-center\" style=\"font-family:&quot;Oriflame Script&quot;;font-style:normal;font-weight:400;margin:0;\"><i>Heurige<\/i><\/h2><\/div><div class=\"fusion-text fusion-text-2\" style=\"--awb-content-alignment:center;--awb-text-transform:none;--awb-margin-top:40px;\"><p><strong>Der Traditionsheurige \u201eMayer am Pfarrplatz\u201c<\/strong>, der Inbegriff Wiener Heurigenkultur, keltert seit 1683 in Heiligenstadt besten Wiener Wein. Im romantischen, denkmalgesch\u00fctzten Vorstadthaus am Pfarrplatz hat\u00a0<em>Ludwig van Beethoven<\/em>\u00a0im Jahr 1817 gewohnt. W\u00e4hrend seiner Zeit in Heiligenstadt arbeitete er an seinem gr\u00f6\u00dften Werk, der 9. Symphonie.<\/p>\n<p>Noch heute erinnert seine Wohnung an ihn, die man vom Gastgarten aus \u00fcber eine kleine Treppe in den ersten Stock erreicht. Die Wiener Heurigenkultur bringt Lebensfreude und Genuss an einen Tisch. Ein reichhaltiges, warmes und kaltes Buffet, mit saisonalen hausgemachten Spezialit\u00e4ten bietet typische Wiener Schmankerl und l\u00e4dt zum entspannten Verweilen bei einem ausgezeichneten Glas Wein ein.<\/p>\n<\/div><div style=\"text-align:center;\"><a class=\"fusion-button button-flat fusion-button-default-size button-custom fusion-button-default button-3 fusion-button-default-span \" style=\"--button_bevel_color:#5db072;--button_bevel_color_hover:#5db072;--button_accent_color:#000000;--button_border_color:#000000;--button_accent_hover_color:var(--awb-color8);--button_border_hover_color:#ffffff;--button_border_width-top:0;--button_border_width-right:0px;--button_border_width-bottom:0px;--button_border_width-left:0px;--button-border-radius-top-left:0;--button-border-radius-top-right:0;--button-border-radius-bottom-right:0;--button-border-radius-bottom-left:0;--button_gradient_start:47%;--button_gradient_top_color:rgba(0,0,0,0);--button_gradient_bottom_color:rgba(0,0,0,0);--button_gradient_top_color_hover:rgba(0,0,0,0);--button_gradient_bottom_color_hover:rgba(0,0,0,0);--button_text_transform:none;--button_font_size:16px;--button_line_height:18px;--button_padding-top:18px;--button_padding-right:25px;--button_padding-bottom:2px;--button_padding-left:25px;--button_typography-letter-spacing:0px;--button_typography-font-family:&quot;Montserrat&quot;;--button_typography-font-style:normal;--button_typography-font-weight:700;--button_margin-bottom:10px;\" target=\"_self\" href=\"https:\/\/www.pfarrplatz.at\/de\/der-heurige\/\"><span class=\"fusion-button-text awb-button__text awb-button__text--default\">mehr erfahren<\/span><i class=\"fa-angle-right fas awb-button__icon awb-button__icon--default button-icon-right\" aria-hidden=\"true\"><\/i><\/a><\/div><div style=\"text-align:center;\"><a class=\"fusion-button button-flat fusion-button-default-size button-custom fusion-button-default button-4 fusion-button-default-span \" style=\"--button_bevel_color:#5db072;--button_bevel_color_hover:#5db072;--button_accent_color:#000000;--button_border_color:#000000;--button_accent_hover_color:var(--awb-color8);--button_border_hover_color:#ffffff;--button_border_width-top:0;--button_border_width-right:0px;--button_border_width-bottom:0px;--button_border_width-left:0px;--button-border-radius-top-left:0;--button-border-radius-top-right:0;--button-border-radius-bottom-right:0;--button-border-radius-bottom-left:0;--button_gradient_start:47%;--button_gradient_top_color:rgba(0,0,0,0);--button_gradient_bottom_color:rgba(0,0,0,0);--button_gradient_top_color_hover:rgba(0,0,0,0);--button_gradient_bottom_color_hover:rgba(0,0,0,0);--button_text_transform:none;--button_font_size:16px;--button_line_height:18px;--button_padding-top:0px;--button_padding-right:25px;--button_padding-bottom:2px;--button_padding-left:25px;--button_typography-letter-spacing:0px;--button_typography-font-family:&quot;Montserrat&quot;;--button_typography-font-style:normal;--button_typography-font-weight:700;--button_margin-bottom:10px;\" target=\"_self\" href=\"https:\/\/www.pfarrplatz.at\/de\/der-heurige#virtualtour\"><span class=\"fusion-button-text awb-button__text awb-button__text--default\">zum virtuellen Rundgang<\/span><i class=\"fa-angle-right fas awb-button__icon awb-button__icon--default button-icon-right\" aria-hidden=\"true\"><\/i><\/a><\/div><\/div><\/div><\/div><\/section><section class=\"fusion-fullwidth fullwidth-box fusion-builder-row-6 fusion-flex-container has-pattern-background has-mask-background center_container bild_rechts nonhundred-percent-fullwidth non-hundred-percent-height-scrolling\" style=\"--awb-border-radius-top-left:0px;--awb-border-radius-top-right:0px;--awb-border-radius-bottom-right:0px;--awb-border-radius-bottom-left:0px;--awb-padding-top:0px;--awb-padding-right:0px;--awb-padding-bottom:0px;--awb-padding-left:0px;--awb-min-height:700px;--awb-background-image:linear-gradient(180deg, #fcfcfc 0%,rgba(255,255,255,0) 100%);--awb-flex-wrap:wrap;\" ><div class=\"fusion-builder-row fusion-row fusion-flex-align-items-center fusion-flex-content-wrap\" style=\"max-width:104%;margin-left: calc(-4% \/ 2 );margin-right: calc(-4% \/ 2 );\"><div class=\"fusion-layout-column fusion_builder_column fusion-builder-column-11 fusion_builder_column_1_2 1_2 fusion-flex-column\" style=\"--awb-padding-top:50px;--awb-padding-right:50px;--awb-padding-bottom:50px;--awb-padding-left:50px;--awb-padding-right-small:25px;--awb-padding-left-small:25px;--awb-bg-size:cover;--awb-width-large:50%;--awb-margin-top-large:0px;--awb-spacing-right-large:3.84%;--awb-margin-bottom-large:20px;--awb-spacing-left-large:3.84%;--awb-width-medium:50%;--awb-order-medium:0;--awb-spacing-right-medium:3.84%;--awb-spacing-left-medium:3.84%;--awb-width-small:100%;--awb-order-small:0;--awb-spacing-right-small:1.92%;--awb-spacing-left-small:1.92%;\"><div class=\"fusion-column-wrapper fusion-column-has-shadow fusion-flex-justify-content-flex-start fusion-content-layout-column\"><i class=\"fb-icon-element-2 fb-icon-element fontawesome-icon pfarricon-011-toast-1 circle-no fusion-animated\" style=\"--awb-iconcolor:var(--awb-color8);--awb-iconcolor-hover:var(--awb-color8);--awb-font-size:47px;--awb-align-self:center;--awb-margin-top:0px;--awb-margin-right:0px;--awb-margin-bottom:10px;--awb-margin-left:0px;\" data-animationType=\"zoomIn\" data-animationDuration=\"1.0\" data-animationOffset=\"top-into-view\"><\/i><div class=\"fusion-title title fusion-title-5 fusion-sep-none fusion-title-center fusion-title-text fusion-title-size-two\" style=\"--awb-text-color:var(--awb-color8);--awb-margin-top:-5px;--awb-margin-bottom:-15px;--awb-margin-left:-90px;--awb-margin-bottom-small:-20px;\"><h2 class=\"fusion-title-heading title-heading-center\" style=\"font-family:&quot;Oriflame Script&quot;;font-style:normal;font-weight:400;margin:0;\">Feiern<\/h2><\/div><div class=\"fusion-title title fusion-title-6 fusion-sep-none fusion-title-center fusion-title-text fusion-title-size-two\" style=\"--awb-text-color:var(--awb-color8);--awb-margin-left:100px;--awb-font-size:36px;\"><h2 class=\"fusion-title-heading title-heading-center\" style=\"font-family:&quot;Oriflame Script&quot;;font-style:normal;font-weight:400;margin:0;font-size:1em;\"><i>beim Mayer<\/i><\/h2><\/div><div class=\"fusion-text fusion-text-3\" style=\"--awb-content-alignment:center;--awb-margin-top:40px;\"><p><span style=\"background-color: rgba(255, 255, 255, 0); color: var(--body_typography-color); font-family: var(--body_typography-font-family); font-size: var(--body_typography-font-size); font-style: var(--body_typography-font-style,normal); letter-spacing: var(--body_typography-letter-spacing);\"><b>Ein einzigartiges Ambiente<\/b><\/span><span style=\"background-color: rgba(255, 255, 255, 0); color: var(--body_typography-color); font-family: var(--body_typography-font-family); font-size: var(--body_typography-font-size); font-style: var(--body_typography-font-style,normal); font-weight: var(--body_typography-font-weight); letter-spacing: var(--body_typography-letter-spacing);\">, die vielen M\u00f6glichkeiten in den denkmalgesch\u00fctzten St\u00fcberln, die k\u00f6stlichen Schmankerl und der preisgekr\u00f6nte Wein sind einige der Gr\u00fcnde, weshalb die Feiern beim Heurigen Mayer am Pfarrplatz zum unvergesslichen Erlebnis werden. Ob Hochzeiten, private Feiern jeglicher Art, Firmenfeiern oder Ihre Weihnachtsfeier \u2013 bei uns finden Sie bestimmt den passenden Rahmen f\u00fcr Ihren Anlass.<\/span>.<\/p>\n<\/div><div style=\"text-align:center;\"><a class=\"fusion-button button-flat fusion-button-default-size button-custom fusion-button-default button-5 fusion-button-default-span \" style=\"--button_bevel_color:#5db072;--button_bevel_color_hover:#5db072;--button_accent_color:#000000;--button_border_color:#000000;--button_accent_hover_color:var(--awb-color8);--button_border_hover_color:#ffffff;--button_border_width-top:0;--button_border_width-right:0px;--button_border_width-bottom:0px;--button_border_width-left:0px;--button-border-radius-top-left:0;--button-border-radius-top-right:0;--button-border-radius-bottom-right:0;--button-border-radius-bottom-left:0;--button_gradient_start:47%;--button_gradient_top_color:rgba(0,0,0,0);--button_gradient_bottom_color:rgba(0,0,0,0);--button_gradient_top_color_hover:rgba(0,0,0,0);--button_gradient_bottom_color_hover:rgba(0,0,0,0);--button_text_transform:none;--button_font_size:16px;--button_line_height:18px;--button_padding-top:18px;--button_padding-right:25px;--button_padding-bottom:2px;--button_padding-left:25px;--button_typography-letter-spacing:0px;--button_typography-font-family:&quot;Montserrat&quot;;--button_typography-font-style:normal;--button_typography-font-weight:700;--button_margin-bottom:10px;\" target=\"_self\" href=\"https:\/\/www.pfarrplatz.at\/de\/ihr-fest-beim-mayer\/\"><span class=\"fusion-button-text awb-button__text awb-button__text--default\">mehr erfahren<\/span><i class=\"fa-angle-right fas awb-button__icon awb-button__icon--default button-icon-right\" aria-hidden=\"true\"><\/i><\/a><\/div><\/div><\/div><div class=\"fusion-layout-column fusion_builder_column fusion-builder-column-12 fusion_builder_column_1_2 1_2 fusion-flex-column fusion-flex-align-self-stretch fusion-animated\" style=\"--awb-padding-right:30px;--awb-padding-right-medium:15px;--awb-padding-left-small:0px;--awb-bg-image:linear-gradient(180deg, #c4c4c4 0%,#f7f7f7 100%);--awb-bg-position:center center;--awb-bg-size:cover;--awb-width-large:50%;--awb-margin-top-large:0px;--awb-spacing-right-large:0px;--awb-margin-bottom-large:0px;--awb-spacing-left-large:0px;--awb-width-medium:50%;--awb-order-medium:0;--awb-spacing-right-medium:0px;--awb-spacing-left-medium:0px;--awb-width-small:100%;--awb-order-small:0;--awb-spacing-right-small:1.92%;--awb-spacing-left-small:1.92%;\" data-animationType=\"zoomIn\" data-animationDuration=\"0.3\" data-animationOffset=\"top-into-view\"><div class=\"fusion-column-wrapper fusion-column-has-shadow fusion-flex-justify-content-space-evenly fusion-content-layout-column\"><script type=\"text\/javascript\">jQuery(function() { _initLayerSlider( '#layerslider_5_qacul6fwgl0k', {createdWith: '7.0.7', sliderVersion: '7.0.7', type: 'fullsize', fullSizeMode: 'fitheight', keybNav: false, touchNav: false, skin: 'v6', sliderFadeInDuration: 350, hoverPrevNext: false, navStartStop: false, showCircleTimer: false, useSrcset: true, skinsPath: 'https:\/\/www.pfarrplatz.at\/wp-content\/plugins\/LayerSlider\/assets\/static\/layerslider\/skins\/', performanceMode: true}); });<\/script><div id=\"layerslider_5_qacul6fwgl0k\"  class=\"ls-wp-container fitvidsignore ls-selectable\" style=\"width:700px;height:700px;margin:0 auto;margin-bottom: 0px;\"><div class=\"ls-slide\" data-ls=\"duration:8000;transition2d:5;transitionduration:3000;timeshift:5000;kenburnszoom:out;\"><img loading=\"lazy\" decoding=\"async\" width=\"1804\" height=\"1200\" src=\"https:\/\/www.pfarrplatz.at\/wp-content\/uploads\/sites\/25\/2022\/03\/0218_Mayer_Pfarrplatz_20210727.jpg\" class=\"ls-bg\" alt=\"\" \/><\/div><div class=\"ls-slide\" data-ls=\"duration:8000;transition2d:5;transitionduration:3000;timeshift:5000;kenburnszoom:in;\"><img loading=\"lazy\" decoding=\"async\" width=\"1200\" height=\"1804\" src=\"https:\/\/www.pfarrplatz.at\/wp-content\/uploads\/sites\/25\/2022\/03\/0159_Mayer_Pfarrplatz_20210727.jpg\" class=\"ls-bg\" alt=\"\" \/><\/div><div class=\"ls-slide\" data-ls=\"duration:8000;transition2d:5;transitionduration:3000;timeshift:5000;kenburnszoom:out;\"><img loading=\"lazy\" decoding=\"async\" width=\"1804\" height=\"1200\" src=\"https:\/\/www.pfarrplatz.at\/wp-content\/uploads\/sites\/25\/2022\/03\/0058_Mayer_Pfarrplatz_20210727.jpg\" class=\"ls-bg\" alt=\"\" \/><\/div><div class=\"ls-slide\" data-ls=\"duration:8000;transition2d:5;transitionduration:3000;timeshift:5000;kenburnszoom:in;\"><img loading=\"lazy\" decoding=\"async\" width=\"1804\" height=\"1200\" src=\"https:\/\/www.pfarrplatz.at\/wp-content\/uploads\/sites\/25\/2022\/03\/0063_Mayer_Pfarrplatz_20210727.jpg\" class=\"ls-bg\" alt=\"\" \/><\/div><div class=\"ls-slide\" data-ls=\"duration:8000;transition2d:5;transitionduration:3000;timeshift:5000;kenburnszoom:out;\"><img loading=\"lazy\" decoding=\"async\" width=\"1804\" height=\"1200\" src=\"https:\/\/www.pfarrplatz.at\/wp-content\/uploads\/sites\/25\/2022\/03\/0193_Mayer_Pfarrplatz_20210727.jpg\" class=\"ls-bg\" alt=\"\" \/><\/div><div class=\"ls-slide\" data-ls=\"duration:8000;transition2d:5;transitionduration:3000;timeshift:5000;kenburnszoom:in;\"><img loading=\"lazy\" decoding=\"async\" width=\"1200\" height=\"1804\" src=\"https:\/\/www.pfarrplatz.at\/wp-content\/uploads\/sites\/25\/2022\/03\/0089_Mayer_Pfarrplatz_20210727.jpg\" class=\"ls-bg\" alt=\"\" \/><\/div><\/div><\/div><\/div><\/div><\/section><section class=\"fusion-fullwidth fullwidth-box fusion-builder-row-7 fusion-flex-container has-pattern-background has-mask-background center_container bild_links nonhundred-percent-fullwidth non-hundred-percent-height-scrolling\" style=\"--awb-border-radius-top-left:0px;--awb-border-radius-top-right:0px;--awb-border-radius-bottom-right:0px;--awb-border-radius-bottom-left:0px;--awb-padding-top:0px;--awb-padding-right:0px;--awb-padding-bottom:0px;--awb-padding-left:0px;--awb-min-height:700px;--awb-background-image:linear-gradient(180deg, #fcfcfc 0%,rgba(255,255,255,0) 100%);--awb-flex-wrap:wrap;\" ><div class=\"fusion-builder-row fusion-row fusion-flex-align-items-center fusion-flex-content-wrap\" style=\"max-width:104%;margin-left: calc(-4% \/ 2 );margin-right: calc(-4% \/ 2 );\"><div class=\"fusion-layout-column fusion_builder_column fusion-builder-column-13 fusion_builder_column_1_2 1_2 fusion-flex-column fusion-flex-align-self-stretch fusion-animated\" style=\"--awb-padding-left:30px;--awb-padding-left-small:0px;--awb-bg-image:linear-gradient(180deg, #c4c4c4 0%,#f7f7f7 100%);--awb-bg-position:center center;--awb-bg-size:cover;--awb-width-large:50%;--awb-margin-top-large:0px;--awb-spacing-right-large:0px;--awb-margin-bottom-large:0px;--awb-spacing-left-large:0px;--awb-width-medium:50%;--awb-order-medium:0;--awb-spacing-right-medium:0px;--awb-spacing-left-medium:0px;--awb-width-small:100%;--awb-order-small:0;--awb-spacing-right-small:1.92%;--awb-spacing-left-small:1.92%;\" data-animationType=\"zoomIn\" data-animationDuration=\"0.3\" data-animationOffset=\"top-into-view\"><div class=\"fusion-column-wrapper fusion-column-has-shadow fusion-flex-justify-content-space-evenly fusion-content-layout-column\"><script type=\"text\/javascript\">jQuery(function() { _initLayerSlider( '#layerslider_6_1cv45ng1s7hvz', {createdWith: '7.0.7', sliderVersion: '7.0.7', type: 'fullsize', fullSizeMode: 'fitheight', keybNav: false, touchNav: false, skin: 'v6', sliderFadeInDuration: 350, hoverPrevNext: false, navStartStop: false, showCircleTimer: false, useSrcset: true, skinsPath: 'https:\/\/www.pfarrplatz.at\/wp-content\/plugins\/LayerSlider\/assets\/static\/layerslider\/skins\/', performanceMode: true}); });<\/script><div id=\"layerslider_6_1cv45ng1s7hvz\"  class=\"ls-wp-container fitvidsignore ls-selectable\" style=\"width:700px;height:700px;margin:0 auto;margin-bottom: 0px;\"><div class=\"ls-slide\" data-ls=\"duration:8000;transition2d:5;transitionduration:3000;timeshift:5000;kenburnszoom:in;\"><img loading=\"lazy\" decoding=\"async\" width=\"1200\" height=\"1200\" src=\"https:\/\/www.pfarrplatz.at\/wp-content\/uploads\/sites\/25\/2022\/03\/0009_Mayer_Pfarrplatz_20210727_v2.jpg\" class=\"ls-bg\" alt=\"\" \/><\/div><div class=\"ls-slide\" data-ls=\"duration:8000;transition2d:5;transitionduration:3000;timeshift:5000;kenburnszoom:in;\"><img loading=\"lazy\" decoding=\"async\" width=\"1200\" height=\"1200\" src=\"https:\/\/www.pfarrplatz.at\/wp-content\/uploads\/sites\/25\/2022\/03\/0016_Mayer_Pfarrplatz_20210727_v2.jpg\" class=\"ls-bg\" alt=\"\" \/><\/div><div class=\"ls-slide\" data-ls=\"duration:8000;transition2d:5;transitionduration:3000;timeshift:5000;kenburnszoom:in;\"><img loading=\"lazy\" decoding=\"async\" width=\"1804\" height=\"1200\" src=\"https:\/\/www.pfarrplatz.at\/wp-content\/uploads\/sites\/25\/2022\/03\/0026_Mayer_Pfarrplatz_20210727.jpg\" class=\"ls-bg\" alt=\"\" \/><\/div><div class=\"ls-slide\" data-ls=\"duration:8000;transition2d:5;transitionduration:3000;timeshift:5000;kenburnszoom:out;\"><img loading=\"lazy\" decoding=\"async\" width=\"1245\" height=\"1200\" src=\"https:\/\/www.pfarrplatz.at\/wp-content\/uploads\/sites\/25\/2022\/03\/Neue-Postkarten_Illustration_Ines-Tretzmueller_26.1.2021_crop6-1.jpg\" class=\"ls-bg\" alt=\"\" \/><\/div><\/div><\/div><\/div><div class=\"fusion-layout-column fusion_builder_column fusion-builder-column-14 fusion_builder_column_1_2 1_2 fusion-flex-column\" style=\"--awb-padding-top:50px;--awb-padding-right:50px;--awb-padding-bottom:50px;--awb-padding-left:50px;--awb-padding-right-small:25px;--awb-padding-left-small:25px;--awb-bg-size:cover;--awb-width-large:50%;--awb-margin-top-large:0px;--awb-spacing-right-large:3.84%;--awb-margin-bottom-large:20px;--awb-spacing-left-large:3.84%;--awb-width-medium:50%;--awb-order-medium:0;--awb-spacing-right-medium:3.84%;--awb-spacing-left-medium:3.84%;--awb-width-small:100%;--awb-order-small:0;--awb-spacing-right-small:1.92%;--awb-spacing-left-small:1.92%;\"><div class=\"fusion-column-wrapper fusion-column-has-shadow fusion-flex-justify-content-center fusion-content-layout-column\"><div class=\"fusion-image-element \" style=\"text-align:center;--awb-margin-right:-15px;--awb-margin-bottom:10px;--awb-max-width:90px;--awb-caption-title-font-family:var(--h2_typography-font-family);--awb-caption-title-font-weight:var(--h2_typography-font-weight);--awb-caption-title-font-style:var(--h2_typography-font-style);--awb-caption-title-size:var(--h2_typography-font-size);--awb-caption-title-transform:var(--h2_typography-text-transform);--awb-caption-title-line-height:var(--h2_typography-line-height);--awb-caption-title-letter-spacing:var(--h2_typography-letter-spacing);\"><span class=\" fusion-imageframe imageframe-none imageframe-10 hover-type-none\"><img loading=\"lazy\" decoding=\"async\" width=\"287\" height=\"190\" title=\"logo_haus\" src=\"https:\/\/www.pfarrplatz.at\/wp-content\/uploads\/sites\/25\/2022\/01\/logo_haus-1.png\" alt class=\"img-responsive wp-image-151\"\/><\/span><\/div><div class=\"fusion-title title fusion-title-7 fusion-sep-none fusion-title-center fusion-title-text fusion-title-size-two\" style=\"--awb-text-color:var(--awb-color8);--awb-margin-top:-5px;--awb-margin-bottom:-25px;--awb-margin-left:30px;--awb-margin-bottom-small:-23px;--awb-font-size:36px;\"><h2 class=\"fusion-title-heading title-heading-center\" style=\"font-family:&quot;Oriflame Script&quot;;font-style:normal;font-weight:400;margin:0;font-size:1em;\">das<\/h2><\/div><div class=\"fusion-title title fusion-title-8 fusion-sep-none fusion-title-center fusion-title-text fusion-title-size-two\" style=\"--awb-text-color:var(--awb-color8);\"><h2 class=\"fusion-title-heading title-heading-center\" style=\"font-family:&quot;Oriflame Script&quot;;font-style:normal;font-weight:400;margin:0;\"><i>Beethovenhaus<\/i><\/h2><\/div><div class=\"fusion-text fusion-text-4\" style=\"--awb-content-alignment:center;--awb-margin-top:40px;\"><section class=\"av_textblock_section \">\n<div class=\"avia_textblock \">\n<p>F\u00fcr\u00a0<b>Ludwig van Beethoven<\/b> (1770-1827) waren die Aufenthalte in Heiligenstadt, damals noch l\u00e4ndlicher Wiener Vorort, von tiefen Gef\u00fchlen gepr\u00e4gt. Er litt unter einem Geh\u00f6rleiden und erhoffte sich vom Besuch der Kuranstalt in Heiligenstadt, in unmittelbarer N\u00e4he zum Mayer am Pfarrplatz gelegen, Besserung. Bereits 1802 hatte Beethoven im \u201eHeiligenst\u00e4dter Testament\u201c seine Verzweiflung wegen seiner Schwerh\u00f6rigkeit in ersch\u00fctterten Worten dokumentiert.<\/p>\n<\/div>\n<\/section>\n<\/div><div style=\"text-align:center;\"><a class=\"fusion-button button-flat fusion-button-default-size button-custom fusion-button-default button-6 fusion-button-default-span \" style=\"--button_bevel_color:#5db072;--button_bevel_color_hover:#5db072;--button_accent_color:#000000;--button_border_color:#000000;--button_accent_hover_color:var(--awb-color8);--button_border_hover_color:#ffffff;--button_border_width-top:0;--button_border_width-right:0px;--button_border_width-bottom:0px;--button_border_width-left:0px;--button-border-radius-top-left:0;--button-border-radius-top-right:0;--button-border-radius-bottom-right:0;--button-border-radius-bottom-left:0;--button_gradient_start:47%;--button_gradient_top_color:rgba(0,0,0,0);--button_gradient_bottom_color:rgba(0,0,0,0);--button_gradient_top_color_hover:rgba(0,0,0,0);--button_gradient_bottom_color_hover:rgba(0,0,0,0);--button_text_transform:none;--button_font_size:16px;--button_line_height:18px;--button_padding-top:18px;--button_padding-right:25px;--button_padding-bottom:2px;--button_padding-left:25px;--button_typography-letter-spacing:0px;--button_typography-font-family:&quot;Montserrat&quot;;--button_typography-font-style:normal;--button_typography-font-weight:700;--button_margin-bottom:10px;\" target=\"_self\" href=\"https:\/\/www.pfarrplatz.at\/de\/das-beethovenhaus\/\"><span class=\"fusion-button-text awb-button__text awb-button__text--default\">mehr erfahren<\/span><i class=\"fa-angle-right fas awb-button__icon awb-button__icon--default button-icon-right\" aria-hidden=\"true\"><\/i><\/a><\/div><\/div><\/div><\/div><\/section><div class=\"fusion-fullwidth fullwidth-box fusion-builder-row-8 fusion-flex-container nonhundred-percent-fullwidth non-hundred-percent-height-scrolling\" style=\"--link_hover_color: #424f62;--link_color: #000000;--awb-border-sizes-top:0px;--awb-border-sizes-bottom:0px;--awb-border-sizes-left:0px;--awb-border-sizes-right:0px;--awb-border-color:#e2e2e2;--awb-border-radius-top-left:0px;--awb-border-radius-top-right:0px;--awb-border-radius-bottom-right:0px;--awb-border-radius-bottom-left:0px;--awb-padding-top:60px;--awb-padding-right:50px;--awb-padding-bottom:60px;--awb-padding-left:50px;--awb-padding-bottom-medium:0px;--awb-padding-top-small:60px;--awb-padding-bottom-small:60px;--awb-margin-top:0px;--awb-margin-bottom:0px;--awb-background-color:var(--awb-color2);--awb-flex-wrap:wrap;\" id=\"teaserrow\" ><div class=\"fusion-builder-row fusion-row fusion-flex-align-items-flex-start fusion-flex-justify-content-center fusion-flex-content-wrap\" style=\"max-width:calc( 100% + 40px );margin-left: calc(-40px \/ 2 );margin-right: calc(-40px \/ 2 );\"><div class=\"fusion-layout-column fusion_builder_column fusion-builder-column-15 fusion_builder_column_1_4 1_4 fusion-flex-column fusion-animated\" style=\"--awb-padding-right:20px;--awb-padding-left:20px;--awb-bg-size:cover;--awb-border-color:#d1ccc0;--awb-border-right:1px;--awb-border-style:solid;--awb-width-large:25%;--awb-margin-top-large:0px;--awb-spacing-right-large:0px;--awb-margin-bottom-large:0px;--awb-spacing-left-large:0px;--awb-width-medium:33.333333333333%;--awb-order-medium:0;--awb-spacing-right-medium:0px;--awb-margin-bottom-medium:50px;--awb-spacing-left-medium:0px;--awb-width-small:100%;--awb-order-small:0;--awb-spacing-right-small:20px;--awb-margin-bottom-small:40px;--awb-spacing-left-small:20px;\" data-animationType=\"fadeInUp\" data-animationDuration=\"1.3\" data-animationOffset=\"top-into-view\"><div class=\"fusion-column-wrapper fusion-column-has-shadow fusion-flex-justify-content-flex-start fusion-content-layout-column\"><div class=\"fusion-image-element \" style=\"text-align:center;--awb-caption-title-font-family:var(--h2_typography-font-family);--awb-caption-title-font-weight:var(--h2_typography-font-weight);--awb-caption-title-font-style:var(--h2_typography-font-style);--awb-caption-title-size:var(--h2_typography-font-size);--awb-caption-title-transform:var(--h2_typography-text-transform);--awb-caption-title-line-height:var(--h2_typography-line-height);--awb-caption-title-letter-spacing:var(--h2_typography-letter-spacing);--awb-filter:sepia(0%);--awb-filter-transition:filter 0.3s ease;--awb-filter-hover:sepia(100%);\"><span class=\" fusion-imageframe imageframe-none imageframe-11 hover-type-none\"><img loading=\"lazy\" decoding=\"async\" width=\"202\" height=\"106\" title=\"Weintrolley_Button-2-1\" src=\"https:\/\/www.pfarrplatz.at\/wp-content\/uploads\/sites\/25\/2022\/02\/Weintrolley_Button-2-1.png\" alt class=\"img-responsive wp-image-351\"\/><\/span><\/div><div class=\"fusion-title title fusion-title-9 fusion-sep-none fusion-title-center fusion-title-text fusion-title-size-four\" style=\"--awb-text-color:#000000;--awb-margin-bottom:20px;--awb-sep-color:#e2e2e2;\"><h4 class=\"fusion-title-heading title-heading-center fusion-responsive-typography-calculated\" style=\"margin:0;text-transform:none;--fontSize:24;line-height:var(--awb-typography1-line-height);\">AB HOF<\/h4><\/div><div class=\"fusion-text fusion-text-5 fusion-text-no-margin\" style=\"--awb-content-alignment:center;--awb-font-size:17px;--awb-line-height:20px;--awb-letter-spacing:0px;--awb-text-color:#000000;--awb-margin-top:-10px;--awb-text-font-family:&quot;Montserrat&quot;;\"><p>Unsere Weine jetzt auch<br \/>\nals \u201eTake Away\u201c.<\/p>\n<\/div><div class=\"fusion-builder-row fusion-builder-row-inner fusion-row fusion-flex-align-items-flex-start fusion-flex-justify-content-center fusion-flex-content-wrap\" style=\"width:calc( 100% + 40px ) !important;max-width:calc( 100% + 40px ) !important;margin-left: calc(-40px \/ 2 );margin-right: calc(-40px \/ 2 );\"><div class=\"fusion-layout-column fusion_builder_column_inner fusion-builder-nested-column-2 fusion_builder_column_inner_1_2 1_2 fusion-flex-column\" style=\"--awb-bg-size:cover;--awb-width-large:50%;--awb-margin-top-large:0px;--awb-spacing-right-large:5px;--awb-margin-bottom-large:20px;--awb-spacing-left-large:20px;--awb-width-medium:50%;--awb-order-medium:0;--awb-spacing-right-medium:5px;--awb-spacing-left-medium:20px;--awb-width-small:100%;--awb-order-small:0;--awb-spacing-right-small:20px;--awb-margin-bottom-small:0;--awb-spacing-left-small:20px;\"><div class=\"fusion-column-wrapper fusion-column-has-shadow fusion-flex-justify-content-flex-start fusion-content-layout-column\"><div style=\"text-align:right;\"><a class=\"fusion-button button-flat button-small button-default fusion-button-default button-7 fusion-button-default-span fusion-button-default-type\" style=\"--button_margin-top:20px;\" target=\"_blank\" rel=\"noopener noreferrer\" href=\"https:\/\/shop.pfarrplatz.com\/de\/\"><i class=\"pfarricon-shopping-cart awb-button__icon awb-button__icon--default button-icon-left\" aria-hidden=\"true\"><\/i><span class=\"fusion-button-text awb-button__text awb-button__text--default\">zum Shop<\/span><\/a><\/div><\/div><\/div><div class=\"fusion-layout-column fusion_builder_column_inner fusion-builder-nested-column-3 fusion_builder_column_inner_1_2 1_2 fusion-flex-column\" style=\"--awb-bg-size:cover;--awb-width-large:50%;--awb-margin-top-large:0px;--awb-spacing-right-large:20px;--awb-margin-bottom-large:20px;--awb-spacing-left-large:5px;--awb-width-medium:50%;--awb-order-medium:0;--awb-spacing-right-medium:20px;--awb-spacing-left-medium:5px;--awb-width-small:100%;--awb-order-small:0;--awb-spacing-right-small:20px;--awb-spacing-left-small:20px;\"><div class=\"fusion-column-wrapper fusion-column-has-shadow fusion-flex-justify-content-flex-start fusion-content-layout-column\"><div style=\"text-align:left;\"><a class=\"fusion-button button-flat button-small button-default fusion-button-default button-8 fusion-button-default-span fusion-button-default-type\" style=\"--button_margin-top:20px;\" target=\"_self\" href=\"#\" data-toggle=\"modal\" data-target=\".fusion-modal.abhoflisten\" id=\"abhoflisten\"><i class=\"pfarricon-newspaper awb-button__icon awb-button__icon--default button-icon-left\" aria-hidden=\"true\"><\/i><span class=\"fusion-button-text awb-button__text awb-button__text--default\">Ab Hof Preisliste<\/span><\/a><\/div><\/div><\/div><\/div><\/div><\/div><div class=\"fusion-layout-column fusion_builder_column fusion-builder-column-16 fusion_builder_column_1_4 1_4 fusion-flex-column fusion-animated\" style=\"--awb-padding-right:20px;--awb-padding-left:20px;--awb-bg-size:cover;--awb-border-color:#d1ccc0;--awb-border-right:1px;--awb-border-style:solid;--awb-width-large:25%;--awb-margin-top-large:0px;--awb-spacing-right-large:0px;--awb-margin-bottom-large:0px;--awb-spacing-left-large:0px;--awb-width-medium:33.333333333333%;--awb-order-medium:0;--awb-spacing-right-medium:0px;--awb-spacing-left-medium:0px;--awb-width-small:100%;--awb-order-small:0;--awb-spacing-right-small:20px;--awb-margin-bottom-small:40px;--awb-spacing-left-small:20px;\" data-animationType=\"fadeInUp\" data-animationDuration=\"1.3\" data-animationOffset=\"top-into-view\"><div class=\"fusion-column-wrapper fusion-column-has-shadow fusion-flex-justify-content-flex-start fusion-content-layout-column\"><div class=\"fusion-image-element \" style=\"text-align:center;--awb-caption-title-font-family:var(--h2_typography-font-family);--awb-caption-title-font-weight:var(--h2_typography-font-weight);--awb-caption-title-font-style:var(--h2_typography-font-style);--awb-caption-title-size:var(--h2_typography-font-size);--awb-caption-title-transform:var(--h2_typography-text-transform);--awb-caption-title-line-height:var(--h2_typography-line-height);--awb-caption-title-letter-spacing:var(--h2_typography-letter-spacing);--awb-filter:sepia(0%);--awb-filter-transition:filter 0.3s ease;--awb-filter-hover:sepia(100%);\"><span class=\" fusion-imageframe imageframe-none imageframe-12 hover-type-none\"><img loading=\"lazy\" decoding=\"async\" width=\"202\" height=\"106\" title=\"harmonica_active\" src=\"https:\/\/www.pfarrplatz.at\/wp-content\/uploads\/sites\/25\/2022\/02\/harmonica_active.png\" alt class=\"img-responsive wp-image-353\"\/><\/span><\/div><div class=\"fusion-title title fusion-title-10 fusion-sep-none fusion-title-center fusion-title-text fusion-title-size-four\" style=\"--awb-text-color:#000000;--awb-margin-bottom:20px;--awb-sep-color:#e2e2e2;\"><h4 class=\"fusion-title-heading title-heading-center fusion-responsive-typography-calculated\" style=\"margin:0;text-transform:none;--fontSize:24;line-height:var(--awb-typography1-line-height);\">Wiener Heurigenmusik<\/h4><\/div><div class=\"fusion-text fusion-text-6 fusion-text-no-margin\" style=\"--awb-content-alignment:center;--awb-font-size:17px;--awb-line-height:20px;--awb-letter-spacing:0px;--awb-text-color:#000000;--awb-margin-top:-10px;--awb-text-font-family:&quot;Montserrat&quot;;\"><p>LIVE<br \/>\nT\u00e4glich, ab 19 Uhr<\/p>\n<\/div><div style=\"text-align:center;\"><a class=\"fusion-button button-flat button-small button-default fusion-button-default button-9 fusion-button-default-span fusion-button-default-type\" style=\"--button_margin-top:20px;\" target=\"_self\" href=\"https:\/\/www.pfarrplatz.at\/de\/der-heurige\/#musiker\"><i class=\"pfarricon-calendar awb-button__icon awb-button__icon--default button-icon-left\" aria-hidden=\"true\"><\/i><span class=\"fusion-button-text awb-button__text awb-button__text--default\">Unsere Musiker<\/span><\/a><\/div><\/div><\/div><div class=\"fusion-layout-column fusion_builder_column fusion-builder-column-17 fusion_builder_column_1_4 1_4 fusion-flex-column fusion-no-medium-visibility fusion-no-large-visibility fusion-animated\" style=\"--awb-padding-right:20px;--awb-padding-left:20px;--awb-bg-size:cover;--awb-border-color:#d1ccc0;--awb-border-right:1px;--awb-border-style:solid;--awb-width-large:25%;--awb-margin-top-large:0px;--awb-spacing-right-large:0px;--awb-margin-bottom-large:0px;--awb-spacing-left-large:0px;--awb-width-medium:33.333333333333%;--awb-order-medium:0;--awb-spacing-right-medium:0px;--awb-spacing-left-medium:0px;--awb-width-small:100%;--awb-order-small:0;--awb-spacing-right-small:20px;--awb-margin-bottom-small:40px;--awb-spacing-left-small:20px;\" data-animationType=\"fadeInUp\" data-animationDuration=\"1.3\" data-animationOffset=\"top-into-view\"><div class=\"fusion-column-wrapper fusion-column-has-shadow fusion-flex-justify-content-flex-start fusion-content-layout-column\"><div class=\"fusion-image-element \" style=\"text-align:center;--awb-max-width:180px;--awb-caption-title-font-family:var(--h2_typography-font-family);--awb-caption-title-font-weight:var(--h2_typography-font-weight);--awb-caption-title-font-style:var(--h2_typography-font-style);--awb-caption-title-size:var(--h2_typography-font-size);--awb-caption-title-transform:var(--h2_typography-text-transform);--awb-caption-title-line-height:var(--h2_typography-line-height);--awb-caption-title-letter-spacing:var(--h2_typography-letter-spacing);--awb-filter:sepia(0%);--awb-filter-transition:filter 0.3s ease;--awb-filter-hover:sepia(100%);\"><span class=\" fusion-imageframe imageframe-none imageframe-13 hover-type-none\"><img loading=\"lazy\" decoding=\"async\" width=\"421\" height=\"282\" title=\"gutscheine_pfarrplatz\" src=\"https:\/\/www.pfarrplatz.at\/wp-content\/uploads\/sites\/25\/2023\/03\/gutscheine_pfarrplatz.png\" alt class=\"img-responsive wp-image-8691\"\/><\/span><\/div><div class=\"fusion-title title fusion-title-11 fusion-sep-none fusion-title-center fusion-title-text fusion-title-size-four\" style=\"--awb-text-color:#000000;--awb-margin-bottom:20px;--awb-sep-color:#e2e2e2;\"><h4 class=\"fusion-title-heading title-heading-center fusion-responsive-typography-calculated\" style=\"margin:0;text-transform:none;--fontSize:24;line-height:var(--awb-typography1-line-height);\">Verschenken Sie BESONDERE MOMENTE als Gutschein.<\/h4><\/div><div class=\"fusion-text fusion-text-7 fusion-text-no-margin\" style=\"--awb-content-alignment:center;--awb-font-size:17px;--awb-line-height:20px;--awb-letter-spacing:0px;--awb-text-color:#000000;--awb-margin-top:-10px;--awb-text-font-family:&quot;Montserrat&quot;;\"><p>Sofort zum Ausdrucken.<\/p>\n<\/div><div style=\"text-align:center;\"><a class=\"fusion-button button-flat button-small button-default fusion-button-default button-10 fusion-button-default-span fusion-button-default-type\" style=\"--button_margin-top:20px;\" target=\"_self\" href=\"#\" data-toggle=\"modal\" data-target=\".fusion-modal.gutscheine\" id=\"gutscheine\"><i class=\"pfarricon-bookmark awb-button__icon awb-button__icon--default button-icon-left\" aria-hidden=\"true\"><\/i><span class=\"fusion-button-text awb-button__text awb-button__text--default\">Gutschein Shop<\/span><\/a><\/div><\/div><\/div><div class=\"fusion-layout-column fusion_builder_column fusion-builder-column-18 fusion_builder_column_1_4 1_4 fusion-flex-column fusion-animated\" style=\"--awb-padding-right:20px;--awb-padding-left:20px;--awb-bg-size:cover;--awb-border-color:#d1ccc0;--awb-border-right:1px;--awb-border-style:solid;--awb-width-large:25%;--awb-margin-top-large:0px;--awb-spacing-right-large:0px;--awb-margin-bottom-large:0px;--awb-spacing-left-large:0px;--awb-width-medium:33.333333333333%;--awb-order-medium:0;--awb-spacing-right-medium:0px;--awb-margin-bottom-medium:50px;--awb-spacing-left-medium:0px;--awb-width-small:100%;--awb-order-small:0;--awb-spacing-right-small:20px;--awb-margin-bottom-small:40px;--awb-spacing-left-small:20px;\" data-animationType=\"fadeInUp\" data-animationDuration=\"1.3\" data-animationOffset=\"top-into-view\"><div class=\"fusion-column-wrapper fusion-column-has-shadow fusion-flex-justify-content-flex-start fusion-content-layout-column\"><div class=\"fusion-image-element \" style=\"text-align:center;--awb-max-width:85px;--awb-caption-title-font-family:var(--h2_typography-font-family);--awb-caption-title-font-weight:var(--h2_typography-font-weight);--awb-caption-title-font-style:var(--h2_typography-font-style);--awb-caption-title-size:var(--h2_typography-font-size);--awb-caption-title-transform:var(--h2_typography-text-transform);--awb-caption-title-line-height:var(--h2_typography-line-height);--awb-caption-title-letter-spacing:var(--h2_typography-letter-spacing);--awb-filter:sepia(0%);--awb-filter-transition:filter 0.3s ease;--awb-filter-hover:sepia(100%);\"><span class=\" fusion-imageframe imageframe-none imageframe-14 hover-type-none\"><img loading=\"lazy\" decoding=\"async\" width=\"360\" height=\"450\" title=\"Pfarrwirt_Buch_2016\" src=\"https:\/\/www.pfarrplatz.at\/wp-content\/uploads\/sites\/25\/2018\/03\/Pfarrwirt_Buch_2016.png\" alt class=\"img-responsive wp-image-358\"\/><\/span><\/div><div class=\"fusion-title title fusion-title-12 fusion-sep-none fusion-title-center fusion-title-text fusion-title-size-four\" style=\"--awb-text-color:#000000;--awb-margin-bottom:20px;--awb-sep-color:#e2e2e2;\"><h4 class=\"fusion-title-heading title-heading-center fusion-responsive-typography-calculated\" style=\"margin:0;text-transform:none;--fontSize:24;line-height:var(--awb-typography1-line-height);\">Pfarrplatz \u2013 das Buch<\/h4><\/div><div class=\"fusion-text fusion-text-8 fusion-text-no-margin\" style=\"--awb-content-alignment:center;--awb-font-size:17px;--awb-line-height:20px;--awb-letter-spacing:0px;--awb-text-color:#000000;--awb-margin-top:-10px;--awb-text-font-family:&quot;Montserrat&quot;;\"><p>Die Geschichte eines<br \/>\nder sch\u00f6nsten Pl\u00e4tze Wiens.<\/p>\n<\/div><div style=\"text-align:center;\"><a class=\"fusion-button button-flat button-small button-default fusion-button-default button-11 fusion-button-default-span fusion-button-default-type\" style=\"--button_margin-top:20px;\" target=\"_blank\" rel=\"noopener noreferrer\" href=\"https:\/\/shop.pfarrplatz.com\/de\/wein\/pfarrplatz-buch\/\"><i class=\"pfarricon-shopping-cart awb-button__icon awb-button__icon--default button-icon-left\" aria-hidden=\"true\"><\/i><span class=\"fusion-button-text awb-button__text awb-button__text--default\">zum Shop<\/span><\/a><\/div><\/div><\/div><div class=\"fusion-layout-column fusion_builder_column fusion-builder-column-19 fusion_builder_column_1_4 1_4 fusion-flex-column fusion-animated\" style=\"--awb-padding-right:20px;--awb-padding-left:20px;--awb-bg-size:cover;--awb-border-color:var(--awb-color6);--awb-border-right:0;--awb-border-style:solid;--awb-width-large:25%;--awb-margin-top-large:0px;--awb-spacing-right-large:0px;--awb-margin-bottom-large:0px;--awb-spacing-left-large:0px;--awb-width-medium:33.333333333333%;--awb-order-medium:0;--awb-spacing-right-medium:0px;--awb-margin-bottom-medium:50px;--awb-spacing-left-medium:0px;--awb-width-small:100%;--awb-order-small:0;--awb-spacing-right-small:20px;--awb-margin-bottom-small:40px;--awb-spacing-left-small:20px;\" data-animationType=\"fadeInUp\" data-animationDuration=\"1.3\" data-animationOffset=\"top-into-view\"><div class=\"fusion-column-wrapper fusion-column-has-shadow fusion-flex-justify-content-flex-start fusion-content-layout-column\"><div class=\"fusion-image-element \" style=\"text-align:center;--awb-max-width:107px;--awb-caption-title-font-family:var(--h2_typography-font-family);--awb-caption-title-font-weight:var(--h2_typography-font-weight);--awb-caption-title-font-style:var(--h2_typography-font-style);--awb-caption-title-size:var(--h2_typography-font-size);--awb-caption-title-transform:var(--h2_typography-text-transform);--awb-caption-title-line-height:var(--h2_typography-line-height);--awb-caption-title-letter-spacing:var(--h2_typography-letter-spacing);--awb-filter:sepia(0%);--awb-filter-transition:filter 0.3s ease;--awb-filter-hover:sepia(100%);\"><span class=\" fusion-imageframe imageframe-none imageframe-15 hover-type-none\"><img loading=\"lazy\" decoding=\"async\" width=\"264\" height=\"264\" title=\"264&#215;264-000000-80-0-0\" src=\"https:\/\/www.pfarrplatz.at\/wp-content\/uploads\/sites\/25\/2022\/02\/264x264-000000-80-0-0.jpg\" alt class=\"img-responsive wp-image-5352\"\/><\/span><\/div><div class=\"fusion-title title fusion-title-13 fusion-sep-none fusion-title-center fusion-title-text fusion-title-size-four\" style=\"--awb-text-color:#000000;--awb-margin-bottom:20px;--awb-sep-color:#e2e2e2;\"><h4 class=\"fusion-title-heading title-heading-center fusion-responsive-typography-calculated\" style=\"margin:0;text-transform:none;--fontSize:24;line-height:var(--awb-typography1-line-height);\">Wienerlied CD<\/h4><\/div><div class=\"fusion-text fusion-text-9 fusion-text-no-margin\" style=\"--awb-content-alignment:center;--awb-font-size:17px;--awb-line-height:20px;--awb-letter-spacing:0px;--awb-text-color:#000000;--awb-margin-top:-10px;--awb-text-font-family:&quot;Montserrat&quot;;\"><p>Wienerlieder gespielt von<br \/>\nunseren Heurigenmusikern<\/p>\n<\/div><div style=\"text-align:center;\"><a class=\"fusion-button button-flat button-small button-default fusion-button-default button-12 fusion-button-default-span fusion-button-default-type\" style=\"--button_margin-top:20px;\" target=\"_self\" href=\"#\" data-toggle=\"modal\" data-target=\".fusion-modal.heurigencd\" id=\"heurigencd\"><i class=\"pfarricon-headphones awb-button__icon awb-button__icon--default button-icon-left\" aria-hidden=\"true\"><\/i><span class=\"fusion-button-text awb-button__text awb-button__text--default\">Jetzt streamen<\/span><\/a><\/div><\/div><\/div><\/div><\/div><div class=\"fusion-fullwidth fullwidth-box fusion-builder-row-9 fusion-flex-container fusion-parallax-none nonhundred-percent-fullwidth hundred-percent-height hundred-percent-height-center-content non-hundred-percent-height-scrolling fusion-no-small-visibility\" style=\"--awb-background-position:right center;--awb-border-radius-top-left:0px;--awb-border-radius-top-right:0px;--awb-border-radius-bottom-right:0px;--awb-border-radius-bottom-left:0px;--awb-padding-top:0px;--awb-padding-right:0px;--awb-padding-bottom:0px;--awb-padding-left:0px;--awb-background-image:url(&quot;https:\/\/www.pfarrplatz.at\/wp-content\/uploads\/sites\/25\/2022\/07\/MAYER-MAPS-2.jpg&quot;);--awb-background-size:cover;--awb-flex-wrap:wrap;\" id=\"map_maps\" ><div class=\"fusion-builder-row fusion-row fusion-flex-align-items-flex-start fusion-flex-content-wrap\" style=\"max-width:calc( 100% + 0px );margin-left: calc(-0px \/ 2 );margin-right: calc(-0px \/ 2 );\"><div class=\"fusion-layout-column fusion_builder_column fusion-builder-column-20 fusion_builder_column_1_2 1_2 fusion-flex-column map_maps_overlay\" style=\"--awb-padding-top:50px;--awb-padding-right:60px;--awb-padding-bottom:50px;--awb-padding-left:60px;--awb-padding-right-small:25px;--awb-padding-left-small:25px;--awb-bg-size:cover;--awb-width-large:50%;--awb-margin-top-large:0px;--awb-spacing-right-large:0px;--awb-margin-bottom-large:20px;--awb-spacing-left-large:0px;--awb-width-medium:60%;--awb-order-medium:0;--awb-spacing-right-medium:0px;--awb-spacing-left-medium:0px;--awb-width-small:100%;--awb-order-small:0;--awb-spacing-right-small:0px;--awb-spacing-left-small:0px;\"><div class=\"fusion-column-wrapper fusion-column-has-shadow fusion-flex-justify-content-flex-start fusion-content-layout-column\"><div class=\"fusion-title title fusion-title-14 fusion-sep-none fusion-title-text fusion-title-size-three\" style=\"--awb-margin-bottom:0px;--awb-font-size:36px;\"><h3 class=\"fusion-title-heading title-heading-left\" style=\"font-family:&quot;Cormorant Garamond&quot;;font-style:italic;font-weight:600;margin:0;font-size:1em;\">Heuriger Mayer am Pfarrplatz<\/h3><\/div><div class=\"fusion-text fusion-text-10\"><h5><span style=\"background-color: rgba(255, 255, 255, 0); color: var(--body_typography-color); font-family: var(--body_typography-font-family); font-size: var(--body_typography-font-size); font-style: var(--body_typography-font-style,normal); font-weight: var(--body_typography-font-weight); letter-spacing: var(--body_typography-letter-spacing);\">Pfarrplatz 2, 1190 Wien<br \/>\n<\/span><a style=\"background-color: rgba(255, 255, 255, 0); font-family: var(--body_typography-font-family); font-size: var(--body_typography-font-size); font-style: var(--body_typography-font-style,normal); font-weight: var(--body_typography-font-weight); letter-spacing: var(--body_typography-letter-spacing);\" href=\"tel:\/\/43-1-3701287\">Tel. +43 (1) 370 12 87<\/a><br \/>\n<a style=\"background-color: rgba(255, 255, 255, 0); font-family: var(--body_typography-font-family); font-size: var(--body_typography-font-size); font-style: var(--body_typography-font-style,normal); font-weight: var(--body_typography-font-weight); letter-spacing: var(--body_typography-letter-spacing);\" href=\"mailto:mayer@pfarrplatz.at\">mayer@pfarrplatz.at<\/a><\/h5>\n<\/div><div style=\"text-align:left;\"><a class=\"fusion-button button-flat fusion-button-default-size button-custom fusion-button-default button-13 fusion-button-span-no fusion-button-default-type\" style=\"--button_accent_color:var(--awb-color8);--button_border_color:var(--awb-color8);--button_accent_hover_color:#878787;--button_border_hover_color:#878787;--button_border_width-top:1px;--button_border_width-right:1px;--button_border_width-bottom:1px;--button_border_width-left:1px;--button-border-radius-top-left:30px;--button-border-radius-top-right:30px;--button-border-radius-bottom-right:30px;--button-border-radius-bottom-left:30px;--button_gradient_top_color:rgba(0,0,0,0);--button_gradient_bottom_color:rgba(0,0,0,0);--button_gradient_top_color_hover:rgba(0,0,0,0);--button_gradient_bottom_color_hover:rgba(0,0,0,0);--button_font_size:18px;--button_padding-top:12px;--button_padding-right:24px;--button_padding-bottom:12px;--button_padding-left:24px;\" target=\"_self\" href=\"https:\/\/www.pfarrplatz.at\/de\/kontakt\/\"><span class=\"fusion-button-text awb-button__text awb-button__text--default\">Anfahrt &amp; Kontakt<\/span><\/a><\/div><\/div><\/div><\/div><\/div><div class=\"fusion-fullwidth fullwidth-box fusion-builder-row-10 fusion-flex-container fusion-parallax-none nonhundred-percent-fullwidth hundred-percent-height hundred-percent-height-center-content non-hundred-percent-height-scrolling fusion-no-medium-visibility fusion-no-large-visibility\" style=\"--awb-background-position:right bottom;--awb-border-radius-top-left:0px;--awb-border-radius-top-right:0px;--awb-border-radius-bottom-right:0px;--awb-border-radius-bottom-left:0px;--awb-padding-top:0px;--awb-padding-right:0px;--awb-padding-bottom:0px;--awb-padding-left:0px;--awb-background-image:url(&quot;https:\/\/www.pfarrplatz.at\/wp-content\/uploads\/sites\/25\/2022\/07\/MAYER-MAPS-MOBIL4.jpg&quot;);--awb-background-size:cover;--awb-flex-wrap:wrap;\" id=\"map_maps\" ><div class=\"fusion-builder-row fusion-row fusion-flex-align-items-flex-start fusion-flex-content-wrap\" style=\"max-width:calc( 100% + 0px );margin-left: calc(-0px \/ 2 );margin-right: calc(-0px \/ 2 );\"><div class=\"fusion-layout-column fusion_builder_column fusion-builder-column-21 fusion_builder_column_1_2 1_2 fusion-flex-column map_maps_overlay\" style=\"--awb-padding-top:50px;--awb-padding-right:60px;--awb-padding-bottom:50px;--awb-padding-left:60px;--awb-padding-right-small:25px;--awb-padding-left-small:25px;--awb-bg-size:cover;--awb-width-large:50%;--awb-margin-top-large:0px;--awb-spacing-right-large:0px;--awb-margin-bottom-large:20px;--awb-spacing-left-large:0px;--awb-width-medium:60%;--awb-order-medium:0;--awb-spacing-right-medium:0px;--awb-spacing-left-medium:0px;--awb-width-small:100%;--awb-order-small:0;--awb-spacing-right-small:0px;--awb-spacing-left-small:0px;\"><div class=\"fusion-column-wrapper fusion-column-has-shadow fusion-flex-justify-content-flex-start fusion-content-layout-column\"><div class=\"fusion-title title fusion-title-15 fusion-sep-none fusion-title-text fusion-title-size-three\" style=\"--awb-margin-bottom:0px;--awb-font-size:36px;\"><h3 class=\"fusion-title-heading title-heading-left\" style=\"font-family:&quot;Cormorant Garamond&quot;;font-style:italic;font-weight:600;margin:0;font-size:1em;\">Heuriger Mayer am Pfarrplatz<\/h3><\/div><div class=\"fusion-text fusion-text-11\"><h5><span style=\"background-color: rgba(255, 255, 255, 0); color: var(--body_typography-color); font-family: var(--body_typography-font-family); font-size: var(--body_typography-font-size); font-style: var(--body_typography-font-style,normal); font-weight: var(--body_typography-font-weight); letter-spacing: var(--body_typography-letter-spacing);\">Pfarrplatz 2, 1190 Wien<br \/>\n<\/span><a style=\"background-color: rgba(255, 255, 255, 0); font-family: var(--body_typography-font-family); font-size: var(--body_typography-font-size); font-style: var(--body_typography-font-style,normal); font-weight: var(--body_typography-font-weight); letter-spacing: var(--body_typography-letter-spacing);\" href=\"tel:\/\/43-1-3701287\">Tel. +43 (1) 370 12 87<\/a><br \/>\n<a style=\"background-color: rgba(255, 255, 255, 0); font-family: var(--body_typography-font-family); font-size: var(--body_typography-font-size); font-style: var(--body_typography-font-style,normal); font-weight: var(--body_typography-font-weight); letter-spacing: var(--body_typography-letter-spacing);\" href=\"mailto:mayer@pfarrplatz.at\">mayer@pfarrplatz.at<\/a><\/h5>\n<\/div><div style=\"text-align:left;\"><a class=\"fusion-button button-flat fusion-button-default-size button-custom fusion-button-default button-14 fusion-button-span-no fusion-button-default-type\" style=\"--button_accent_color:var(--awb-color8);--button_border_color:var(--awb-color8);--button_accent_hover_color:#878787;--button_border_hover_color:#878787;--button_border_width-top:1px;--button_border_width-right:1px;--button_border_width-bottom:1px;--button_border_width-left:1px;--button-border-radius-top-left:30px;--button-border-radius-top-right:30px;--button-border-radius-bottom-right:30px;--button-border-radius-bottom-left:30px;--button_gradient_top_color:rgba(0,0,0,0);--button_gradient_bottom_color:rgba(0,0,0,0);--button_gradient_top_color_hover:rgba(0,0,0,0);--button_gradient_bottom_color_hover:rgba(0,0,0,0);--button_font_size:18px;--button_padding-top:12px;--button_padding-right:24px;--button_padding-bottom:12px;--button_padding-left:24px;\" target=\"_self\" href=\"https:\/\/www.pfarrplatz.at\/de\/kontakt\/\"><span class=\"fusion-button-text awb-button__text awb-button__text--default\">Anfahrt &amp; Kontakt<\/span><\/a><\/div><\/div><\/div><\/div><\/div><\/p>\n","protected":false},"excerpt":{"rendered":"","protected":false},"author":584,"featured_media":0,"parent":0,"menu_order":0,"comment_status":"closed","ping_status":"open","template":"","meta":{"_acf_changed":false,"footnotes":""},"class_list":["post-2","page","type-page","status-publish","hentry"],"acf":[],"yoast_head":"<!-- This site is optimized with the Yoast SEO plugin v27.5 - https:\/\/yoast.com\/product\/yoast-seo-wordpress\/ -->\n<title>Startseite - Heuriger Mayer am Pfarrplatz<\/title>\n<meta name=\"robots\" content=\"index, follow, max-snippet:-1, max-image-preview:large, max-video-preview:-1\" \/>\n<link rel=\"canonical\" href=\"https:\/\/www.pfarrplatz.at\/de\/\" \/>\n<meta property=\"og:locale\" content=\"de_DE\" \/>\n<meta property=\"og:type\" content=\"article\" \/>\n<meta property=\"og:title\" content=\"Startseite - Heuriger Mayer am Pfarrplatz\" \/>\n<meta property=\"og:url\" content=\"https:\/\/www.pfarrplatz.at\/de\/\" \/>\n<meta property=\"og:site_name\" content=\"Heuriger Mayer am Pfarrplatz\" \/>\n<meta property=\"article:publisher\" content=\"https:\/\/www.facebook.com\/mayerampfarrplatz\" \/>\n<meta property=\"article:modified_time\" content=\"2026-04-28T11:18:25+00:00\" \/>\n<meta name=\"twitter:card\" content=\"summary_large_image\" \/>\n<meta name=\"twitter:label1\" content=\"Gesch\u00e4tzte Lesezeit\" \/>\n\t<meta name=\"twitter:data1\" content=\"10\u00a0Minuten\" \/>\n<script type=\"application\/ld+json\" class=\"yoast-schema-graph\">{\"@context\":\"https:\\\/\\\/schema.org\",\"@graph\":[{\"@type\":\"WebPage\",\"@id\":\"https:\\\/\\\/www.pfarrplatz.at\\\/de\\\/\",\"url\":\"https:\\\/\\\/www.pfarrplatz.at\\\/de\\\/\",\"name\":\"Startseite - Heuriger Mayer am Pfarrplatz\",\"isPartOf\":{\"@id\":\"https:\\\/\\\/www.pfarrplatz.at\\\/de\\\/#website\"},\"datePublished\":\"2022-01-21T10:09:18+00:00\",\"dateModified\":\"2026-04-28T11:18:25+00:00\",\"breadcrumb\":{\"@id\":\"https:\\\/\\\/www.pfarrplatz.at\\\/de\\\/#breadcrumb\"},\"inLanguage\":\"de\",\"potentialAction\":[{\"@type\":\"ReadAction\",\"target\":[\"https:\\\/\\\/www.pfarrplatz.at\\\/de\\\/\"]}]},{\"@type\":\"BreadcrumbList\",\"@id\":\"https:\\\/\\\/www.pfarrplatz.at\\\/de\\\/#breadcrumb\",\"itemListElement\":[{\"@type\":\"ListItem\",\"position\":1,\"name\":\"Startseite\",\"item\":\"https:\\\/\\\/www.pfarrplatz.at\\\/de\\\/\"},{\"@type\":\"ListItem\",\"position\":2,\"name\":\"Startseite\"}]},{\"@type\":\"WebSite\",\"@id\":\"https:\\\/\\\/www.pfarrplatz.at\\\/de\\\/#website\",\"url\":\"https:\\\/\\\/www.pfarrplatz.at\\\/de\\\/\",\"name\":\"Heuriger Mayer am Pfarrplatz\",\"description\":\"\",\"publisher\":{\"@id\":\"https:\\\/\\\/www.pfarrplatz.at\\\/de\\\/#organization\"},\"potentialAction\":[{\"@type\":\"SearchAction\",\"target\":{\"@type\":\"EntryPoint\",\"urlTemplate\":\"https:\\\/\\\/www.pfarrplatz.at\\\/de\\\/?s={search_term_string}\"},\"query-input\":{\"@type\":\"PropertyValueSpecification\",\"valueRequired\":true,\"valueName\":\"search_term_string\"}}],\"inLanguage\":\"de\"},{\"@type\":\"Organization\",\"@id\":\"https:\\\/\\\/www.pfarrplatz.at\\\/de\\\/#organization\",\"name\":\"Heuriger Mayer am Pfarrplatz\",\"url\":\"https:\\\/\\\/www.pfarrplatz.at\\\/de\\\/\",\"logo\":{\"@type\":\"ImageObject\",\"inLanguage\":\"de\",\"@id\":\"https:\\\/\\\/www.pfarrplatz.at\\\/de\\\/#\\\/schema\\\/logo\\\/image\\\/\",\"url\":\"https:\\\/\\\/www.pfarrplatz.at\\\/wp-content\\\/uploads\\\/sites\\\/25\\\/2022\\\/02\\\/mayer_am_pfarrplatz-1-1-300x300-1.png\",\"contentUrl\":\"https:\\\/\\\/www.pfarrplatz.at\\\/wp-content\\\/uploads\\\/sites\\\/25\\\/2022\\\/02\\\/mayer_am_pfarrplatz-1-1-300x300-1.png\",\"width\":300,\"height\":300,\"caption\":\"Heuriger Mayer am Pfarrplatz\"},\"image\":{\"@id\":\"https:\\\/\\\/www.pfarrplatz.at\\\/de\\\/#\\\/schema\\\/logo\\\/image\\\/\"},\"sameAs\":[\"https:\\\/\\\/www.facebook.com\\\/mayerampfarrplatz\",\"https:\\\/\\\/www.instagram.com\\\/mayerampfarrplatz.pfarrwirt\\\/\"]}]}<\/script>\n<!-- \/ Yoast SEO plugin. -->","yoast_head_json":{"title":"Startseite - Heuriger Mayer am Pfarrplatz","robots":{"index":"index","follow":"follow","max-snippet":"max-snippet:-1","max-image-preview":"max-image-preview:large","max-video-preview":"max-video-preview:-1"},"canonical":"https:\/\/www.pfarrplatz.at\/de\/","og_locale":"de_DE","og_type":"article","og_title":"Startseite - Heuriger Mayer am Pfarrplatz","og_url":"https:\/\/www.pfarrplatz.at\/de\/","og_site_name":"Heuriger Mayer am Pfarrplatz","article_publisher":"https:\/\/www.facebook.com\/mayerampfarrplatz","article_modified_time":"2026-04-28T11:18:25+00:00","twitter_card":"summary_large_image","twitter_misc":{"Gesch\u00e4tzte Lesezeit":"10\u00a0Minuten"},"schema":{"@context":"https:\/\/schema.org","@graph":[{"@type":"WebPage","@id":"https:\/\/www.pfarrplatz.at\/de\/","url":"https:\/\/www.pfarrplatz.at\/de\/","name":"Startseite - Heuriger Mayer am Pfarrplatz","isPartOf":{"@id":"https:\/\/www.pfarrplatz.at\/de\/#website"},"datePublished":"2022-01-21T10:09:18+00:00","dateModified":"2026-04-28T11:18:25+00:00","breadcrumb":{"@id":"https:\/\/www.pfarrplatz.at\/de\/#breadcrumb"},"inLanguage":"de","potentialAction":[{"@type":"ReadAction","target":["https:\/\/www.pfarrplatz.at\/de\/"]}]},{"@type":"BreadcrumbList","@id":"https:\/\/www.pfarrplatz.at\/de\/#breadcrumb","itemListElement":[{"@type":"ListItem","position":1,"name":"Startseite","item":"https:\/\/www.pfarrplatz.at\/de\/"},{"@type":"ListItem","position":2,"name":"Startseite"}]},{"@type":"WebSite","@id":"https:\/\/www.pfarrplatz.at\/de\/#website","url":"https:\/\/www.pfarrplatz.at\/de\/","name":"Heuriger Mayer am Pfarrplatz","description":"","publisher":{"@id":"https:\/\/www.pfarrplatz.at\/de\/#organization"},"potentialAction":[{"@type":"SearchAction","target":{"@type":"EntryPoint","urlTemplate":"https:\/\/www.pfarrplatz.at\/de\/?s={search_term_string}"},"query-input":{"@type":"PropertyValueSpecification","valueRequired":true,"valueName":"search_term_string"}}],"inLanguage":"de"},{"@type":"Organization","@id":"https:\/\/www.pfarrplatz.at\/de\/#organization","name":"Heuriger Mayer am Pfarrplatz","url":"https:\/\/www.pfarrplatz.at\/de\/","logo":{"@type":"ImageObject","inLanguage":"de","@id":"https:\/\/www.pfarrplatz.at\/de\/#\/schema\/logo\/image\/","url":"https:\/\/www.pfarrplatz.at\/wp-content\/uploads\/sites\/25\/2022\/02\/mayer_am_pfarrplatz-1-1-300x300-1.png","contentUrl":"https:\/\/www.pfarrplatz.at\/wp-content\/uploads\/sites\/25\/2022\/02\/mayer_am_pfarrplatz-1-1-300x300-1.png","width":300,"height":300,"caption":"Heuriger Mayer am Pfarrplatz"},"image":{"@id":"https:\/\/www.pfarrplatz.at\/de\/#\/schema\/logo\/image\/"},"sameAs":["https:\/\/www.facebook.com\/mayerampfarrplatz","https:\/\/www.instagram.com\/mayerampfarrplatz.pfarrwirt\/"]}]}},"_links":{"self":[{"href":"https:\/\/www.pfarrplatz.at\/de\/wp-json\/wp\/v2\/pages\/2","targetHints":{"allow":["GET"]}}],"collection":[{"href":"https:\/\/www.pfarrplatz.at\/de\/wp-json\/wp\/v2\/pages"}],"about":[{"href":"https:\/\/www.pfarrplatz.at\/de\/wp-json\/wp\/v2\/types\/page"}],"author":[{"embeddable":true,"href":"https:\/\/www.pfarrplatz.at\/de\/wp-json\/wp\/v2\/users\/584"}],"replies":[{"embeddable":true,"href":"https:\/\/www.pfarrplatz.at\/de\/wp-json\/wp\/v2\/comments?post=2"}],"version-history":[{"count":11,"href":"https:\/\/www.pfarrplatz.at\/de\/wp-json\/wp\/v2\/pages\/2\/revisions"}],"predecessor-version":[{"id":23833,"href":"https:\/\/www.pfarrplatz.at\/de\/wp-json\/wp\/v2\/pages\/2\/revisions\/23833"}],"wp:attachment":[{"href":"https:\/\/www.pfarrplatz.at\/de\/wp-json\/wp\/v2\/media?parent=2"}],"curies":[{"name":"wp","href":"https:\/\/api.w.org\/{rel}","templated":true}]}}